{"id":6715,"date":"2025-02-03T13:05:54","date_gmt":"2025-02-03T12:05:54","guid":{"rendered":"https:\/\/faemclm.es\/?post_type=tribe_events&#038;p=6715"},"modified":"2025-03-26T19:22:24","modified_gmt":"2025-03-26T18:22:24","slug":"una-cancion-de-papa","status":"publish","type":"tribe_events","link":"https:\/\/faemclm.es\/feriaxxix\/espectaculo\/una-cancion-de-papa\/","title":{"rendered":"Una Canci\u00f3n de Pap\u00e1"},"content":{"rendered":"\t\t<div data-elementor-type=\"tec_event_single_static\" data-elementor-id=\"6715\" class=\"elementor elementor-6715\" data-elementor-post-type=\"tribe_events\">\n\t\t\t\t<div class=\"elementor-element elementor-element-1d02500b e-flex e-con-boxed e-con e-parent\" data-id=\"1d02500b\" data-element_type=\"container\" data-e-type=\"container\">\n\t\t\t\t\t<div class=\"e-con-inner\">\n\t\t\t\t<div class=\"elementor-element elementor-element-34f2280c elementor-widget__width-initial elementor-widget elementor-widget-image\" data-id=\"34f2280c\" data-element_type=\"widget\" data-e-type=\"widget\" data-widget_type=\"image.default\">\n\t\t\t\t<div class=\"elementor-widget-container\">\n\t\t\t\t\t\t\t\t\t\t\t\t\t\t\t<img fetchpriority=\"high\" decoding=\"async\" width=\"404\" height=\"155\" src=\"https:\/\/faemclm.es\/feriaxxix\/wp-content\/uploads\/2024\/01\/cat-musica.png\" class=\"attachment-full size-full wp-image-5544\" alt=\"\" srcset=\"https:\/\/faemclm.es\/feriaxxix\/wp-content\/uploads\/2024\/01\/cat-musica.png 404w, https:\/\/faemclm.es\/feriaxxix\/wp-content\/uploads\/2024\/01\/cat-musica-300x115.png 300w, https:\/\/faemclm.es\/feriaxxix\/wp-content\/uploads\/2024\/01\/cat-musica-370x142.png 370w, https:\/\/faemclm.es\/feriaxxix\/wp-content\/uploads\/2024\/01\/elementor\/thumbs\/cat-musica-qj6cufb88t0vrh5xdwlvd8hqpy3wnuwhmvgtytda4i.png 202w, https:\/\/faemclm.es\/feriaxxix\/wp-content\/uploads\/2024\/01\/elementor\/thumbs\/cat-musica-qj6cufb70igfpz9wwywwx7a040oyt1a5ax8o0fmrp8.png 101w\" sizes=\"(max-width: 404px) 100vw, 404px\" \/>\t\t\t\t\t\t\t\t\t\t\t\t\t\t\t<\/div>\n\t\t\t\t<\/div>\n\t\t\t\t<div class=\"elementor-element elementor-element-1df33dc8 elementor-widget__width-initial elementor-widget elementor-widget-text-editor\" data-id=\"1df33dc8\" data-element_type=\"widget\" data-e-type=\"widget\" data-widget_type=\"text-editor.default\">\n\t\t\t\t<div class=\"elementor-widget-container\">\n\t\t\t\t\t\t\t\t\t<p><strong>P\u00fablico: Familiar | 60 minutos | Jose Saramago<\/strong><\/p>\t\t\t\t\t\t\t\t<\/div>\n\t\t\t\t<\/div>\n\t\t\t\t\t<\/div>\n\t\t\t\t<\/div>\n\t\t<div class=\"elementor-element elementor-element-596623a9 e-flex e-con-boxed e-con e-parent\" data-id=\"596623a9\" data-element_type=\"container\" data-e-type=\"container\">\n\t\t\t\t\t<div class=\"e-con-inner\">\n\t\t<div class=\"elementor-element elementor-element-414981db e-con-full e-flex e-con e-child\" data-id=\"414981db\" data-element_type=\"container\" data-e-type=\"container\">\n\t\t<div class=\"elementor-element elementor-element-6e7021f e-con-full e-flex e-con e-child\" data-id=\"6e7021f\" data-element_type=\"container\" data-e-type=\"container\">\n\t\t\t\t<div class=\"elementor-element elementor-element-d466b16 elementor-widget elementor-widget-heading\" data-id=\"d466b16\" data-element_type=\"widget\" data-e-type=\"widget\" data-widget_type=\"heading.default\">\n\t\t\t\t<div class=\"elementor-widget-container\">\n\t\t\t\t\t<span class=\"elementor-heading-title elementor-size-default\">Ficha Art\u00edstica - T\u00e9cnica<\/span>\t\t\t\t<\/div>\n\t\t\t\t<\/div>\n\t\t\t\t<div class=\"elementor-element elementor-element-7d6db58 elementor-widget elementor-widget-text-editor\" data-id=\"7d6db58\" data-element_type=\"widget\" data-e-type=\"widget\" data-widget_type=\"text-editor.default\">\n\t\t\t\t<div class=\"elementor-widget-container\">\n\t\t\t\t\t\t\t\t\t<p><strong>DIRECCI\u00d3N:<\/strong> Jos\u00e9 Luis Luque<br \/><strong>ILUMINACI\u00d3N:<\/strong> Alejandro Hern\u00e1ndez<br \/><strong>ESCENOGRAF\u00cdA:<\/strong> Borja Chac\u00f3n, Pilar Cosa<br \/><strong>VESTUARIO:<\/strong> Ester Pav\u00f3n<br \/><strong>DIRECTOR\/A DE PRODUCCI\u00d3N:<\/strong> Miguel de Lucas<br \/><strong>COMPA\u00d1\u00cdA:<\/strong> Dr. Sapo<br \/><strong>AUTOR\/A:<\/strong> Miguel de Lucas<\/p>\t\t\t\t\t\t\t\t<\/div>\n\t\t\t\t<\/div>\n\t\t\t\t<\/div>\n\t\t<div class=\"elementor-element elementor-element-42be221c e-con-full e-flex e-con e-child\" data-id=\"42be221c\" data-element_type=\"container\" data-e-type=\"container\" data-settings=\"{&quot;background_background&quot;:&quot;classic&quot;}\">\n\t\t\t\t<div class=\"elementor-element elementor-element-5a8925d0 elementor-widget elementor-widget-heading\" data-id=\"5a8925d0\" data-element_type=\"widget\" data-e-type=\"widget\" data-widget_type=\"heading.default\">\n\t\t\t\t<div class=\"elementor-widget-container\">\n\t\t\t\t\t<span class=\"elementor-heading-title elementor-size-default\">Reparto<\/span>\t\t\t\t<\/div>\n\t\t\t\t<\/div>\n\t\t\t\t<div class=\"elementor-element elementor-element-2492c521 elementor-widget elementor-widget-text-editor\" data-id=\"2492c521\" data-element_type=\"widget\" data-e-type=\"widget\" data-widget_type=\"text-editor.default\">\n\t\t\t\t<div class=\"elementor-widget-container\">\n\t\t\t\t\t\t\t\t\t<p>Fernando Polaino<br \/>Pilar Cosa<br \/>Miguel de Lucas<br \/>\u00c1lvaro Barco<br \/>Jos\u00e9 Luis L\u00f3pez<\/p>\t\t\t\t\t\t\t\t<\/div>\n\t\t\t\t<\/div>\n\t\t\t\t<\/div>\n\t\t<div class=\"elementor-element elementor-element-71446c69 e-con-full e-flex e-con e-child\" data-id=\"71446c69\" data-element_type=\"container\" data-e-type=\"container\" data-settings=\"{&quot;background_background&quot;:&quot;classic&quot;}\">\n\t\t\t\t<div class=\"elementor-element elementor-element-5b6e6c1 elementor-widget elementor-widget-heading\" data-id=\"5b6e6c1\" data-element_type=\"widget\" data-e-type=\"widget\" data-widget_type=\"heading.default\">\n\t\t\t\t<div class=\"elementor-widget-container\">\n\t\t\t\t\t<span class=\"elementor-heading-title elementor-size-default\">Datos de distribuci\u00f3n<\/span>\t\t\t\t<\/div>\n\t\t\t\t<\/div>\n\t\t\t\t<div class=\"elementor-element elementor-element-73902b3e elementor-widget elementor-widget-text-editor\" data-id=\"73902b3e\" data-element_type=\"widget\" data-e-type=\"widget\" data-widget_type=\"text-editor.default\">\n\t\t\t\t<div class=\"elementor-widget-container\">\n\t\t\t\t\t\t\t\t\t<p style=\"text-align: left;\"><strong>DISTRIBUIDOR\/A:<\/strong> Miguel de Lucas<br \/><strong>EMAIL:<\/strong> drsapo@drsapo.com<br \/><strong>TEL\u00c9FONO:<\/strong> 617 643 777<\/p>\t\t\t\t\t\t\t\t<\/div>\n\t\t\t\t<\/div>\n\t\t\t\t<\/div>\n\t\t\t\t<\/div>\n\t\t<div class=\"elementor-element elementor-element-17cb58ea e-con-full e-flex e-con e-child\" data-id=\"17cb58ea\" data-element_type=\"container\" data-e-type=\"container\">\n\t\t\t\t<div class=\"elementor-element elementor-element-5f7cd36d elementor-widget elementor-widget-image\" data-id=\"5f7cd36d\" data-element_type=\"widget\" data-e-type=\"widget\" data-widget_type=\"image.default\">\n\t\t\t\t<div class=\"elementor-widget-container\">\n\t\t\t\t\t\t\t\t\t\t\t\t\t\t\t<img decoding=\"async\" src=\"https:\/\/faemclm.es\/feriaxxix\/wp-content\/uploads\/2025\/02\/01-Una-cancion-de-papa.jpg\" title=\"01-Una-cancion-de-papa\" alt=\"01-Una-cancion-de-papa\" loading=\"lazy\" \/>\t\t\t\t\t\t\t\t\t\t\t\t\t\t\t<\/div>\n\t\t\t\t<\/div>\n\t\t\t\t<\/div>\n\t\t\t\t\t<\/div>\n\t\t\t\t<\/div>\n\t\t<div class=\"elementor-element elementor-element-72abc759 e-flex e-con-boxed e-con e-parent\" data-id=\"72abc759\" data-element_type=\"container\" data-e-type=\"container\">\n\t\t\t\t\t<div class=\"e-con-inner\">\n\t\t\t\t<div class=\"elementor-element elementor-element-323392e1 elementor-widget elementor-widget-text-editor\" data-id=\"323392e1\" data-element_type=\"widget\" data-e-type=\"widget\" data-widget_type=\"text-editor.default\">\n\t\t\t\t<div class=\"elementor-widget-container\">\n\t\t\t\t\t\t\t\t\t<p><strong>Dr. Sapo<\/strong>\u00a0presenta su nuevo espect\u00e1culo \u201c<strong>Una Canci\u00f3n de Pap\u00e1<\/strong>\u201d, dirigido a p\u00fablico infantil y familiar.<\/p>\n<p>Acompa\u00f1ado de toda su banda y de la actriz Pilar Cosa, Dr. Sapo presenta un espect\u00e1culo musical con una puesta en escena muy teatral, en el que descubre las \u00faltimas composiciones de su repertorio, inspiradas en el nacimiento y la crianza de sus dos hijas.<\/p>\n<p>Una obra divertida y tierna, que invita a ni\u00f1os y ni\u00f1as a participar desde el principio en el juego, disfrutando de la m\u00fasica en directo a la vez que dan voz a sus fantas\u00edas y a sus emociones, en un divertido viaje de ilusi\u00f3n y de color.<\/p>\n<p>Un canto a la crianza desde el amor y el respeto, que invita a reflexionar a los adultos, y lanza un mensaje de comprensi\u00f3n hacia la infancia, reivindicando su esp\u00edritu cr\u00edtico y su derecho a decidir.<\/p>\t\t\t\t\t\t\t\t<\/div>\n\t\t\t\t<\/div>\n\t\t\t\t\t<\/div>\n\t\t\t\t<\/div>\n\t\t<div class=\"elementor-element elementor-element-604030e e-flex e-con-boxed e-con e-parent\" data-id=\"604030e\" data-element_type=\"container\" data-e-type=\"container\">\n\t\t\t\t\t<div class=\"e-con-inner\">\n\t\t\t\t<div class=\"elementor-element elementor-element-455975a elementor-widget elementor-widget-heading\" data-id=\"455975a\" data-element_type=\"widget\" data-e-type=\"widget\" data-widget_type=\"heading.default\">\n\t\t\t\t<div class=\"elementor-widget-container\">\n\t\t\t\t\t<span class=\"elementor-heading-title elementor-size-default\">Galer\u00eda<\/span>\t\t\t\t<\/div>\n\t\t\t\t<\/div>\n\t\t\t\t<div class=\"elementor-element elementor-element-88bc655 elementor-widget elementor-widget-image-carousel\" data-id=\"88bc655\" data-element_type=\"widget\" data-e-type=\"widget\" data-settings=\"{&quot;slides_to_show&quot;:&quot;3&quot;,&quot;navigation&quot;:&quot;none&quot;,&quot;image_spacing_custom&quot;:{&quot;unit&quot;:&quot;px&quot;,&quot;size&quot;:10,&quot;sizes&quot;:[]},&quot;infinite&quot;:&quot;yes&quot;,&quot;speed&quot;:500,&quot;image_spacing_custom_tablet&quot;:{&quot;unit&quot;:&quot;px&quot;,&quot;size&quot;:&quot;&quot;,&quot;sizes&quot;:[]},&quot;image_spacing_custom_mobile&quot;:{&quot;unit&quot;:&quot;px&quot;,&quot;size&quot;:&quot;&quot;,&quot;sizes&quot;:[]}}\" data-widget_type=\"image-carousel.default\">\n\t\t\t\t<div class=\"elementor-widget-container\">\n\t\t\t\t\t\t\t<div class=\"elementor-image-carousel-wrapper swiper\" role=\"region\" aria-roledescription=\"carousel\" aria-label=\"Carrusel de im\u00e1genes\" dir=\"ltr\">\n\t\t\t<div class=\"elementor-image-carousel swiper-wrapper\" aria-live=\"polite\">\n\t\t\t\t\t\t\t\t<div class=\"swiper-slide\" role=\"group\" aria-roledescription=\"slide\" aria-label=\"1 de 3\"><a data-elementor-open-lightbox=\"yes\" data-elementor-lightbox-slideshow=\"88bc655\" data-elementor-lightbox-title=\"Cancion-papa-01\" data-e-action-hash=\"#elementor-action%3Aaction%3Dlightbox%26settings%3DeyJpZCI6NjkyMiwidXJsIjoiaHR0cHM6XC9cL2ZhZW1jbG0uZXNcL2ZlcmlheHhpeFwvd3AtY29udGVudFwvdXBsb2Fkc1wvMjAyNVwvMDJcL0NhbmNpb24tcGFwYS0wMS5qcGciLCJzbGlkZXNob3ciOiI4OGJjNjU1In0%3D\" href=\"https:\/\/faemclm.es\/feriaxxix\/wp-content\/uploads\/2025\/02\/Cancion-papa-01.jpg\"><figure class=\"swiper-slide-inner\"><img decoding=\"async\" class=\"swiper-slide-image\" src=\"https:\/\/faemclm.es\/feriaxxix\/wp-content\/uploads\/2025\/02\/Cancion-papa-01-300x169.jpg\" alt=\"Cancion-papa-01\" \/><\/figure><\/a><\/div><div class=\"swiper-slide\" role=\"group\" aria-roledescription=\"slide\" aria-label=\"2 de 3\"><a data-elementor-open-lightbox=\"yes\" data-elementor-lightbox-slideshow=\"88bc655\" data-elementor-lightbox-title=\"Cancion-papa-02\" data-e-action-hash=\"#elementor-action%3Aaction%3Dlightbox%26settings%3DeyJpZCI6NjkyMywidXJsIjoiaHR0cHM6XC9cL2ZhZW1jbG0uZXNcL2ZlcmlheHhpeFwvd3AtY29udGVudFwvdXBsb2Fkc1wvMjAyNVwvMDJcL0NhbmNpb24tcGFwYS0wMi5qcGciLCJzbGlkZXNob3ciOiI4OGJjNjU1In0%3D\" href=\"https:\/\/faemclm.es\/feriaxxix\/wp-content\/uploads\/2025\/02\/Cancion-papa-02.jpg\"><figure class=\"swiper-slide-inner\"><img decoding=\"async\" class=\"swiper-slide-image\" src=\"https:\/\/faemclm.es\/feriaxxix\/wp-content\/uploads\/2025\/02\/Cancion-papa-02-300x169.jpg\" alt=\"Cancion-papa-02\" \/><\/figure><\/a><\/div><div class=\"swiper-slide\" role=\"group\" aria-roledescription=\"slide\" aria-label=\"3 de 3\"><a data-elementor-open-lightbox=\"yes\" data-elementor-lightbox-slideshow=\"88bc655\" data-elementor-lightbox-title=\"Cancion-papa-03\" data-e-action-hash=\"#elementor-action%3Aaction%3Dlightbox%26settings%3DeyJpZCI6NjkyNCwidXJsIjoiaHR0cHM6XC9cL2ZhZW1jbG0uZXNcL2ZlcmlheHhpeFwvd3AtY29udGVudFwvdXBsb2Fkc1wvMjAyNVwvMDJcL0NhbmNpb24tcGFwYS0wMy5qcGciLCJzbGlkZXNob3ciOiI4OGJjNjU1In0%3D\" href=\"https:\/\/faemclm.es\/feriaxxix\/wp-content\/uploads\/2025\/02\/Cancion-papa-03.jpg\"><figure class=\"swiper-slide-inner\"><img decoding=\"async\" class=\"swiper-slide-image\" src=\"https:\/\/faemclm.es\/feriaxxix\/wp-content\/uploads\/2025\/02\/Cancion-papa-03-300x169.jpg\" alt=\"Cancion-papa-03\" \/><\/figure><\/a><\/div>\t\t\t<\/div>\n\t\t\t\t\t\t\t\n\t\t\t\t\t\t\t\t\t<\/div>\n\t\t\t\t\t\t<\/div>\n\t\t\t\t<\/div>\n\t\t\t\t\t<\/div>\n\t\t\t\t<\/div>\n\t\t<div class=\"elementor-element elementor-element-a3d9ce9 e-flex e-con-boxed e-con e-parent\" data-id=\"a3d9ce9\" data-element_type=\"container\" data-e-type=\"container\">\n\t\t\t\t\t<div class=\"e-con-inner\">\n\t\t\t\t<div class=\"elementor-element elementor-element-5e7e741 elementor-widget elementor-widget-heading\" data-id=\"5e7e741\" data-element_type=\"widget\" data-e-type=\"widget\" data-widget_type=\"heading.default\">\n\t\t\t\t<div class=\"elementor-widget-container\">\n\t\t\t\t\t<span class=\"elementor-heading-title elementor-size-default\">Localizaci\u00f3n<\/span>\t\t\t\t<\/div>\n\t\t\t\t<\/div>\n\t\t\t\t<div class=\"elementor-element elementor-element-eca2e9a elementor-widget__width-initial elementor-widget-mobile__width-initial elementor-widget elementor-widget-tec_events_elementor_widget_event_venue\" data-id=\"eca2e9a\" data-element_type=\"widget\" data-e-type=\"widget\" data-widget_type=\"tec_events_elementor_widget_event_venue.default\">\n\t\t\t\t<div class=\"elementor-widget-container\">\n\t\t\t\t\t<div  class=\"tec-events-elementor-event-widget__venue\" >\n\t\t\t\t<div  class=\"tec-events-elementor-event-widget__venue-container\" >\n\t\t\t\t<div  class=\"tec-events-elementor-event-widget__venue-details\" >\n\t<h3  class=\"tec-events-elementor-event-widget__venue-name\" >\n\tCasa de la Cultura Jos\u00e9 Saramago<\/h3><div  class=\"tec-events-elementor-event-widget__venue-address\"  >\n\t<address  class=\"tec-events-elementor-event-widget__venue-address-address\" >\n\t<span class=\"tribe-address\">\n\n<span class=\"tribe-street-address\">C. Cardenal Tabera y Ar\u00e1oz<\/span>\n\t\n\t\t<br>\n\t\t<span class=\"tribe-locality\">Albacete<\/span><span class=\"tribe-delimiter\">,<\/span>\n\n\t<abbr class=\"tribe-region tribe-events-abbr\" title=\"Albacete\">Albacete<\/abbr>\n\n\t<span class=\"tribe-postal-code\">02008<\/span>\n\n\t<span class=\"tribe-country-name\">Espa\u00f1a<\/span>\n\n<\/span>\n<\/address>\n<p  class=\"tec-events-elementor-event-widget__venue-address-map-link\" >\n\t<a class=\"tribe-events-gmap\" href=\"https:\/\/maps.google.com\/maps?f=q&#038;source=s_q&#038;hl=en&#038;geocode=&#038;q=C.+Cardenal+Tabera+y+Ar%C3%A1oz+Albacete+Albacete+02008+Espa%C3%B1a\" title=\"Haz clic para ver un mapa de Google\" target=\"_blank\" rel=\"noreferrer noopener\">+ Google Map<\/a><\/p>\n<\/div>\n<\/div>\n<div  class=\"tec-events-elementor-event-widget__venue-map\" >\n\t\n<iframe\n  title=\"Iframe de Google Maps mostrando la direcci\u00f3n a Casa de la Cultura Jos\u00e9 Saramago\"\n  aria-label=\"Mapa de ubicaci\u00f3n del recinto\"\n  width=\"100%\"\n  height=\"100%\"\n  frameborder=\"0\" style=\"border:0\"\n  src=\"https:\/\/www.google.com\/maps\/embed\/v1\/place?key=AIzaSyDNsicAsP6-VuGtAb1O9riI3oc_NOb7IOU&#038;q=C.+Cardenal+Tabera+y+Ar%C3%A1oz+Albacete+Albacete+02008+Espa%C3%B1a+&#038;zoom=10\" allowfullscreen>\n<\/iframe>\n<\/div>\n\t\t<\/div>\n\t<\/div>\n\t\t\t\t<\/div>\n\t\t\t\t<\/div>\n\t\t\t\t\t<\/div>\n\t\t\t\t<\/div>\n\t\t\t\t<\/div>\n\t\t","protected":false},"excerpt":{"rendered":"<p>P\u00fablico: Familiar | 60 minutos | Jose Saramago Ficha Art\u00edstica &#8211; T\u00e9cnica DIRECCI\u00d3N: Jos\u00e9 Luis LuqueILUMINACI\u00d3N: Alejandro Hern\u00e1ndezESCENOGRAF\u00cdA: Borja Chac\u00f3n, Pilar CosaVESTUARIO: Ester Pav\u00f3nDIRECTOR\/A DE PRODUCCI\u00d3N: Miguel de LucasCOMPA\u00d1\u00cdA: Dr. [&hellip;]<\/p>\n","protected":false},"author":1,"featured_media":6718,"template":"","meta":{"site-sidebar-layout":"default","site-content-layout":"","ast-site-content-layout":"default","site-content-style":"default","site-sidebar-style":"default","ast-global-header-display":"","ast-banner-title-visibility":"","ast-main-header-display":"","ast-hfb-above-header-display":"","ast-hfb-below-header-display":"","ast-hfb-mobile-header-display":"","site-post-title":"","ast-breadcrumbs-content":"","ast-featured-img":"","footer-sml-layout":"","ast-disable-related-posts":"","theme-transparent-header-meta":"default","adv-header-id-meta":"","stick-header-meta":"","header-above-stick-meta":"","header-main-stick-meta":"","header-below-stick-meta":"","astra-migrate-meta-layouts":"set","ast-page-background-enabled":"default","ast-page-background-meta":{"desktop":{"background-color":"var(--ast-global-color-5)","background-image":"","background-repeat":"repeat","background-position":"center center","background-size":"auto","background-attachment":"scroll","background-type":"","background-media":"","overlay-type":"","overlay-color":"","overlay-opacity":"","overlay-gradient":""},"tablet":{"background-color":"","background-image":"","background-repeat":"repeat","background-position":"center center","background-size":"auto","background-attachment":"scroll","background-type":"","background-media":"","overlay-type":"","overlay-color":"","overlay-opacity":"","overlay-gradient":""},"mobile":{"background-color":"","background-image":"","background-repeat":"repeat","background-position":"center center","background-size":"auto","background-attachment":"scroll","background-type":"","background-media":"","overlay-type":"","overlay-color":"","overlay-opacity":"","overlay-gradient":""}},"ast-content-background-meta":{"desktop":{"background-color":"var(--ast-global-color-4)","background-image":"","background-repeat":"repeat","background-position":"center center","background-size":"auto","background-attachment":"scroll","background-type":"","background-media":"","overlay-type":"","overlay-color":"","overlay-opacity":"","overlay-gradient":""},"tablet":{"background-color":"var(--ast-global-color-4)","background-image":"","background-repeat":"repeat","background-position":"center center","background-size":"auto","background-attachment":"scroll","background-type":"","background-media":"","overlay-type":"","overlay-color":"","overlay-opacity":"","overlay-gradient":""},"mobile":{"background-color":"var(--ast-global-color-4)","background-image":"","background-repeat":"repeat","background-position":"center center","background-size":"auto","background-attachment":"scroll","background-type":"","background-media":"","overlay-type":"","overlay-color":"","overlay-opacity":"","overlay-gradient":""}},"_tribe_events_status":"","_tribe_events_status_reason":"","footnotes":""},"tags":[],"tribe_events_cat":[50],"class_list":["post-6715","tribe_events","type-tribe_events","status-publish","has-post-thumbnail","hentry","tribe_events_cat-musica","cat_musica"],"_links":{"self":[{"href":"https:\/\/faemclm.es\/feriaxxix\/wp-json\/wp\/v2\/tribe_events\/6715","targetHints":{"allow":["GET"]}}],"collection":[{"href":"https:\/\/faemclm.es\/feriaxxix\/wp-json\/wp\/v2\/tribe_events"}],"about":[{"href":"https:\/\/faemclm.es\/feriaxxix\/wp-json\/wp\/v2\/types\/tribe_events"}],"author":[{"embeddable":true,"href":"https:\/\/faemclm.es\/feriaxxix\/wp-json\/wp\/v2\/users\/1"}],"version-history":[{"count":0,"href":"https:\/\/faemclm.es\/feriaxxix\/wp-json\/wp\/v2\/tribe_events\/6715\/revisions"}],"wp:featuredmedia":[{"embeddable":true,"href":"https:\/\/faemclm.es\/feriaxxix\/wp-json\/wp\/v2\/media\/6718"}],"wp:attachment":[{"href":"https:\/\/faemclm.es\/feriaxxix\/wp-json\/wp\/v2\/media?parent=6715"}],"wp:term":[{"taxonomy":"post_tag","embeddable":true,"href":"https:\/\/faemclm.es\/feriaxxix\/wp-json\/wp\/v2\/tags?post=6715"},{"taxonomy":"tribe_events_cat","embeddable":true,"href":"https:\/\/faemclm.es\/feriaxxix\/wp-json\/wp\/v2\/tribe_events_cat?post=6715"}],"curies":[{"name":"wp","href":"https:\/\/api.w.org\/{rel}","templated":true}]}}