{"id":6734,"date":"2025-02-03T17:22:55","date_gmt":"2025-02-03T16:22:55","guid":{"rendered":"https:\/\/faemclm.es\/?post_type=tribe_events&#038;p=6734"},"modified":"2025-03-31T17:18:08","modified_gmt":"2025-03-31T15:18:08","slug":"masa-madre","status":"publish","type":"tribe_events","link":"https:\/\/faemclm.es\/feriaxxix\/espectaculo\/masa-madre\/","title":{"rendered":"Masa Madre"},"content":{"rendered":"\t\t<div data-elementor-type=\"tec_event_single_static\" data-elementor-id=\"6734\" class=\"elementor elementor-6734\" data-elementor-post-type=\"tribe_events\">\n\t\t\t\t<div class=\"elementor-element elementor-element-555c5c56 e-flex e-con-boxed e-con e-parent\" data-id=\"555c5c56\" data-element_type=\"container\" data-e-type=\"container\">\n\t\t\t\t\t<div class=\"e-con-inner\">\n\t\t\t\t<div class=\"elementor-element elementor-element-33c1a970 elementor-widget__width-initial elementor-widget elementor-widget-image\" data-id=\"33c1a970\" data-element_type=\"widget\" data-e-type=\"widget\" data-widget_type=\"image.default\">\n\t\t\t\t<div class=\"elementor-widget-container\">\n\t\t\t\t\t\t\t\t\t\t\t\t\t\t\t<img fetchpriority=\"high\" decoding=\"async\" width=\"398\" height=\"130\" src=\"https:\/\/faemclm.es\/feriaxxix\/wp-content\/uploads\/2024\/01\/cat-circo.png\" class=\"attachment-full size-full wp-image-5542\" alt=\"\" srcset=\"https:\/\/faemclm.es\/feriaxxix\/wp-content\/uploads\/2024\/01\/cat-circo.png 398w, https:\/\/faemclm.es\/feriaxxix\/wp-content\/uploads\/2024\/01\/cat-circo-300x98.png 300w, https:\/\/faemclm.es\/feriaxxix\/wp-content\/uploads\/2024\/01\/cat-circo-370x121.png 370w\" sizes=\"(max-width: 398px) 100vw, 398px\" \/>\t\t\t\t\t\t\t\t\t\t\t\t\t\t\t<\/div>\n\t\t\t\t<\/div>\n\t\t\t\t<div class=\"elementor-element elementor-element-5190f2a4 elementor-widget__width-initial elementor-widget elementor-widget-text-editor\" data-id=\"5190f2a4\" data-element_type=\"widget\" data-e-type=\"widget\" data-widget_type=\"text-editor.default\">\n\t\t\t\t<div class=\"elementor-widget-container\">\n\t\t\t\t\t\t\t\t\t<p><strong>P\u00fablico: A partir de 8 a\u00f1os | 60 minutos | Teatro de la Paz<\/strong><\/p>\t\t\t\t\t\t\t\t<\/div>\n\t\t\t\t<\/div>\n\t\t\t\t\t<\/div>\n\t\t\t\t<\/div>\n\t\t<div class=\"elementor-element elementor-element-61dee4cc e-flex e-con-boxed e-con e-parent\" data-id=\"61dee4cc\" data-element_type=\"container\" data-e-type=\"container\">\n\t\t\t\t\t<div class=\"e-con-inner\">\n\t\t<div class=\"elementor-element elementor-element-3c6783bd e-con-full e-flex e-con e-child\" data-id=\"3c6783bd\" data-element_type=\"container\" data-e-type=\"container\">\n\t\t<div class=\"elementor-element elementor-element-2849aada e-con-full e-flex e-con e-child\" data-id=\"2849aada\" data-element_type=\"container\" data-e-type=\"container\">\n\t\t\t\t<div class=\"elementor-element elementor-element-2584afd3 elementor-widget elementor-widget-heading\" data-id=\"2584afd3\" data-element_type=\"widget\" data-e-type=\"widget\" data-widget_type=\"heading.default\">\n\t\t\t\t<div class=\"elementor-widget-container\">\n\t\t\t\t\t<span class=\"elementor-heading-title elementor-size-default\">Ficha Art\u00edstica - T\u00e9cnica<\/span>\t\t\t\t<\/div>\n\t\t\t\t<\/div>\n\t\t\t\t<div class=\"elementor-element elementor-element-7a55b525 elementor-widget elementor-widget-text-editor\" data-id=\"7a55b525\" data-element_type=\"widget\" data-e-type=\"widget\" data-widget_type=\"text-editor.default\">\n\t\t\t\t<div class=\"elementor-widget-container\">\n\t\t\t\t\t\t\t\t\t<p><strong>DIRECCI\u00d3N:<\/strong> Ra\u00fal Garc\u00eda<br \/><strong>ILUMINACI\u00d3N:<\/strong> Mateo Mart\u00ednez<br \/><strong>DIRECCION ESCENICA:<\/strong> Ra\u00fal Garc\u00eda<br \/><strong>ESCENOGRAF\u00cdA:<\/strong> Pau Segu\u00ed<br \/><strong>VESTUARIO:<\/strong> Paulette San Mart\u00edn<br \/><strong>DIRECTOR\/A DE PRODUCCI\u00d3N:<\/strong> CIA CA\u00cd<br \/><strong>PRODUCCION:<\/strong> CIA CA\u00cd<br \/><strong>COMPA\u00d1\u00cdA:<\/strong> Elia P\u00e9rez Y Sabrina Catal\u00e1n<br \/><strong>AUTOR\/A:<\/strong> CIA CA\u00cd<\/p>\t\t\t\t\t\t\t\t<\/div>\n\t\t\t\t<\/div>\n\t\t\t\t<\/div>\n\t\t<div class=\"elementor-element elementor-element-74ffcaea e-con-full e-flex e-con e-child\" data-id=\"74ffcaea\" data-element_type=\"container\" data-e-type=\"container\" data-settings=\"{&quot;background_background&quot;:&quot;classic&quot;}\">\n\t\t\t\t<div class=\"elementor-element elementor-element-3fff4b3b elementor-widget elementor-widget-heading\" data-id=\"3fff4b3b\" data-element_type=\"widget\" data-e-type=\"widget\" data-widget_type=\"heading.default\">\n\t\t\t\t<div class=\"elementor-widget-container\">\n\t\t\t\t\t<span class=\"elementor-heading-title elementor-size-default\">Reparto<\/span>\t\t\t\t<\/div>\n\t\t\t\t<\/div>\n\t\t\t\t<div class=\"elementor-element elementor-element-51ab19e0 elementor-widget elementor-widget-text-editor\" data-id=\"51ab19e0\" data-element_type=\"widget\" data-e-type=\"widget\" data-widget_type=\"text-editor.default\">\n\t\t\t\t<div class=\"elementor-widget-container\">\n\t\t\t\t\t\t\t\t\t<p>Elia P\u00e9rez\u00a0<br \/>Sabrina Catal\u00e1n<\/p>\t\t\t\t\t\t\t\t<\/div>\n\t\t\t\t<\/div>\n\t\t\t\t<\/div>\n\t\t<div class=\"elementor-element elementor-element-3884cf30 e-con-full e-flex e-con e-child\" data-id=\"3884cf30\" data-element_type=\"container\" data-e-type=\"container\" data-settings=\"{&quot;background_background&quot;:&quot;classic&quot;}\">\n\t\t\t\t<div class=\"elementor-element elementor-element-1b24af38 elementor-widget elementor-widget-heading\" data-id=\"1b24af38\" data-element_type=\"widget\" data-e-type=\"widget\" data-widget_type=\"heading.default\">\n\t\t\t\t<div class=\"elementor-widget-container\">\n\t\t\t\t\t<span class=\"elementor-heading-title elementor-size-default\">Datos de distribuci\u00f3n<\/span>\t\t\t\t<\/div>\n\t\t\t\t<\/div>\n\t\t\t\t<div class=\"elementor-element elementor-element-2d78c747 elementor-widget elementor-widget-text-editor\" data-id=\"2d78c747\" data-element_type=\"widget\" data-e-type=\"widget\" data-widget_type=\"text-editor.default\">\n\t\t\t\t<div class=\"elementor-widget-container\">\n\t\t\t\t\t\t\t\t\t<p style=\"text-align: left;\"><strong>DISTRIBUIDOR\/A:<\/strong> Laura Spacchetti<br \/><strong>EMAIL:<\/strong> lauraspacchetti@gmail.com<br \/><strong>TEL\u00c9FONO:<\/strong> 600 80 42 45<\/p>\t\t\t\t\t\t\t\t<\/div>\n\t\t\t\t<\/div>\n\t\t\t\t<\/div>\n\t\t\t\t<\/div>\n\t\t<div class=\"elementor-element elementor-element-5fe3af22 e-con-full e-flex e-con e-child\" data-id=\"5fe3af22\" data-element_type=\"container\" data-e-type=\"container\">\n\t\t\t\t<div class=\"elementor-element elementor-element-447383c2 elementor-widget elementor-widget-image\" data-id=\"447383c2\" data-element_type=\"widget\" data-e-type=\"widget\" data-widget_type=\"image.default\">\n\t\t\t\t<div class=\"elementor-widget-container\">\n\t\t\t\t\t\t\t\t\t\t\t\t\t\t\t<img decoding=\"async\" src=\"https:\/\/faemclm.es\/feriaxxix\/wp-content\/uploads\/2025\/02\/02-Masa-Madre.jpg\" title=\"02-Masa-Madre\" alt=\"02-Masa-Madre\" loading=\"lazy\" \/>\t\t\t\t\t\t\t\t\t\t\t\t\t\t\t<\/div>\n\t\t\t\t<\/div>\n\t\t\t\t<\/div>\n\t\t\t\t\t<\/div>\n\t\t\t\t<\/div>\n\t\t<div class=\"elementor-element elementor-element-6838f073 e-flex e-con-boxed e-con e-parent\" data-id=\"6838f073\" data-element_type=\"container\" data-e-type=\"container\">\n\t\t\t\t\t<div class=\"e-con-inner\">\n\t\t\t\t<div class=\"elementor-element elementor-element-53acce42 elementor-widget elementor-widget-text-editor\" data-id=\"53acce42\" data-element_type=\"widget\" data-e-type=\"widget\" data-widget_type=\"text-editor.default\">\n\t\t\t\t<div class=\"elementor-widget-container\">\n\t\t\t\t\t\t\t\t\t<p>Nadie sabe que pasa con las princesas cuando se acaba el cuento. Seguramente nos sorprender\u00edamos al leer todas las segundas partes que no han sido escritas. Porque las historias contin\u00faan y puede que no pasemos la vida comiendo perdices.<\/p>\n<p>Una sala de espera. Un horno a 200 grados. Una m\u00e1quina de escribir. El sonido de unos zapatos de tac\u00f3n. Una cuerda umbilical. 250 g de harina de trigo. Un trapecio envejecido. Dos cabellos trenzados. Una mesa, un taburete, un florero, una rosa. Un mundo ideal.<\/p>\n<p><em>MASA MADRE<\/em> nos evoca aquello que nos mantiene vivos, en constante desarrollo, cuestionando si el destino de las personas es nacer, reproducirse o no y envejecer hasta morir.<\/p>\t\t\t\t\t\t\t\t<\/div>\n\t\t\t\t<\/div>\n\t\t\t\t\t<\/div>\n\t\t\t\t<\/div>\n\t\t<div class=\"elementor-element elementor-element-74bf88af e-flex e-con-boxed e-con e-parent\" data-id=\"74bf88af\" data-element_type=\"container\" data-e-type=\"container\">\n\t\t\t\t\t<div class=\"e-con-inner\">\n\t\t\t\t<div class=\"elementor-element elementor-element-524daa40 elementor-widget elementor-widget-heading\" data-id=\"524daa40\" data-element_type=\"widget\" data-e-type=\"widget\" data-widget_type=\"heading.default\">\n\t\t\t\t<div class=\"elementor-widget-container\">\n\t\t\t\t\t<span class=\"elementor-heading-title elementor-size-default\">Galer\u00eda<\/span>\t\t\t\t<\/div>\n\t\t\t\t<\/div>\n\t\t\t\t<div class=\"elementor-element elementor-element-206dd91e elementor-widget elementor-widget-image-carousel\" data-id=\"206dd91e\" data-element_type=\"widget\" data-e-type=\"widget\" data-settings=\"{&quot;slides_to_show&quot;:&quot;3&quot;,&quot;navigation&quot;:&quot;none&quot;,&quot;image_spacing_custom&quot;:{&quot;unit&quot;:&quot;px&quot;,&quot;size&quot;:10,&quot;sizes&quot;:[]},&quot;infinite&quot;:&quot;yes&quot;,&quot;speed&quot;:500,&quot;image_spacing_custom_tablet&quot;:{&quot;unit&quot;:&quot;px&quot;,&quot;size&quot;:&quot;&quot;,&quot;sizes&quot;:[]},&quot;image_spacing_custom_mobile&quot;:{&quot;unit&quot;:&quot;px&quot;,&quot;size&quot;:&quot;&quot;,&quot;sizes&quot;:[]}}\" data-widget_type=\"image-carousel.default\">\n\t\t\t\t<div class=\"elementor-widget-container\">\n\t\t\t\t\t\t\t<div class=\"elementor-image-carousel-wrapper swiper\" role=\"region\" aria-roledescription=\"carousel\" aria-label=\"Carrusel de im\u00e1genes\" dir=\"ltr\">\n\t\t\t<div class=\"elementor-image-carousel swiper-wrapper\" aria-live=\"polite\">\n\t\t\t\t\t\t\t\t<div class=\"swiper-slide\" role=\"group\" aria-roledescription=\"slide\" aria-label=\"1 de 3\"><figure class=\"swiper-slide-inner\"><img decoding=\"async\" class=\"swiper-slide-image\" src=\"https:\/\/faemclm.es\/feriaxxix\/wp-content\/uploads\/2025\/02\/Masa-madre-01-300x169.jpg\" alt=\"Masa-madre-01\" \/><\/figure><\/div><div class=\"swiper-slide\" role=\"group\" aria-roledescription=\"slide\" aria-label=\"2 de 3\"><figure class=\"swiper-slide-inner\"><img decoding=\"async\" class=\"swiper-slide-image\" src=\"https:\/\/faemclm.es\/feriaxxix\/wp-content\/uploads\/2025\/02\/Masa-madre-02-300x169.jpg\" alt=\"Masa-madre-02\" \/><\/figure><\/div><div class=\"swiper-slide\" role=\"group\" aria-roledescription=\"slide\" aria-label=\"3 de 3\"><figure class=\"swiper-slide-inner\"><img decoding=\"async\" class=\"swiper-slide-image\" src=\"https:\/\/faemclm.es\/feriaxxix\/wp-content\/uploads\/2025\/02\/Masa-madre-03v2-200x300.jpg\" alt=\"Masa-madre-03v2\" \/><\/figure><\/div>\t\t\t<\/div>\n\t\t\t\t\t\t\t\n\t\t\t\t\t\t\t\t\t<\/div>\n\t\t\t\t\t\t<\/div>\n\t\t\t\t<\/div>\n\t\t\t\t\t<\/div>\n\t\t\t\t<\/div>\n\t\t<div class=\"elementor-element elementor-element-a7429f2 e-flex e-con-boxed e-con e-parent\" data-id=\"a7429f2\" data-element_type=\"container\" data-e-type=\"container\">\n\t\t\t\t\t<div class=\"e-con-inner\">\n\t\t<div class=\"elementor-element elementor-element-f29f199 e-con-full e-flex e-con e-child\" data-id=\"f29f199\" data-element_type=\"container\" data-e-type=\"container\">\n\t\t\t\t<div class=\"elementor-element elementor-element-2c6ac9e elementor-widget elementor-widget-heading\" data-id=\"2c6ac9e\" data-element_type=\"widget\" data-e-type=\"widget\" data-widget_type=\"heading.default\">\n\t\t\t\t<div class=\"elementor-widget-container\">\n\t\t\t\t\t<h2 class=\"elementor-heading-title elementor-size-default\">Hazte con tus entradas ahora:<\/h2>\t\t\t\t<\/div>\n\t\t\t\t<\/div>\n\t\t\t\t<\/div>\n\t\t<div class=\"elementor-element elementor-element-e8050d1 e-con-full e-flex e-con e-child\" data-id=\"e8050d1\" data-element_type=\"container\" data-e-type=\"container\">\n\t\t\t\t<div class=\"elementor-element elementor-element-533fe79 elementor-align-center elementor-widget__width-initial elementor-widget elementor-widget-button\" data-id=\"533fe79\" data-element_type=\"widget\" data-e-type=\"widget\" data-widget_type=\"button.default\">\n\t\t\t\t<div class=\"elementor-widget-container\">\n\t\t\t\t\t\t\t\t\t<div class=\"elementor-button-wrapper\">\n\t\t\t\t\t<a class=\"elementor-button elementor-button-link elementor-size-sm\" href=\"https:\/\/culturalalbacete.globalentradas.com\/event\/detail\/masa-madre?location=teatro-la-paz-albacete&#038;idEventDate=7353\">\n\t\t\t\t\t\t<span class=\"elementor-button-content-wrapper\">\n\t\t\t\t\t\t\t\t\t<span class=\"elementor-button-text\">Comprar Entradas<\/span>\n\t\t\t\t\t<\/span>\n\t\t\t\t\t<\/a>\n\t\t\t\t<\/div>\n\t\t\t\t\t\t\t\t<\/div>\n\t\t\t\t<\/div>\n\t\t\t\t<\/div>\n\t\t\t\t\t<\/div>\n\t\t\t\t<\/div>\n\t\t<div class=\"elementor-element elementor-element-4cfe06c e-flex e-con-boxed e-con e-parent\" data-id=\"4cfe06c\" data-element_type=\"container\" data-e-type=\"container\">\n\t\t\t\t\t<div class=\"e-con-inner\">\n\t\t\t\t<div class=\"elementor-element elementor-element-6600e78 elementor-widget elementor-widget-heading\" data-id=\"6600e78\" data-element_type=\"widget\" data-e-type=\"widget\" data-widget_type=\"heading.default\">\n\t\t\t\t<div class=\"elementor-widget-container\">\n\t\t\t\t\t<span class=\"elementor-heading-title elementor-size-default\">Localizaci\u00f3n<\/span>\t\t\t\t<\/div>\n\t\t\t\t<\/div>\n\t\t\t\t<div class=\"elementor-element elementor-element-77b454b elementor-widget__width-initial elementor-widget-mobile__width-initial elementor-widget elementor-widget-tec_events_elementor_widget_event_venue\" data-id=\"77b454b\" data-element_type=\"widget\" data-e-type=\"widget\" data-widget_type=\"tec_events_elementor_widget_event_venue.default\">\n\t\t\t\t<div class=\"elementor-widget-container\">\n\t\t\t\t\t<div  class=\"tec-events-elementor-event-widget__venue\" >\n\t\t\t\t<div  class=\"tec-events-elementor-event-widget__venue-container\" >\n\t\t\t\t<div  class=\"tec-events-elementor-event-widget__venue-details\" >\n\t<h3  class=\"tec-events-elementor-event-widget__venue-name\" >\n\tTeatro de la Paz<\/h3><div  class=\"tec-events-elementor-event-widget__venue-address\"  >\n\t<address  class=\"tec-events-elementor-event-widget__venue-address-address\" >\n\t<span class=\"tribe-address\">\n\n<span class=\"tribe-street-address\">Av. Teatro, 6<\/span>\n\t\n\t\t<br>\n\t\t<span class=\"tribe-locality\">Albacete<\/span><span class=\"tribe-delimiter\">,<\/span>\n\n\t<abbr class=\"tribe-region tribe-events-abbr\" title=\"Albacete\">Albacete<\/abbr>\n\n\t<span class=\"tribe-postal-code\">02005<\/span>\n\n\t<span class=\"tribe-country-name\">Espa\u00f1a<\/span>\n\n<\/span>\n<\/address>\n<p  class=\"tec-events-elementor-event-widget__venue-address-map-link\" >\n\t<a class=\"tribe-events-gmap\" href=\"https:\/\/maps.google.com\/maps?f=q&#038;source=s_q&#038;hl=en&#038;geocode=&#038;q=Av.+Teatro%2C+6+Albacete+Albacete+02005+Espa%C3%B1a\" title=\"Haz clic para ver un mapa de Google\" target=\"_blank\" rel=\"noreferrer noopener\">+ Google Map<\/a><\/p>\n<\/div>\n<\/div>\n<div  class=\"tec-events-elementor-event-widget__venue-map\" >\n\t\n<iframe\n  title=\"Iframe de Google Maps mostrando la direcci\u00f3n a Teatro de la Paz\"\n  aria-label=\"Mapa de ubicaci\u00f3n del recinto\"\n  width=\"100%\"\n  height=\"100%\"\n  frameborder=\"0\" style=\"border:0\"\n  src=\"https:\/\/www.google.com\/maps\/embed\/v1\/place?key=AIzaSyDNsicAsP6-VuGtAb1O9riI3oc_NOb7IOU&#038;q=Av.+Teatro%2C+6+Albacete+Albacete+02005+Espa%C3%B1a+&#038;zoom=10\" allowfullscreen>\n<\/iframe>\n<\/div>\n\t\t<\/div>\n\t<\/div>\n\t\t\t\t<\/div>\n\t\t\t\t<\/div>\n\t\t\t\t\t<\/div>\n\t\t\t\t<\/div>\n\t\t\t\t<\/div>\n\t\t","protected":false},"excerpt":{"rendered":"<p>P\u00fablico: A partir de 8 a\u00f1os | 60 minutos | Teatro de la Paz Ficha Art\u00edstica &#8211; T\u00e9cnica DIRECCI\u00d3N: Ra\u00fal Garc\u00edaILUMINACI\u00d3N: Mateo Mart\u00ednezDIRECCION ESCENICA: Ra\u00fal Garc\u00edaESCENOGRAF\u00cdA: Pau Segu\u00edVESTUARIO: Paulette San [&hellip;]<\/p>\n","protected":false},"author":1,"featured_media":6737,"template":"","meta":{"site-sidebar-layout":"default","site-content-layout":"","ast-site-content-layout":"default","site-content-style":"default","site-sidebar-style":"default","ast-global-header-display":"","ast-banner-title-visibility":"","ast-main-header-display":"","ast-hfb-above-header-display":"","ast-hfb-below-header-display":"","ast-hfb-mobile-header-display":"","site-post-title":"","ast-breadcrumbs-content":"","ast-featured-img":"","footer-sml-layout":"","ast-disable-related-posts":"","theme-transparent-header-meta":"default","adv-header-id-meta":"","stick-header-meta":"","header-above-stick-meta":"","header-main-stick-meta":"","header-below-stick-meta":"","astra-migrate-meta-layouts":"set","ast-page-background-enabled":"default","ast-page-background-meta":{"desktop":{"background-color":"var(--ast-global-color-5)","background-image":"","background-repeat":"repeat","background-position":"center center","background-size":"auto","background-attachment":"scroll","background-type":"","background-media":"","overlay-type":"","overlay-color":"","overlay-opacity":"","overlay-gradient":""},"tablet":{"background-color":"","background-image":"","background-repeat":"repeat","background-position":"center center","background-size":"auto","background-attachment":"scroll","background-type":"","background-media":"","overlay-type":"","overlay-color":"","overlay-opacity":"","overlay-gradient":""},"mobile":{"background-color":"","background-image":"","background-repeat":"repeat","background-position":"center center","background-size":"auto","background-attachment":"scroll","background-type":"","background-media":"","overlay-type":"","overlay-color":"","overlay-opacity":"","overlay-gradient":""}},"ast-content-background-meta":{"desktop":{"background-color":"var(--ast-global-color-4)","background-image":"","background-repeat":"repeat","background-position":"center center","background-size":"auto","background-attachment":"scroll","background-type":"","background-media":"","overlay-type":"","overlay-color":"","overlay-opacity":"","overlay-gradient":""},"tablet":{"background-color":"var(--ast-global-color-4)","background-image":"","background-repeat":"repeat","background-position":"center center","background-size":"auto","background-attachment":"scroll","background-type":"","background-media":"","overlay-type":"","overlay-color":"","overlay-opacity":"","overlay-gradient":""},"mobile":{"background-color":"var(--ast-global-color-4)","background-image":"","background-repeat":"repeat","background-position":"center center","background-size":"auto","background-attachment":"scroll","background-type":"","background-media":"","overlay-type":"","overlay-color":"","overlay-opacity":"","overlay-gradient":""}},"_tribe_events_status":"","_tribe_events_status_reason":"","footnotes":""},"tags":[],"tribe_events_cat":[51],"class_list":["post-6734","tribe_events","type-tribe_events","status-publish","has-post-thumbnail","hentry","tribe_events_cat-circo","cat_circo"],"_links":{"self":[{"href":"https:\/\/faemclm.es\/feriaxxix\/wp-json\/wp\/v2\/tribe_events\/6734","targetHints":{"allow":["GET"]}}],"collection":[{"href":"https:\/\/faemclm.es\/feriaxxix\/wp-json\/wp\/v2\/tribe_events"}],"about":[{"href":"https:\/\/faemclm.es\/feriaxxix\/wp-json\/wp\/v2\/types\/tribe_events"}],"author":[{"embeddable":true,"href":"https:\/\/faemclm.es\/feriaxxix\/wp-json\/wp\/v2\/users\/1"}],"version-history":[{"count":0,"href":"https:\/\/faemclm.es\/feriaxxix\/wp-json\/wp\/v2\/tribe_events\/6734\/revisions"}],"wp:featuredmedia":[{"embeddable":true,"href":"https:\/\/faemclm.es\/feriaxxix\/wp-json\/wp\/v2\/media\/6737"}],"wp:attachment":[{"href":"https:\/\/faemclm.es\/feriaxxix\/wp-json\/wp\/v2\/media?parent=6734"}],"wp:term":[{"taxonomy":"post_tag","embeddable":true,"href":"https:\/\/faemclm.es\/feriaxxix\/wp-json\/wp\/v2\/tags?post=6734"},{"taxonomy":"tribe_events_cat","embeddable":true,"href":"https:\/\/faemclm.es\/feriaxxix\/wp-json\/wp\/v2\/tribe_events_cat?post=6734"}],"curies":[{"name":"wp","href":"https:\/\/api.w.org\/{rel}","templated":true}]}}