{"id":6747,"date":"2025-02-03T18:49:57","date_gmt":"2025-02-03T17:49:57","guid":{"rendered":"https:\/\/faemclm.es\/?post_type=tribe_events&#038;p=6747"},"modified":"2025-03-31T17:23:17","modified_gmt":"2025-03-31T15:23:17","slug":"desobediente-maria","status":"publish","type":"tribe_events","link":"https:\/\/faemclm.es\/feriaxxix\/espectaculo\/desobediente-maria\/","title":{"rendered":"Desobediente Mar\u00eda"},"content":{"rendered":"\t\t<div data-elementor-type=\"tec_event_single_static\" data-elementor-id=\"6747\" class=\"elementor elementor-6747\" data-elementor-post-type=\"tribe_events\">\n\t\t\t\t<div class=\"elementor-element elementor-element-7a25a4fb e-flex e-con-boxed e-con e-parent\" data-id=\"7a25a4fb\" data-element_type=\"container\" data-e-type=\"container\">\n\t\t\t\t\t<div class=\"e-con-inner\">\n\t\t\t\t<div class=\"elementor-element elementor-element-1355e08c elementor-widget__width-initial elementor-widget elementor-widget-image\" data-id=\"1355e08c\" data-element_type=\"widget\" data-e-type=\"widget\" data-widget_type=\"image.default\">\n\t\t\t\t<div class=\"elementor-widget-container\">\n\t\t\t\t\t\t\t\t\t\t\t\t\t\t\t<img fetchpriority=\"high\" decoding=\"async\" width=\"398\" height=\"130\" src=\"https:\/\/faemclm.es\/feriaxxix\/wp-content\/uploads\/2024\/01\/cat-teatro.png\" class=\"attachment-full size-full wp-image-5545\" alt=\"\" srcset=\"https:\/\/faemclm.es\/feriaxxix\/wp-content\/uploads\/2024\/01\/cat-teatro.png 398w, https:\/\/faemclm.es\/feriaxxix\/wp-content\/uploads\/2024\/01\/cat-teatro-300x98.png 300w, https:\/\/faemclm.es\/feriaxxix\/wp-content\/uploads\/2024\/01\/cat-teatro-370x121.png 370w\" sizes=\"(max-width: 398px) 100vw, 398px\" \/>\t\t\t\t\t\t\t\t\t\t\t\t\t\t\t<\/div>\n\t\t\t\t<\/div>\n\t\t\t\t<div class=\"elementor-element elementor-element-2ee1e4f3 elementor-widget__width-initial elementor-widget elementor-widget-text-editor\" data-id=\"2ee1e4f3\" data-element_type=\"widget\" data-e-type=\"widget\" data-widget_type=\"text-editor.default\">\n\t\t\t\t<div class=\"elementor-widget-container\">\n\t\t\t\t\t\t\t\t\t<p><strong>P\u00fablico: Adulto | 75 minutos | Auditorio Municipal<\/strong><\/p>\t\t\t\t\t\t\t\t<\/div>\n\t\t\t\t<\/div>\n\t\t\t\t\t<\/div>\n\t\t\t\t<\/div>\n\t\t<div class=\"elementor-element elementor-element-40b3345f e-flex e-con-boxed e-con e-parent\" data-id=\"40b3345f\" data-element_type=\"container\" data-e-type=\"container\">\n\t\t\t\t\t<div class=\"e-con-inner\">\n\t\t<div class=\"elementor-element elementor-element-175a348a e-con-full e-flex e-con e-child\" data-id=\"175a348a\" data-element_type=\"container\" data-e-type=\"container\">\n\t\t<div class=\"elementor-element elementor-element-4d1d832d e-con-full e-flex e-con e-child\" data-id=\"4d1d832d\" data-element_type=\"container\" data-e-type=\"container\">\n\t\t\t\t<div class=\"elementor-element elementor-element-2332dd53 elementor-widget elementor-widget-heading\" data-id=\"2332dd53\" data-element_type=\"widget\" data-e-type=\"widget\" data-widget_type=\"heading.default\">\n\t\t\t\t<div class=\"elementor-widget-container\">\n\t\t\t\t\t<span class=\"elementor-heading-title elementor-size-default\">Ficha Art\u00edstica - T\u00e9cnica<\/span>\t\t\t\t<\/div>\n\t\t\t\t<\/div>\n\t\t\t\t<div class=\"elementor-element elementor-element-3eac1162 elementor-widget elementor-widget-text-editor\" data-id=\"3eac1162\" data-element_type=\"widget\" data-e-type=\"widget\" data-widget_type=\"text-editor.default\">\n\t\t\t\t<div class=\"elementor-widget-container\">\n\t\t\t\t\t\t\t\t\t<p><strong>DIRECCI\u00d3N:<\/strong> Marianella Morena<br \/><strong>ILUMINACI\u00d3N:<\/strong> Bibiana Cabral<br \/><strong>DIRECCION ESCENICA:<\/strong> Marianella Morena<br \/><strong>ESCENOGRAF\u00cdA:<\/strong> Bibiana Cabral<br \/><strong>VESTUARIO:<\/strong> Tatiana De Sarabia<br \/><strong>DIRECTOR\/A DE PRODUCCI\u00d3N:<\/strong> Jean Paul Peralta<br \/><strong>PRODUCCION:<\/strong> Salvador Collado<br \/><strong>COMPA\u00d1\u00cdA:<\/strong> Euroscena<br \/><strong>AUTOR\/A:<\/strong> Marianella Morena Sobre Una Idea De Salvador Collado<\/p>\t\t\t\t\t\t\t\t<\/div>\n\t\t\t\t<\/div>\n\t\t\t\t<\/div>\n\t\t<div class=\"elementor-element elementor-element-66fcb218 e-con-full e-flex e-con e-child\" data-id=\"66fcb218\" data-element_type=\"container\" data-e-type=\"container\" data-settings=\"{&quot;background_background&quot;:&quot;classic&quot;}\">\n\t\t\t\t<div class=\"elementor-element elementor-element-3f48eb45 elementor-widget elementor-widget-heading\" data-id=\"3f48eb45\" data-element_type=\"widget\" data-e-type=\"widget\" data-widget_type=\"heading.default\">\n\t\t\t\t<div class=\"elementor-widget-container\">\n\t\t\t\t\t<span class=\"elementor-heading-title elementor-size-default\">Reparto<\/span>\t\t\t\t<\/div>\n\t\t\t\t<\/div>\n\t\t\t\t<div class=\"elementor-element elementor-element-5a2b9172 elementor-widget elementor-widget-text-editor\" data-id=\"5a2b9172\" data-element_type=\"widget\" data-e-type=\"widget\" data-widget_type=\"text-editor.default\">\n\t\t\t\t<div class=\"elementor-widget-container\">\n\t\t\t\t\t\t\t\t\t<p>Laura Hernando<br \/>Lucia Trentini<br \/>Candela Sole<\/p>\t\t\t\t\t\t\t\t<\/div>\n\t\t\t\t<\/div>\n\t\t\t\t<\/div>\n\t\t<div class=\"elementor-element elementor-element-42a0e63c e-con-full e-flex e-con e-child\" data-id=\"42a0e63c\" data-element_type=\"container\" data-e-type=\"container\" data-settings=\"{&quot;background_background&quot;:&quot;classic&quot;}\">\n\t\t\t\t<div class=\"elementor-element elementor-element-7a90c525 elementor-widget elementor-widget-heading\" data-id=\"7a90c525\" data-element_type=\"widget\" data-e-type=\"widget\" data-widget_type=\"heading.default\">\n\t\t\t\t<div class=\"elementor-widget-container\">\n\t\t\t\t\t<span class=\"elementor-heading-title elementor-size-default\">Datos de distribuci\u00f3n<\/span>\t\t\t\t<\/div>\n\t\t\t\t<\/div>\n\t\t\t\t<div class=\"elementor-element elementor-element-74dd0a17 elementor-widget elementor-widget-text-editor\" data-id=\"74dd0a17\" data-element_type=\"widget\" data-e-type=\"widget\" data-widget_type=\"text-editor.default\">\n\t\t\t\t<div class=\"elementor-widget-container\">\n\t\t\t\t\t\t\t\t\t<p style=\"text-align: left;\"><strong>DISTRIBUIDOR\/A:<\/strong> Manuela Serrano<br \/><strong>EMAIL:<\/strong> produccion@euroscena.es<br \/><strong>TEL\u00c9FONO:<\/strong> 609 28 86 66<\/p>\t\t\t\t\t\t\t\t<\/div>\n\t\t\t\t<\/div>\n\t\t\t\t<\/div>\n\t\t\t\t<\/div>\n\t\t<div class=\"elementor-element elementor-element-3218ed28 e-con-full e-flex e-con e-child\" data-id=\"3218ed28\" data-element_type=\"container\" data-e-type=\"container\">\n\t\t\t\t<div class=\"elementor-element elementor-element-54517de7 elementor-widget elementor-widget-image\" data-id=\"54517de7\" data-element_type=\"widget\" data-e-type=\"widget\" data-widget_type=\"image.default\">\n\t\t\t\t<div class=\"elementor-widget-container\">\n\t\t\t\t\t\t\t\t\t\t\t\t\t\t\t<img decoding=\"async\" src=\"https:\/\/faemclm.es\/feriaxxix\/wp-content\/uploads\/2025\/02\/03-Desobediente-Maria.jpg\" title=\"03-Desobediente-Maria\" alt=\"03-Desobediente-Maria\" loading=\"lazy\" \/>\t\t\t\t\t\t\t\t\t\t\t\t\t\t\t<\/div>\n\t\t\t\t<\/div>\n\t\t\t\t<\/div>\n\t\t\t\t\t<\/div>\n\t\t\t\t<\/div>\n\t\t<div class=\"elementor-element elementor-element-2ea6a06d e-flex e-con-boxed e-con e-parent\" data-id=\"2ea6a06d\" data-element_type=\"container\" data-e-type=\"container\">\n\t\t\t\t\t<div class=\"e-con-inner\">\n\t\t\t\t<div class=\"elementor-element elementor-element-3516e185 elementor-widget elementor-widget-text-editor\" data-id=\"3516e185\" data-element_type=\"widget\" data-e-type=\"widget\" data-widget_type=\"text-editor.default\">\n\t\t\t\t<div class=\"elementor-widget-container\">\n\t\t\t\t\t\t\t\t\t<p>El texto es en s\u00ed mismo, pero tambi\u00e9n es un recurso para rastrear la mirada personal sobre el personaje, el punto de vista, la opini\u00f3n.<\/p>\n<p>\u00bfC\u00f3mo?<\/p>\n<p>En el procedimiento, en la reacci\u00f3n, en la apropiaci\u00f3n de los parlamentos, en la lucha por los mismos, en la defensa de los mismos.<\/p>\n<p>En el juego del relato y la representaci\u00f3n sin final, como las cajas chinas.<\/p>\n<p>\u00bfQui\u00e9n representa a qui\u00e9n?<\/p>\n<p>El teatro da la oportunidad que la Historia no siempre habilita.<\/p>\n<p>El museo organiza homenajes. El escenario ofrece el cuerpo para encarnar.<\/p>\n<p>La Historia almacena datos. La escena va por el pulso que dialoga con la pregunta, en un presente absoluto que se comunica con lo anterior, con la ajenidad, como si fuera ahora.<\/p>\n<p>\u00bfDesde qu\u00e9 lugar traemos el pasado al hoy?<\/p>\n<p>\u00bfC\u00f3mo, qui\u00e9n es Mar\u00eda Pacheco en el teatro, c\u00f3mo la mostramos?<\/p>\n<p>\u00bfDesde qu\u00e9 lugar y con qu\u00e9 cuerpos unas mujeres hablan de otra mujer?<\/p>\n<p>\u00bfDesde qu\u00e9 tiempo hablamos de la fractura de lo real, de lo documentado, lo testimonial?<\/p>\n<p>\u00bfHabr\u00e1 recurso m\u00e1s testimonial que la emocionalidad de una actriz cuando un personaje transita por ella?<\/p>\n<p>Pero, \u00a0siempre est\u00e1 el encuentro, el equipo generado, la circunstancia de cada uno\/a.<\/p>\t\t\t\t\t\t\t\t<\/div>\n\t\t\t\t<\/div>\n\t\t\t\t\t<\/div>\n\t\t\t\t<\/div>\n\t\t<div class=\"elementor-element elementor-element-270a64a1 e-flex e-con-boxed e-con e-parent\" data-id=\"270a64a1\" data-element_type=\"container\" data-e-type=\"container\">\n\t\t\t\t\t<div class=\"e-con-inner\">\n\t\t\t\t<div class=\"elementor-element elementor-element-736e7cea elementor-widget elementor-widget-heading\" data-id=\"736e7cea\" data-element_type=\"widget\" data-e-type=\"widget\" data-widget_type=\"heading.default\">\n\t\t\t\t<div class=\"elementor-widget-container\">\n\t\t\t\t\t<span class=\"elementor-heading-title elementor-size-default\">Galer\u00eda<\/span>\t\t\t\t<\/div>\n\t\t\t\t<\/div>\n\t\t\t\t<div class=\"elementor-element elementor-element-4e70cd78 elementor-widget elementor-widget-image-carousel\" data-id=\"4e70cd78\" data-element_type=\"widget\" data-e-type=\"widget\" data-settings=\"{&quot;slides_to_show&quot;:&quot;3&quot;,&quot;navigation&quot;:&quot;none&quot;,&quot;image_spacing_custom&quot;:{&quot;unit&quot;:&quot;px&quot;,&quot;size&quot;:10,&quot;sizes&quot;:[]},&quot;infinite&quot;:&quot;yes&quot;,&quot;speed&quot;:500,&quot;image_spacing_custom_tablet&quot;:{&quot;unit&quot;:&quot;px&quot;,&quot;size&quot;:&quot;&quot;,&quot;sizes&quot;:[]},&quot;image_spacing_custom_mobile&quot;:{&quot;unit&quot;:&quot;px&quot;,&quot;size&quot;:&quot;&quot;,&quot;sizes&quot;:[]}}\" data-widget_type=\"image-carousel.default\">\n\t\t\t\t<div class=\"elementor-widget-container\">\n\t\t\t\t\t\t\t<div class=\"elementor-image-carousel-wrapper swiper\" role=\"region\" aria-roledescription=\"carousel\" aria-label=\"Carrusel de im\u00e1genes\" dir=\"ltr\">\n\t\t\t<div class=\"elementor-image-carousel swiper-wrapper\" aria-live=\"polite\">\n\t\t\t\t\t\t\t\t<div class=\"swiper-slide\" role=\"group\" aria-roledescription=\"slide\" aria-label=\"1 de 3\"><a data-elementor-open-lightbox=\"yes\" data-elementor-lightbox-slideshow=\"4e70cd78\" data-elementor-lightbox-title=\"Desobediente-maria-01\" data-e-action-hash=\"#elementor-action%3Aaction%3Dlightbox%26settings%3DeyJpZCI6NjkyNSwidXJsIjoiaHR0cHM6XC9cL2ZhZW1jbG0uZXNcL2ZlcmlheHhpeFwvd3AtY29udGVudFwvdXBsb2Fkc1wvMjAyNVwvMDJcL0Rlc29iZWRpZW50ZS1tYXJpYS0wMS5qcGciLCJzbGlkZXNob3ciOiI0ZTcwY2Q3OCJ9\" href=\"https:\/\/faemclm.es\/feriaxxix\/wp-content\/uploads\/2025\/02\/Desobediente-maria-01.jpg\"><figure class=\"swiper-slide-inner\"><img decoding=\"async\" class=\"swiper-slide-image\" src=\"https:\/\/faemclm.es\/feriaxxix\/wp-content\/uploads\/2025\/02\/Desobediente-maria-01-300x169.jpg\" alt=\"Desobediente-maria-01\" \/><\/figure><\/a><\/div><div class=\"swiper-slide\" role=\"group\" aria-roledescription=\"slide\" aria-label=\"2 de 3\"><a data-elementor-open-lightbox=\"yes\" data-elementor-lightbox-slideshow=\"4e70cd78\" data-elementor-lightbox-title=\"Desobediente-maria-02\" data-e-action-hash=\"#elementor-action%3Aaction%3Dlightbox%26settings%3DeyJpZCI6NjkyNiwidXJsIjoiaHR0cHM6XC9cL2ZhZW1jbG0uZXNcL2ZlcmlheHhpeFwvd3AtY29udGVudFwvdXBsb2Fkc1wvMjAyNVwvMDJcL0Rlc29iZWRpZW50ZS1tYXJpYS0wMi5qcGciLCJzbGlkZXNob3ciOiI0ZTcwY2Q3OCJ9\" href=\"https:\/\/faemclm.es\/feriaxxix\/wp-content\/uploads\/2025\/02\/Desobediente-maria-02.jpg\"><figure class=\"swiper-slide-inner\"><img decoding=\"async\" class=\"swiper-slide-image\" src=\"https:\/\/faemclm.es\/feriaxxix\/wp-content\/uploads\/2025\/02\/Desobediente-maria-02-300x169.jpg\" alt=\"Desobediente-maria-02\" \/><\/figure><\/a><\/div><div class=\"swiper-slide\" role=\"group\" aria-roledescription=\"slide\" aria-label=\"3 de 3\"><a data-elementor-open-lightbox=\"yes\" data-elementor-lightbox-slideshow=\"4e70cd78\" data-elementor-lightbox-title=\"Desobediente-maria-03\" data-e-action-hash=\"#elementor-action%3Aaction%3Dlightbox%26settings%3DeyJpZCI6NjkyNywidXJsIjoiaHR0cHM6XC9cL2ZhZW1jbG0uZXNcL2ZlcmlheHhpeFwvd3AtY29udGVudFwvdXBsb2Fkc1wvMjAyNVwvMDJcL0Rlc29iZWRpZW50ZS1tYXJpYS0wMy5qcGciLCJzbGlkZXNob3ciOiI0ZTcwY2Q3OCJ9\" href=\"https:\/\/faemclm.es\/feriaxxix\/wp-content\/uploads\/2025\/02\/Desobediente-maria-03.jpg\"><figure class=\"swiper-slide-inner\"><img decoding=\"async\" class=\"swiper-slide-image\" src=\"https:\/\/faemclm.es\/feriaxxix\/wp-content\/uploads\/2025\/02\/Desobediente-maria-03-200x300.jpg\" alt=\"Desobediente-maria-03\" \/><\/figure><\/a><\/div>\t\t\t<\/div>\n\t\t\t\t\t\t\t\n\t\t\t\t\t\t\t\t\t<\/div>\n\t\t\t\t\t\t<\/div>\n\t\t\t\t<\/div>\n\t\t\t\t\t<\/div>\n\t\t\t\t<\/div>\n\t\t<div class=\"elementor-element elementor-element-3e58681 e-flex e-con-boxed e-con e-parent\" data-id=\"3e58681\" data-element_type=\"container\" data-e-type=\"container\">\n\t\t\t\t\t<div class=\"e-con-inner\">\n\t\t<div class=\"elementor-element elementor-element-f45d2ee e-con-full e-flex e-con e-child\" data-id=\"f45d2ee\" data-element_type=\"container\" data-e-type=\"container\">\n\t\t\t\t<div class=\"elementor-element elementor-element-3e9297e elementor-widget elementor-widget-heading\" data-id=\"3e9297e\" data-element_type=\"widget\" data-e-type=\"widget\" data-widget_type=\"heading.default\">\n\t\t\t\t<div class=\"elementor-widget-container\">\n\t\t\t\t\t<h2 class=\"elementor-heading-title elementor-size-default\">Hazte con tus entradas ahora:<\/h2>\t\t\t\t<\/div>\n\t\t\t\t<\/div>\n\t\t\t\t<\/div>\n\t\t<div class=\"elementor-element elementor-element-b1c296f e-con-full e-flex e-con e-child\" data-id=\"b1c296f\" data-element_type=\"container\" data-e-type=\"container\">\n\t\t\t\t<div class=\"elementor-element elementor-element-9edd4c2 elementor-align-center elementor-widget__width-initial elementor-widget elementor-widget-button\" data-id=\"9edd4c2\" data-element_type=\"widget\" data-e-type=\"widget\" data-widget_type=\"button.default\">\n\t\t\t\t<div class=\"elementor-widget-container\">\n\t\t\t\t\t\t\t\t\t<div class=\"elementor-button-wrapper\">\n\t\t\t\t\t<a class=\"elementor-button elementor-button-link elementor-size-sm\" href=\"https:\/\/culturalalbacete.globalentradas.com\/event\/detail\/desobediente-maria?location=auditorio-municipal-albacete&#038;idEventDate=7354\">\n\t\t\t\t\t\t<span class=\"elementor-button-content-wrapper\">\n\t\t\t\t\t\t\t\t\t<span class=\"elementor-button-text\">Comprar Entradas<\/span>\n\t\t\t\t\t<\/span>\n\t\t\t\t\t<\/a>\n\t\t\t\t<\/div>\n\t\t\t\t\t\t\t\t<\/div>\n\t\t\t\t<\/div>\n\t\t\t\t<\/div>\n\t\t\t\t\t<\/div>\n\t\t\t\t<\/div>\n\t\t<div class=\"elementor-element elementor-element-e400e14 e-flex e-con-boxed e-con e-parent\" data-id=\"e400e14\" data-element_type=\"container\" data-e-type=\"container\">\n\t\t\t\t\t<div class=\"e-con-inner\">\n\t\t\t\t<div class=\"elementor-element elementor-element-3415436 elementor-widget elementor-widget-heading\" data-id=\"3415436\" data-element_type=\"widget\" data-e-type=\"widget\" data-widget_type=\"heading.default\">\n\t\t\t\t<div class=\"elementor-widget-container\">\n\t\t\t\t\t<span class=\"elementor-heading-title elementor-size-default\">Localizaci\u00f3n<\/span>\t\t\t\t<\/div>\n\t\t\t\t<\/div>\n\t\t\t\t<div class=\"elementor-element elementor-element-5895cd1 elementor-widget__width-initial elementor-widget-mobile__width-initial elementor-widget elementor-widget-tec_events_elementor_widget_event_venue\" data-id=\"5895cd1\" data-element_type=\"widget\" data-e-type=\"widget\" data-widget_type=\"tec_events_elementor_widget_event_venue.default\">\n\t\t\t\t<div class=\"elementor-widget-container\">\n\t\t\t\t\t<div  class=\"tec-events-elementor-event-widget__venue\" >\n\t\t\t\t<div  class=\"tec-events-elementor-event-widget__venue-container\" >\n\t\t\t\t<div  class=\"tec-events-elementor-event-widget__venue-details\" >\n\t<h3  class=\"tec-events-elementor-event-widget__venue-name\" >\n\tAuditorio Municipal<\/h3><div  class=\"tec-events-elementor-event-widget__venue-address\"  >\n\t<address  class=\"tec-events-elementor-event-widget__venue-address-address\" >\n\t<span class=\"tribe-address\">\n\n<span class=\"tribe-street-address\">Pl. la Catedral, s\/n<\/span>\n\t\n\t\t<br>\n\t\t<span class=\"tribe-locality\">Albacete<\/span><span class=\"tribe-delimiter\">,<\/span>\n\n\t<abbr class=\"tribe-region tribe-events-abbr\" title=\"Albacete\">Albacete<\/abbr>\n\n\t<span class=\"tribe-postal-code\">02001<\/span>\n\n\t<span class=\"tribe-country-name\">Espa\u00f1a<\/span>\n\n<\/span>\n<\/address>\n<p  class=\"tec-events-elementor-event-widget__venue-address-map-link\" >\n\t<a class=\"tribe-events-gmap\" href=\"https:\/\/maps.google.com\/maps?f=q&#038;source=s_q&#038;hl=en&#038;geocode=&#038;q=Pl.+la+Catedral%2C+s%2Fn+Albacete+Albacete+02001+Espa%C3%B1a\" title=\"Haz clic para ver un mapa de Google\" target=\"_blank\" rel=\"noreferrer noopener\">+ Google Map<\/a><\/p>\n<\/div>\n<\/div>\n<div  class=\"tec-events-elementor-event-widget__venue-map\" >\n\t\n<iframe\n  title=\"Iframe de Google Maps mostrando la direcci\u00f3n a Auditorio Municipal\"\n  aria-label=\"Mapa de ubicaci\u00f3n del recinto\"\n  width=\"100%\"\n  height=\"100%\"\n  frameborder=\"0\" style=\"border:0\"\n  src=\"https:\/\/www.google.com\/maps\/embed\/v1\/place?key=AIzaSyDNsicAsP6-VuGtAb1O9riI3oc_NOb7IOU&#038;q=Pl.+la+Catedral%2C+s%2Fn+Albacete+Albacete+02001+Espa%C3%B1a+&#038;zoom=10\" allowfullscreen>\n<\/iframe>\n<\/div>\n\t\t<\/div>\n\t<\/div>\n\t\t\t\t<\/div>\n\t\t\t\t<\/div>\n\t\t\t\t\t<\/div>\n\t\t\t\t<\/div>\n\t\t\t\t<\/div>\n\t\t","protected":false},"excerpt":{"rendered":"<p>P\u00fablico: Adulto | 75 minutos | Auditorio Municipal Ficha Art\u00edstica &#8211; T\u00e9cnica DIRECCI\u00d3N: Marianella MorenaILUMINACI\u00d3N: Bibiana CabralDIRECCION ESCENICA: Marianella MorenaESCENOGRAF\u00cdA: Bibiana CabralVESTUARIO: Tatiana De SarabiaDIRECTOR\/A DE PRODUCCI\u00d3N: Jean Paul PeraltaPRODUCCION: [&hellip;]<\/p>\n","protected":false},"author":1,"featured_media":6752,"template":"","meta":{"site-sidebar-layout":"default","site-content-layout":"","ast-site-content-layout":"default","site-content-style":"default","site-sidebar-style":"default","ast-global-header-display":"","ast-banner-title-visibility":"","ast-main-header-display":"","ast-hfb-above-header-display":"","ast-hfb-below-header-display":"","ast-hfb-mobile-header-display":"","site-post-title":"","ast-breadcrumbs-content":"","ast-featured-img":"","footer-sml-layout":"","ast-disable-related-posts":"","theme-transparent-header-meta":"default","adv-header-id-meta":"","stick-header-meta":"","header-above-stick-meta":"","header-main-stick-meta":"","header-below-stick-meta":"","astra-migrate-meta-layouts":"set","ast-page-background-enabled":"default","ast-page-background-meta":{"desktop":{"background-color":"var(--ast-global-color-5)","background-image":"","background-repeat":"repeat","background-position":"center center","background-size":"auto","background-attachment":"scroll","background-type":"","background-media":"","overlay-type":"","overlay-color":"","overlay-opacity":"","overlay-gradient":""},"tablet":{"background-color":"","background-image":"","background-repeat":"repeat","background-position":"center center","background-size":"auto","background-attachment":"scroll","background-type":"","background-media":"","overlay-type":"","overlay-color":"","overlay-opacity":"","overlay-gradient":""},"mobile":{"background-color":"","background-image":"","background-repeat":"repeat","background-position":"center center","background-size":"auto","background-attachment":"scroll","background-type":"","background-media":"","overlay-type":"","overlay-color":"","overlay-opacity":"","overlay-gradient":""}},"ast-content-background-meta":{"desktop":{"background-color":"var(--ast-global-color-4)","background-image":"","background-repeat":"repeat","background-position":"center center","background-size":"auto","background-attachment":"scroll","background-type":"","background-media":"","overlay-type":"","overlay-color":"","overlay-opacity":"","overlay-gradient":""},"tablet":{"background-color":"var(--ast-global-color-4)","background-image":"","background-repeat":"repeat","background-position":"center center","background-size":"auto","background-attachment":"scroll","background-type":"","background-media":"","overlay-type":"","overlay-color":"","overlay-opacity":"","overlay-gradient":""},"mobile":{"background-color":"var(--ast-global-color-4)","background-image":"","background-repeat":"repeat","background-position":"center center","background-size":"auto","background-attachment":"scroll","background-type":"","background-media":"","overlay-type":"","overlay-color":"","overlay-opacity":"","overlay-gradient":""}},"_tribe_events_status":"","_tribe_events_status_reason":"","footnotes":""},"tags":[],"tribe_events_cat":[49],"class_list":["post-6747","tribe_events","type-tribe_events","status-publish","has-post-thumbnail","hentry","tribe_events_cat-teatro","cat_teatro"],"_links":{"self":[{"href":"https:\/\/faemclm.es\/feriaxxix\/wp-json\/wp\/v2\/tribe_events\/6747","targetHints":{"allow":["GET"]}}],"collection":[{"href":"https:\/\/faemclm.es\/feriaxxix\/wp-json\/wp\/v2\/tribe_events"}],"about":[{"href":"https:\/\/faemclm.es\/feriaxxix\/wp-json\/wp\/v2\/types\/tribe_events"}],"author":[{"embeddable":true,"href":"https:\/\/faemclm.es\/feriaxxix\/wp-json\/wp\/v2\/users\/1"}],"version-history":[{"count":0,"href":"https:\/\/faemclm.es\/feriaxxix\/wp-json\/wp\/v2\/tribe_events\/6747\/revisions"}],"wp:featuredmedia":[{"embeddable":true,"href":"https:\/\/faemclm.es\/feriaxxix\/wp-json\/wp\/v2\/media\/6752"}],"wp:attachment":[{"href":"https:\/\/faemclm.es\/feriaxxix\/wp-json\/wp\/v2\/media?parent=6747"}],"wp:term":[{"taxonomy":"post_tag","embeddable":true,"href":"https:\/\/faemclm.es\/feriaxxix\/wp-json\/wp\/v2\/tags?post=6747"},{"taxonomy":"tribe_events_cat","embeddable":true,"href":"https:\/\/faemclm.es\/feriaxxix\/wp-json\/wp\/v2\/tribe_events_cat?post=6747"}],"curies":[{"name":"wp","href":"https:\/\/api.w.org\/{rel}","templated":true}]}}