{"id":323,"date":"2018-02-22T08:35:12","date_gmt":"2018-02-22T08:35:12","guid":{"rendered":"https:\/\/faemclm.es\/feriaxxvi\/?page_id=323"},"modified":"2022-11-15T11:48:10","modified_gmt":"2022-11-15T10:48:10","slug":"espectaculos","status":"publish","type":"page","link":"https:\/\/faemclm.es\/feriaxxvi\/espectaculos\/","title":{"rendered":"Espect\u00e1culos"},"content":{"rendered":"\t\t<div data-elementor-type=\"wp-page\" data-elementor-id=\"323\" class=\"elementor elementor-323\">\n\t\t\t\t\t\t<section class=\"elementor-section elementor-top-section elementor-element elementor-element-16aca947 elementor-section-boxed elementor-section-height-default elementor-section-height-default\" data-id=\"16aca947\" data-element_type=\"section\" data-e-type=\"section\">\n\t\t\t\t\t\t<div class=\"elementor-container elementor-column-gap-extended\">\n\t\t\t\t\t<div class=\"elementor-column elementor-col-100 elementor-top-column elementor-element elementor-element-2141bba5 sc_layouts_column_icons_position_left\" data-id=\"2141bba5\" data-element_type=\"column\" data-e-type=\"column\">\n\t\t\t<div class=\"elementor-widget-wrap elementor-element-populated\">\n\t\t\t\t\t\t<div class=\"elementor-element elementor-element-a5fea1f elementor-widget elementor-widget-trx_sc_events\" data-id=\"a5fea1f\" data-element_type=\"widget\" data-e-type=\"widget\" data-settings=\"{&quot;_animation&quot;:&quot;none&quot;}\" data-widget_type=\"trx_sc_events.default\">\n\t\t\t\t<div class=\"elementor-widget-container\">\n\t\t\t\t\t<div  id=\"trx_sc_events_401592881\"\t\tclass=\"sc_events color_style_default sc_events_detailed\"><div class=\"sc_events_columns sc_item_columns trx_addons_columns_wrap columns_padding_bottom\"><div class=\"trx_addons_column-1_2\"><div class=\"sc_events_item_wrap\"><div class=\"post_featured with_thumb hover_ sc_services_item_thumb\"><img decoding=\"async\" width=\"120\" height=\"120\" src=\"https:\/\/faemclm.es\/feriaxxvi\/wp-content\/uploads\/2022\/10\/Cartel-Cuando-viene-samuel-120x120.jpg\" class=\"attachment-ostende-thumb-tiny size-ostende-thumb-tiny wp-post-image\" alt=\"\u00bfCu\u00e1ndo viene Samuel?\" srcset=\"https:\/\/faemclm.es\/feriaxxvi\/wp-content\/uploads\/2022\/10\/Cartel-Cuando-viene-samuel-120x120.jpg 120w, https:\/\/faemclm.es\/feriaxxvi\/wp-content\/uploads\/2022\/10\/Cartel-Cuando-viene-samuel-150x150.jpg 150w, https:\/\/faemclm.es\/feriaxxvi\/wp-content\/uploads\/2022\/10\/Cartel-Cuando-viene-samuel-370x370.jpg 370w\" sizes=\"(max-width: 120px) 100vw, 120px\" \/><a href=\"https:\/\/faemclm.es\/feriaxxvi\/espectaculo\/cuando-viene-samuel\/\" aria-hidden=\"true\" class=\"icons\"><\/a><\/div><div class=\"wrap_in\">\n        <h4 class=\"sc_events_item_title_go\"><a href=\"https:\/\/faemclm.es\/feriaxxvi\/espectaculo\/cuando-viene-samuel\/\">\u00bfCu\u00e1ndo viene Samuel?<\/a><\/h4>\n        <span class=\"sc_events_item_date_go\">Mar, 08 Nov - 12:45 PM<\/span>\n        <a href=\"https:\/\/faemclm.es\/feriaxxvi\/espectaculo\/cuando-viene-samuel\/\" class=\"sc_events_item_link sc_button color_style_default sc_button_simple\">M\u00e1s informaci\u00f3n<\/a>\n    <\/div>\n<\/div><\/div><div class=\"trx_addons_column-1_2\"><div class=\"sc_events_item_wrap\"><div class=\"post_featured with_thumb hover_ sc_services_item_thumb\"><img decoding=\"async\" width=\"120\" height=\"120\" src=\"https:\/\/faemclm.es\/feriaxxvi\/wp-content\/uploads\/2022\/10\/Cartel-Por-ellas-120x120.jpg\" class=\"attachment-ostende-thumb-tiny size-ostende-thumb-tiny wp-post-image\" alt=\"Por ellas\" srcset=\"https:\/\/faemclm.es\/feriaxxvi\/wp-content\/uploads\/2022\/10\/Cartel-Por-ellas-120x120.jpg 120w, https:\/\/faemclm.es\/feriaxxvi\/wp-content\/uploads\/2022\/10\/Cartel-Por-ellas-150x150.jpg 150w, https:\/\/faemclm.es\/feriaxxvi\/wp-content\/uploads\/2022\/10\/Cartel-Por-ellas-370x370.jpg 370w\" sizes=\"(max-width: 120px) 100vw, 120px\" \/><a href=\"https:\/\/faemclm.es\/feriaxxvi\/espectaculo\/por-ellas\/\" aria-hidden=\"true\" class=\"icons\"><\/a><\/div><div class=\"wrap_in\">\n        <h4 class=\"sc_events_item_title_go\"><a href=\"https:\/\/faemclm.es\/feriaxxvi\/espectaculo\/por-ellas\/\">Por ellas<\/a><\/h4>\n        <span class=\"sc_events_item_date_go\">Mar, 08 Nov - 4:30 PM<\/span>\n        <a href=\"https:\/\/faemclm.es\/feriaxxvi\/espectaculo\/por-ellas\/\" class=\"sc_events_item_link sc_button color_style_default sc_button_simple\">M\u00e1s informaci\u00f3n<\/a>\n    <\/div>\n<\/div><\/div><div class=\"trx_addons_column-1_2\"><div class=\"sc_events_item_wrap\"><div class=\"post_featured with_thumb hover_ sc_services_item_thumb\"><img decoding=\"async\" width=\"120\" height=\"120\" src=\"https:\/\/faemclm.es\/feriaxxvi\/wp-content\/uploads\/2022\/10\/Cartel-La-infamia-120x120.jpg\" class=\"attachment-ostende-thumb-tiny size-ostende-thumb-tiny wp-post-image\" alt=\"La infamia\" srcset=\"https:\/\/faemclm.es\/feriaxxvi\/wp-content\/uploads\/2022\/10\/Cartel-La-infamia-120x120.jpg 120w, https:\/\/faemclm.es\/feriaxxvi\/wp-content\/uploads\/2022\/10\/Cartel-La-infamia-150x150.jpg 150w, https:\/\/faemclm.es\/feriaxxvi\/wp-content\/uploads\/2022\/10\/Cartel-La-infamia-370x370.jpg 370w\" sizes=\"(max-width: 120px) 100vw, 120px\" \/><a href=\"https:\/\/faemclm.es\/feriaxxvi\/espectaculo\/la-infamia\/\" aria-hidden=\"true\" class=\"icons\"><\/a><\/div><div class=\"wrap_in\">\n        <h4 class=\"sc_events_item_title_go\"><a href=\"https:\/\/faemclm.es\/feriaxxvi\/espectaculo\/la-infamia\/\">La infamia<\/a><\/h4>\n        <span class=\"sc_events_item_date_go\">Mar, 08 Nov - 6:00 PM<\/span>\n        <a href=\"https:\/\/faemclm.es\/feriaxxvi\/espectaculo\/la-infamia\/\" class=\"sc_events_item_link sc_button color_style_default sc_button_simple\">M\u00e1s informaci\u00f3n<\/a>\n    <\/div>\n<\/div><\/div><div class=\"trx_addons_column-1_2\"><div class=\"sc_events_item_wrap\"><div class=\"post_featured with_thumb hover_ sc_services_item_thumb\"><img loading=\"lazy\" decoding=\"async\" width=\"120\" height=\"120\" src=\"https:\/\/faemclm.es\/feriaxxvi\/wp-content\/uploads\/2022\/10\/Cartel-El-amor-enamorado-120x120.jpg\" class=\"attachment-ostende-thumb-tiny size-ostende-thumb-tiny wp-post-image\" alt=\"El amor enamorado\" srcset=\"https:\/\/faemclm.es\/feriaxxvi\/wp-content\/uploads\/2022\/10\/Cartel-El-amor-enamorado-120x120.jpg 120w, https:\/\/faemclm.es\/feriaxxvi\/wp-content\/uploads\/2022\/10\/Cartel-El-amor-enamorado-150x150.jpg 150w, https:\/\/faemclm.es\/feriaxxvi\/wp-content\/uploads\/2022\/10\/Cartel-El-amor-enamorado-370x370.jpg 370w\" sizes=\"(max-width: 120px) 100vw, 120px\" \/><a href=\"https:\/\/faemclm.es\/feriaxxvi\/espectaculo\/el-amor-enamorado\/\" aria-hidden=\"true\" class=\"icons\"><\/a><\/div><div class=\"wrap_in\">\n        <h4 class=\"sc_events_item_title_go\"><a href=\"https:\/\/faemclm.es\/feriaxxvi\/espectaculo\/el-amor-enamorado\/\">El amor enamorado<\/a><\/h4>\n        <span class=\"sc_events_item_date_go\">Mar, 08 Nov - 8:00 PM<\/span>\n        <a href=\"https:\/\/faemclm.es\/feriaxxvi\/espectaculo\/el-amor-enamorado\/\" class=\"sc_events_item_link sc_button color_style_default sc_button_simple\">M\u00e1s informaci\u00f3n<\/a>\n    <\/div>\n<\/div><\/div><div class=\"trx_addons_column-1_2\"><div class=\"sc_events_item_wrap\"><div class=\"post_featured with_thumb hover_ sc_services_item_thumb\"><img loading=\"lazy\" decoding=\"async\" width=\"120\" height=\"120\" src=\"https:\/\/faemclm.es\/feriaxxvi\/wp-content\/uploads\/2022\/10\/Cartel-natural-funk-120x120.jpg\" class=\"attachment-ostende-thumb-tiny size-ostende-thumb-tiny wp-post-image\" alt=\"Natural funk\" srcset=\"https:\/\/faemclm.es\/feriaxxvi\/wp-content\/uploads\/2022\/10\/Cartel-natural-funk-120x120.jpg 120w, https:\/\/faemclm.es\/feriaxxvi\/wp-content\/uploads\/2022\/10\/Cartel-natural-funk-150x150.jpg 150w, https:\/\/faemclm.es\/feriaxxvi\/wp-content\/uploads\/2022\/10\/Cartel-natural-funk-370x370.jpg 370w\" sizes=\"(max-width: 120px) 100vw, 120px\" \/><a href=\"https:\/\/faemclm.es\/feriaxxvi\/espectaculo\/natural-funk\/\" aria-hidden=\"true\" class=\"icons\"><\/a><\/div><div class=\"wrap_in\">\n        <h4 class=\"sc_events_item_title_go\"><a href=\"https:\/\/faemclm.es\/feriaxxvi\/espectaculo\/natural-funk\/\">Natural funk<\/a><\/h4>\n        <span class=\"sc_events_item_date_go\">Mar, 08 Nov - 11:30 PM<\/span>\n        <a href=\"https:\/\/faemclm.es\/feriaxxvi\/espectaculo\/natural-funk\/\" class=\"sc_events_item_link sc_button color_style_default sc_button_simple\">M\u00e1s informaci\u00f3n<\/a>\n    <\/div>\n<\/div><\/div><div class=\"trx_addons_column-1_2\"><div class=\"sc_events_item_wrap\"><div class=\"post_featured with_thumb hover_ sc_services_item_thumb\"><img loading=\"lazy\" decoding=\"async\" width=\"120\" height=\"120\" src=\"https:\/\/faemclm.es\/feriaxxvi\/wp-content\/uploads\/2022\/10\/Cartel-Ayla-120x120.jpg\" class=\"attachment-ostende-thumb-tiny size-ostende-thumb-tiny wp-post-image\" alt=\"Ayla, la peque\u00f1a salvaje\" srcset=\"https:\/\/faemclm.es\/feriaxxvi\/wp-content\/uploads\/2022\/10\/Cartel-Ayla-120x120.jpg 120w, https:\/\/faemclm.es\/feriaxxvi\/wp-content\/uploads\/2022\/10\/Cartel-Ayla-150x150.jpg 150w, https:\/\/faemclm.es\/feriaxxvi\/wp-content\/uploads\/2022\/10\/Cartel-Ayla-370x370.jpg 370w\" sizes=\"(max-width: 120px) 100vw, 120px\" \/><a href=\"https:\/\/faemclm.es\/feriaxxvi\/espectaculo\/ayla-la-pequena-salvaje\/\" aria-hidden=\"true\" class=\"icons\"><\/a><\/div><div class=\"wrap_in\">\n        <h4 class=\"sc_events_item_title_go\"><a href=\"https:\/\/faemclm.es\/feriaxxvi\/espectaculo\/ayla-la-pequena-salvaje\/\">Ayla, la peque\u00f1a salvaje<\/a><\/h4>\n        <span class=\"sc_events_item_date_go\">Mi\u00e9, 09 Nov - 9:15 AM<\/span>\n        <a href=\"https:\/\/faemclm.es\/feriaxxvi\/espectaculo\/ayla-la-pequena-salvaje\/\" class=\"sc_events_item_link sc_button color_style_default sc_button_simple\">M\u00e1s informaci\u00f3n<\/a>\n    <\/div>\n<\/div><\/div><div class=\"trx_addons_column-1_2\"><div class=\"sc_events_item_wrap\"><div class=\"post_featured with_thumb hover_ sc_services_item_thumb\"><img loading=\"lazy\" decoding=\"async\" width=\"120\" height=\"120\" src=\"https:\/\/faemclm.es\/feriaxxvi\/wp-content\/uploads\/2022\/10\/Cartel-Kamishibai-120x120.jpg\" class=\"attachment-ostende-thumb-tiny size-ostende-thumb-tiny wp-post-image\" alt=\"Kamishibai\" srcset=\"https:\/\/faemclm.es\/feriaxxvi\/wp-content\/uploads\/2022\/10\/Cartel-Kamishibai-120x120.jpg 120w, https:\/\/faemclm.es\/feriaxxvi\/wp-content\/uploads\/2022\/10\/Cartel-Kamishibai-150x150.jpg 150w, https:\/\/faemclm.es\/feriaxxvi\/wp-content\/uploads\/2022\/10\/Cartel-Kamishibai-370x370.jpg 370w\" sizes=\"(max-width: 120px) 100vw, 120px\" \/><a href=\"https:\/\/faemclm.es\/feriaxxvi\/espectaculo\/kamishibai\/\" aria-hidden=\"true\" class=\"icons\"><\/a><\/div><div class=\"wrap_in\">\n        <h4 class=\"sc_events_item_title_go\"><a href=\"https:\/\/faemclm.es\/feriaxxvi\/espectaculo\/kamishibai\/\">Kamishibai<\/a><\/h4>\n        <span class=\"sc_events_item_date_go\">Mi\u00e9, 09 Nov - 10:45 AM<\/span>\n        <a href=\"https:\/\/faemclm.es\/feriaxxvi\/espectaculo\/kamishibai\/\" class=\"sc_events_item_link sc_button color_style_default sc_button_simple\">M\u00e1s informaci\u00f3n<\/a>\n    <\/div>\n<\/div><\/div><div class=\"trx_addons_column-1_2\"><div class=\"sc_events_item_wrap\"><div class=\"post_featured with_thumb hover_ sc_services_item_thumb\"><img loading=\"lazy\" decoding=\"async\" width=\"120\" height=\"120\" src=\"https:\/\/faemclm.es\/feriaxxvi\/wp-content\/uploads\/2022\/10\/Cartel-Increible-indecente-120x120.jpg\" class=\"attachment-ostende-thumb-tiny size-ostende-thumb-tiny wp-post-image\" alt=\"Increible, indecente\" srcset=\"https:\/\/faemclm.es\/feriaxxvi\/wp-content\/uploads\/2022\/10\/Cartel-Increible-indecente-120x120.jpg 120w, https:\/\/faemclm.es\/feriaxxvi\/wp-content\/uploads\/2022\/10\/Cartel-Increible-indecente-150x150.jpg 150w, https:\/\/faemclm.es\/feriaxxvi\/wp-content\/uploads\/2022\/10\/Cartel-Increible-indecente-370x370.jpg 370w\" sizes=\"(max-width: 120px) 100vw, 120px\" \/><a href=\"https:\/\/faemclm.es\/feriaxxvi\/espectaculo\/increible-indecente\/\" aria-hidden=\"true\" class=\"icons\"><\/a><\/div><div class=\"wrap_in\">\n        <h4 class=\"sc_events_item_title_go\"><a href=\"https:\/\/faemclm.es\/feriaxxvi\/espectaculo\/increible-indecente\/\">Increible, indecente<\/a><\/h4>\n        <span class=\"sc_events_item_date_go\">Mi\u00e9, 09 Nov - 12:30 PM<\/span>\n        <a href=\"https:\/\/faemclm.es\/feriaxxvi\/espectaculo\/increible-indecente\/\" class=\"sc_events_item_link sc_button color_style_default sc_button_simple\">M\u00e1s informaci\u00f3n<\/a>\n    <\/div>\n<\/div><\/div><div class=\"trx_addons_column-1_2\"><div class=\"sc_events_item_wrap\"><div class=\"post_featured with_thumb hover_ sc_services_item_thumb\"><img loading=\"lazy\" decoding=\"async\" width=\"120\" height=\"120\" src=\"https:\/\/faemclm.es\/feriaxxvi\/wp-content\/uploads\/2022\/10\/Cartel-Mi-cuerpo-sera-mi-camino-120x120.jpg\" class=\"attachment-ostende-thumb-tiny size-ostende-thumb-tiny wp-post-image\" alt=\"Mi cuerpo sera mi camino\" srcset=\"https:\/\/faemclm.es\/feriaxxvi\/wp-content\/uploads\/2022\/10\/Cartel-Mi-cuerpo-sera-mi-camino-120x120.jpg 120w, https:\/\/faemclm.es\/feriaxxvi\/wp-content\/uploads\/2022\/10\/Cartel-Mi-cuerpo-sera-mi-camino-150x150.jpg 150w, https:\/\/faemclm.es\/feriaxxvi\/wp-content\/uploads\/2022\/10\/Cartel-Mi-cuerpo-sera-mi-camino-370x370.jpg 370w\" sizes=\"(max-width: 120px) 100vw, 120px\" \/><a href=\"https:\/\/faemclm.es\/feriaxxvi\/espectaculo\/mi-cuerpo-sera-mi-camino\/\" aria-hidden=\"true\" class=\"icons\"><\/a><\/div><div class=\"wrap_in\">\n        <h4 class=\"sc_events_item_title_go\"><a href=\"https:\/\/faemclm.es\/feriaxxvi\/espectaculo\/mi-cuerpo-sera-mi-camino\/\">Mi cuerpo sera mi camino<\/a><\/h4>\n        <span class=\"sc_events_item_date_go\">Mi\u00e9, 09 Nov - 4:30 PM<\/span>\n        <a href=\"https:\/\/faemclm.es\/feriaxxvi\/espectaculo\/mi-cuerpo-sera-mi-camino\/\" class=\"sc_events_item_link sc_button color_style_default sc_button_simple\">M\u00e1s informaci\u00f3n<\/a>\n    <\/div>\n<\/div><\/div><div class=\"trx_addons_column-1_2\"><div class=\"sc_events_item_wrap\"><div class=\"post_featured with_thumb hover_ sc_services_item_thumb\"><img loading=\"lazy\" decoding=\"async\" width=\"120\" height=\"120\" src=\"https:\/\/faemclm.es\/feriaxxvi\/wp-content\/uploads\/2022\/10\/Cartel-Tenorio-120x120.jpg\" class=\"attachment-ostende-thumb-tiny size-ostende-thumb-tiny wp-post-image\" alt=\"Tenorio\" srcset=\"https:\/\/faemclm.es\/feriaxxvi\/wp-content\/uploads\/2022\/10\/Cartel-Tenorio-120x120.jpg 120w, https:\/\/faemclm.es\/feriaxxvi\/wp-content\/uploads\/2022\/10\/Cartel-Tenorio-150x150.jpg 150w, https:\/\/faemclm.es\/feriaxxvi\/wp-content\/uploads\/2022\/10\/Cartel-Tenorio-370x370.jpg 370w\" sizes=\"(max-width: 120px) 100vw, 120px\" \/><a href=\"https:\/\/faemclm.es\/feriaxxvi\/espectaculo\/tenorio\/\" aria-hidden=\"true\" class=\"icons\"><\/a><\/div><div class=\"wrap_in\">\n        <h4 class=\"sc_events_item_title_go\"><a href=\"https:\/\/faemclm.es\/feriaxxvi\/espectaculo\/tenorio\/\">Tenorio<\/a><\/h4>\n        <span class=\"sc_events_item_date_go\">Mi\u00e9, 09 Nov - 7:00 PM<\/span>\n        <a href=\"https:\/\/faemclm.es\/feriaxxvi\/espectaculo\/tenorio\/\" class=\"sc_events_item_link sc_button color_style_default sc_button_simple\">M\u00e1s informaci\u00f3n<\/a>\n    <\/div>\n<\/div><\/div><div class=\"trx_addons_column-1_2\"><div class=\"sc_events_item_wrap\"><div class=\"post_featured with_thumb hover_ sc_services_item_thumb\"><img loading=\"lazy\" decoding=\"async\" width=\"120\" height=\"120\" src=\"https:\/\/faemclm.es\/feriaxxvi\/wp-content\/uploads\/2022\/10\/Cartel-Archipielago-de-los-desastres-120x120.jpg\" class=\"attachment-ostende-thumb-tiny size-ostende-thumb-tiny wp-post-image\" alt=\"Archipi\u00e9lago de los desastres\" srcset=\"https:\/\/faemclm.es\/feriaxxvi\/wp-content\/uploads\/2022\/10\/Cartel-Archipielago-de-los-desastres-120x120.jpg 120w, https:\/\/faemclm.es\/feriaxxvi\/wp-content\/uploads\/2022\/10\/Cartel-Archipielago-de-los-desastres-150x150.jpg 150w, https:\/\/faemclm.es\/feriaxxvi\/wp-content\/uploads\/2022\/10\/Cartel-Archipielago-de-los-desastres-370x370.jpg 370w\" sizes=\"(max-width: 120px) 100vw, 120px\" \/><a href=\"https:\/\/faemclm.es\/feriaxxvi\/espectaculo\/archipielago-de-los-desastres\/\" aria-hidden=\"true\" class=\"icons\"><\/a><\/div><div class=\"wrap_in\">\n        <h4 class=\"sc_events_item_title_go\"><a href=\"https:\/\/faemclm.es\/feriaxxvi\/espectaculo\/archipielago-de-los-desastres\/\">Archipi\u00e9lago de los desastres<\/a><\/h4>\n        <span class=\"sc_events_item_date_go\">Mi\u00e9, 09 Nov - 8:30 PM<\/span>\n        <a href=\"https:\/\/faemclm.es\/feriaxxvi\/espectaculo\/archipielago-de-los-desastres\/\" class=\"sc_events_item_link sc_button color_style_default sc_button_simple\">M\u00e1s informaci\u00f3n<\/a>\n    <\/div>\n<\/div><\/div><div class=\"trx_addons_column-1_2\"><div class=\"sc_events_item_wrap\"><div class=\"post_featured with_thumb hover_ sc_services_item_thumb\"><img loading=\"lazy\" decoding=\"async\" width=\"120\" height=\"120\" src=\"https:\/\/faemclm.es\/feriaxxvi\/wp-content\/uploads\/2022\/10\/Cartel-encuentro-120x120.jpg\" class=\"attachment-ostende-thumb-tiny size-ostende-thumb-tiny wp-post-image\" alt=\"Encuentro entre Profesionales\" srcset=\"https:\/\/faemclm.es\/feriaxxvi\/wp-content\/uploads\/2022\/10\/Cartel-encuentro-120x120.jpg 120w, https:\/\/faemclm.es\/feriaxxvi\/wp-content\/uploads\/2022\/10\/Cartel-encuentro-150x150.jpg 150w, https:\/\/faemclm.es\/feriaxxvi\/wp-content\/uploads\/2022\/10\/Cartel-encuentro-370x370.jpg 370w\" sizes=\"(max-width: 120px) 100vw, 120px\" \/><a href=\"https:\/\/faemclm.es\/feriaxxvi\/espectaculo\/encuentro-entre-profesionales\/\" aria-hidden=\"true\" class=\"icons\"><\/a><\/div><div class=\"wrap_in\">\n        <h4 class=\"sc_events_item_title_go\"><a href=\"https:\/\/faemclm.es\/feriaxxvi\/espectaculo\/encuentro-entre-profesionales\/\">Encuentro entre Profesionales<\/a><\/h4>\n        <span class=\"sc_events_item_date_go\">Mi\u00e9, 09 Nov - 10:15 PM<\/span>\n        <a href=\"https:\/\/faemclm.es\/feriaxxvi\/espectaculo\/encuentro-entre-profesionales\/\" class=\"sc_events_item_link sc_button color_style_default sc_button_simple\">M\u00e1s informaci\u00f3n<\/a>\n    <\/div>\n<\/div><\/div><div class=\"trx_addons_column-1_2\"><div class=\"sc_events_item_wrap\"><div class=\"post_featured with_thumb hover_ sc_services_item_thumb\"><img loading=\"lazy\" decoding=\"async\" width=\"120\" height=\"120\" src=\"https:\/\/faemclm.es\/feriaxxvi\/wp-content\/uploads\/2022\/10\/Cartel-Al-calor-del-cancionero-120x120.jpg\" class=\"attachment-ostende-thumb-tiny size-ostende-thumb-tiny wp-post-image\" alt=\"Al calor del cancionero\" srcset=\"https:\/\/faemclm.es\/feriaxxvi\/wp-content\/uploads\/2022\/10\/Cartel-Al-calor-del-cancionero-120x120.jpg 120w, https:\/\/faemclm.es\/feriaxxvi\/wp-content\/uploads\/2022\/10\/Cartel-Al-calor-del-cancionero-150x150.jpg 150w, https:\/\/faemclm.es\/feriaxxvi\/wp-content\/uploads\/2022\/10\/Cartel-Al-calor-del-cancionero-370x370.jpg 370w\" sizes=\"(max-width: 120px) 100vw, 120px\" \/><a href=\"https:\/\/faemclm.es\/feriaxxvi\/espectaculo\/al-calor-del-cancionero\/\" aria-hidden=\"true\" class=\"icons\"><\/a><\/div><div class=\"wrap_in\">\n        <h4 class=\"sc_events_item_title_go\"><a href=\"https:\/\/faemclm.es\/feriaxxvi\/espectaculo\/al-calor-del-cancionero\/\">Al calor del cancionero<\/a><\/h4>\n        <span class=\"sc_events_item_date_go\">Jue, 10 Nov - 9:15 AM<\/span>\n        <a href=\"https:\/\/faemclm.es\/feriaxxvi\/espectaculo\/al-calor-del-cancionero\/\" class=\"sc_events_item_link sc_button color_style_default sc_button_simple\">M\u00e1s informaci\u00f3n<\/a>\n    <\/div>\n<\/div><\/div><div class=\"trx_addons_column-1_2\"><div class=\"sc_events_item_wrap\"><div class=\"post_featured with_thumb hover_ sc_services_item_thumb\"><img loading=\"lazy\" decoding=\"async\" width=\"120\" height=\"120\" src=\"https:\/\/faemclm.es\/feriaxxvi\/wp-content\/uploads\/2022\/10\/Cartel-robot-120x120.jpg\" class=\"attachment-ostende-thumb-tiny size-ostende-thumb-tiny wp-post-image\" alt=\"Robot\" srcset=\"https:\/\/faemclm.es\/feriaxxvi\/wp-content\/uploads\/2022\/10\/Cartel-robot-120x120.jpg 120w, https:\/\/faemclm.es\/feriaxxvi\/wp-content\/uploads\/2022\/10\/Cartel-robot-150x150.jpg 150w, https:\/\/faemclm.es\/feriaxxvi\/wp-content\/uploads\/2022\/10\/Cartel-robot-370x370.jpg 370w\" sizes=\"(max-width: 120px) 100vw, 120px\" \/><a href=\"https:\/\/faemclm.es\/feriaxxvi\/espectaculo\/robot\/\" aria-hidden=\"true\" class=\"icons\"><\/a><\/div><div class=\"wrap_in\">\n        <h4 class=\"sc_events_item_title_go\"><a href=\"https:\/\/faemclm.es\/feriaxxvi\/espectaculo\/robot\/\">Robot<\/a><\/h4>\n        <span class=\"sc_events_item_date_go\">Jue, 10 Nov - 11:00 AM<\/span>\n        <a href=\"https:\/\/faemclm.es\/feriaxxvi\/espectaculo\/robot\/\" class=\"sc_events_item_link sc_button color_style_default sc_button_simple\">M\u00e1s informaci\u00f3n<\/a>\n    <\/div>\n<\/div><\/div><div class=\"trx_addons_column-1_2\"><div class=\"sc_events_item_wrap\"><div class=\"post_featured with_thumb hover_ sc_services_item_thumb\"><img loading=\"lazy\" decoding=\"async\" width=\"120\" height=\"120\" src=\"https:\/\/faemclm.es\/feriaxxvi\/wp-content\/uploads\/2022\/10\/Cartel-que-circo-de-mujer-120x120.jpg\" class=\"attachment-ostende-thumb-tiny size-ostende-thumb-tiny wp-post-image\" alt=\"Qu\u00e9 circo de mujer\" srcset=\"https:\/\/faemclm.es\/feriaxxvi\/wp-content\/uploads\/2022\/10\/Cartel-que-circo-de-mujer-120x120.jpg 120w, https:\/\/faemclm.es\/feriaxxvi\/wp-content\/uploads\/2022\/10\/Cartel-que-circo-de-mujer-150x150.jpg 150w, https:\/\/faemclm.es\/feriaxxvi\/wp-content\/uploads\/2022\/10\/Cartel-que-circo-de-mujer-370x370.jpg 370w\" sizes=\"(max-width: 120px) 100vw, 120px\" \/><a href=\"https:\/\/faemclm.es\/feriaxxvi\/espectaculo\/que-circo-de-mujer\/\" aria-hidden=\"true\" class=\"icons\"><\/a><\/div><div class=\"wrap_in\">\n        <h4 class=\"sc_events_item_title_go\"><a href=\"https:\/\/faemclm.es\/feriaxxvi\/espectaculo\/que-circo-de-mujer\/\">Qu\u00e9 circo de mujer<\/a><\/h4>\n        <span class=\"sc_events_item_date_go\">Jue, 10 Nov - 12:45 PM<\/span>\n        <a href=\"https:\/\/faemclm.es\/feriaxxvi\/espectaculo\/que-circo-de-mujer\/\" class=\"sc_events_item_link sc_button color_style_default sc_button_simple\">M\u00e1s informaci\u00f3n<\/a>\n    <\/div>\n<\/div><\/div><div class=\"trx_addons_column-1_2\"><div class=\"sc_events_item_wrap\"><div class=\"post_featured with_thumb hover_ sc_services_item_thumb\"><img loading=\"lazy\" decoding=\"async\" width=\"120\" height=\"120\" src=\"https:\/\/faemclm.es\/feriaxxvi\/wp-content\/uploads\/2022\/10\/Cartel-El-abrazo-de-los-gusanos-120x120.jpg\" class=\"attachment-ostende-thumb-tiny size-ostende-thumb-tiny wp-post-image\" alt=\"El abrazo de los gusanos\" srcset=\"https:\/\/faemclm.es\/feriaxxvi\/wp-content\/uploads\/2022\/10\/Cartel-El-abrazo-de-los-gusanos-120x120.jpg 120w, https:\/\/faemclm.es\/feriaxxvi\/wp-content\/uploads\/2022\/10\/Cartel-El-abrazo-de-los-gusanos-150x150.jpg 150w, https:\/\/faemclm.es\/feriaxxvi\/wp-content\/uploads\/2022\/10\/Cartel-El-abrazo-de-los-gusanos-370x370.jpg 370w\" sizes=\"(max-width: 120px) 100vw, 120px\" \/><a href=\"https:\/\/faemclm.es\/feriaxxvi\/espectaculo\/el-abrazo-de-los-gusanos\/\" aria-hidden=\"true\" class=\"icons\"><\/a><\/div><div class=\"wrap_in\">\n        <h4 class=\"sc_events_item_title_go\"><a href=\"https:\/\/faemclm.es\/feriaxxvi\/espectaculo\/el-abrazo-de-los-gusanos\/\">El abrazo de los gusanos<\/a><\/h4>\n        <span class=\"sc_events_item_date_go\">Jue, 10 Nov - 4:30 PM<\/span>\n        <a href=\"https:\/\/faemclm.es\/feriaxxvi\/espectaculo\/el-abrazo-de-los-gusanos\/\" class=\"sc_events_item_link sc_button color_style_default sc_button_simple\">M\u00e1s informaci\u00f3n<\/a>\n    <\/div>\n<\/div><\/div><div class=\"trx_addons_column-1_2\"><div class=\"sc_events_item_wrap\"><div class=\"post_featured with_thumb hover_ sc_services_item_thumb\"><img loading=\"lazy\" decoding=\"async\" width=\"120\" height=\"120\" src=\"https:\/\/faemclm.es\/feriaxxvi\/wp-content\/uploads\/2022\/10\/Cartel-Anemo-120x120.jpg\" class=\"attachment-ostende-thumb-tiny size-ostende-thumb-tiny wp-post-image\" alt=\"Anemoi\" srcset=\"https:\/\/faemclm.es\/feriaxxvi\/wp-content\/uploads\/2022\/10\/Cartel-Anemo-120x120.jpg 120w, https:\/\/faemclm.es\/feriaxxvi\/wp-content\/uploads\/2022\/10\/Cartel-Anemo-150x150.jpg 150w, https:\/\/faemclm.es\/feriaxxvi\/wp-content\/uploads\/2022\/10\/Cartel-Anemo-370x370.jpg 370w\" sizes=\"(max-width: 120px) 100vw, 120px\" \/><a href=\"https:\/\/faemclm.es\/feriaxxvi\/espectaculo\/anemoi\/\" aria-hidden=\"true\" class=\"icons\"><\/a><\/div><div class=\"wrap_in\">\n        <h4 class=\"sc_events_item_title_go\"><a href=\"https:\/\/faemclm.es\/feriaxxvi\/espectaculo\/anemoi\/\">Anemoi<\/a><\/h4>\n        <span class=\"sc_events_item_date_go\">Jue, 10 Nov - 6:15 PM<\/span>\n        <a href=\"https:\/\/faemclm.es\/feriaxxvi\/espectaculo\/anemoi\/\" class=\"sc_events_item_link sc_button color_style_default sc_button_simple\">M\u00e1s informaci\u00f3n<\/a>\n    <\/div>\n<\/div><\/div><div class=\"trx_addons_column-1_2\"><div class=\"sc_events_item_wrap\"><div class=\"post_featured with_thumb hover_ sc_services_item_thumb\"><img loading=\"lazy\" decoding=\"async\" width=\"120\" height=\"120\" src=\"https:\/\/faemclm.es\/feriaxxvi\/wp-content\/uploads\/2022\/10\/Cartel-Vive-Moliere-120x120.jpg\" class=\"attachment-ostende-thumb-tiny size-ostende-thumb-tiny wp-post-image\" alt=\"Vive moliere\" srcset=\"https:\/\/faemclm.es\/feriaxxvi\/wp-content\/uploads\/2022\/10\/Cartel-Vive-Moliere-120x120.jpg 120w, https:\/\/faemclm.es\/feriaxxvi\/wp-content\/uploads\/2022\/10\/Cartel-Vive-Moliere-150x150.jpg 150w, https:\/\/faemclm.es\/feriaxxvi\/wp-content\/uploads\/2022\/10\/Cartel-Vive-Moliere-370x370.jpg 370w\" sizes=\"(max-width: 120px) 100vw, 120px\" \/><a href=\"https:\/\/faemclm.es\/feriaxxvi\/espectaculo\/vive-moliere\/\" aria-hidden=\"true\" class=\"icons\"><\/a><\/div><div class=\"wrap_in\">\n        <h4 class=\"sc_events_item_title_go\"><a href=\"https:\/\/faemclm.es\/feriaxxvi\/espectaculo\/vive-moliere\/\">Vive moliere<\/a><\/h4>\n        <span class=\"sc_events_item_date_go\">Jue, 10 Nov - 8:15 PM<\/span>\n        <a href=\"https:\/\/faemclm.es\/feriaxxvi\/espectaculo\/vive-moliere\/\" class=\"sc_events_item_link sc_button color_style_default sc_button_simple\">M\u00e1s informaci\u00f3n<\/a>\n    <\/div>\n<\/div><\/div><div class=\"trx_addons_column-1_2\"><div class=\"sc_events_item_wrap\"><div class=\"post_featured with_thumb hover_ sc_services_item_thumb\"><img loading=\"lazy\" decoding=\"async\" width=\"120\" height=\"120\" src=\"https:\/\/faemclm.es\/feriaxxvi\/wp-content\/uploads\/2022\/10\/Cartel-Cancionero-estoico-120x120.jpg\" class=\"attachment-ostende-thumb-tiny size-ostende-thumb-tiny wp-post-image\" alt=\"Cancionero estoico\" srcset=\"https:\/\/faemclm.es\/feriaxxvi\/wp-content\/uploads\/2022\/10\/Cartel-Cancionero-estoico-120x120.jpg 120w, https:\/\/faemclm.es\/feriaxxvi\/wp-content\/uploads\/2022\/10\/Cartel-Cancionero-estoico-150x150.jpg 150w, https:\/\/faemclm.es\/feriaxxvi\/wp-content\/uploads\/2022\/10\/Cartel-Cancionero-estoico-370x370.jpg 370w\" sizes=\"(max-width: 120px) 100vw, 120px\" \/><a href=\"https:\/\/faemclm.es\/feriaxxvi\/espectaculo\/cancionero-estoico\/\" aria-hidden=\"true\" class=\"icons\"><\/a><\/div><div class=\"wrap_in\">\n        <h4 class=\"sc_events_item_title_go\"><a href=\"https:\/\/faemclm.es\/feriaxxvi\/espectaculo\/cancionero-estoico\/\">Cancionero estoico<\/a><\/h4>\n        <span class=\"sc_events_item_date_go\">Jue, 10 Nov - 10:00 PM<\/span>\n        <a href=\"https:\/\/faemclm.es\/feriaxxvi\/espectaculo\/cancionero-estoico\/\" class=\"sc_events_item_link sc_button color_style_default sc_button_simple\">M\u00e1s informaci\u00f3n<\/a>\n    <\/div>\n<\/div><\/div><div class=\"trx_addons_column-1_2\"><div class=\"sc_events_item_wrap\"><div class=\"post_featured with_thumb hover_ sc_services_item_thumb\"><img loading=\"lazy\" decoding=\"async\" width=\"120\" height=\"120\" src=\"https:\/\/faemclm.es\/feriaxxvi\/wp-content\/uploads\/2022\/10\/Cartel-El-diferente-120x120.jpg\" class=\"attachment-ostende-thumb-tiny size-ostende-thumb-tiny wp-post-image\" alt=\"El diferente\" srcset=\"https:\/\/faemclm.es\/feriaxxvi\/wp-content\/uploads\/2022\/10\/Cartel-El-diferente-120x120.jpg 120w, https:\/\/faemclm.es\/feriaxxvi\/wp-content\/uploads\/2022\/10\/Cartel-El-diferente-150x150.jpg 150w, https:\/\/faemclm.es\/feriaxxvi\/wp-content\/uploads\/2022\/10\/Cartel-El-diferente-370x370.jpg 370w\" sizes=\"(max-width: 120px) 100vw, 120px\" \/><a href=\"https:\/\/faemclm.es\/feriaxxvi\/espectaculo\/el-diferente\/\" aria-hidden=\"true\" class=\"icons\"><\/a><\/div><div class=\"wrap_in\">\n        <h4 class=\"sc_events_item_title_go\"><a href=\"https:\/\/faemclm.es\/feriaxxvi\/espectaculo\/el-diferente\/\">El diferente<\/a><\/h4>\n        <span class=\"sc_events_item_date_go\">Vie, 11 Nov - 9:15 AM<\/span>\n        <a href=\"https:\/\/faemclm.es\/feriaxxvi\/espectaculo\/el-diferente\/\" class=\"sc_events_item_link sc_button color_style_default sc_button_simple\">M\u00e1s informaci\u00f3n<\/a>\n    <\/div>\n<\/div><\/div><div class=\"trx_addons_column-1_2\"><div class=\"sc_events_item_wrap\"><div class=\"post_featured with_thumb hover_ sc_services_item_thumb\"><img loading=\"lazy\" decoding=\"async\" width=\"120\" height=\"120\" src=\"https:\/\/faemclm.es\/feriaxxvi\/wp-content\/uploads\/2022\/10\/Cartel-las-pequenas-cosas-120x120.jpg\" class=\"attachment-ostende-thumb-tiny size-ostende-thumb-tiny wp-post-image\" alt=\"Las peque\u00f1as cosas\" srcset=\"https:\/\/faemclm.es\/feriaxxvi\/wp-content\/uploads\/2022\/10\/Cartel-las-pequenas-cosas-120x120.jpg 120w, https:\/\/faemclm.es\/feriaxxvi\/wp-content\/uploads\/2022\/10\/Cartel-las-pequenas-cosas-150x150.jpg 150w, https:\/\/faemclm.es\/feriaxxvi\/wp-content\/uploads\/2022\/10\/Cartel-las-pequenas-cosas-370x370.jpg 370w\" sizes=\"(max-width: 120px) 100vw, 120px\" \/><a href=\"https:\/\/faemclm.es\/feriaxxvi\/espectaculo\/las-pequenas-cosas\/\" aria-hidden=\"true\" class=\"icons\"><\/a><\/div><div class=\"wrap_in\">\n        <h4 class=\"sc_events_item_title_go\"><a href=\"https:\/\/faemclm.es\/feriaxxvi\/espectaculo\/las-pequenas-cosas\/\">Las peque\u00f1as cosas<\/a><\/h4>\n        <span class=\"sc_events_item_date_go\">Vie, 11 Nov - 10:45 AM<\/span>\n        <a href=\"https:\/\/faemclm.es\/feriaxxvi\/espectaculo\/las-pequenas-cosas\/\" class=\"sc_events_item_link sc_button color_style_default sc_button_simple\">M\u00e1s informaci\u00f3n<\/a>\n    <\/div>\n<\/div><\/div><div class=\"trx_addons_column-1_2\"><div class=\"sc_events_item_wrap\"><div class=\"post_featured with_thumb hover_ sc_services_item_thumb\"><img loading=\"lazy\" decoding=\"async\" width=\"120\" height=\"120\" src=\"https:\/\/faemclm.es\/feriaxxvi\/wp-content\/uploads\/2022\/10\/Cartel-canahueca-120x120.jpg\" class=\"attachment-ostende-thumb-tiny size-ostende-thumb-tiny wp-post-image\" alt=\"Ca\u00f1a hueca\" srcset=\"https:\/\/faemclm.es\/feriaxxvi\/wp-content\/uploads\/2022\/10\/Cartel-canahueca-120x120.jpg 120w, https:\/\/faemclm.es\/feriaxxvi\/wp-content\/uploads\/2022\/10\/Cartel-canahueca-150x150.jpg 150w, https:\/\/faemclm.es\/feriaxxvi\/wp-content\/uploads\/2022\/10\/Cartel-canahueca-370x370.jpg 370w\" sizes=\"(max-width: 120px) 100vw, 120px\" \/><a href=\"https:\/\/faemclm.es\/feriaxxvi\/espectaculo\/cana-hueca\/\" aria-hidden=\"true\" class=\"icons\"><\/a><\/div><div class=\"wrap_in\">\n        <h4 class=\"sc_events_item_title_go\"><a href=\"https:\/\/faemclm.es\/feriaxxvi\/espectaculo\/cana-hueca\/\">Ca\u00f1a hueca<\/a><\/h4>\n        <span class=\"sc_events_item_date_go\">Vie, 11 Nov - 12:30 PM<\/span>\n        <a href=\"https:\/\/faemclm.es\/feriaxxvi\/espectaculo\/cana-hueca\/\" class=\"sc_events_item_link sc_button color_style_default sc_button_simple\">M\u00e1s informaci\u00f3n<\/a>\n    <\/div>\n<\/div><\/div><\/div><\/div><!-- \/.sc_events -->\t\t\t\t<\/div>\n\t\t\t\t<\/div>\n\t\t\t\t\t<\/div>\n\t\t<\/div>\n\t\t\t\t\t<\/div>\n\t\t<\/section>\n\t\t\t\t<\/div>\n\t\t","protected":false},"excerpt":{"rendered":"<p>\u00bfCu\u00e1ndo viene Samuel? Mar, 08 Nov &#8211; 12:45 PM M\u00e1s informaci\u00f3n Por ellas Mar, 08 Nov &#8211; 4:30 PM M\u00e1s informaci\u00f3n La infamia Mar, 08 Nov &#8211; 6:00 PM M\u00e1s informaci\u00f3n El amor enamorado Mar,&hellip;<\/p>\n","protected":false},"author":1,"featured_media":0,"parent":0,"menu_order":0,"comment_status":"closed","ping_status":"closed","template":"","meta":{"footnotes":""},"class_list":["post-323","page","type-page","status-publish","hentry","cat_danza"],"_links":{"self":[{"href":"https:\/\/faemclm.es\/feriaxxvi\/wp-json\/wp\/v2\/pages\/323","targetHints":{"allow":["GET"]}}],"collection":[{"href":"https:\/\/faemclm.es\/feriaxxvi\/wp-json\/wp\/v2\/pages"}],"about":[{"href":"https:\/\/faemclm.es\/feriaxxvi\/wp-json\/wp\/v2\/types\/page"}],"author":[{"embeddable":true,"href":"https:\/\/faemclm.es\/feriaxxvi\/wp-json\/wp\/v2\/users\/1"}],"replies":[{"embeddable":true,"href":"https:\/\/faemclm.es\/feriaxxvi\/wp-json\/wp\/v2\/comments?post=323"}],"version-history":[{"count":0,"href":"https:\/\/faemclm.es\/feriaxxvi\/wp-json\/wp\/v2\/pages\/323\/revisions"}],"wp:attachment":[{"href":"https:\/\/faemclm.es\/feriaxxvi\/wp-json\/wp\/v2\/media?parent=323"}],"curies":[{"name":"wp","href":"https:\/\/api.w.org\/{rel}","templated":true}]}}