{"id":2893,"date":"2022-10-11T18:49:30","date_gmt":"2022-10-11T16:49:30","guid":{"rendered":"https:\/\/faemclm.es\/?page_id=2893"},"modified":"2023-03-27T13:50:51","modified_gmt":"2023-03-27T11:50:51","slug":"saluda","status":"publish","type":"page","link":"https:\/\/faemclm.es\/feriaxxvii\/saluda\/","title":{"rendered":"Saluda"},"content":{"rendered":"\t\t<div data-elementor-type=\"wp-page\" data-elementor-id=\"2893\" class=\"elementor elementor-2893\">\n\t\t\t\t<br \/>\n<b>Warning<\/b>:  Undefined array key \"options\" in <b>\/srv\/vhost\/faemclm.es\/home\/html\/feriaxxvii\/wp-content\/plugins\/trx_addons\/components\/api\/elementor\/elementor.php<\/b> on line <b>1042<\/b><br \/>\n\t\t<section class=\"elementor-section elementor-top-section elementor-element elementor-element-779e61f elementor-section-boxed elementor-section-height-default elementor-section-height-default\" data-id=\"779e61f\" data-element_type=\"section\">\n\t\t\t\t\t\t<div class=\"elementor-container elementor-column-gap-extended\">\n\t\t\t\t\t<div class=\"elementor-column elementor-col-100 elementor-top-column elementor-element elementor-element-946a3cf sc_layouts_column_icons_position_left\" data-id=\"946a3cf\" data-element_type=\"column\">\n\t\t\t<div class=\"elementor-widget-wrap elementor-element-populated\">\n\t\t\t\t\t\t<div class=\"elementor-element elementor-element-62dd9b9 elementor-widget elementor-widget-spacer\" data-id=\"62dd9b9\" data-element_type=\"widget\" data-widget_type=\"spacer.default\">\n\t\t\t\t<div class=\"elementor-widget-container\">\n\t\t\t\t\t\t\t<div class=\"elementor-spacer\">\n\t\t\t<div class=\"elementor-spacer-inner\"><\/div>\n\t\t<\/div>\n\t\t\t\t\t\t<\/div>\n\t\t\t\t<\/div>\n\t\t\t\t<div class=\"elementor-element elementor-element-b388ddc elementor-widget elementor-widget-text-editor\" data-id=\"b388ddc\" data-element_type=\"widget\" data-widget_type=\"text-editor.default\">\n\t\t\t\t<div class=\"elementor-widget-container\">\n\t\t\t\t\t\t\t\t\t<p><img fetchpriority=\"high\" decoding=\"async\" class=\"wp-image-4510 alignleft\" src=\"https:\/\/faemclm.es\/webnueva\/wp-content\/uploads\/2023\/03\/Rosa-Ana-Consejera.jpg\" alt=\"\" width=\"500\" height=\"287\" srcset=\"https:\/\/faemclm.es\/feriaxxvii\/wp-content\/uploads\/2023\/03\/Rosa-Ana-Consejera.jpg 1013w, https:\/\/faemclm.es\/feriaxxvii\/wp-content\/uploads\/2023\/03\/Rosa-Ana-Consejera-300x172.jpg 300w, https:\/\/faemclm.es\/feriaxxvii\/wp-content\/uploads\/2023\/03\/Rosa-Ana-Consejera-768x440.jpg 768w, https:\/\/faemclm.es\/feriaxxvii\/wp-content\/uploads\/2023\/03\/Rosa-Ana-Consejera-370x212.jpg 370w, https:\/\/faemclm.es\/feriaxxvii\/wp-content\/uploads\/2023\/03\/Rosa-Ana-Consejera-812x466.jpg 812w, https:\/\/faemclm.es\/feriaxxvii\/wp-content\/uploads\/2023\/03\/Rosa-Ana-Consejera-406x233.jpg 406w\" sizes=\"(max-width: 500px) 100vw, 500px\" \/>Si por algo se caracteriza el ser humano es por su habilidad para encontrar siempre nuevas formas de comunicaci\u00f3n adapt\u00e1ndose y absorbiendo todas aquellas posibilidades que la palabra, los gestos, el sonido o las tecnolog\u00edas, entre otros aspectos, puede aportar a la imperiosa necesidad de expresar todo aquello que pasa por nuestro cerebro, nuestro coraz\u00f3n o nuestros ojos. Pero es importante tambi\u00e9n favorecer esta comunicaci\u00f3n, de ah\u00ed que para este a\u00f1o 2023 hemos decidido modificar la fecha de la XXVII Feria de Artes Esc\u00e9nicas y Musicales de Castilla-La Mancha al mes de abril, momento m\u00e1s propicio por dos motivos: el final de la temporada y la saturaci\u00f3n de ferias esc\u00e9nicas en noviembre, y el mayor atractivo que produce una feria cuando la primavera llega a nuestra regi\u00f3n.<\/p><p>A lo largo de estos a\u00f1os hemos ido convirti\u00e9ndonos en una feria referente a nivel nacional, superando cifras de inscripciones profesionales y creciendo en espectadores y gestores. En la \u00faltima edici\u00f3n fueron unos 700 profesionales los que se alojaron o estuvieron en la ciudad. Adem\u00e1s, para favorecer los encuentros hemos mejorado el espacio de negocios, donde las compa\u00f1\u00edas y gestores pueden dar a conocer sus proyectos.<\/p><p>Otro a\u00f1o m\u00e1s nos comprometemos con el p\u00fablico y con los profesionales de las artes esc\u00e9nicas y musicales, abriendo puertas y trazando caminos que pueden diversificarse en tantos como proyectos o localidades. Este a\u00f1o podemos decir que abordamos un nuevo reto, que es la incorporaci\u00f3n de compa\u00f1\u00edas extranjeras a las 22 seleccionadas. Italia y Portugal se suman a la feria. Pero ello no significa que no miremos hacia nuestra regi\u00f3n, pues un 50 por ciento de los espect\u00e1culos de sala (teatro y m\u00fasica) son propuestas de compa\u00f1\u00edas castellanomanchegas.<\/p><p>Os esperamos desde el pr\u00f3ximo 11 al 14 de abril en Albacete, en el Auditorio, en el Teatro Circo y en la Casa de Cultura Jos\u00e9 Saramago. Estoy convencida de que gestores y organizadores culturales quedar\u00e9is satisfechos con las propuestas para la pr\u00f3xima temporada.<\/p>\t\t\t\t\t\t\t\t<\/div>\n\t\t\t\t<\/div>\n\t\t\t\t\t<\/div>\n\t\t<\/div>\n\t\t\t\t\t<\/div>\n\t\t<\/section>\n\t\t\t\t<section class=\"elementor-section elementor-top-section elementor-element elementor-element-0c59e4f elementor-section-boxed elementor-section-height-default elementor-section-height-default\" data-id=\"0c59e4f\" data-element_type=\"section\">\n\t\t\t\t\t\t<div class=\"elementor-container elementor-column-gap-extended\">\n\t\t\t\t\t<div class=\"elementor-column elementor-col-100 elementor-top-column elementor-element elementor-element-4f55749 sc_layouts_column_icons_position_left\" data-id=\"4f55749\" data-element_type=\"column\">\n\t\t\t<div class=\"elementor-widget-wrap elementor-element-populated\">\n\t\t\t\t\t\t<div class=\"elementor-element elementor-element-c76f179 elementor-widget elementor-widget-spacer\" data-id=\"c76f179\" data-element_type=\"widget\" data-widget_type=\"spacer.default\">\n\t\t\t\t<div class=\"elementor-widget-container\">\n\t\t\t\t\t\t\t<div class=\"elementor-spacer\">\n\t\t\t<div class=\"elementor-spacer-inner\"><\/div>\n\t\t<\/div>\n\t\t\t\t\t\t<\/div>\n\t\t\t\t<\/div>\n\t\t\t\t<div class=\"elementor-element elementor-element-e679f91 elementor-widget elementor-widget-text-editor\" data-id=\"e679f91\" data-element_type=\"widget\" data-widget_type=\"text-editor.default\">\n\t\t\t\t<div class=\"elementor-widget-container\">\n\t\t\t\t\t\t\t\t\t<p><strong>Don\u0303a Rosa Ana Rodri\u0301guez Pe\u0301rez<\/strong><br \/><strong>Consejera de Educacio\u0301n, Cultura y Deportes de Castilla-La Mancha<\/strong><\/p>\t\t\t\t\t\t\t\t<\/div>\n\t\t\t\t<\/div>\n\t\t\t\t\t<\/div>\n\t\t<\/div>\n\t\t\t\t\t<\/div>\n\t\t<\/section>\n\t\t\t\t<\/div>\n\t\t","protected":false},"excerpt":{"rendered":"<p>Si por algo se caracteriza el ser humano es por su habilidad para encontrar siempre nuevas formas de comunicaci\u00f3n adapt\u00e1ndose y absorbiendo todas aquellas posibilidades que la palabra, los gestos, el sonido o las tecnolog\u00edas,&hellip;<\/p>\n","protected":false},"author":1,"featured_media":0,"parent":0,"menu_order":0,"comment_status":"closed","ping_status":"closed","template":"","meta":{"footnotes":""},"class_list":["post-2893","page","type-page","status-publish","hentry"],"_links":{"self":[{"href":"https:\/\/faemclm.es\/feriaxxvii\/wp-json\/wp\/v2\/pages\/2893","targetHints":{"allow":["GET"]}}],"collection":[{"href":"https:\/\/faemclm.es\/feriaxxvii\/wp-json\/wp\/v2\/pages"}],"about":[{"href":"https:\/\/faemclm.es\/feriaxxvii\/wp-json\/wp\/v2\/types\/page"}],"author":[{"embeddable":true,"href":"https:\/\/faemclm.es\/feriaxxvii\/wp-json\/wp\/v2\/users\/1"}],"replies":[{"embeddable":true,"href":"https:\/\/faemclm.es\/feriaxxvii\/wp-json\/wp\/v2\/comments?post=2893"}],"version-history":[{"count":0,"href":"https:\/\/faemclm.es\/feriaxxvii\/wp-json\/wp\/v2\/pages\/2893\/revisions"}],"wp:attachment":[{"href":"https:\/\/faemclm.es\/feriaxxvii\/wp-json\/wp\/v2\/media?parent=2893"}],"curies":[{"name":"wp","href":"https:\/\/api.w.org\/{rel}","templated":true}]}}