{"id":323,"date":"2018-02-22T08:35:12","date_gmt":"2018-02-22T08:35:12","guid":{"rendered":"https:\/\/faemclm.es\/?page_id=323"},"modified":"2023-04-12T18:08:06","modified_gmt":"2023-04-12T16:08:06","slug":"espectaculos","status":"publish","type":"page","link":"https:\/\/faemclm.es\/feriaxxvii\/espectaculos\/","title":{"rendered":"Espect\u00e1culos"},"content":{"rendered":"\t\t<div data-elementor-type=\"wp-page\" data-elementor-id=\"323\" class=\"elementor elementor-323\">\n\t\t\t\t<br \/>\n<b>Warning<\/b>:  Undefined array key \"options\" in <b>\/srv\/vhost\/faemclm.es\/home\/html\/feriaxxvii\/wp-content\/plugins\/trx_addons\/components\/api\/elementor\/elementor.php<\/b> on line <b>1042<\/b><br \/>\n\t\t<section class=\"elementor-section elementor-top-section elementor-element elementor-element-16aca947 elementor-section-full_width elementor-section-height-default elementor-section-height-default\" data-id=\"16aca947\" data-element_type=\"section\">\n\t\t\t\t\t\t<div class=\"elementor-container elementor-column-gap-no\">\n\t\t\t\t\t<div class=\"elementor-column elementor-col-100 elementor-top-column elementor-element elementor-element-2141bba5 sc_layouts_column_icons_position_left\" data-id=\"2141bba5\" data-element_type=\"column\">\n\t\t\t<div class=\"elementor-widget-wrap elementor-element-populated\">\n\t\t\t\t\t\t<div class=\"elementor-element elementor-element-16b0628 elementor-widget elementor-widget-spacer\" data-id=\"16b0628\" data-element_type=\"widget\" data-widget_type=\"spacer.default\">\n\t\t\t\t<div class=\"elementor-widget-container\">\n\t\t\t\t\t\t\t<div class=\"elementor-spacer\">\n\t\t\t<div class=\"elementor-spacer-inner\"><\/div>\n\t\t<\/div>\n\t\t\t\t\t\t<\/div>\n\t\t\t\t<\/div>\n\t\t\t\t<div class=\"elementor-element elementor-element-a5fea1f elementor-widget elementor-widget-trx_sc_events\" data-id=\"a5fea1f\" data-element_type=\"widget\" data-settings=\"{&quot;_animation&quot;:&quot;none&quot;}\" data-widget_type=\"trx_sc_events.default\">\n\t\t\t\t<div class=\"elementor-widget-container\">\n\t\t\t\t\t<div  id=\"trx_sc_events_517055896\"\t\tclass=\"sc_events color_style_default sc_events_detailed\"><div class=\"sc_events_columns sc_item_columns trx_addons_columns_wrap columns_padding_bottom\"><div class=\"trx_addons_column-1_3\"><div class=\"sc_events_item_wrap\"><div class=\"post_featured with_thumb hover_ sc_services_item_thumb\"><img fetchpriority=\"high\" decoding=\"async\" width=\"1240\" height=\"1755\" src=\"https:\/\/faemclm.es\/feriaxxvii\/wp-content\/uploads\/2023\/02\/Cartel-Human.jpg\" class=\"attachment-ostende-thumb-medium size-ostende-thumb-medium wp-post-image\" alt=\"Human\" srcset=\"https:\/\/faemclm.es\/feriaxxvii\/wp-content\/uploads\/2023\/02\/Cartel-Human.jpg 1240w, https:\/\/faemclm.es\/feriaxxvii\/wp-content\/uploads\/2023\/02\/Cartel-Human-212x300.jpg 212w, https:\/\/faemclm.es\/feriaxxvii\/wp-content\/uploads\/2023\/02\/Cartel-Human-724x1024.jpg 724w, https:\/\/faemclm.es\/feriaxxvii\/wp-content\/uploads\/2023\/02\/Cartel-Human-768x1087.jpg 768w, https:\/\/faemclm.es\/feriaxxvii\/wp-content\/uploads\/2023\/02\/Cartel-Human-1085x1536.jpg 1085w, https:\/\/faemclm.es\/feriaxxvii\/wp-content\/uploads\/2023\/02\/Cartel-Human-370x524.jpg 370w, https:\/\/faemclm.es\/feriaxxvii\/wp-content\/uploads\/2023\/02\/Cartel-Human-812x1149.jpg 812w, https:\/\/faemclm.es\/feriaxxvii\/wp-content\/uploads\/2023\/02\/Cartel-Human-406x575.jpg 406w\" sizes=\"(max-width: 1240px) 100vw, 1240px\" \/><a href=\"https:\/\/faemclm.es\/feriaxxvii\/espectaculo\/human\/\" aria-hidden=\"true\" class=\"icons\"><\/a><\/div><div class=\"wrap_in\">\n        <h4 class=\"sc_events_item_title_go\"><a href=\"https:\/\/faemclm.es\/feriaxxvii\/espectaculo\/human\/\">Human<\/a><\/h4>\n        <span class=\"sc_events_item_date_go\">Mar, 11 Abr - 11:00 AM<\/span>\n        <a href=\"https:\/\/faemclm.es\/feriaxxvii\/espectaculo\/human\/\" class=\"sc_events_item_link sc_button color_style_default sc_button_simple\">M\u00e1s informaci\u00f3n<\/a>\n    <\/div>\n<\/div><\/div><div class=\"trx_addons_column-1_3\"><div class=\"sc_events_item_wrap\"><div class=\"post_featured with_thumb hover_ sc_services_item_thumb\"><img decoding=\"async\" width=\"1240\" height=\"1755\" src=\"https:\/\/faemclm.es\/feriaxxvii\/wp-content\/uploads\/2023\/02\/Cartel-Estamos-a-tiempo.jpg\" class=\"attachment-ostende-thumb-medium size-ostende-thumb-medium wp-post-image\" alt=\"Estamos a tiempo\" srcset=\"https:\/\/faemclm.es\/feriaxxvii\/wp-content\/uploads\/2023\/02\/Cartel-Estamos-a-tiempo.jpg 1240w, https:\/\/faemclm.es\/feriaxxvii\/wp-content\/uploads\/2023\/02\/Cartel-Estamos-a-tiempo-212x300.jpg 212w, https:\/\/faemclm.es\/feriaxxvii\/wp-content\/uploads\/2023\/02\/Cartel-Estamos-a-tiempo-724x1024.jpg 724w, https:\/\/faemclm.es\/feriaxxvii\/wp-content\/uploads\/2023\/02\/Cartel-Estamos-a-tiempo-768x1087.jpg 768w, https:\/\/faemclm.es\/feriaxxvii\/wp-content\/uploads\/2023\/02\/Cartel-Estamos-a-tiempo-1085x1536.jpg 1085w, https:\/\/faemclm.es\/feriaxxvii\/wp-content\/uploads\/2023\/02\/Cartel-Estamos-a-tiempo-370x524.jpg 370w, https:\/\/faemclm.es\/feriaxxvii\/wp-content\/uploads\/2023\/02\/Cartel-Estamos-a-tiempo-812x1149.jpg 812w, https:\/\/faemclm.es\/feriaxxvii\/wp-content\/uploads\/2023\/02\/Cartel-Estamos-a-tiempo-406x575.jpg 406w\" sizes=\"(max-width: 1240px) 100vw, 1240px\" \/><a href=\"https:\/\/faemclm.es\/feriaxxvii\/espectaculo\/estamos-a-tiempo\/\" aria-hidden=\"true\" class=\"icons\"><\/a><\/div><div class=\"wrap_in\">\n        <h4 class=\"sc_events_item_title_go\"><a href=\"https:\/\/faemclm.es\/feriaxxvii\/espectaculo\/estamos-a-tiempo\/\">Estamos a tiempo<\/a><\/h4>\n        <span class=\"sc_events_item_date_go\">Mar, 11 Abr - 12:30 PM<\/span>\n        <a href=\"https:\/\/faemclm.es\/feriaxxvii\/espectaculo\/estamos-a-tiempo\/\" class=\"sc_events_item_link sc_button color_style_default sc_button_simple\">M\u00e1s informaci\u00f3n<\/a>\n    <\/div>\n<\/div><\/div><div class=\"trx_addons_column-1_3\"><div class=\"sc_events_item_wrap\"><div class=\"post_featured with_thumb hover_ sc_services_item_thumb\"><img decoding=\"async\" width=\"1240\" height=\"1755\" src=\"https:\/\/faemclm.es\/feriaxxvii\/wp-content\/uploads\/2023\/02\/Cartel-YO-YO.jpg\" class=\"attachment-ostende-thumb-medium size-ostende-thumb-medium wp-post-image\" alt=\"YO-YO\" srcset=\"https:\/\/faemclm.es\/feriaxxvii\/wp-content\/uploads\/2023\/02\/Cartel-YO-YO.jpg 1240w, https:\/\/faemclm.es\/feriaxxvii\/wp-content\/uploads\/2023\/02\/Cartel-YO-YO-212x300.jpg 212w, https:\/\/faemclm.es\/feriaxxvii\/wp-content\/uploads\/2023\/02\/Cartel-YO-YO-724x1024.jpg 724w, https:\/\/faemclm.es\/feriaxxvii\/wp-content\/uploads\/2023\/02\/Cartel-YO-YO-768x1087.jpg 768w, https:\/\/faemclm.es\/feriaxxvii\/wp-content\/uploads\/2023\/02\/Cartel-YO-YO-1085x1536.jpg 1085w, https:\/\/faemclm.es\/feriaxxvii\/wp-content\/uploads\/2023\/02\/Cartel-YO-YO-370x524.jpg 370w, https:\/\/faemclm.es\/feriaxxvii\/wp-content\/uploads\/2023\/02\/Cartel-YO-YO-812x1149.jpg 812w, https:\/\/faemclm.es\/feriaxxvii\/wp-content\/uploads\/2023\/02\/Cartel-YO-YO-406x575.jpg 406w\" sizes=\"(max-width: 1240px) 100vw, 1240px\" \/><a href=\"https:\/\/faemclm.es\/feriaxxvii\/espectaculo\/yo-yo\/\" aria-hidden=\"true\" class=\"icons\"><\/a><\/div><div class=\"wrap_in\">\n        <h4 class=\"sc_events_item_title_go\"><a href=\"https:\/\/faemclm.es\/feriaxxvii\/espectaculo\/yo-yo\/\">YO-YO<\/a><\/h4>\n        <span class=\"sc_events_item_date_go\">Mar, 11 Abr - 13:45 PM<\/span>\n        <a href=\"https:\/\/faemclm.es\/feriaxxvii\/espectaculo\/yo-yo\/\" class=\"sc_events_item_link sc_button color_style_default sc_button_simple\">M\u00e1s informaci\u00f3n<\/a>\n    <\/div>\n<\/div><\/div><div class=\"trx_addons_column-1_3\"><div class=\"sc_events_item_wrap\"><div class=\"post_featured with_thumb hover_ sc_services_item_thumb\"><img loading=\"lazy\" decoding=\"async\" width=\"1240\" height=\"1755\" src=\"https:\/\/faemclm.es\/feriaxxvii\/wp-content\/uploads\/2023\/02\/Cartel-La-Malcasada.jpg\" class=\"attachment-ostende-thumb-medium size-ostende-thumb-medium wp-post-image\" alt=\"La Malcasada\" srcset=\"https:\/\/faemclm.es\/feriaxxvii\/wp-content\/uploads\/2023\/02\/Cartel-La-Malcasada.jpg 1240w, https:\/\/faemclm.es\/feriaxxvii\/wp-content\/uploads\/2023\/02\/Cartel-La-Malcasada-212x300.jpg 212w, https:\/\/faemclm.es\/feriaxxvii\/wp-content\/uploads\/2023\/02\/Cartel-La-Malcasada-724x1024.jpg 724w, https:\/\/faemclm.es\/feriaxxvii\/wp-content\/uploads\/2023\/02\/Cartel-La-Malcasada-768x1087.jpg 768w, https:\/\/faemclm.es\/feriaxxvii\/wp-content\/uploads\/2023\/02\/Cartel-La-Malcasada-1085x1536.jpg 1085w, https:\/\/faemclm.es\/feriaxxvii\/wp-content\/uploads\/2023\/02\/Cartel-La-Malcasada-370x524.jpg 370w, https:\/\/faemclm.es\/feriaxxvii\/wp-content\/uploads\/2023\/02\/Cartel-La-Malcasada-812x1149.jpg 812w, https:\/\/faemclm.es\/feriaxxvii\/wp-content\/uploads\/2023\/02\/Cartel-La-Malcasada-406x575.jpg 406w\" sizes=\"(max-width: 1240px) 100vw, 1240px\" \/><a href=\"https:\/\/faemclm.es\/feriaxxvii\/espectaculo\/la-malcasada\/\" aria-hidden=\"true\" class=\"icons\"><\/a><\/div><div class=\"wrap_in\">\n        <h4 class=\"sc_events_item_title_go\"><a href=\"https:\/\/faemclm.es\/feriaxxvii\/espectaculo\/la-malcasada\/\">La Malcasada<\/a><\/h4>\n        <span class=\"sc_events_item_date_go\">Mar, 11 Abr - 16:30 PM<\/span>\n        <a href=\"https:\/\/faemclm.es\/feriaxxvii\/espectaculo\/la-malcasada\/\" class=\"sc_events_item_link sc_button color_style_default sc_button_simple\">M\u00e1s informaci\u00f3n<\/a>\n    <\/div>\n<\/div><\/div><div class=\"trx_addons_column-1_3\"><div class=\"sc_events_item_wrap\"><div class=\"post_featured with_thumb hover_ sc_services_item_thumb\"><img loading=\"lazy\" decoding=\"async\" width=\"1240\" height=\"1755\" src=\"https:\/\/faemclm.es\/feriaxxvii\/wp-content\/uploads\/2023\/02\/Cartel-Fardo.jpg\" class=\"attachment-ostende-thumb-medium size-ostende-thumb-medium wp-post-image\" alt=\"Fardo\" srcset=\"https:\/\/faemclm.es\/feriaxxvii\/wp-content\/uploads\/2023\/02\/Cartel-Fardo.jpg 1240w, https:\/\/faemclm.es\/feriaxxvii\/wp-content\/uploads\/2023\/02\/Cartel-Fardo-212x300.jpg 212w, https:\/\/faemclm.es\/feriaxxvii\/wp-content\/uploads\/2023\/02\/Cartel-Fardo-724x1024.jpg 724w, https:\/\/faemclm.es\/feriaxxvii\/wp-content\/uploads\/2023\/02\/Cartel-Fardo-768x1087.jpg 768w, https:\/\/faemclm.es\/feriaxxvii\/wp-content\/uploads\/2023\/02\/Cartel-Fardo-1085x1536.jpg 1085w, https:\/\/faemclm.es\/feriaxxvii\/wp-content\/uploads\/2023\/02\/Cartel-Fardo-370x524.jpg 370w, https:\/\/faemclm.es\/feriaxxvii\/wp-content\/uploads\/2023\/02\/Cartel-Fardo-812x1149.jpg 812w, https:\/\/faemclm.es\/feriaxxvii\/wp-content\/uploads\/2023\/02\/Cartel-Fardo-406x575.jpg 406w\" sizes=\"(max-width: 1240px) 100vw, 1240px\" \/><a href=\"https:\/\/faemclm.es\/feriaxxvii\/espectaculo\/fardo\/\" aria-hidden=\"true\" class=\"icons\"><\/a><\/div><div class=\"wrap_in\">\n        <h4 class=\"sc_events_item_title_go\"><a href=\"https:\/\/faemclm.es\/feriaxxvii\/espectaculo\/fardo\/\">Fardo<\/a><\/h4>\n        <span class=\"sc_events_item_date_go\">Mar, 11 Abr - 18:45 PM<\/span>\n        <a href=\"https:\/\/faemclm.es\/feriaxxvii\/espectaculo\/fardo\/\" class=\"sc_events_item_link sc_button color_style_default sc_button_simple\">M\u00e1s informaci\u00f3n<\/a>\n    <\/div>\n<\/div><\/div><div class=\"trx_addons_column-1_3\"><div class=\"sc_events_item_wrap\"><div class=\"post_featured with_thumb hover_ sc_services_item_thumb\"><img loading=\"lazy\" decoding=\"async\" width=\"1240\" height=\"1755\" src=\"https:\/\/faemclm.es\/feriaxxvii\/wp-content\/uploads\/2023\/02\/Cartel-Doppiozero.jpg\" class=\"attachment-ostende-thumb-medium size-ostende-thumb-medium wp-post-image\" alt=\"DoppioZero\" srcset=\"https:\/\/faemclm.es\/feriaxxvii\/wp-content\/uploads\/2023\/02\/Cartel-Doppiozero.jpg 1240w, https:\/\/faemclm.es\/feriaxxvii\/wp-content\/uploads\/2023\/02\/Cartel-Doppiozero-212x300.jpg 212w, https:\/\/faemclm.es\/feriaxxvii\/wp-content\/uploads\/2023\/02\/Cartel-Doppiozero-724x1024.jpg 724w, https:\/\/faemclm.es\/feriaxxvii\/wp-content\/uploads\/2023\/02\/Cartel-Doppiozero-768x1087.jpg 768w, https:\/\/faemclm.es\/feriaxxvii\/wp-content\/uploads\/2023\/02\/Cartel-Doppiozero-1085x1536.jpg 1085w, https:\/\/faemclm.es\/feriaxxvii\/wp-content\/uploads\/2023\/02\/Cartel-Doppiozero-370x524.jpg 370w, https:\/\/faemclm.es\/feriaxxvii\/wp-content\/uploads\/2023\/02\/Cartel-Doppiozero-812x1149.jpg 812w, https:\/\/faemclm.es\/feriaxxvii\/wp-content\/uploads\/2023\/02\/Cartel-Doppiozero-406x575.jpg 406w\" sizes=\"(max-width: 1240px) 100vw, 1240px\" \/><a href=\"https:\/\/faemclm.es\/feriaxxvii\/espectaculo\/doppiozero\/\" aria-hidden=\"true\" class=\"icons\"><\/a><\/div><div class=\"wrap_in\">\n        <h4 class=\"sc_events_item_title_go\"><a href=\"https:\/\/faemclm.es\/feriaxxvii\/espectaculo\/doppiozero\/\">DoppioZero<\/a><\/h4>\n        <span class=\"sc_events_item_date_go\">Mar, 11 Abr - 22:30 PM<\/span>\n        <a href=\"https:\/\/faemclm.es\/feriaxxvii\/espectaculo\/doppiozero\/\" class=\"sc_events_item_link sc_button color_style_default sc_button_simple\">M\u00e1s informaci\u00f3n<\/a>\n    <\/div>\n<\/div><\/div><div class=\"trx_addons_column-1_3\"><div class=\"sc_events_item_wrap\"><div class=\"post_featured with_thumb hover_ sc_services_item_thumb\"><img loading=\"lazy\" decoding=\"async\" width=\"1240\" height=\"1755\" src=\"https:\/\/faemclm.es\/feriaxxvii\/wp-content\/uploads\/2023\/02\/Cartel-A-barca-do-inferno.jpg\" class=\"attachment-ostende-thumb-medium size-ostende-thumb-medium wp-post-image\" alt=\"A Barca do Inferno\" srcset=\"https:\/\/faemclm.es\/feriaxxvii\/wp-content\/uploads\/2023\/02\/Cartel-A-barca-do-inferno.jpg 1240w, https:\/\/faemclm.es\/feriaxxvii\/wp-content\/uploads\/2023\/02\/Cartel-A-barca-do-inferno-212x300.jpg 212w, https:\/\/faemclm.es\/feriaxxvii\/wp-content\/uploads\/2023\/02\/Cartel-A-barca-do-inferno-724x1024.jpg 724w, https:\/\/faemclm.es\/feriaxxvii\/wp-content\/uploads\/2023\/02\/Cartel-A-barca-do-inferno-768x1087.jpg 768w, https:\/\/faemclm.es\/feriaxxvii\/wp-content\/uploads\/2023\/02\/Cartel-A-barca-do-inferno-1085x1536.jpg 1085w, https:\/\/faemclm.es\/feriaxxvii\/wp-content\/uploads\/2023\/02\/Cartel-A-barca-do-inferno-370x524.jpg 370w, https:\/\/faemclm.es\/feriaxxvii\/wp-content\/uploads\/2023\/02\/Cartel-A-barca-do-inferno-812x1149.jpg 812w, https:\/\/faemclm.es\/feriaxxvii\/wp-content\/uploads\/2023\/02\/Cartel-A-barca-do-inferno-406x575.jpg 406w\" sizes=\"(max-width: 1240px) 100vw, 1240px\" \/><a href=\"https:\/\/faemclm.es\/feriaxxvii\/espectaculo\/a-barca-do-inferno\/\" aria-hidden=\"true\" class=\"icons\"><\/a><\/div><div class=\"wrap_in\">\n        <h4 class=\"sc_events_item_title_go\"><a href=\"https:\/\/faemclm.es\/feriaxxvii\/espectaculo\/a-barca-do-inferno\/\">A Barca do Inferno<\/a><\/h4>\n        <span class=\"sc_events_item_date_go\">Mi\u00e9, 12 Abr - 10:00 AM<\/span>\n        <a href=\"https:\/\/faemclm.es\/feriaxxvii\/espectaculo\/a-barca-do-inferno\/\" class=\"sc_events_item_link sc_button color_style_default sc_button_simple\">M\u00e1s informaci\u00f3n<\/a>\n    <\/div>\n<\/div><\/div><div class=\"trx_addons_column-1_3\"><div class=\"sc_events_item_wrap\"><div class=\"post_featured with_thumb hover_ sc_services_item_thumb\"><img loading=\"lazy\" decoding=\"async\" width=\"1240\" height=\"1755\" src=\"https:\/\/faemclm.es\/feriaxxvii\/wp-content\/uploads\/2023\/03\/Cartel-Ambulantes.jpg\" class=\"attachment-ostende-thumb-medium size-ostende-thumb-medium wp-post-image\" alt=\"Ambulantes\" srcset=\"https:\/\/faemclm.es\/feriaxxvii\/wp-content\/uploads\/2023\/03\/Cartel-Ambulantes.jpg 1240w, https:\/\/faemclm.es\/feriaxxvii\/wp-content\/uploads\/2023\/03\/Cartel-Ambulantes-212x300.jpg 212w, https:\/\/faemclm.es\/feriaxxvii\/wp-content\/uploads\/2023\/03\/Cartel-Ambulantes-724x1024.jpg 724w, https:\/\/faemclm.es\/feriaxxvii\/wp-content\/uploads\/2023\/03\/Cartel-Ambulantes-768x1087.jpg 768w, https:\/\/faemclm.es\/feriaxxvii\/wp-content\/uploads\/2023\/03\/Cartel-Ambulantes-1085x1536.jpg 1085w, https:\/\/faemclm.es\/feriaxxvii\/wp-content\/uploads\/2023\/03\/Cartel-Ambulantes-370x524.jpg 370w, https:\/\/faemclm.es\/feriaxxvii\/wp-content\/uploads\/2023\/03\/Cartel-Ambulantes-812x1149.jpg 812w, https:\/\/faemclm.es\/feriaxxvii\/wp-content\/uploads\/2023\/03\/Cartel-Ambulantes-406x575.jpg 406w\" sizes=\"(max-width: 1240px) 100vw, 1240px\" \/><a href=\"https:\/\/faemclm.es\/feriaxxvii\/espectaculo\/ambulantes\/\" aria-hidden=\"true\" class=\"icons\"><\/a><\/div><div class=\"wrap_in\">\n        <h4 class=\"sc_events_item_title_go\"><a href=\"https:\/\/faemclm.es\/feriaxxvii\/espectaculo\/ambulantes\/\">Ambulantes<\/a><\/h4>\n        <span class=\"sc_events_item_date_go\">Mi\u00e9, 12 Abr - 11:00 AM<\/span>\n        <a href=\"https:\/\/faemclm.es\/feriaxxvii\/espectaculo\/ambulantes\/\" class=\"sc_events_item_link sc_button color_style_default sc_button_simple\">M\u00e1s informaci\u00f3n<\/a>\n    <\/div>\n<\/div><\/div><div class=\"trx_addons_column-1_3\"><div class=\"sc_events_item_wrap\"><div class=\"post_featured with_thumb hover_ sc_services_item_thumb\"><img loading=\"lazy\" decoding=\"async\" width=\"1240\" height=\"1755\" src=\"https:\/\/faemclm.es\/feriaxxvii\/wp-content\/uploads\/2023\/03\/Cartel-Oliva.jpg\" class=\"attachment-ostende-thumb-medium size-ostende-thumb-medium wp-post-image\" alt=\"Oliva\" srcset=\"https:\/\/faemclm.es\/feriaxxvii\/wp-content\/uploads\/2023\/03\/Cartel-Oliva.jpg 1240w, https:\/\/faemclm.es\/feriaxxvii\/wp-content\/uploads\/2023\/03\/Cartel-Oliva-212x300.jpg 212w, https:\/\/faemclm.es\/feriaxxvii\/wp-content\/uploads\/2023\/03\/Cartel-Oliva-724x1024.jpg 724w, https:\/\/faemclm.es\/feriaxxvii\/wp-content\/uploads\/2023\/03\/Cartel-Oliva-768x1087.jpg 768w, https:\/\/faemclm.es\/feriaxxvii\/wp-content\/uploads\/2023\/03\/Cartel-Oliva-1085x1536.jpg 1085w, https:\/\/faemclm.es\/feriaxxvii\/wp-content\/uploads\/2023\/03\/Cartel-Oliva-370x524.jpg 370w, https:\/\/faemclm.es\/feriaxxvii\/wp-content\/uploads\/2023\/03\/Cartel-Oliva-812x1149.jpg 812w, https:\/\/faemclm.es\/feriaxxvii\/wp-content\/uploads\/2023\/03\/Cartel-Oliva-406x575.jpg 406w\" sizes=\"(max-width: 1240px) 100vw, 1240px\" \/><a href=\"https:\/\/faemclm.es\/feriaxxvii\/espectaculo\/oliva\/\" aria-hidden=\"true\" class=\"icons\"><\/a><\/div><div class=\"wrap_in\">\n        <h4 class=\"sc_events_item_title_go\"><a href=\"https:\/\/faemclm.es\/feriaxxvii\/espectaculo\/oliva\/\">Oliva<\/a><\/h4>\n        <span class=\"sc_events_item_date_go\">Mi\u00e9, 12 Abr - 12:00 PM<\/span>\n        <a href=\"https:\/\/faemclm.es\/feriaxxvii\/espectaculo\/oliva\/\" class=\"sc_events_item_link sc_button color_style_default sc_button_simple\">M\u00e1s informaci\u00f3n<\/a>\n    <\/div>\n<\/div><\/div><div class=\"trx_addons_column-1_3\"><div class=\"sc_events_item_wrap\"><div class=\"post_featured with_thumb hover_ sc_services_item_thumb\"><img loading=\"lazy\" decoding=\"async\" width=\"1240\" height=\"1755\" src=\"https:\/\/faemclm.es\/feriaxxvii\/wp-content\/uploads\/2023\/03\/Cartel-Campo-Cerrado.jpg\" class=\"attachment-ostende-thumb-medium size-ostende-thumb-medium wp-post-image\" alt=\"Campo Cerrado\" srcset=\"https:\/\/faemclm.es\/feriaxxvii\/wp-content\/uploads\/2023\/03\/Cartel-Campo-Cerrado.jpg 1240w, https:\/\/faemclm.es\/feriaxxvii\/wp-content\/uploads\/2023\/03\/Cartel-Campo-Cerrado-212x300.jpg 212w, https:\/\/faemclm.es\/feriaxxvii\/wp-content\/uploads\/2023\/03\/Cartel-Campo-Cerrado-724x1024.jpg 724w, https:\/\/faemclm.es\/feriaxxvii\/wp-content\/uploads\/2023\/03\/Cartel-Campo-Cerrado-768x1087.jpg 768w, https:\/\/faemclm.es\/feriaxxvii\/wp-content\/uploads\/2023\/03\/Cartel-Campo-Cerrado-1085x1536.jpg 1085w, https:\/\/faemclm.es\/feriaxxvii\/wp-content\/uploads\/2023\/03\/Cartel-Campo-Cerrado-370x524.jpg 370w, https:\/\/faemclm.es\/feriaxxvii\/wp-content\/uploads\/2023\/03\/Cartel-Campo-Cerrado-812x1149.jpg 812w, https:\/\/faemclm.es\/feriaxxvii\/wp-content\/uploads\/2023\/03\/Cartel-Campo-Cerrado-406x575.jpg 406w\" sizes=\"(max-width: 1240px) 100vw, 1240px\" \/><a href=\"https:\/\/faemclm.es\/feriaxxvii\/espectaculo\/campo-cerrado\/\" aria-hidden=\"true\" class=\"icons\"><\/a><\/div><div class=\"wrap_in\">\n        <h4 class=\"sc_events_item_title_go\"><a href=\"https:\/\/faemclm.es\/feriaxxvii\/espectaculo\/campo-cerrado\/\">Campo Cerrado<\/a><\/h4>\n        <span class=\"sc_events_item_date_go\">Mi\u00e9, 12 Abr - 13:30 PM<\/span>\n        <a href=\"https:\/\/faemclm.es\/feriaxxvii\/espectaculo\/campo-cerrado\/\" class=\"sc_events_item_link sc_button color_style_default sc_button_simple\">M\u00e1s informaci\u00f3n<\/a>\n    <\/div>\n<\/div><\/div><div class=\"trx_addons_column-1_3\"><div class=\"sc_events_item_wrap\"><div class=\"post_featured with_thumb hover_ sc_services_item_thumb\"><img loading=\"lazy\" decoding=\"async\" width=\"1240\" height=\"1755\" src=\"https:\/\/faemclm.es\/feriaxxvii\/wp-content\/uploads\/2023\/03\/Cartel-You-say-tomato.jpg\" class=\"attachment-ostende-thumb-medium size-ostende-thumb-medium wp-post-image\" alt=\"You Say Tomato\" srcset=\"https:\/\/faemclm.es\/feriaxxvii\/wp-content\/uploads\/2023\/03\/Cartel-You-say-tomato.jpg 1240w, https:\/\/faemclm.es\/feriaxxvii\/wp-content\/uploads\/2023\/03\/Cartel-You-say-tomato-212x300.jpg 212w, https:\/\/faemclm.es\/feriaxxvii\/wp-content\/uploads\/2023\/03\/Cartel-You-say-tomato-724x1024.jpg 724w, https:\/\/faemclm.es\/feriaxxvii\/wp-content\/uploads\/2023\/03\/Cartel-You-say-tomato-768x1087.jpg 768w, https:\/\/faemclm.es\/feriaxxvii\/wp-content\/uploads\/2023\/03\/Cartel-You-say-tomato-1085x1536.jpg 1085w, https:\/\/faemclm.es\/feriaxxvii\/wp-content\/uploads\/2023\/03\/Cartel-You-say-tomato-370x524.jpg 370w, https:\/\/faemclm.es\/feriaxxvii\/wp-content\/uploads\/2023\/03\/Cartel-You-say-tomato-812x1149.jpg 812w, https:\/\/faemclm.es\/feriaxxvii\/wp-content\/uploads\/2023\/03\/Cartel-You-say-tomato-406x575.jpg 406w\" sizes=\"(max-width: 1240px) 100vw, 1240px\" \/><a href=\"https:\/\/faemclm.es\/feriaxxvii\/espectaculo\/you-say-tomato\/\" aria-hidden=\"true\" class=\"icons\"><\/a><\/div><div class=\"wrap_in\">\n        <h4 class=\"sc_events_item_title_go\"><a href=\"https:\/\/faemclm.es\/feriaxxvii\/espectaculo\/you-say-tomato\/\">You Say Tomato<\/a><\/h4>\n        <span class=\"sc_events_item_date_go\">Mi\u00e9, 12 Abr - 16:30 PM<\/span>\n        <a href=\"https:\/\/faemclm.es\/feriaxxvii\/espectaculo\/you-say-tomato\/\" class=\"sc_events_item_link sc_button color_style_default sc_button_simple\">M\u00e1s informaci\u00f3n<\/a>\n    <\/div>\n<\/div><\/div><div class=\"trx_addons_column-1_3\"><div class=\"sc_events_item_wrap\"><div class=\"post_featured with_thumb hover_ sc_services_item_thumb\"><img loading=\"lazy\" decoding=\"async\" width=\"1240\" height=\"1755\" src=\"https:\/\/faemclm.es\/feriaxxvii\/wp-content\/uploads\/2023\/03\/Cartel-Las-aventuras-de-sam.jpg\" class=\"attachment-ostende-thumb-medium size-ostende-thumb-medium wp-post-image\" alt=\"Las Aventuras de Sam\" srcset=\"https:\/\/faemclm.es\/feriaxxvii\/wp-content\/uploads\/2023\/03\/Cartel-Las-aventuras-de-sam.jpg 1240w, https:\/\/faemclm.es\/feriaxxvii\/wp-content\/uploads\/2023\/03\/Cartel-Las-aventuras-de-sam-212x300.jpg 212w, https:\/\/faemclm.es\/feriaxxvii\/wp-content\/uploads\/2023\/03\/Cartel-Las-aventuras-de-sam-724x1024.jpg 724w, https:\/\/faemclm.es\/feriaxxvii\/wp-content\/uploads\/2023\/03\/Cartel-Las-aventuras-de-sam-768x1087.jpg 768w, https:\/\/faemclm.es\/feriaxxvii\/wp-content\/uploads\/2023\/03\/Cartel-Las-aventuras-de-sam-1085x1536.jpg 1085w, https:\/\/faemclm.es\/feriaxxvii\/wp-content\/uploads\/2023\/03\/Cartel-Las-aventuras-de-sam-370x524.jpg 370w, https:\/\/faemclm.es\/feriaxxvii\/wp-content\/uploads\/2023\/03\/Cartel-Las-aventuras-de-sam-812x1149.jpg 812w, https:\/\/faemclm.es\/feriaxxvii\/wp-content\/uploads\/2023\/03\/Cartel-Las-aventuras-de-sam-406x575.jpg 406w\" sizes=\"(max-width: 1240px) 100vw, 1240px\" \/><a href=\"https:\/\/faemclm.es\/feriaxxvii\/espectaculo\/las-aventuras-de-sam\/\" aria-hidden=\"true\" class=\"icons\"><\/a><\/div><div class=\"wrap_in\">\n        <h4 class=\"sc_events_item_title_go\"><a href=\"https:\/\/faemclm.es\/feriaxxvii\/espectaculo\/las-aventuras-de-sam\/\">Las Aventuras de Sam<\/a><\/h4>\n        <span class=\"sc_events_item_date_go\">Mi\u00e9, 12 Abr - 18:00 PM<\/span>\n        <a href=\"https:\/\/faemclm.es\/feriaxxvii\/espectaculo\/las-aventuras-de-sam\/\" class=\"sc_events_item_link sc_button color_style_default sc_button_simple\">M\u00e1s informaci\u00f3n<\/a>\n    <\/div>\n<\/div><\/div><div class=\"trx_addons_column-1_3\"><div class=\"sc_events_item_wrap\"><div class=\"post_featured with_thumb hover_ sc_services_item_thumb\"><img loading=\"lazy\" decoding=\"async\" width=\"1240\" height=\"1755\" src=\"https:\/\/faemclm.es\/feriaxxvii\/wp-content\/uploads\/2023\/03\/Cartel-Muchos-amigos-negros.jpg\" class=\"attachment-ostende-thumb-medium size-ostende-thumb-medium wp-post-image\" alt=\"Muchos Amigos Negros\" srcset=\"https:\/\/faemclm.es\/feriaxxvii\/wp-content\/uploads\/2023\/03\/Cartel-Muchos-amigos-negros.jpg 1240w, https:\/\/faemclm.es\/feriaxxvii\/wp-content\/uploads\/2023\/03\/Cartel-Muchos-amigos-negros-212x300.jpg 212w, https:\/\/faemclm.es\/feriaxxvii\/wp-content\/uploads\/2023\/03\/Cartel-Muchos-amigos-negros-724x1024.jpg 724w, https:\/\/faemclm.es\/feriaxxvii\/wp-content\/uploads\/2023\/03\/Cartel-Muchos-amigos-negros-768x1087.jpg 768w, https:\/\/faemclm.es\/feriaxxvii\/wp-content\/uploads\/2023\/03\/Cartel-Muchos-amigos-negros-1085x1536.jpg 1085w, https:\/\/faemclm.es\/feriaxxvii\/wp-content\/uploads\/2023\/03\/Cartel-Muchos-amigos-negros-370x524.jpg 370w, https:\/\/faemclm.es\/feriaxxvii\/wp-content\/uploads\/2023\/03\/Cartel-Muchos-amigos-negros-812x1149.jpg 812w, https:\/\/faemclm.es\/feriaxxvii\/wp-content\/uploads\/2023\/03\/Cartel-Muchos-amigos-negros-406x575.jpg 406w\" sizes=\"(max-width: 1240px) 100vw, 1240px\" \/><a href=\"https:\/\/faemclm.es\/feriaxxvii\/espectaculo\/muchos-amigos-negros\/\" aria-hidden=\"true\" class=\"icons\"><\/a><\/div><div class=\"wrap_in\">\n        <h4 class=\"sc_events_item_title_go\"><a href=\"https:\/\/faemclm.es\/feriaxxvii\/espectaculo\/muchos-amigos-negros\/\">Muchos Amigos Negros<\/a><\/h4>\n        <span class=\"sc_events_item_date_go\">Mi\u00e9, 12 Abr - 19:00 PM<\/span>\n        <a href=\"https:\/\/faemclm.es\/feriaxxvii\/espectaculo\/muchos-amigos-negros\/\" class=\"sc_events_item_link sc_button color_style_default sc_button_simple\">M\u00e1s informaci\u00f3n<\/a>\n    <\/div>\n<\/div><\/div><div class=\"trx_addons_column-1_3\"><div class=\"sc_events_item_wrap\"><div class=\"post_featured with_thumb hover_ sc_services_item_thumb\"><img loading=\"lazy\" decoding=\"async\" width=\"1240\" height=\"1755\" src=\"https:\/\/faemclm.es\/feriaxxvii\/wp-content\/uploads\/2023\/03\/Cartel-Gori-gori.jpg\" class=\"attachment-ostende-thumb-medium size-ostende-thumb-medium wp-post-image\" alt=\"Gori Gori\" srcset=\"https:\/\/faemclm.es\/feriaxxvii\/wp-content\/uploads\/2023\/03\/Cartel-Gori-gori.jpg 1240w, https:\/\/faemclm.es\/feriaxxvii\/wp-content\/uploads\/2023\/03\/Cartel-Gori-gori-212x300.jpg 212w, https:\/\/faemclm.es\/feriaxxvii\/wp-content\/uploads\/2023\/03\/Cartel-Gori-gori-724x1024.jpg 724w, https:\/\/faemclm.es\/feriaxxvii\/wp-content\/uploads\/2023\/03\/Cartel-Gori-gori-768x1087.jpg 768w, https:\/\/faemclm.es\/feriaxxvii\/wp-content\/uploads\/2023\/03\/Cartel-Gori-gori-1085x1536.jpg 1085w, https:\/\/faemclm.es\/feriaxxvii\/wp-content\/uploads\/2023\/03\/Cartel-Gori-gori-370x524.jpg 370w, https:\/\/faemclm.es\/feriaxxvii\/wp-content\/uploads\/2023\/03\/Cartel-Gori-gori-812x1149.jpg 812w, https:\/\/faemclm.es\/feriaxxvii\/wp-content\/uploads\/2023\/03\/Cartel-Gori-gori-406x575.jpg 406w\" sizes=\"(max-width: 1240px) 100vw, 1240px\" \/><a href=\"https:\/\/faemclm.es\/feriaxxvii\/espectaculo\/gori-gori\/\" aria-hidden=\"true\" class=\"icons\"><\/a><\/div><div class=\"wrap_in\">\n        <h4 class=\"sc_events_item_title_go\"><a href=\"https:\/\/faemclm.es\/feriaxxvii\/espectaculo\/gori-gori\/\">Gori Gori<\/a><\/h4>\n        <span class=\"sc_events_item_date_go\">Jue, 13 Abr - 09:15 AM<\/span>\n        <a href=\"https:\/\/faemclm.es\/feriaxxvii\/espectaculo\/gori-gori\/\" class=\"sc_events_item_link sc_button color_style_default sc_button_simple\">M\u00e1s informaci\u00f3n<\/a>\n    <\/div>\n<\/div><\/div><div class=\"trx_addons_column-1_3\"><div class=\"sc_events_item_wrap\"><div class=\"post_featured with_thumb hover_ sc_services_item_thumb\"><img loading=\"lazy\" decoding=\"async\" width=\"1240\" height=\"1755\" src=\"https:\/\/faemclm.es\/feriaxxvii\/wp-content\/uploads\/2023\/03\/Cartel-La-gran-fuga.jpg\" class=\"attachment-ostende-thumb-medium size-ostende-thumb-medium wp-post-image\" alt=\"La Gran Fuga\" srcset=\"https:\/\/faemclm.es\/feriaxxvii\/wp-content\/uploads\/2023\/03\/Cartel-La-gran-fuga.jpg 1240w, https:\/\/faemclm.es\/feriaxxvii\/wp-content\/uploads\/2023\/03\/Cartel-La-gran-fuga-212x300.jpg 212w, https:\/\/faemclm.es\/feriaxxvii\/wp-content\/uploads\/2023\/03\/Cartel-La-gran-fuga-724x1024.jpg 724w, https:\/\/faemclm.es\/feriaxxvii\/wp-content\/uploads\/2023\/03\/Cartel-La-gran-fuga-768x1087.jpg 768w, https:\/\/faemclm.es\/feriaxxvii\/wp-content\/uploads\/2023\/03\/Cartel-La-gran-fuga-1085x1536.jpg 1085w, https:\/\/faemclm.es\/feriaxxvii\/wp-content\/uploads\/2023\/03\/Cartel-La-gran-fuga-370x524.jpg 370w, https:\/\/faemclm.es\/feriaxxvii\/wp-content\/uploads\/2023\/03\/Cartel-La-gran-fuga-812x1149.jpg 812w, https:\/\/faemclm.es\/feriaxxvii\/wp-content\/uploads\/2023\/03\/Cartel-La-gran-fuga-406x575.jpg 406w\" sizes=\"(max-width: 1240px) 100vw, 1240px\" \/><a href=\"https:\/\/faemclm.es\/feriaxxvii\/espectaculo\/la-gran-fuga\/\" aria-hidden=\"true\" class=\"icons\"><\/a><\/div><div class=\"wrap_in\">\n        <h4 class=\"sc_events_item_title_go\"><a href=\"https:\/\/faemclm.es\/feriaxxvii\/espectaculo\/la-gran-fuga\/\">La Gran Fuga<\/a><\/h4>\n        <span class=\"sc_events_item_date_go\">Jue, 13 Abr - 10:30 AM<\/span>\n        <a href=\"https:\/\/faemclm.es\/feriaxxvii\/espectaculo\/la-gran-fuga\/\" class=\"sc_events_item_link sc_button color_style_default sc_button_simple\">M\u00e1s informaci\u00f3n<\/a>\n    <\/div>\n<\/div><\/div><div class=\"trx_addons_column-1_3\"><div class=\"sc_events_item_wrap\"><div class=\"post_featured with_thumb hover_ sc_services_item_thumb\"><img loading=\"lazy\" decoding=\"async\" width=\"1240\" height=\"1755\" src=\"https:\/\/faemclm.es\/feriaxxvii\/wp-content\/uploads\/2023\/03\/Cartel-Martirio-alba.jpg\" class=\"attachment-ostende-thumb-medium size-ostende-thumb-medium wp-post-image\" alt=\"Martirio Alba\" srcset=\"https:\/\/faemclm.es\/feriaxxvii\/wp-content\/uploads\/2023\/03\/Cartel-Martirio-alba.jpg 1240w, https:\/\/faemclm.es\/feriaxxvii\/wp-content\/uploads\/2023\/03\/Cartel-Martirio-alba-212x300.jpg 212w, https:\/\/faemclm.es\/feriaxxvii\/wp-content\/uploads\/2023\/03\/Cartel-Martirio-alba-724x1024.jpg 724w, https:\/\/faemclm.es\/feriaxxvii\/wp-content\/uploads\/2023\/03\/Cartel-Martirio-alba-768x1087.jpg 768w, https:\/\/faemclm.es\/feriaxxvii\/wp-content\/uploads\/2023\/03\/Cartel-Martirio-alba-1085x1536.jpg 1085w, https:\/\/faemclm.es\/feriaxxvii\/wp-content\/uploads\/2023\/03\/Cartel-Martirio-alba-370x524.jpg 370w, https:\/\/faemclm.es\/feriaxxvii\/wp-content\/uploads\/2023\/03\/Cartel-Martirio-alba-812x1149.jpg 812w, https:\/\/faemclm.es\/feriaxxvii\/wp-content\/uploads\/2023\/03\/Cartel-Martirio-alba-406x575.jpg 406w\" sizes=\"(max-width: 1240px) 100vw, 1240px\" \/><a href=\"https:\/\/faemclm.es\/feriaxxvii\/espectaculo\/martirio-alba\/\" aria-hidden=\"true\" class=\"icons\"><\/a><\/div><div class=\"wrap_in\">\n        <h4 class=\"sc_events_item_title_go\"><a href=\"https:\/\/faemclm.es\/feriaxxvii\/espectaculo\/martirio-alba\/\">Martirio Alba<\/a><\/h4>\n        <span class=\"sc_events_item_date_go\">Jue, 13 Abr - 12:30 PM<\/span>\n        <a href=\"https:\/\/faemclm.es\/feriaxxvii\/espectaculo\/martirio-alba\/\" class=\"sc_events_item_link sc_button color_style_default sc_button_simple\">M\u00e1s informaci\u00f3n<\/a>\n    <\/div>\n<\/div><\/div><div class=\"trx_addons_column-1_3\"><div class=\"sc_events_item_wrap\"><div class=\"post_featured with_thumb hover_ sc_services_item_thumb\"><img loading=\"lazy\" decoding=\"async\" width=\"1240\" height=\"1755\" src=\"https:\/\/faemclm.es\/feriaxxvii\/wp-content\/uploads\/2023\/03\/Cartel-Vaga.jpg\" class=\"attachment-ostende-thumb-medium size-ostende-thumb-medium wp-post-image\" alt=\"Vaga\" srcset=\"https:\/\/faemclm.es\/feriaxxvii\/wp-content\/uploads\/2023\/03\/Cartel-Vaga.jpg 1240w, https:\/\/faemclm.es\/feriaxxvii\/wp-content\/uploads\/2023\/03\/Cartel-Vaga-212x300.jpg 212w, https:\/\/faemclm.es\/feriaxxvii\/wp-content\/uploads\/2023\/03\/Cartel-Vaga-724x1024.jpg 724w, https:\/\/faemclm.es\/feriaxxvii\/wp-content\/uploads\/2023\/03\/Cartel-Vaga-768x1087.jpg 768w, https:\/\/faemclm.es\/feriaxxvii\/wp-content\/uploads\/2023\/03\/Cartel-Vaga-1085x1536.jpg 1085w, https:\/\/faemclm.es\/feriaxxvii\/wp-content\/uploads\/2023\/03\/Cartel-Vaga-370x524.jpg 370w, https:\/\/faemclm.es\/feriaxxvii\/wp-content\/uploads\/2023\/03\/Cartel-Vaga-812x1149.jpg 812w, https:\/\/faemclm.es\/feriaxxvii\/wp-content\/uploads\/2023\/03\/Cartel-Vaga-406x575.jpg 406w\" sizes=\"(max-width: 1240px) 100vw, 1240px\" \/><a href=\"https:\/\/faemclm.es\/feriaxxvii\/espectaculo\/vaga\/\" aria-hidden=\"true\" class=\"icons\"><\/a><\/div><div class=\"wrap_in\">\n        <h4 class=\"sc_events_item_title_go\"><a href=\"https:\/\/faemclm.es\/feriaxxvii\/espectaculo\/vaga\/\">Vaga<\/a><\/h4>\n        <span class=\"sc_events_item_date_go\">Jue, 13 Abr - 16:30 PM<\/span>\n        <a href=\"https:\/\/faemclm.es\/feriaxxvii\/espectaculo\/vaga\/\" class=\"sc_events_item_link sc_button color_style_default sc_button_simple\">M\u00e1s informaci\u00f3n<\/a>\n    <\/div>\n<\/div><\/div><div class=\"trx_addons_column-1_3\"><div class=\"sc_events_item_wrap\"><div class=\"post_featured with_thumb hover_ sc_services_item_thumb\"><img loading=\"lazy\" decoding=\"async\" width=\"1240\" height=\"1755\" src=\"https:\/\/faemclm.es\/feriaxxvii\/wp-content\/uploads\/2023\/03\/Cartel-Vertumno.jpg\" class=\"attachment-ostende-thumb-medium size-ostende-thumb-medium wp-post-image\" alt=\"Vertumno. Siglo de Risa y Oro\" srcset=\"https:\/\/faemclm.es\/feriaxxvii\/wp-content\/uploads\/2023\/03\/Cartel-Vertumno.jpg 1240w, https:\/\/faemclm.es\/feriaxxvii\/wp-content\/uploads\/2023\/03\/Cartel-Vertumno-212x300.jpg 212w, https:\/\/faemclm.es\/feriaxxvii\/wp-content\/uploads\/2023\/03\/Cartel-Vertumno-724x1024.jpg 724w, https:\/\/faemclm.es\/feriaxxvii\/wp-content\/uploads\/2023\/03\/Cartel-Vertumno-768x1087.jpg 768w, https:\/\/faemclm.es\/feriaxxvii\/wp-content\/uploads\/2023\/03\/Cartel-Vertumno-1085x1536.jpg 1085w, https:\/\/faemclm.es\/feriaxxvii\/wp-content\/uploads\/2023\/03\/Cartel-Vertumno-370x524.jpg 370w, https:\/\/faemclm.es\/feriaxxvii\/wp-content\/uploads\/2023\/03\/Cartel-Vertumno-812x1149.jpg 812w, https:\/\/faemclm.es\/feriaxxvii\/wp-content\/uploads\/2023\/03\/Cartel-Vertumno-406x575.jpg 406w\" sizes=\"(max-width: 1240px) 100vw, 1240px\" \/><a href=\"https:\/\/faemclm.es\/feriaxxvii\/espectaculo\/vertumno-siglo-de-risa-y-oro\/\" aria-hidden=\"true\" class=\"icons\"><\/a><\/div><div class=\"wrap_in\">\n        <h4 class=\"sc_events_item_title_go\"><a href=\"https:\/\/faemclm.es\/feriaxxvii\/espectaculo\/vertumno-siglo-de-risa-y-oro\/\">Vertumno. Siglo de Risa y Oro<\/a><\/h4>\n        <span class=\"sc_events_item_date_go\">Jue, 13 Abr - 18:00 PM<\/span>\n        <a href=\"https:\/\/faemclm.es\/feriaxxvii\/espectaculo\/vertumno-siglo-de-risa-y-oro\/\" class=\"sc_events_item_link sc_button color_style_default sc_button_simple\">M\u00e1s informaci\u00f3n<\/a>\n    <\/div>\n<\/div><\/div><div class=\"trx_addons_column-1_3\"><div class=\"sc_events_item_wrap\"><div class=\"post_featured with_thumb hover_ sc_services_item_thumb\"><img loading=\"lazy\" decoding=\"async\" width=\"1240\" height=\"1755\" src=\"https:\/\/faemclm.es\/feriaxxvii\/wp-content\/uploads\/2023\/03\/Cartel-Intenso.jpg\" class=\"attachment-ostende-thumb-medium size-ostende-thumb-medium wp-post-image\" alt=\"Intenso\" srcset=\"https:\/\/faemclm.es\/feriaxxvii\/wp-content\/uploads\/2023\/03\/Cartel-Intenso.jpg 1240w, https:\/\/faemclm.es\/feriaxxvii\/wp-content\/uploads\/2023\/03\/Cartel-Intenso-212x300.jpg 212w, https:\/\/faemclm.es\/feriaxxvii\/wp-content\/uploads\/2023\/03\/Cartel-Intenso-724x1024.jpg 724w, https:\/\/faemclm.es\/feriaxxvii\/wp-content\/uploads\/2023\/03\/Cartel-Intenso-768x1087.jpg 768w, https:\/\/faemclm.es\/feriaxxvii\/wp-content\/uploads\/2023\/03\/Cartel-Intenso-1085x1536.jpg 1085w, https:\/\/faemclm.es\/feriaxxvii\/wp-content\/uploads\/2023\/03\/Cartel-Intenso-370x524.jpg 370w, https:\/\/faemclm.es\/feriaxxvii\/wp-content\/uploads\/2023\/03\/Cartel-Intenso-812x1149.jpg 812w, https:\/\/faemclm.es\/feriaxxvii\/wp-content\/uploads\/2023\/03\/Cartel-Intenso-406x575.jpg 406w\" sizes=\"(max-width: 1240px) 100vw, 1240px\" \/><a href=\"https:\/\/faemclm.es\/feriaxxvii\/espectaculo\/intenso\/\" aria-hidden=\"true\" class=\"icons\"><\/a><\/div><div class=\"wrap_in\">\n        <h4 class=\"sc_events_item_title_go\"><a href=\"https:\/\/faemclm.es\/feriaxxvii\/espectaculo\/intenso\/\">Intenso<\/a><\/h4>\n        <span class=\"sc_events_item_date_go\">Jue, 13 Abr - 19:00 PM<\/span>\n        <a href=\"https:\/\/faemclm.es\/feriaxxvii\/espectaculo\/intenso\/\" class=\"sc_events_item_link sc_button color_style_default sc_button_simple\">M\u00e1s informaci\u00f3n<\/a>\n    <\/div>\n<\/div><\/div><div class=\"trx_addons_column-1_3\"><div class=\"sc_events_item_wrap\"><div class=\"post_featured with_thumb hover_ sc_services_item_thumb\"><img loading=\"lazy\" decoding=\"async\" width=\"1240\" height=\"1755\" src=\"https:\/\/faemclm.es\/feriaxxvii\/wp-content\/uploads\/2023\/03\/Cartel-Ambulant.jpg\" class=\"attachment-ostende-thumb-medium size-ostende-thumb-medium wp-post-image\" alt=\"Ambulant\" srcset=\"https:\/\/faemclm.es\/feriaxxvii\/wp-content\/uploads\/2023\/03\/Cartel-Ambulant.jpg 1240w, https:\/\/faemclm.es\/feriaxxvii\/wp-content\/uploads\/2023\/03\/Cartel-Ambulant-212x300.jpg 212w, https:\/\/faemclm.es\/feriaxxvii\/wp-content\/uploads\/2023\/03\/Cartel-Ambulant-724x1024.jpg 724w, https:\/\/faemclm.es\/feriaxxvii\/wp-content\/uploads\/2023\/03\/Cartel-Ambulant-768x1087.jpg 768w, https:\/\/faemclm.es\/feriaxxvii\/wp-content\/uploads\/2023\/03\/Cartel-Ambulant-1085x1536.jpg 1085w, https:\/\/faemclm.es\/feriaxxvii\/wp-content\/uploads\/2023\/03\/Cartel-Ambulant-370x524.jpg 370w, https:\/\/faemclm.es\/feriaxxvii\/wp-content\/uploads\/2023\/03\/Cartel-Ambulant-812x1149.jpg 812w, https:\/\/faemclm.es\/feriaxxvii\/wp-content\/uploads\/2023\/03\/Cartel-Ambulant-406x575.jpg 406w\" sizes=\"(max-width: 1240px) 100vw, 1240px\" \/><a href=\"https:\/\/faemclm.es\/feriaxxvii\/espectaculo\/ambulant\/\" aria-hidden=\"true\" class=\"icons\"><\/a><\/div><div class=\"wrap_in\">\n        <h4 class=\"sc_events_item_title_go\"><a href=\"https:\/\/faemclm.es\/feriaxxvii\/espectaculo\/ambulant\/\">Ambulant<\/a><\/h4>\n        <span class=\"sc_events_item_date_go\">Jue, 13 Abr - 21:00 PM<\/span>\n        <a href=\"https:\/\/faemclm.es\/feriaxxvii\/espectaculo\/ambulant\/\" class=\"sc_events_item_link sc_button color_style_default sc_button_simple\">M\u00e1s informaci\u00f3n<\/a>\n    <\/div>\n<\/div><\/div><div class=\"trx_addons_column-1_3\"><div class=\"sc_events_item_wrap\"><div class=\"post_featured with_thumb hover_ sc_services_item_thumb\"><img loading=\"lazy\" decoding=\"async\" width=\"1240\" height=\"1755\" src=\"https:\/\/faemclm.es\/feriaxxvii\/wp-content\/uploads\/2023\/03\/Cartel-La-linea-recta.jpg\" class=\"attachment-ostende-thumb-medium size-ostende-thumb-medium wp-post-image\" alt=\"La Linea Recta\" srcset=\"https:\/\/faemclm.es\/feriaxxvii\/wp-content\/uploads\/2023\/03\/Cartel-La-linea-recta.jpg 1240w, https:\/\/faemclm.es\/feriaxxvii\/wp-content\/uploads\/2023\/03\/Cartel-La-linea-recta-212x300.jpg 212w, https:\/\/faemclm.es\/feriaxxvii\/wp-content\/uploads\/2023\/03\/Cartel-La-linea-recta-724x1024.jpg 724w, https:\/\/faemclm.es\/feriaxxvii\/wp-content\/uploads\/2023\/03\/Cartel-La-linea-recta-768x1087.jpg 768w, https:\/\/faemclm.es\/feriaxxvii\/wp-content\/uploads\/2023\/03\/Cartel-La-linea-recta-1085x1536.jpg 1085w, https:\/\/faemclm.es\/feriaxxvii\/wp-content\/uploads\/2023\/03\/Cartel-La-linea-recta-370x524.jpg 370w, https:\/\/faemclm.es\/feriaxxvii\/wp-content\/uploads\/2023\/03\/Cartel-La-linea-recta-812x1149.jpg 812w, https:\/\/faemclm.es\/feriaxxvii\/wp-content\/uploads\/2023\/03\/Cartel-La-linea-recta-406x575.jpg 406w\" sizes=\"(max-width: 1240px) 100vw, 1240px\" \/><a href=\"https:\/\/faemclm.es\/feriaxxvii\/espectaculo\/la-linea-recta\/\" aria-hidden=\"true\" class=\"icons\"><\/a><\/div><div class=\"wrap_in\">\n        <h4 class=\"sc_events_item_title_go\"><a href=\"https:\/\/faemclm.es\/feriaxxvii\/espectaculo\/la-linea-recta\/\">La Linea Recta<\/a><\/h4>\n        <span class=\"sc_events_item_date_go\">Vie, 14 Abr - 09:30 AM<\/span>\n        <a href=\"https:\/\/faemclm.es\/feriaxxvii\/espectaculo\/la-linea-recta\/\" class=\"sc_events_item_link sc_button color_style_default sc_button_simple\">M\u00e1s informaci\u00f3n<\/a>\n    <\/div>\n<\/div><\/div><div class=\"trx_addons_column-1_3\"><div class=\"sc_events_item_wrap\"><div class=\"post_featured with_thumb hover_ sc_services_item_thumb\"><img loading=\"lazy\" decoding=\"async\" width=\"1240\" height=\"1755\" src=\"https:\/\/faemclm.es\/feriaxxvii\/wp-content\/uploads\/2023\/03\/Cartel-No-me-nombres-tu-hija.jpg\" class=\"attachment-ostende-thumb-medium size-ostende-thumb-medium wp-post-image\" alt=\"No me Nombres tu Hija\" srcset=\"https:\/\/faemclm.es\/feriaxxvii\/wp-content\/uploads\/2023\/03\/Cartel-No-me-nombres-tu-hija.jpg 1240w, https:\/\/faemclm.es\/feriaxxvii\/wp-content\/uploads\/2023\/03\/Cartel-No-me-nombres-tu-hija-212x300.jpg 212w, https:\/\/faemclm.es\/feriaxxvii\/wp-content\/uploads\/2023\/03\/Cartel-No-me-nombres-tu-hija-724x1024.jpg 724w, https:\/\/faemclm.es\/feriaxxvii\/wp-content\/uploads\/2023\/03\/Cartel-No-me-nombres-tu-hija-768x1087.jpg 768w, https:\/\/faemclm.es\/feriaxxvii\/wp-content\/uploads\/2023\/03\/Cartel-No-me-nombres-tu-hija-1085x1536.jpg 1085w, https:\/\/faemclm.es\/feriaxxvii\/wp-content\/uploads\/2023\/03\/Cartel-No-me-nombres-tu-hija-370x524.jpg 370w, https:\/\/faemclm.es\/feriaxxvii\/wp-content\/uploads\/2023\/03\/Cartel-No-me-nombres-tu-hija-812x1149.jpg 812w, https:\/\/faemclm.es\/feriaxxvii\/wp-content\/uploads\/2023\/03\/Cartel-No-me-nombres-tu-hija-406x575.jpg 406w\" sizes=\"(max-width: 1240px) 100vw, 1240px\" \/><a href=\"https:\/\/faemclm.es\/feriaxxvii\/espectaculo\/no-me-nombres-tu-hija\/\" aria-hidden=\"true\" class=\"icons\"><\/a><\/div><div class=\"wrap_in\">\n        <h4 class=\"sc_events_item_title_go\"><a href=\"https:\/\/faemclm.es\/feriaxxvii\/espectaculo\/no-me-nombres-tu-hija\/\">No me Nombres tu Hija<\/a><\/h4>\n        <span class=\"sc_events_item_date_go\">Vie, 14 Abr - 11:00 AM<\/span>\n        <a href=\"https:\/\/faemclm.es\/feriaxxvii\/espectaculo\/no-me-nombres-tu-hija\/\" class=\"sc_events_item_link sc_button color_style_default sc_button_simple\">M\u00e1s informaci\u00f3n<\/a>\n    <\/div>\n<\/div><\/div><\/div><\/div><!-- \/.sc_events -->\t\t\t\t<\/div>\n\t\t\t\t<\/div>\n\t\t\t\t\t<\/div>\n\t\t<\/div>\n\t\t\t\t\t<\/div>\n\t\t<\/section>\n\t\t\t\t<\/div>\n\t\t","protected":false},"excerpt":{"rendered":"<p>Human Mar, 11 Abr &#8211; 11:00 AM M\u00e1s informaci\u00f3n Estamos a tiempo Mar, 11 Abr &#8211; 12:30 PM M\u00e1s informaci\u00f3n YO-YO Mar, 11 Abr &#8211; 13:45 PM M\u00e1s informaci\u00f3n La Malcasada Mar, 11 Abr &#8211;&hellip;<\/p>\n","protected":false},"author":1,"featured_media":0,"parent":0,"menu_order":0,"comment_status":"closed","ping_status":"closed","template":"","meta":{"footnotes":""},"class_list":["post-323","page","type-page","status-publish","hentry","cat_teatro"],"_links":{"self":[{"href":"https:\/\/faemclm.es\/feriaxxvii\/wp-json\/wp\/v2\/pages\/323","targetHints":{"allow":["GET"]}}],"collection":[{"href":"https:\/\/faemclm.es\/feriaxxvii\/wp-json\/wp\/v2\/pages"}],"about":[{"href":"https:\/\/faemclm.es\/feriaxxvii\/wp-json\/wp\/v2\/types\/page"}],"author":[{"embeddable":true,"href":"https:\/\/faemclm.es\/feriaxxvii\/wp-json\/wp\/v2\/users\/1"}],"replies":[{"embeddable":true,"href":"https:\/\/faemclm.es\/feriaxxvii\/wp-json\/wp\/v2\/comments?post=323"}],"version-history":[{"count":0,"href":"https:\/\/faemclm.es\/feriaxxvii\/wp-json\/wp\/v2\/pages\/323\/revisions"}],"wp:attachment":[{"href":"https:\/\/faemclm.es\/feriaxxvii\/wp-json\/wp\/v2\/media?parent=323"}],"curies":[{"name":"wp","href":"https:\/\/api.w.org\/{rel}","templated":true}]}}