{"id":4032,"date":"2023-02-28T11:29:16","date_gmt":"2023-02-28T10:29:16","guid":{"rendered":"https:\/\/faemclm.es\/?post_type=tribe_events&#038;p=4032"},"modified":"2023-04-11T22:26:25","modified_gmt":"2023-04-11T20:26:25","slug":"estamos-a-tiempo","status":"publish","type":"tribe_events","link":"https:\/\/faemclm.es\/feriaxxvii\/espectaculo\/estamos-a-tiempo\/","title":{"rendered":"Estamos a tiempo"},"content":{"rendered":"\t\t<div data-elementor-type=\"wp-post\" data-elementor-id=\"4032\" class=\"elementor elementor-4032\">\n\t\t\t\t<br \/>\n<b>Warning<\/b>:  Undefined array key \"options\" in <b>\/srv\/vhost\/faemclm.es\/home\/html\/feriaxxvii\/wp-content\/plugins\/trx_addons\/components\/api\/elementor\/elementor.php<\/b> on line <b>1042<\/b><br \/>\n\t\t<section class=\"elementor-section elementor-top-section elementor-element elementor-element-10c434e7 elementor-section-full_width elementor-section-height-default elementor-section-height-default\" data-id=\"10c434e7\" data-element_type=\"section\" data-settings=\"{&quot;background_background&quot;:&quot;classic&quot;}\">\n\t\t\t\t\t\t<div class=\"elementor-container elementor-column-gap-no\">\n\t\t\t\t\t<div class=\"elementor-column elementor-col-33 elementor-top-column elementor-element elementor-element-613dcfff sc_layouts_column_icons_position_left\" data-id=\"613dcfff\" data-element_type=\"column\">\n\t\t\t<div class=\"elementor-widget-wrap elementor-element-populated\">\n\t\t\t\t\t\t<div class=\"elementor-element elementor-element-9b8bfe0 elementor-widget elementor-widget-image\" data-id=\"9b8bfe0\" data-element_type=\"widget\" data-widget_type=\"image.default\">\n\t\t\t\t<div class=\"elementor-widget-container\">\n\t\t\t\t\t\t\t\t\t\t\t\t\t\t\t<img fetchpriority=\"high\" decoding=\"async\" width=\"1240\" height=\"1755\" src=\"https:\/\/faemclm.es\/feriaxxvii\/wp-content\/uploads\/2023\/02\/Cartel-Estamos-a-tiempo.jpg\" class=\"attachment-full size-full wp-image-4028\" alt=\"\" srcset=\"https:\/\/faemclm.es\/feriaxxvii\/wp-content\/uploads\/2023\/02\/Cartel-Estamos-a-tiempo.jpg 1240w, https:\/\/faemclm.es\/feriaxxvii\/wp-content\/uploads\/2023\/02\/Cartel-Estamos-a-tiempo-212x300.jpg 212w, https:\/\/faemclm.es\/feriaxxvii\/wp-content\/uploads\/2023\/02\/Cartel-Estamos-a-tiempo-724x1024.jpg 724w, https:\/\/faemclm.es\/feriaxxvii\/wp-content\/uploads\/2023\/02\/Cartel-Estamos-a-tiempo-768x1087.jpg 768w, https:\/\/faemclm.es\/feriaxxvii\/wp-content\/uploads\/2023\/02\/Cartel-Estamos-a-tiempo-1085x1536.jpg 1085w, https:\/\/faemclm.es\/feriaxxvii\/wp-content\/uploads\/2023\/02\/Cartel-Estamos-a-tiempo-370x524.jpg 370w, https:\/\/faemclm.es\/feriaxxvii\/wp-content\/uploads\/2023\/02\/Cartel-Estamos-a-tiempo-812x1149.jpg 812w, https:\/\/faemclm.es\/feriaxxvii\/wp-content\/uploads\/2023\/02\/Cartel-Estamos-a-tiempo-406x575.jpg 406w\" sizes=\"(max-width: 1240px) 100vw, 1240px\" \/>\t\t\t\t\t\t\t\t\t\t\t\t\t\t\t<\/div>\n\t\t\t\t<\/div>\n\t\t\t\t\t<\/div>\n\t\t<\/div>\n\t\t\t\t<div class=\"elementor-column elementor-col-33 elementor-top-column elementor-element elementor-element-78563ca5 sc_layouts_column_icons_position_left\" data-id=\"78563ca5\" data-element_type=\"column\" data-settings=\"{&quot;background_background&quot;:&quot;classic&quot;}\">\n\t\t\t<div class=\"elementor-widget-wrap elementor-element-populated\">\n\t\t\t\t\t\t<div class=\"elementor-element elementor-element-63675f8d elementor-widget elementor-widget-heading\" data-id=\"63675f8d\" data-element_type=\"widget\" data-widget_type=\"heading.default\">\n\t\t\t\t<div class=\"elementor-widget-container\">\n\t\t\t\t\t<h4 class=\"elementor-heading-title elementor-size-default\">Equipo T\u00e9cnico y Art\u00edstico<\/h4>\t\t\t\t<\/div>\n\t\t\t\t<\/div>\n\t\t\t\t<div class=\"elementor-element elementor-element-427968c7 elementor-widget elementor-widget-text-editor\" data-id=\"427968c7\" data-element_type=\"widget\" data-widget_type=\"text-editor.default\">\n\t\t\t\t<div class=\"elementor-widget-container\">\n\t\t\t\t\t\t\t\t\t<p><strong>Idea Original y Direcci\u00f3n:<\/strong>\u00a0Jos\u00e9 Ram\u00f3n Marcos Mart\u00ednez<br \/><strong>Coreograf\u00eda:<\/strong>\u00a0Jos\u00e9 Ram\u00f3n Marcos<br \/><strong>Ayudantes de Direcci\u00f3n:<\/strong>\u00a0Montserrat Jim\u00e9nez, Laura Simarro y Miriam Torres<br \/><strong>Fotograf\u00eda y V\u00eddeo:<\/strong>\u00a0Colectivofoto Albacete<br \/><strong>Direcci\u00f3n:<\/strong>\u00a0Jos\u00e9 Ram\u00f3n Marcos Mart\u00ednez<br \/><strong>Iluminaci\u00f3n:<\/strong>\u00a0Equipo T\u00e9cnico del Teatro Circo de Albacete<br \/><b>Direcci\u00f3n Esc\u00e9nica:<\/b>\u00a0Jos\u00e9 Ram\u00f3n Marcos Mart\u00ednez<br \/><strong>Escenograf\u00eda:<\/strong>\u00a0Mar\u00eda Rosa Mart\u00ednez y Pilar S\u00e1nchez<br \/><strong>Vestuario:<\/strong>\u00a0Laura Simarro<br \/><strong>Compa\u00f1\u00eda:<\/strong>\u00a0Estamos a Tiempo<\/p>\t\t\t\t\t\t\t\t<\/div>\n\t\t\t\t<\/div>\n\t\t\t\t\t<\/div>\n\t\t<\/div>\n\t\t\t\t<div class=\"elementor-column elementor-col-33 elementor-top-column elementor-element elementor-element-679f1fb3 sc_layouts_column_icons_position_left\" data-id=\"679f1fb3\" data-element_type=\"column\" data-settings=\"{&quot;background_background&quot;:&quot;classic&quot;}\">\n\t\t\t<div class=\"elementor-widget-wrap elementor-element-populated\">\n\t\t\t\t\t<div class=\"elementor-background-overlay\"><\/div>\n\t\t\t\t\t\t<div class=\"elementor-element elementor-element-128601d7 elementor-widget elementor-widget-spacer\" data-id=\"128601d7\" data-element_type=\"widget\" data-widget_type=\"spacer.default\">\n\t\t\t\t<div class=\"elementor-widget-container\">\n\t\t\t\t\t\t\t<div class=\"elementor-spacer\">\n\t\t\t<div class=\"elementor-spacer-inner\"><\/div>\n\t\t<\/div>\n\t\t\t\t\t\t<\/div>\n\t\t\t\t<\/div>\n\t\t\t\t\t<\/div>\n\t\t<\/div>\n\t\t\t\t\t<\/div>\n\t\t<\/section>\n\t\t\t\t<section class=\"elementor-section elementor-top-section elementor-element elementor-element-7101d9e6 elementor-section-full_width elementor-section-height-default elementor-section-height-default\" data-id=\"7101d9e6\" data-element_type=\"section\" data-settings=\"{&quot;background_background&quot;:&quot;classic&quot;}\">\n\t\t\t\t\t\t\t<div class=\"elementor-background-overlay\"><\/div>\n\t\t\t\t\t\t\t<div class=\"elementor-container elementor-column-gap-no\">\n\t\t\t\t\t<div class=\"elementor-column elementor-col-100 elementor-top-column elementor-element elementor-element-135645c4 sc_layouts_column_icons_position_left\" data-id=\"135645c4\" data-element_type=\"column\">\n\t\t\t<div class=\"elementor-widget-wrap elementor-element-populated\">\n\t\t\t\t\t\t<div class=\"elementor-element elementor-element-9301af5 elementor-widget elementor-widget-spacer\" data-id=\"9301af5\" data-element_type=\"widget\" data-widget_type=\"spacer.default\">\n\t\t\t\t<div class=\"elementor-widget-container\">\n\t\t\t\t\t\t\t<div class=\"elementor-spacer\">\n\t\t\t<div class=\"elementor-spacer-inner\"><\/div>\n\t\t<\/div>\n\t\t\t\t\t\t<\/div>\n\t\t\t\t<\/div>\n\t\t\t\t<div class=\"elementor-element elementor-element-47080d29 elementor-widget elementor-widget-heading\" data-id=\"47080d29\" data-element_type=\"widget\" data-widget_type=\"heading.default\">\n\t\t\t\t<div class=\"elementor-widget-container\">\n\t\t\t\t\t<div class=\"elementor-heading-title elementor-size-large\">Para todos los p\u00fablicos | 60 minutos | Teatro Circo <\/div>\t\t\t\t<\/div>\n\t\t\t\t<\/div>\n\t\t\t\t<div class=\"elementor-element elementor-element-c50ac5e elementor-widget elementor-widget-spacer\" data-id=\"c50ac5e\" data-element_type=\"widget\" data-widget_type=\"spacer.default\">\n\t\t\t\t<div class=\"elementor-widget-container\">\n\t\t\t\t\t\t\t<div class=\"elementor-spacer\">\n\t\t\t<div class=\"elementor-spacer-inner\"><\/div>\n\t\t<\/div>\n\t\t\t\t\t\t<\/div>\n\t\t\t\t<\/div>\n\t\t\t\t\t<\/div>\n\t\t<\/div>\n\t\t\t\t\t<\/div>\n\t\t<\/section>\n\t\t\t\t<section class=\"elementor-section elementor-top-section elementor-element elementor-element-19d80c9b elementor-section-full_width elementor-section-height-default elementor-section-height-default\" data-id=\"19d80c9b\" data-element_type=\"section\">\n\t\t\t\t\t\t<div class=\"elementor-container elementor-column-gap-extended\">\n\t\t\t\t\t<div class=\"elementor-column elementor-col-33 elementor-top-column elementor-element elementor-element-7c7bc54d sc_layouts_column_icons_position_left\" data-id=\"7c7bc54d\" data-element_type=\"column\" data-settings=\"{&quot;background_background&quot;:&quot;classic&quot;}\">\n\t\t\t<div class=\"elementor-widget-wrap\">\n\t\t\t\t\t\t\t<\/div>\n\t\t<\/div>\n\t\t\t\t<div class=\"elementor-column elementor-col-33 elementor-top-column elementor-element elementor-element-2ca609e5 sc_layouts_column_icons_position_left\" data-id=\"2ca609e5\" data-element_type=\"column\">\n\t\t\t<div class=\"elementor-widget-wrap elementor-element-populated\">\n\t\t\t\t\t\t<div class=\"elementor-element elementor-element-393280cd elementor-widget elementor-widget-heading\" data-id=\"393280cd\" data-element_type=\"widget\" data-widget_type=\"heading.default\">\n\t\t\t\t<div class=\"elementor-widget-container\">\n\t\t\t\t\t<h4 class=\"elementor-heading-title elementor-size-default\">Sinopsis<\/h4>\t\t\t\t<\/div>\n\t\t\t\t<\/div>\n\t\t\t\t<div class=\"elementor-element elementor-element-52ba8d16 elementor-widget elementor-widget-text-editor\" data-id=\"52ba8d16\" data-element_type=\"widget\" data-widget_type=\"text-editor.default\">\n\t\t\t\t<div class=\"elementor-widget-container\">\n\t\t\t\t\t\t\t\t\t<p>&#8216;Estamos a tiempo&#8217; es el resultado esc\u00e9nico del viaje art\u00edstico realizado por 17 int\u00e9rpretes de universos infinitos y completamente diferentes. A trav\u00e9s de este viaje, las\/os protagonistas de esta experiencia han creado, a trav\u00e9s de la exploraci\u00f3n personal y grupal, paisajes extraordinarios en los que el movimiento, la voz, la m\u00fasica y el juego se convierten en instrumentos de nexo para construir una elegancia com\u00fan y un lenguaje esc\u00e9nica que, \u00fanicamente, se manifiesta a trav\u00e9s de la magia del ser y el placer por sentir en grupo.<\/p>\t\t\t\t\t\t\t\t<\/div>\n\t\t\t\t<\/div>\n\t\t\t\t<div class=\"elementor-element elementor-element-31a101e elementor-widget elementor-widget-spacer\" data-id=\"31a101e\" data-element_type=\"widget\" data-widget_type=\"spacer.default\">\n\t\t\t\t<div class=\"elementor-widget-container\">\n\t\t\t\t\t\t\t<div class=\"elementor-spacer\">\n\t\t\t<div class=\"elementor-spacer-inner\"><\/div>\n\t\t<\/div>\n\t\t\t\t\t\t<\/div>\n\t\t\t\t<\/div>\n\t\t\t\t<section class=\"elementor-section elementor-inner-section elementor-element elementor-element-7775984b elementor-section-full_width elementor-section-height-default elementor-section-height-default\" data-id=\"7775984b\" data-element_type=\"section\">\n\t\t\t\t\t\t<div class=\"elementor-container elementor-column-gap-no\">\n\t\t\t\t\t<div class=\"elementor-column elementor-col-50 elementor-inner-column elementor-element elementor-element-171d4174 sc_layouts_column_icons_position_left\" data-id=\"171d4174\" data-element_type=\"column\">\n\t\t\t<div class=\"elementor-widget-wrap elementor-element-populated\">\n\t\t\t\t\t\t<div class=\"elementor-element elementor-element-51671d9b elementor-widget elementor-widget-heading\" data-id=\"51671d9b\" data-element_type=\"widget\" data-widget_type=\"heading.default\">\n\t\t\t\t<div class=\"elementor-widget-container\">\n\t\t\t\t\t<h4 class=\"elementor-heading-title elementor-size-default\">Reparto<\/h4>\t\t\t\t<\/div>\n\t\t\t\t<\/div>\n\t\t\t\t<div class=\"elementor-element elementor-element-f04fb44 elementor-widget elementor-widget-text-editor\" data-id=\"f04fb44\" data-element_type=\"widget\" data-widget_type=\"text-editor.default\">\n\t\t\t\t<div class=\"elementor-widget-container\">\n\t\t\t\t\t\t\t\t\t<p>Moussa Ba<br \/>Paula Mart\u00ednez<br \/>Isabel Bl\u00e1zquez<br \/>Maya M\u00ednguez<br \/>Cristina Cabezuelo<br \/>Mario Mu\u00f1oz<br \/>Tom\u00e1s Calonge<br \/>Ana Cristina Pe\u00f1arroya<br \/>Mar\u00eda Carre\u00f1o<br \/>Miriam Torres<br \/>\u00c1lvaro Jim\u00e9nez<br \/>Ana Rosa Ponce<br \/>Isabel Jim\u00e9nez<br \/>Laura Simarro<br \/>Montserrat Jim\u00e9nez<br \/>\u00c1ngela Sit\u00f3<br \/>Rub\u00e9n L\u00f3pez<br \/>Eurimay Wuiss<\/p>\t\t\t\t\t\t\t\t<\/div>\n\t\t\t\t<\/div>\n\t\t\t\t\t<\/div>\n\t\t<\/div>\n\t\t\t\t<div class=\"elementor-column elementor-col-50 elementor-inner-column elementor-element elementor-element-3d299cbc sc_layouts_column_icons_position_left\" data-id=\"3d299cbc\" data-element_type=\"column\">\n\t\t\t<div class=\"elementor-widget-wrap elementor-element-populated\">\n\t\t\t\t\t\t<div class=\"elementor-element elementor-element-2262c2fe elementor-widget elementor-widget-heading\" data-id=\"2262c2fe\" data-element_type=\"widget\" data-widget_type=\"heading.default\">\n\t\t\t\t<div class=\"elementor-widget-container\">\n\t\t\t\t\t<h4 class=\"elementor-heading-title elementor-size-default\">Datos de distribuci\u00f3n<\/h4>\t\t\t\t<\/div>\n\t\t\t\t<\/div>\n\t\t\t\t<div class=\"elementor-element elementor-element-53294614 elementor-widget elementor-widget-text-editor\" data-id=\"53294614\" data-element_type=\"widget\" data-widget_type=\"text-editor.default\">\n\t\t\t\t<div class=\"elementor-widget-container\">\n\t\t\t\t\t\t\t\t\t<strong>Distribuidor:<\/strong> Estamos a tiempo\n<strong>Email:\u00a0<\/strong>proyectoestamosatiempo@gmail.com\n<strong>Tel\u00e9fono:<\/strong>\u00a0625 216 399\t\t\t\t\t\t\t\t<\/div>\n\t\t\t\t<\/div>\n\t\t\t\t\t<\/div>\n\t\t<\/div>\n\t\t\t\t\t<\/div>\n\t\t<\/section>\n\t\t\t\t<div class=\"elementor-element elementor-element-4bc75acb elementor-widget elementor-widget-spacer\" data-id=\"4bc75acb\" data-element_type=\"widget\" data-widget_type=\"spacer.default\">\n\t\t\t\t<div class=\"elementor-widget-container\">\n\t\t\t\t\t\t\t<div class=\"elementor-spacer\">\n\t\t\t<div class=\"elementor-spacer-inner\"><\/div>\n\t\t<\/div>\n\t\t\t\t\t\t<\/div>\n\t\t\t\t<\/div>\n\t\t\t\t<div class=\"elementor-element elementor-element-7d8e9273 elementor-widget elementor-widget-heading\" data-id=\"7d8e9273\" data-element_type=\"widget\" data-widget_type=\"heading.default\">\n\t\t\t\t<div class=\"elementor-widget-container\">\n\t\t\t\t\t<h4 class=\"elementor-heading-title elementor-size-default\">Galer\u00eda<\/h4>\t\t\t\t<\/div>\n\t\t\t\t<\/div>\n\t\t\t\t<div class=\"elementor-element elementor-element-25b33c35 elementor-widget elementor-widget-image-gallery\" data-id=\"25b33c35\" data-element_type=\"widget\" data-widget_type=\"image-gallery.default\">\n\t\t\t\t<div class=\"elementor-widget-container\">\n\t\t\t\t\t\t\t<div class=\"elementor-image-gallery\">\n\t\t\t<div id='gallery-1' class='gallery galleryid-4032 gallery-columns-3 gallery-size-ostende-thumb-med'><figure class='gallery-item'>\n\t\t\t<div class='gallery-icon landscape'>\n\t\t\t\t<a data-elementor-open-lightbox=\"no\" href='https:\/\/faemclm.es\/feriaxxvii\/wp-content\/uploads\/2023\/02\/estamos-a-tiempo-01.jpg'><img decoding=\"async\" width=\"406\" height=\"228\" src=\"https:\/\/faemclm.es\/feriaxxvii\/wp-content\/uploads\/2023\/02\/estamos-a-tiempo-01-406x228.jpg\" class=\"attachment-ostende-thumb-med size-ostende-thumb-med\" alt=\"\" srcset=\"https:\/\/faemclm.es\/feriaxxvii\/wp-content\/uploads\/2023\/02\/estamos-a-tiempo-01-406x228.jpg 406w, https:\/\/faemclm.es\/feriaxxvii\/wp-content\/uploads\/2023\/02\/estamos-a-tiempo-01-842x474.jpg 842w, https:\/\/faemclm.es\/feriaxxvii\/wp-content\/uploads\/2023\/02\/estamos-a-tiempo-01-270x152.jpg 270w\" sizes=\"(max-width: 406px) 100vw, 406px\" \/><\/a>\n\t\t\t<\/div><\/figure><figure class='gallery-item'>\n\t\t\t<div class='gallery-icon landscape'>\n\t\t\t\t<a data-elementor-open-lightbox=\"no\" href='https:\/\/faemclm.es\/feriaxxvii\/wp-content\/uploads\/2023\/02\/estamos-a-tiempo-02.jpg'><img decoding=\"async\" width=\"406\" height=\"228\" src=\"https:\/\/faemclm.es\/feriaxxvii\/wp-content\/uploads\/2023\/02\/estamos-a-tiempo-02-406x228.jpg\" class=\"attachment-ostende-thumb-med size-ostende-thumb-med\" alt=\"\" srcset=\"https:\/\/faemclm.es\/feriaxxvii\/wp-content\/uploads\/2023\/02\/estamos-a-tiempo-02-406x228.jpg 406w, https:\/\/faemclm.es\/feriaxxvii\/wp-content\/uploads\/2023\/02\/estamos-a-tiempo-02-842x474.jpg 842w, https:\/\/faemclm.es\/feriaxxvii\/wp-content\/uploads\/2023\/02\/estamos-a-tiempo-02-270x152.jpg 270w\" sizes=\"(max-width: 406px) 100vw, 406px\" \/><\/a>\n\t\t\t<\/div><\/figure><figure class='gallery-item'>\n\t\t\t<div class='gallery-icon landscape'>\n\t\t\t\t<a data-elementor-open-lightbox=\"no\" href='https:\/\/faemclm.es\/feriaxxvii\/wp-content\/uploads\/2023\/02\/estamos-a-tiempo-03.jpg'><img loading=\"lazy\" decoding=\"async\" width=\"406\" height=\"228\" src=\"https:\/\/faemclm.es\/feriaxxvii\/wp-content\/uploads\/2023\/02\/estamos-a-tiempo-03-406x228.jpg\" class=\"attachment-ostende-thumb-med size-ostende-thumb-med\" alt=\"\" srcset=\"https:\/\/faemclm.es\/feriaxxvii\/wp-content\/uploads\/2023\/02\/estamos-a-tiempo-03-406x228.jpg 406w, https:\/\/faemclm.es\/feriaxxvii\/wp-content\/uploads\/2023\/02\/estamos-a-tiempo-03-842x474.jpg 842w, https:\/\/faemclm.es\/feriaxxvii\/wp-content\/uploads\/2023\/02\/estamos-a-tiempo-03-270x152.jpg 270w\" sizes=\"(max-width: 406px) 100vw, 406px\" \/><\/a>\n\t\t\t<\/div><\/figure>\n\t\t<\/div>\n\t\t<\/div>\n\t\t\t\t\t\t<\/div>\n\t\t\t\t<\/div>\n\t\t\t\t<div class=\"elementor-element elementor-element-92f506f elementor-widget elementor-widget-heading\" data-id=\"92f506f\" data-element_type=\"widget\" data-widget_type=\"heading.default\">\n\t\t\t\t<div class=\"elementor-widget-container\">\n\t\t\t\t\t<h4 class=\"elementor-heading-title elementor-size-default\">Fotograf\u00edas en la FAEMCLM 2023<\/h4>\t\t\t\t<\/div>\n\t\t\t\t<\/div>\n\t\t\t\t<div class=\"elementor-element elementor-element-8e50fd0 elementor-widget elementor-widget-image-gallery\" data-id=\"8e50fd0\" data-element_type=\"widget\" data-widget_type=\"image-gallery.default\">\n\t\t\t\t<div class=\"elementor-widget-container\">\n\t\t\t\t\t\t\t<div class=\"elementor-image-gallery\">\n\t\t\t<div id='gallery-2' class='gallery galleryid-4032 gallery-columns-3 gallery-size-ostende-thumb-med'><figure class='gallery-item'>\n\t\t\t<div class='gallery-icon landscape'>\n\t\t\t\t<a data-elementor-open-lightbox=\"no\" href='https:\/\/faemclm.es\/feriaxxvii\/wp-content\/uploads\/2023\/04\/11042023-Estamosatiempo-FAEM-03.jpg'><img loading=\"lazy\" decoding=\"async\" width=\"406\" height=\"228\" src=\"https:\/\/faemclm.es\/feriaxxvii\/wp-content\/uploads\/2023\/04\/11042023-Estamosatiempo-FAEM-03-406x228.jpg\" class=\"attachment-ostende-thumb-med size-ostende-thumb-med\" alt=\"\" srcset=\"https:\/\/faemclm.es\/feriaxxvii\/wp-content\/uploads\/2023\/04\/11042023-Estamosatiempo-FAEM-03-406x228.jpg 406w, https:\/\/faemclm.es\/feriaxxvii\/wp-content\/uploads\/2023\/04\/11042023-Estamosatiempo-FAEM-03-842x474.jpg 842w, https:\/\/faemclm.es\/feriaxxvii\/wp-content\/uploads\/2023\/04\/11042023-Estamosatiempo-FAEM-03-270x152.jpg 270w\" sizes=\"(max-width: 406px) 100vw, 406px\" \/><\/a>\n\t\t\t<\/div><\/figure><figure class='gallery-item'>\n\t\t\t<div class='gallery-icon landscape'>\n\t\t\t\t<a data-elementor-open-lightbox=\"no\" href='https:\/\/faemclm.es\/feriaxxvii\/wp-content\/uploads\/2023\/04\/11042023-Estamosatiempo-FAEM-04.jpg'><img loading=\"lazy\" decoding=\"async\" width=\"406\" height=\"228\" src=\"https:\/\/faemclm.es\/feriaxxvii\/wp-content\/uploads\/2023\/04\/11042023-Estamosatiempo-FAEM-04-406x228.jpg\" class=\"attachment-ostende-thumb-med size-ostende-thumb-med\" alt=\"\" srcset=\"https:\/\/faemclm.es\/feriaxxvii\/wp-content\/uploads\/2023\/04\/11042023-Estamosatiempo-FAEM-04-406x228.jpg 406w, https:\/\/faemclm.es\/feriaxxvii\/wp-content\/uploads\/2023\/04\/11042023-Estamosatiempo-FAEM-04-842x474.jpg 842w, https:\/\/faemclm.es\/feriaxxvii\/wp-content\/uploads\/2023\/04\/11042023-Estamosatiempo-FAEM-04-270x152.jpg 270w\" sizes=\"(max-width: 406px) 100vw, 406px\" \/><\/a>\n\t\t\t<\/div><\/figure><figure class='gallery-item'>\n\t\t\t<div class='gallery-icon landscape'>\n\t\t\t\t<a data-elementor-open-lightbox=\"no\" href='https:\/\/faemclm.es\/feriaxxvii\/wp-content\/uploads\/2023\/04\/11042023-Estamosatiempo-FAEM-05.jpg'><img loading=\"lazy\" decoding=\"async\" width=\"406\" height=\"228\" src=\"https:\/\/faemclm.es\/feriaxxvii\/wp-content\/uploads\/2023\/04\/11042023-Estamosatiempo-FAEM-05-406x228.jpg\" class=\"attachment-ostende-thumb-med size-ostende-thumb-med\" alt=\"\" srcset=\"https:\/\/faemclm.es\/feriaxxvii\/wp-content\/uploads\/2023\/04\/11042023-Estamosatiempo-FAEM-05-406x228.jpg 406w, https:\/\/faemclm.es\/feriaxxvii\/wp-content\/uploads\/2023\/04\/11042023-Estamosatiempo-FAEM-05-842x474.jpg 842w, https:\/\/faemclm.es\/feriaxxvii\/wp-content\/uploads\/2023\/04\/11042023-Estamosatiempo-FAEM-05-270x152.jpg 270w\" sizes=\"(max-width: 406px) 100vw, 406px\" \/><\/a>\n\t\t\t<\/div><\/figure>\n\t\t<\/div>\n\t\t<\/div>\n\t\t\t\t\t\t<\/div>\n\t\t\t\t<\/div>\n\t\t\t\t\t<\/div>\n\t\t<\/div>\n\t\t\t\t<div class=\"elementor-column elementor-col-33 elementor-top-column elementor-element elementor-element-4a3cac3e sc_layouts_column_icons_position_left\" data-id=\"4a3cac3e\" data-element_type=\"column\" data-settings=\"{&quot;background_background&quot;:&quot;classic&quot;}\">\n\t\t\t<div class=\"elementor-widget-wrap\">\n\t\t\t\t\t\t\t<\/div>\n\t\t<\/div>\n\t\t\t\t\t<\/div>\n\t\t<\/section>\n\t\t\t\t<\/div>\n\t\t","protected":false},"excerpt":{"rendered":"<p>Equipo T\u00e9cnico y Art\u00edstico Idea Original y Direcci\u00f3n:\u00a0Jos\u00e9 Ram\u00f3n Marcos Mart\u00ednezCoreograf\u00eda:\u00a0Jos\u00e9 Ram\u00f3n MarcosAyudantes de Direcci\u00f3n:\u00a0Montserrat Jim\u00e9nez, Laura Simarro y Miriam TorresFotograf\u00eda y V\u00eddeo:\u00a0Colectivofoto AlbaceteDirecci\u00f3n:\u00a0Jos\u00e9 Ram\u00f3n Marcos Mart\u00ednezIluminaci\u00f3n:\u00a0Equipo T\u00e9cnico del Teatro Circo de AlbaceteDirecci\u00f3n Esc\u00e9nica:\u00a0Jos\u00e9 Ram\u00f3n&hellip;<\/p>\n","protected":false},"author":1,"featured_media":4028,"comment_status":"closed","ping_status":"closed","template":"","meta":{"_tribe_events_status":"","_tribe_events_status_reason":"","footnotes":""},"tags":[],"tribe_events_cat":[52],"class_list":["post-4032","tribe_events","type-tribe_events","status-publish","has-post-thumbnail","hentry","tribe_events_cat-danza","cat_danza"],"_links":{"self":[{"href":"https:\/\/faemclm.es\/feriaxxvii\/wp-json\/wp\/v2\/tribe_events\/4032","targetHints":{"allow":["GET"]}}],"collection":[{"href":"https:\/\/faemclm.es\/feriaxxvii\/wp-json\/wp\/v2\/tribe_events"}],"about":[{"href":"https:\/\/faemclm.es\/feriaxxvii\/wp-json\/wp\/v2\/types\/tribe_events"}],"author":[{"embeddable":true,"href":"https:\/\/faemclm.es\/feriaxxvii\/wp-json\/wp\/v2\/users\/1"}],"replies":[{"embeddable":true,"href":"https:\/\/faemclm.es\/feriaxxvii\/wp-json\/wp\/v2\/comments?post=4032"}],"version-history":[{"count":0,"href":"https:\/\/faemclm.es\/feriaxxvii\/wp-json\/wp\/v2\/tribe_events\/4032\/revisions"}],"wp:featuredmedia":[{"embeddable":true,"href":"https:\/\/faemclm.es\/feriaxxvii\/wp-json\/wp\/v2\/media\/4028"}],"wp:attachment":[{"href":"https:\/\/faemclm.es\/feriaxxvii\/wp-json\/wp\/v2\/media?parent=4032"}],"wp:term":[{"taxonomy":"post_tag","embeddable":true,"href":"https:\/\/faemclm.es\/feriaxxvii\/wp-json\/wp\/v2\/tags?post=4032"},{"taxonomy":"tribe_events_cat","embeddable":true,"href":"https:\/\/faemclm.es\/feriaxxvii\/wp-json\/wp\/v2\/tribe_events_cat?post=4032"}],"curies":[{"name":"wp","href":"https:\/\/api.w.org\/{rel}","templated":true}]}}