{"id":4145,"date":"2023-02-28T13:10:22","date_gmt":"2023-02-28T12:10:22","guid":{"rendered":"https:\/\/faemclm.es\/?post_type=tribe_events&#038;p=4145"},"modified":"2023-04-12T18:03:45","modified_gmt":"2023-04-12T16:03:45","slug":"a-barca-do-inferno","status":"publish","type":"tribe_events","link":"https:\/\/faemclm.es\/feriaxxvii\/espectaculo\/a-barca-do-inferno\/","title":{"rendered":"A Barca do Inferno"},"content":{"rendered":"\t\t<div data-elementor-type=\"wp-post\" data-elementor-id=\"4145\" class=\"elementor elementor-4145\">\n\t\t\t\t<br \/>\n<b>Warning<\/b>:  Undefined array key \"options\" in <b>\/srv\/vhost\/faemclm.es\/home\/html\/feriaxxvii\/wp-content\/plugins\/trx_addons\/components\/api\/elementor\/elementor.php<\/b> on line <b>1042<\/b><br \/>\n\t\t<section class=\"elementor-section elementor-top-section elementor-element elementor-element-13eab022 elementor-section-full_width elementor-section-height-default elementor-section-height-default\" data-id=\"13eab022\" data-element_type=\"section\" data-settings=\"{&quot;background_background&quot;:&quot;classic&quot;}\">\n\t\t\t\t\t\t<div class=\"elementor-container elementor-column-gap-no\">\n\t\t\t\t\t<div class=\"elementor-column elementor-col-33 elementor-top-column elementor-element elementor-element-26bd8810 sc_layouts_column_icons_position_left\" data-id=\"26bd8810\" data-element_type=\"column\">\n\t\t\t<div class=\"elementor-widget-wrap elementor-element-populated\">\n\t\t\t\t\t\t<div class=\"elementor-element elementor-element-31171e62 elementor-widget elementor-widget-image\" data-id=\"31171e62\" data-element_type=\"widget\" data-widget_type=\"image.default\">\n\t\t\t\t<div class=\"elementor-widget-container\">\n\t\t\t\t\t\t\t\t\t\t\t\t\t\t\t<img fetchpriority=\"high\" decoding=\"async\" width=\"1240\" height=\"1755\" src=\"https:\/\/faemclm.es\/feriaxxvii\/wp-content\/uploads\/2023\/02\/Cartel-A-barca-do-inferno.jpg\" class=\"attachment-full size-full wp-image-4141\" alt=\"\" srcset=\"https:\/\/faemclm.es\/feriaxxvii\/wp-content\/uploads\/2023\/02\/Cartel-A-barca-do-inferno.jpg 1240w, https:\/\/faemclm.es\/feriaxxvii\/wp-content\/uploads\/2023\/02\/Cartel-A-barca-do-inferno-212x300.jpg 212w, https:\/\/faemclm.es\/feriaxxvii\/wp-content\/uploads\/2023\/02\/Cartel-A-barca-do-inferno-724x1024.jpg 724w, https:\/\/faemclm.es\/feriaxxvii\/wp-content\/uploads\/2023\/02\/Cartel-A-barca-do-inferno-768x1087.jpg 768w, https:\/\/faemclm.es\/feriaxxvii\/wp-content\/uploads\/2023\/02\/Cartel-A-barca-do-inferno-1085x1536.jpg 1085w, https:\/\/faemclm.es\/feriaxxvii\/wp-content\/uploads\/2023\/02\/Cartel-A-barca-do-inferno-370x524.jpg 370w, https:\/\/faemclm.es\/feriaxxvii\/wp-content\/uploads\/2023\/02\/Cartel-A-barca-do-inferno-812x1149.jpg 812w, https:\/\/faemclm.es\/feriaxxvii\/wp-content\/uploads\/2023\/02\/Cartel-A-barca-do-inferno-406x575.jpg 406w\" sizes=\"(max-width: 1240px) 100vw, 1240px\" \/>\t\t\t\t\t\t\t\t\t\t\t\t\t\t\t<\/div>\n\t\t\t\t<\/div>\n\t\t\t\t\t<\/div>\n\t\t<\/div>\n\t\t\t\t<div class=\"elementor-column elementor-col-33 elementor-top-column elementor-element elementor-element-1470a14c sc_layouts_column_icons_position_left\" data-id=\"1470a14c\" data-element_type=\"column\" data-settings=\"{&quot;background_background&quot;:&quot;classic&quot;}\">\n\t\t\t<div class=\"elementor-widget-wrap elementor-element-populated\">\n\t\t\t\t\t\t<div class=\"elementor-element elementor-element-723e1274 elementor-widget elementor-widget-heading\" data-id=\"723e1274\" data-element_type=\"widget\" data-widget_type=\"heading.default\">\n\t\t\t\t<div class=\"elementor-widget-container\">\n\t\t\t\t\t<h4 class=\"elementor-heading-title elementor-size-default\">Equipo T\u00e9cnico y Art\u00edstico<\/h4>\t\t\t\t<\/div>\n\t\t\t\t<\/div>\n\t\t\t\t<div class=\"elementor-element elementor-element-6e95db0e elementor-widget elementor-widget-text-editor\" data-id=\"6e95db0e\" data-element_type=\"widget\" data-widget_type=\"text-editor.default\">\n\t\t\t\t<div class=\"elementor-widget-container\">\n\t\t\t\t\t\t\t\t\t<p><strong>Direcci\u00f3n:<\/strong>\u00a0Rafael Rey<br \/><strong>Producc\u00edon:<\/strong>\u00a0Nauta, Centro Dram\u00e1tico Gallego<br \/><strong>M\u00fasica:<\/strong>\u00a0Tome Mouri\u00f1o<br \/><strong>Escenograf\u00eda y\u00a0Vestuario:<\/strong>\u00a0Lydia Guez<br \/><strong>Dramaturgia:<\/strong>\u00a0Nauta<br \/><strong>Iluminaci\u00f3n:<\/strong>\u00a0Carlos Gallardo Fotograf\u00eda<br \/><strong>G\u00e9nero:<\/strong>\u00a0S\u00e1tira y\u00a0Tragedia<\/p>\t\t\t\t\t\t\t\t<\/div>\n\t\t\t\t<\/div>\n\t\t\t\t\t<\/div>\n\t\t<\/div>\n\t\t\t\t<div class=\"elementor-column elementor-col-33 elementor-top-column elementor-element elementor-element-6d38a3da sc_layouts_column_icons_position_left\" data-id=\"6d38a3da\" data-element_type=\"column\" data-settings=\"{&quot;background_background&quot;:&quot;classic&quot;}\">\n\t\t\t<div class=\"elementor-widget-wrap elementor-element-populated\">\n\t\t\t\t\t<div class=\"elementor-background-overlay\"><\/div>\n\t\t\t\t\t\t<div class=\"elementor-element elementor-element-284d249c elementor-widget elementor-widget-spacer\" data-id=\"284d249c\" data-element_type=\"widget\" data-widget_type=\"spacer.default\">\n\t\t\t\t<div class=\"elementor-widget-container\">\n\t\t\t\t\t\t\t<div class=\"elementor-spacer\">\n\t\t\t<div class=\"elementor-spacer-inner\"><\/div>\n\t\t<\/div>\n\t\t\t\t\t\t<\/div>\n\t\t\t\t<\/div>\n\t\t\t\t\t<\/div>\n\t\t<\/div>\n\t\t\t\t\t<\/div>\n\t\t<\/section>\n\t\t\t\t<section class=\"elementor-section elementor-top-section elementor-element elementor-element-46ff273a elementor-section-full_width elementor-section-height-default elementor-section-height-default\" data-id=\"46ff273a\" data-element_type=\"section\" data-settings=\"{&quot;background_background&quot;:&quot;classic&quot;}\">\n\t\t\t\t\t\t\t<div class=\"elementor-background-overlay\"><\/div>\n\t\t\t\t\t\t\t<div class=\"elementor-container elementor-column-gap-no\">\n\t\t\t\t\t<div class=\"elementor-column elementor-col-100 elementor-top-column elementor-element elementor-element-692ff369 sc_layouts_column_icons_position_left\" data-id=\"692ff369\" data-element_type=\"column\">\n\t\t\t<div class=\"elementor-widget-wrap elementor-element-populated\">\n\t\t\t\t\t\t<div class=\"elementor-element elementor-element-41d85cf5 elementor-widget elementor-widget-spacer\" data-id=\"41d85cf5\" data-element_type=\"widget\" data-widget_type=\"spacer.default\">\n\t\t\t\t<div class=\"elementor-widget-container\">\n\t\t\t\t\t\t\t<div class=\"elementor-spacer\">\n\t\t\t<div class=\"elementor-spacer-inner\"><\/div>\n\t\t<\/div>\n\t\t\t\t\t\t<\/div>\n\t\t\t\t<\/div>\n\t\t\t\t<div class=\"elementor-element elementor-element-313817c5 elementor-widget elementor-widget-heading\" data-id=\"313817c5\" data-element_type=\"widget\" data-widget_type=\"heading.default\">\n\t\t\t\t<div class=\"elementor-widget-container\">\n\t\t\t\t\t<div class=\"elementor-heading-title elementor-size-large\">P\u00fablico Adulto(+10 a\u00f1os) | 70 minutos | Auditorio Municipal<\/div>\t\t\t\t<\/div>\n\t\t\t\t<\/div>\n\t\t\t\t<div class=\"elementor-element elementor-element-20ccd105 elementor-widget elementor-widget-spacer\" data-id=\"20ccd105\" data-element_type=\"widget\" data-widget_type=\"spacer.default\">\n\t\t\t\t<div class=\"elementor-widget-container\">\n\t\t\t\t\t\t\t<div class=\"elementor-spacer\">\n\t\t\t<div class=\"elementor-spacer-inner\"><\/div>\n\t\t<\/div>\n\t\t\t\t\t\t<\/div>\n\t\t\t\t<\/div>\n\t\t\t\t\t<\/div>\n\t\t<\/div>\n\t\t\t\t\t<\/div>\n\t\t<\/section>\n\t\t\t\t<section class=\"elementor-section elementor-top-section elementor-element elementor-element-78075b85 elementor-section-full_width elementor-section-height-default elementor-section-height-default\" data-id=\"78075b85\" data-element_type=\"section\">\n\t\t\t\t\t\t<div class=\"elementor-container elementor-column-gap-extended\">\n\t\t\t\t\t<div class=\"elementor-column elementor-col-33 elementor-top-column elementor-element elementor-element-1783fbe4 sc_layouts_column_icons_position_left\" data-id=\"1783fbe4\" data-element_type=\"column\" data-settings=\"{&quot;background_background&quot;:&quot;classic&quot;}\">\n\t\t\t<div class=\"elementor-widget-wrap\">\n\t\t\t\t\t\t\t<\/div>\n\t\t<\/div>\n\t\t\t\t<div class=\"elementor-column elementor-col-33 elementor-top-column elementor-element elementor-element-5cb3ec54 sc_layouts_column_icons_position_left\" data-id=\"5cb3ec54\" data-element_type=\"column\">\n\t\t\t<div class=\"elementor-widget-wrap elementor-element-populated\">\n\t\t\t\t\t\t<div class=\"elementor-element elementor-element-5a6ae89d elementor-widget elementor-widget-heading\" data-id=\"5a6ae89d\" data-element_type=\"widget\" data-widget_type=\"heading.default\">\n\t\t\t\t<div class=\"elementor-widget-container\">\n\t\t\t\t\t<h4 class=\"elementor-heading-title elementor-size-default\">Sinopsis<\/h4>\t\t\t\t<\/div>\n\t\t\t\t<\/div>\n\t\t\t\t<div class=\"elementor-element elementor-element-4dfdf065 elementor-widget elementor-widget-text-editor\" data-id=\"4dfdf065\" data-element_type=\"widget\" data-widget_type=\"text-editor.default\">\n\t\t\t\t<div class=\"elementor-widget-container\">\n\t\t\t\t\t\t\t\t\t<p>El alma inocente de una nin\u0303a que vaga perdida en el ma\u0301s alla\u0301 espera su juicio final. Pero antes ha de bucear a las profundidades acua\u0301ticas, llegar hasta los abismos, y encontrarse con sus habitantes para escuchar sus lamentos y descubrir las consecuencias irreparables de los actos de su especie.<\/p>\t\t\t\t\t\t\t\t<\/div>\n\t\t\t\t<\/div>\n\t\t\t\t<div class=\"elementor-element elementor-element-492fbbba elementor-widget elementor-widget-spacer\" data-id=\"492fbbba\" data-element_type=\"widget\" data-widget_type=\"spacer.default\">\n\t\t\t\t<div class=\"elementor-widget-container\">\n\t\t\t\t\t\t\t<div class=\"elementor-spacer\">\n\t\t\t<div class=\"elementor-spacer-inner\"><\/div>\n\t\t<\/div>\n\t\t\t\t\t\t<\/div>\n\t\t\t\t<\/div>\n\t\t\t\t<section class=\"elementor-section elementor-inner-section elementor-element elementor-element-334125e0 elementor-section-full_width elementor-section-height-default elementor-section-height-default\" data-id=\"334125e0\" data-element_type=\"section\">\n\t\t\t\t\t\t<div class=\"elementor-container elementor-column-gap-no\">\n\t\t\t\t\t<div class=\"elementor-column elementor-col-50 elementor-inner-column elementor-element elementor-element-76548461 sc_layouts_column_icons_position_left\" data-id=\"76548461\" data-element_type=\"column\">\n\t\t\t<div class=\"elementor-widget-wrap elementor-element-populated\">\n\t\t\t\t\t\t<div class=\"elementor-element elementor-element-2c8aed76 elementor-widget elementor-widget-heading\" data-id=\"2c8aed76\" data-element_type=\"widget\" data-widget_type=\"heading.default\">\n\t\t\t\t<div class=\"elementor-widget-container\">\n\t\t\t\t\t<h4 class=\"elementor-heading-title elementor-size-default\">Reparto<\/h4>\t\t\t\t<\/div>\n\t\t\t\t<\/div>\n\t\t\t\t<div class=\"elementor-element elementor-element-69227277 elementor-widget elementor-widget-text-editor\" data-id=\"69227277\" data-element_type=\"widget\" data-widget_type=\"text-editor.default\">\n\t\t\t\t<div class=\"elementor-widget-container\">\n\t\t\t\t\t\t\t\t\t<p>Carlos Gallardo\u00a0<br \/>Lydia Guez<br \/>Pilar Pingarr\u00f3n\u00a0<br \/>Mathias Rodriguez\u00a0<br \/>Rafael Rey<br \/>Tom\u00e9 Mouri\u00f1o<\/p>\t\t\t\t\t\t\t\t<\/div>\n\t\t\t\t<\/div>\n\t\t\t\t\t<\/div>\n\t\t<\/div>\n\t\t\t\t<div class=\"elementor-column elementor-col-50 elementor-inner-column elementor-element elementor-element-21ca16f4 sc_layouts_column_icons_position_left\" data-id=\"21ca16f4\" data-element_type=\"column\">\n\t\t\t<div class=\"elementor-widget-wrap elementor-element-populated\">\n\t\t\t\t\t\t<div class=\"elementor-element elementor-element-1818d68a elementor-widget elementor-widget-heading\" data-id=\"1818d68a\" data-element_type=\"widget\" data-widget_type=\"heading.default\">\n\t\t\t\t<div class=\"elementor-widget-container\">\n\t\t\t\t\t<h4 class=\"elementor-heading-title elementor-size-default\">Datos de distribuci\u00f3n<\/h4>\t\t\t\t<\/div>\n\t\t\t\t<\/div>\n\t\t\t\t<div class=\"elementor-element elementor-element-6c2d5b43 elementor-widget elementor-widget-text-editor\" data-id=\"6c2d5b43\" data-element_type=\"widget\" data-widget_type=\"text-editor.default\">\n\t\t\t\t<div class=\"elementor-widget-container\">\n\t\t\t\t\t\t\t\t\t<p><strong>Contacto:<\/strong> Pilar<br \/><strong>Email:\u00a0<\/strong>info@nautateatro.com<br \/><strong>Tel\u00e9fono:<\/strong>\u00a0626 28 96 85<\/p>\t\t\t\t\t\t\t\t<\/div>\n\t\t\t\t<\/div>\n\t\t\t\t\t<\/div>\n\t\t<\/div>\n\t\t\t\t\t<\/div>\n\t\t<\/section>\n\t\t\t\t<div class=\"elementor-element elementor-element-39f550ab elementor-widget elementor-widget-spacer\" data-id=\"39f550ab\" data-element_type=\"widget\" data-widget_type=\"spacer.default\">\n\t\t\t\t<div class=\"elementor-widget-container\">\n\t\t\t\t\t\t\t<div class=\"elementor-spacer\">\n\t\t\t<div class=\"elementor-spacer-inner\"><\/div>\n\t\t<\/div>\n\t\t\t\t\t\t<\/div>\n\t\t\t\t<\/div>\n\t\t\t\t<div class=\"elementor-element elementor-element-59ea597 elementor-widget elementor-widget-heading\" data-id=\"59ea597\" data-element_type=\"widget\" data-widget_type=\"heading.default\">\n\t\t\t\t<div class=\"elementor-widget-container\">\n\t\t\t\t\t<h4 class=\"elementor-heading-title elementor-size-default\">Galer\u00eda<\/h4>\t\t\t\t<\/div>\n\t\t\t\t<\/div>\n\t\t\t\t<div class=\"elementor-element elementor-element-3859a5dd elementor-widget elementor-widget-image-gallery\" data-id=\"3859a5dd\" data-element_type=\"widget\" data-widget_type=\"image-gallery.default\">\n\t\t\t\t<div class=\"elementor-widget-container\">\n\t\t\t\t\t\t\t<div class=\"elementor-image-gallery\">\n\t\t\t<div id='gallery-1' class='gallery galleryid-4145 gallery-columns-3 gallery-size-ostende-thumb-med'><figure class='gallery-item'>\n\t\t\t<div class='gallery-icon landscape'>\n\t\t\t\t<a data-elementor-open-lightbox=\"no\" href='https:\/\/faemclm.es\/feriaxxvii\/wp-content\/uploads\/2023\/02\/a-barca-do-inferno-01.jpg'><img decoding=\"async\" width=\"406\" height=\"228\" src=\"https:\/\/faemclm.es\/feriaxxvii\/wp-content\/uploads\/2023\/02\/a-barca-do-inferno-01-406x228.jpg\" class=\"attachment-ostende-thumb-med size-ostende-thumb-med\" alt=\"\" srcset=\"https:\/\/faemclm.es\/feriaxxvii\/wp-content\/uploads\/2023\/02\/a-barca-do-inferno-01-406x228.jpg 406w, https:\/\/faemclm.es\/feriaxxvii\/wp-content\/uploads\/2023\/02\/a-barca-do-inferno-01-842x474.jpg 842w, https:\/\/faemclm.es\/feriaxxvii\/wp-content\/uploads\/2023\/02\/a-barca-do-inferno-01-270x152.jpg 270w\" sizes=\"(max-width: 406px) 100vw, 406px\" \/><\/a>\n\t\t\t<\/div><\/figure><figure class='gallery-item'>\n\t\t\t<div class='gallery-icon landscape'>\n\t\t\t\t<a data-elementor-open-lightbox=\"no\" href='https:\/\/faemclm.es\/feriaxxvii\/wp-content\/uploads\/2023\/02\/a-barca-do-inferno-02.jpg'><img decoding=\"async\" width=\"406\" height=\"228\" src=\"https:\/\/faemclm.es\/feriaxxvii\/wp-content\/uploads\/2023\/02\/a-barca-do-inferno-02-406x228.jpg\" class=\"attachment-ostende-thumb-med size-ostende-thumb-med\" alt=\"\" srcset=\"https:\/\/faemclm.es\/feriaxxvii\/wp-content\/uploads\/2023\/02\/a-barca-do-inferno-02-406x228.jpg 406w, https:\/\/faemclm.es\/feriaxxvii\/wp-content\/uploads\/2023\/02\/a-barca-do-inferno-02-842x474.jpg 842w, https:\/\/faemclm.es\/feriaxxvii\/wp-content\/uploads\/2023\/02\/a-barca-do-inferno-02-270x152.jpg 270w\" sizes=\"(max-width: 406px) 100vw, 406px\" \/><\/a>\n\t\t\t<\/div><\/figure><figure class='gallery-item'>\n\t\t\t<div class='gallery-icon landscape'>\n\t\t\t\t<a data-elementor-open-lightbox=\"no\" href='https:\/\/faemclm.es\/feriaxxvii\/wp-content\/uploads\/2023\/02\/a-barca-do-inferno-03.jpg'><img loading=\"lazy\" decoding=\"async\" width=\"406\" height=\"228\" src=\"https:\/\/faemclm.es\/feriaxxvii\/wp-content\/uploads\/2023\/02\/a-barca-do-inferno-03-406x228.jpg\" class=\"attachment-ostende-thumb-med size-ostende-thumb-med\" alt=\"\" srcset=\"https:\/\/faemclm.es\/feriaxxvii\/wp-content\/uploads\/2023\/02\/a-barca-do-inferno-03-406x228.jpg 406w, https:\/\/faemclm.es\/feriaxxvii\/wp-content\/uploads\/2023\/02\/a-barca-do-inferno-03-842x474.jpg 842w, https:\/\/faemclm.es\/feriaxxvii\/wp-content\/uploads\/2023\/02\/a-barca-do-inferno-03-270x152.jpg 270w\" sizes=\"(max-width: 406px) 100vw, 406px\" \/><\/a>\n\t\t\t<\/div><\/figure>\n\t\t<\/div>\n\t\t<\/div>\n\t\t\t\t\t\t<\/div>\n\t\t\t\t<\/div>\n\t\t\t\t<div class=\"elementor-element elementor-element-48e6366 elementor-widget elementor-widget-heading\" data-id=\"48e6366\" data-element_type=\"widget\" data-widget_type=\"heading.default\">\n\t\t\t\t<div class=\"elementor-widget-container\">\n\t\t\t\t\t<h4 class=\"elementor-heading-title elementor-size-default\">Fotograf\u00edas en la FAEMCLM 2023<\/h4>\t\t\t\t<\/div>\n\t\t\t\t<\/div>\n\t\t\t\t<div class=\"elementor-element elementor-element-7e19348 elementor-widget elementor-widget-image-gallery\" data-id=\"7e19348\" data-element_type=\"widget\" data-widget_type=\"image-gallery.default\">\n\t\t\t\t<div class=\"elementor-widget-container\">\n\t\t\t\t\t\t\t<div class=\"elementor-image-gallery\">\n\t\t\t<div id='gallery-2' class='gallery galleryid-4145 gallery-columns-3 gallery-size-ostende-thumb-med'><figure class='gallery-item'>\n\t\t\t<div class='gallery-icon landscape'>\n\t\t\t\t<a data-elementor-open-lightbox=\"no\" href='https:\/\/faemclm.es\/feriaxxvii\/wp-content\/uploads\/2023\/04\/12042023-ABarcaDoInferno-FAEM-02.jpg'><img loading=\"lazy\" decoding=\"async\" width=\"406\" height=\"228\" src=\"https:\/\/faemclm.es\/feriaxxvii\/wp-content\/uploads\/2023\/04\/12042023-ABarcaDoInferno-FAEM-02-406x228.jpg\" class=\"attachment-ostende-thumb-med size-ostende-thumb-med\" alt=\"\" srcset=\"https:\/\/faemclm.es\/feriaxxvii\/wp-content\/uploads\/2023\/04\/12042023-ABarcaDoInferno-FAEM-02-406x228.jpg 406w, https:\/\/faemclm.es\/feriaxxvii\/wp-content\/uploads\/2023\/04\/12042023-ABarcaDoInferno-FAEM-02-842x474.jpg 842w, https:\/\/faemclm.es\/feriaxxvii\/wp-content\/uploads\/2023\/04\/12042023-ABarcaDoInferno-FAEM-02-270x152.jpg 270w\" sizes=\"(max-width: 406px) 100vw, 406px\" \/><\/a>\n\t\t\t<\/div><\/figure><figure class='gallery-item'>\n\t\t\t<div class='gallery-icon landscape'>\n\t\t\t\t<a data-elementor-open-lightbox=\"no\" href='https:\/\/faemclm.es\/feriaxxvii\/wp-content\/uploads\/2023\/04\/12042023-ABarcaDoInferno-FAEM-03.jpg'><img loading=\"lazy\" decoding=\"async\" width=\"406\" height=\"228\" src=\"https:\/\/faemclm.es\/feriaxxvii\/wp-content\/uploads\/2023\/04\/12042023-ABarcaDoInferno-FAEM-03-406x228.jpg\" class=\"attachment-ostende-thumb-med size-ostende-thumb-med\" alt=\"\" srcset=\"https:\/\/faemclm.es\/feriaxxvii\/wp-content\/uploads\/2023\/04\/12042023-ABarcaDoInferno-FAEM-03-406x228.jpg 406w, https:\/\/faemclm.es\/feriaxxvii\/wp-content\/uploads\/2023\/04\/12042023-ABarcaDoInferno-FAEM-03-842x474.jpg 842w, https:\/\/faemclm.es\/feriaxxvii\/wp-content\/uploads\/2023\/04\/12042023-ABarcaDoInferno-FAEM-03-270x152.jpg 270w\" sizes=\"(max-width: 406px) 100vw, 406px\" \/><\/a>\n\t\t\t<\/div><\/figure><figure class='gallery-item'>\n\t\t\t<div class='gallery-icon landscape'>\n\t\t\t\t<a data-elementor-open-lightbox=\"no\" href='https:\/\/faemclm.es\/feriaxxvii\/wp-content\/uploads\/2023\/04\/12042023-ABarcaDoInferno-FAEM-04.jpg'><img loading=\"lazy\" decoding=\"async\" width=\"406\" height=\"228\" src=\"https:\/\/faemclm.es\/feriaxxvii\/wp-content\/uploads\/2023\/04\/12042023-ABarcaDoInferno-FAEM-04-406x228.jpg\" class=\"attachment-ostende-thumb-med size-ostende-thumb-med\" alt=\"\" srcset=\"https:\/\/faemclm.es\/feriaxxvii\/wp-content\/uploads\/2023\/04\/12042023-ABarcaDoInferno-FAEM-04-406x228.jpg 406w, https:\/\/faemclm.es\/feriaxxvii\/wp-content\/uploads\/2023\/04\/12042023-ABarcaDoInferno-FAEM-04-842x474.jpg 842w, https:\/\/faemclm.es\/feriaxxvii\/wp-content\/uploads\/2023\/04\/12042023-ABarcaDoInferno-FAEM-04-270x152.jpg 270w\" sizes=\"(max-width: 406px) 100vw, 406px\" \/><\/a>\n\t\t\t<\/div><\/figure>\n\t\t<\/div>\n\t\t<\/div>\n\t\t\t\t\t\t<\/div>\n\t\t\t\t<\/div>\n\t\t\t\t\t<\/div>\n\t\t<\/div>\n\t\t\t\t<div class=\"elementor-column elementor-col-33 elementor-top-column elementor-element elementor-element-53ab3395 sc_layouts_column_icons_position_left\" data-id=\"53ab3395\" data-element_type=\"column\" data-settings=\"{&quot;background_background&quot;:&quot;classic&quot;}\">\n\t\t\t<div class=\"elementor-widget-wrap\">\n\t\t\t\t\t\t\t<\/div>\n\t\t<\/div>\n\t\t\t\t\t<\/div>\n\t\t<\/section>\n\t\t\t\t<\/div>\n\t\t","protected":false},"excerpt":{"rendered":"<p>Equipo T\u00e9cnico y Art\u00edstico Direcci\u00f3n:\u00a0Rafael ReyProducc\u00edon:\u00a0Nauta, Centro Dram\u00e1tico GallegoM\u00fasica:\u00a0Tome Mouri\u00f1oEscenograf\u00eda y\u00a0Vestuario:\u00a0Lydia GuezDramaturgia:\u00a0NautaIluminaci\u00f3n:\u00a0Carlos Gallardo Fotograf\u00edaG\u00e9nero:\u00a0S\u00e1tira y\u00a0Tragedia P\u00fablico Adulto(+10 a\u00f1os) | 70 minutos | Auditorio Municipal Sinopsis El alma inocente de una nin\u0303a que vaga perdida en&hellip;<\/p>\n","protected":false},"author":1,"featured_media":4141,"comment_status":"closed","ping_status":"closed","template":"","meta":{"_tribe_events_status":"","_tribe_events_status_reason":"","footnotes":""},"tags":[],"tribe_events_cat":[49],"class_list":["post-4145","tribe_events","type-tribe_events","status-publish","has-post-thumbnail","hentry","tribe_events_cat-teatro","cat_teatro"],"_links":{"self":[{"href":"https:\/\/faemclm.es\/feriaxxvii\/wp-json\/wp\/v2\/tribe_events\/4145","targetHints":{"allow":["GET"]}}],"collection":[{"href":"https:\/\/faemclm.es\/feriaxxvii\/wp-json\/wp\/v2\/tribe_events"}],"about":[{"href":"https:\/\/faemclm.es\/feriaxxvii\/wp-json\/wp\/v2\/types\/tribe_events"}],"author":[{"embeddable":true,"href":"https:\/\/faemclm.es\/feriaxxvii\/wp-json\/wp\/v2\/users\/1"}],"replies":[{"embeddable":true,"href":"https:\/\/faemclm.es\/feriaxxvii\/wp-json\/wp\/v2\/comments?post=4145"}],"version-history":[{"count":0,"href":"https:\/\/faemclm.es\/feriaxxvii\/wp-json\/wp\/v2\/tribe_events\/4145\/revisions"}],"wp:featuredmedia":[{"embeddable":true,"href":"https:\/\/faemclm.es\/feriaxxvii\/wp-json\/wp\/v2\/media\/4141"}],"wp:attachment":[{"href":"https:\/\/faemclm.es\/feriaxxvii\/wp-json\/wp\/v2\/media?parent=4145"}],"wp:term":[{"taxonomy":"post_tag","embeddable":true,"href":"https:\/\/faemclm.es\/feriaxxvii\/wp-json\/wp\/v2\/tags?post=4145"},{"taxonomy":"tribe_events_cat","embeddable":true,"href":"https:\/\/faemclm.es\/feriaxxvii\/wp-json\/wp\/v2\/tribe_events_cat?post=4145"}],"curies":[{"name":"wp","href":"https:\/\/api.w.org\/{rel}","templated":true}]}}