{"id":4245,"date":"2023-03-01T09:24:18","date_gmt":"2023-03-01T08:24:18","guid":{"rendered":"https:\/\/faemclm.es\/?post_type=tribe_events&#038;p=4245"},"modified":"2023-04-12T18:04:49","modified_gmt":"2023-04-12T16:04:49","slug":"ambulantes","status":"publish","type":"tribe_events","link":"https:\/\/faemclm.es\/feriaxxvii\/espectaculo\/ambulantes\/","title":{"rendered":"Ambulantes"},"content":{"rendered":"\t\t<div data-elementor-type=\"wp-post\" data-elementor-id=\"4245\" class=\"elementor elementor-4245\">\n\t\t\t\t<br \/>\n<b>Warning<\/b>:  Undefined array key \"options\" in <b>\/srv\/vhost\/faemclm.es\/home\/html\/feriaxxvii\/wp-content\/plugins\/trx_addons\/components\/api\/elementor\/elementor.php<\/b> on line <b>1042<\/b><br \/>\n\t\t<section class=\"elementor-section elementor-top-section elementor-element elementor-element-41f53dc7 elementor-section-full_width elementor-section-height-default elementor-section-height-default\" data-id=\"41f53dc7\" data-element_type=\"section\" data-settings=\"{&quot;background_background&quot;:&quot;classic&quot;}\">\n\t\t\t\t\t\t<div class=\"elementor-container elementor-column-gap-no\">\n\t\t\t\t\t<div class=\"elementor-column elementor-col-33 elementor-top-column elementor-element elementor-element-5c9b57b0 sc_layouts_column_icons_position_left\" data-id=\"5c9b57b0\" data-element_type=\"column\">\n\t\t\t<div class=\"elementor-widget-wrap elementor-element-populated\">\n\t\t\t\t\t\t<div class=\"elementor-element elementor-element-5091a94d elementor-widget elementor-widget-image\" data-id=\"5091a94d\" data-element_type=\"widget\" data-widget_type=\"image.default\">\n\t\t\t\t<div class=\"elementor-widget-container\">\n\t\t\t\t\t\t\t\t\t\t\t\t\t\t\t<img fetchpriority=\"high\" decoding=\"async\" width=\"1240\" height=\"1755\" src=\"https:\/\/faemclm.es\/feriaxxvii\/wp-content\/uploads\/2023\/03\/Cartel-Ambulantes.jpg\" class=\"attachment-full size-full wp-image-4246\" alt=\"\" srcset=\"https:\/\/faemclm.es\/feriaxxvii\/wp-content\/uploads\/2023\/03\/Cartel-Ambulantes.jpg 1240w, https:\/\/faemclm.es\/feriaxxvii\/wp-content\/uploads\/2023\/03\/Cartel-Ambulantes-212x300.jpg 212w, https:\/\/faemclm.es\/feriaxxvii\/wp-content\/uploads\/2023\/03\/Cartel-Ambulantes-724x1024.jpg 724w, https:\/\/faemclm.es\/feriaxxvii\/wp-content\/uploads\/2023\/03\/Cartel-Ambulantes-768x1087.jpg 768w, https:\/\/faemclm.es\/feriaxxvii\/wp-content\/uploads\/2023\/03\/Cartel-Ambulantes-1085x1536.jpg 1085w, https:\/\/faemclm.es\/feriaxxvii\/wp-content\/uploads\/2023\/03\/Cartel-Ambulantes-370x524.jpg 370w, https:\/\/faemclm.es\/feriaxxvii\/wp-content\/uploads\/2023\/03\/Cartel-Ambulantes-812x1149.jpg 812w, https:\/\/faemclm.es\/feriaxxvii\/wp-content\/uploads\/2023\/03\/Cartel-Ambulantes-406x575.jpg 406w\" sizes=\"(max-width: 1240px) 100vw, 1240px\" \/>\t\t\t\t\t\t\t\t\t\t\t\t\t\t\t<\/div>\n\t\t\t\t<\/div>\n\t\t\t\t\t<\/div>\n\t\t<\/div>\n\t\t\t\t<div class=\"elementor-column elementor-col-33 elementor-top-column elementor-element elementor-element-440ee5fe sc_layouts_column_icons_position_left\" data-id=\"440ee5fe\" data-element_type=\"column\" data-settings=\"{&quot;background_background&quot;:&quot;classic&quot;}\">\n\t\t\t<div class=\"elementor-widget-wrap elementor-element-populated\">\n\t\t\t\t\t\t<div class=\"elementor-element elementor-element-3c8978af elementor-widget elementor-widget-heading\" data-id=\"3c8978af\" data-element_type=\"widget\" data-widget_type=\"heading.default\">\n\t\t\t\t<div class=\"elementor-widget-container\">\n\t\t\t\t\t<h4 class=\"elementor-heading-title elementor-size-default\">Equipo T\u00e9cnico y Art\u00edstico<\/h4>\t\t\t\t<\/div>\n\t\t\t\t<\/div>\n\t\t\t\t<div class=\"elementor-element elementor-element-40bc5c8b elementor-widget elementor-widget-text-editor\" data-id=\"40bc5c8b\" data-element_type=\"widget\" data-widget_type=\"text-editor.default\">\n\t\t\t\t<div class=\"elementor-widget-container\">\n\t\t\t\t\t\t\t\t\t<p><strong style=\"box-sizing: inherit; color: #606c76; font-family: 'Helvetica Neue', Helvetica, Arial, sans-serif; font-size: 16px; font-style: normal; letter-spacing: 0.16px;\">Produci\u00f3n:<\/strong><span style=\"color: #606c76; font-family: 'Helvetica Neue', Helvetica, Arial, sans-serif; font-size: 16px; font-style: normal; font-weight: 400; letter-spacing: 0.16px;\">\u00a0Z teatro y La Escalera de Tijera<\/span><br style=\"box-sizing: inherit; color: #606c76; font-family: 'Helvetica Neue', Helvetica, Arial, sans-serif; font-size: 16px; letter-spacing: 0.16px;\" \/><strong style=\"box-sizing: inherit; color: #606c76; font-family: 'Helvetica Neue', Helvetica, Arial, sans-serif; font-size: 16px; font-style: normal; letter-spacing: 0.16px;\">Vestuario:<\/strong><span style=\"color: #606c76; font-family: 'Helvetica Neue', Helvetica, Arial, sans-serif; font-size: 16px; font-style: normal; font-weight: 400; letter-spacing: 0.16px;\">\u00a0Eloisa Serrano<\/span><br style=\"box-sizing: inherit; color: #606c76; font-family: 'Helvetica Neue', Helvetica, Arial, sans-serif; font-size: 16px; letter-spacing: 0.16px;\" \/><strong style=\"box-sizing: inherit; color: #606c76; font-family: 'Helvetica Neue', Helvetica, Arial, sans-serif; font-size: 16px; font-style: normal; letter-spacing: 0.16px;\">Fotograf\u00eda:<\/strong><span style=\"color: #606c76; font-family: 'Helvetica Neue', Helvetica, Arial, sans-serif; font-size: 16px; font-style: normal; font-weight: 400; letter-spacing: 0.16px;\">\u00a0Rocio Gallardo<\/span><br style=\"box-sizing: inherit; color: #606c76; font-family: 'Helvetica Neue', Helvetica, Arial, sans-serif; font-size: 16px; letter-spacing: 0.16px;\" \/><strong style=\"box-sizing: inherit; color: #606c76; font-family: 'Helvetica Neue', Helvetica, Arial, sans-serif; font-size: 16px; font-style: normal; letter-spacing: 0.16px;\">Video:\u00a0<\/strong><span style=\"color: #606c76; font-family: 'Helvetica Neue', Helvetica, Arial, sans-serif; font-size: 16px; font-style: normal; font-weight: 400; letter-spacing: 0.16px;\">Ra\u00fal Calle<\/span><br style=\"box-sizing: inherit; color: #606c76; font-family: 'Helvetica Neue', Helvetica, Arial, sans-serif; font-size: 16px; letter-spacing: 0.16px;\" \/><strong style=\"box-sizing: inherit; color: #606c76; font-family: 'Helvetica Neue', Helvetica, Arial, sans-serif; font-size: 16px; font-style: normal; letter-spacing: 0.16px;\">Dise\u00f1o Gr\u00e1fico:\u00a0<\/strong><span style=\"color: #606c76; font-family: 'Helvetica Neue', Helvetica, Arial, sans-serif; font-size: 16px; font-style: normal; font-weight: 400; letter-spacing: 0.16px;\">Isaac Guti\u00e9rrez<\/span><br style=\"box-sizing: inherit; color: #606c76; font-family: 'Helvetica Neue', Helvetica, Arial, sans-serif; font-size: 16px; letter-spacing: 0.16px;\" \/><strong style=\"box-sizing: inherit; color: #606c76; font-family: 'Helvetica Neue', Helvetica, Arial, sans-serif; font-size: 16px; font-style: normal; letter-spacing: 0.16px;\">Atrezo y maquinaria:<\/strong><span style=\"color: #606c76; font-family: 'Helvetica Neue', Helvetica, Arial, sans-serif; font-size: 16px; font-style: normal; font-weight: 400; letter-spacing: 0.16px;\">\u00a0Z teatro y La Escalera de Tijera<\/span><\/p>\t\t\t\t\t\t\t\t<\/div>\n\t\t\t\t<\/div>\n\t\t\t\t\t<\/div>\n\t\t<\/div>\n\t\t\t\t<div class=\"elementor-column elementor-col-33 elementor-top-column elementor-element elementor-element-2906303b sc_layouts_column_icons_position_left\" data-id=\"2906303b\" data-element_type=\"column\" data-settings=\"{&quot;background_background&quot;:&quot;classic&quot;}\">\n\t\t\t<div class=\"elementor-widget-wrap elementor-element-populated\">\n\t\t\t\t\t<div class=\"elementor-background-overlay\"><\/div>\n\t\t\t\t\t\t<div class=\"elementor-element elementor-element-5c1b678e elementor-widget elementor-widget-spacer\" data-id=\"5c1b678e\" data-element_type=\"widget\" data-widget_type=\"spacer.default\">\n\t\t\t\t<div class=\"elementor-widget-container\">\n\t\t\t\t\t\t\t<div class=\"elementor-spacer\">\n\t\t\t<div class=\"elementor-spacer-inner\"><\/div>\n\t\t<\/div>\n\t\t\t\t\t\t<\/div>\n\t\t\t\t<\/div>\n\t\t\t\t\t<\/div>\n\t\t<\/div>\n\t\t\t\t\t<\/div>\n\t\t<\/section>\n\t\t\t\t<section class=\"elementor-section elementor-top-section elementor-element elementor-element-28c7f027 elementor-section-full_width elementor-section-height-default elementor-section-height-default\" data-id=\"28c7f027\" data-element_type=\"section\" data-settings=\"{&quot;background_background&quot;:&quot;classic&quot;}\">\n\t\t\t\t\t\t\t<div class=\"elementor-background-overlay\"><\/div>\n\t\t\t\t\t\t\t<div class=\"elementor-container elementor-column-gap-no\">\n\t\t\t\t\t<div class=\"elementor-column elementor-col-100 elementor-top-column elementor-element elementor-element-280c2bf3 sc_layouts_column_icons_position_left\" data-id=\"280c2bf3\" data-element_type=\"column\">\n\t\t\t<div class=\"elementor-widget-wrap elementor-element-populated\">\n\t\t\t\t\t\t<div class=\"elementor-element elementor-element-464048c6 elementor-widget elementor-widget-spacer\" data-id=\"464048c6\" data-element_type=\"widget\" data-widget_type=\"spacer.default\">\n\t\t\t\t<div class=\"elementor-widget-container\">\n\t\t\t\t\t\t\t<div class=\"elementor-spacer\">\n\t\t\t<div class=\"elementor-spacer-inner\"><\/div>\n\t\t<\/div>\n\t\t\t\t\t\t<\/div>\n\t\t\t\t<\/div>\n\t\t\t\t<div class=\"elementor-element elementor-element-54b7d81a elementor-widget elementor-widget-heading\" data-id=\"54b7d81a\" data-element_type=\"widget\" data-widget_type=\"heading.default\">\n\t\t\t\t<div class=\"elementor-widget-container\">\n\t\t\t\t\t<div class=\"elementor-heading-title elementor-size-large\">Para todos los p\u00fablicos | 60 minutos | Calle ancha<\/div>\t\t\t\t<\/div>\n\t\t\t\t<\/div>\n\t\t\t\t<div class=\"elementor-element elementor-element-74c3fb7e elementor-widget elementor-widget-spacer\" data-id=\"74c3fb7e\" data-element_type=\"widget\" data-widget_type=\"spacer.default\">\n\t\t\t\t<div class=\"elementor-widget-container\">\n\t\t\t\t\t\t\t<div class=\"elementor-spacer\">\n\t\t\t<div class=\"elementor-spacer-inner\"><\/div>\n\t\t<\/div>\n\t\t\t\t\t\t<\/div>\n\t\t\t\t<\/div>\n\t\t\t\t\t<\/div>\n\t\t<\/div>\n\t\t\t\t\t<\/div>\n\t\t<\/section>\n\t\t\t\t<section class=\"elementor-section elementor-top-section elementor-element elementor-element-76e64766 elementor-section-full_width elementor-section-height-default elementor-section-height-default\" data-id=\"76e64766\" data-element_type=\"section\">\n\t\t\t\t\t\t<div class=\"elementor-container elementor-column-gap-extended\">\n\t\t\t\t\t<div class=\"elementor-column elementor-col-33 elementor-top-column elementor-element elementor-element-6bdf34f6 sc_layouts_column_icons_position_left\" data-id=\"6bdf34f6\" data-element_type=\"column\" data-settings=\"{&quot;background_background&quot;:&quot;classic&quot;}\">\n\t\t\t<div class=\"elementor-widget-wrap\">\n\t\t\t\t\t\t\t<\/div>\n\t\t<\/div>\n\t\t\t\t<div class=\"elementor-column elementor-col-33 elementor-top-column elementor-element elementor-element-54d01236 sc_layouts_column_icons_position_left\" data-id=\"54d01236\" data-element_type=\"column\">\n\t\t\t<div class=\"elementor-widget-wrap elementor-element-populated\">\n\t\t\t\t\t\t<div class=\"elementor-element elementor-element-69ea5fe4 elementor-widget elementor-widget-heading\" data-id=\"69ea5fe4\" data-element_type=\"widget\" data-widget_type=\"heading.default\">\n\t\t\t\t<div class=\"elementor-widget-container\">\n\t\t\t\t\t<h4 class=\"elementor-heading-title elementor-size-default\">Sinopsis<\/h4>\t\t\t\t<\/div>\n\t\t\t\t<\/div>\n\t\t\t\t<div class=\"elementor-element elementor-element-2a4412e9 elementor-widget elementor-widget-text-editor\" data-id=\"2a4412e9\" data-element_type=\"widget\" data-widget_type=\"text-editor.default\">\n\t\t\t\t<div class=\"elementor-widget-container\">\n\t\t\t\t\t\t\t\t\t<p>Nuestros personajes se encuentran perdidos en cualquier punto de la geografi\u0301a, pueden aparecer en cualquier lugar, obligados por la necesidad de ganarse la vida olvida\u0301ndose de su vieja carpa. De esta manera aparece esta troupe de circo que se ve avocada a deambular por los pueblos y ciudades son\u0303ando con un espacio donde establecer su carpa, y con el gran objetivo de revalorizar el teatro y el circo en la calle, ofreciendo lo mejor de si mismos y de sus te\u0301cnicas circenses, aunque a veces todo se convierta en un error continuo.<\/p><p>AMBULANTES es una historia de circo contada recorriendo las calles.<\/p>\t\t\t\t\t\t\t\t<\/div>\n\t\t\t\t<\/div>\n\t\t\t\t<div class=\"elementor-element elementor-element-719193e3 elementor-widget elementor-widget-spacer\" data-id=\"719193e3\" data-element_type=\"widget\" data-widget_type=\"spacer.default\">\n\t\t\t\t<div class=\"elementor-widget-container\">\n\t\t\t\t\t\t\t<div class=\"elementor-spacer\">\n\t\t\t<div class=\"elementor-spacer-inner\"><\/div>\n\t\t<\/div>\n\t\t\t\t\t\t<\/div>\n\t\t\t\t<\/div>\n\t\t\t\t<section class=\"elementor-section elementor-inner-section elementor-element elementor-element-728c3b5c elementor-section-full_width elementor-section-height-default elementor-section-height-default\" data-id=\"728c3b5c\" data-element_type=\"section\">\n\t\t\t\t\t\t<div class=\"elementor-container elementor-column-gap-no\">\n\t\t\t\t\t<div class=\"elementor-column elementor-col-100 elementor-inner-column elementor-element elementor-element-705172b7 sc_layouts_column_icons_position_left\" data-id=\"705172b7\" data-element_type=\"column\">\n\t\t\t<div class=\"elementor-widget-wrap elementor-element-populated\">\n\t\t\t\t\t\t<div class=\"elementor-element elementor-element-5c777d8f elementor-widget elementor-widget-heading\" data-id=\"5c777d8f\" data-element_type=\"widget\" data-widget_type=\"heading.default\">\n\t\t\t\t<div class=\"elementor-widget-container\">\n\t\t\t\t\t<h4 class=\"elementor-heading-title elementor-size-default\">Reparto<\/h4>\t\t\t\t<\/div>\n\t\t\t\t<\/div>\n\t\t\t\t<div class=\"elementor-element elementor-element-5f752532 elementor-widget elementor-widget-text-editor\" data-id=\"5f752532\" data-element_type=\"widget\" data-widget_type=\"text-editor.default\">\n\t\t\t\t<div class=\"elementor-widget-container\">\n\t\t\t\t\t\t\t\t\t<p>Juanlu Rabazo &#8211; Saxo<br \/>Pedro Caballero &#8211; Saxo<br \/>Derek McArdie &#8211; Saxo<br \/>Raquel Bravo &#8211; Natalia Zancuscalla<br \/>Lola S\u00e1nchez &#8211; Isabella Pordiosini<br \/>Javier Uriarte &#8211; Maestro de Ceremonias<br \/>Roberto Calle &#8211; Emilius Ciclim<br \/>Javier Rosado &#8211; Ro-ling Bolov<\/p>\t\t\t\t\t\t\t\t<\/div>\n\t\t\t\t<\/div>\n\t\t\t\t\t<\/div>\n\t\t<\/div>\n\t\t\t\t\t<\/div>\n\t\t<\/section>\n\t\t\t\t<div class=\"elementor-element elementor-element-40dcf097 elementor-widget elementor-widget-spacer\" data-id=\"40dcf097\" data-element_type=\"widget\" data-widget_type=\"spacer.default\">\n\t\t\t\t<div class=\"elementor-widget-container\">\n\t\t\t\t\t\t\t<div class=\"elementor-spacer\">\n\t\t\t<div class=\"elementor-spacer-inner\"><\/div>\n\t\t<\/div>\n\t\t\t\t\t\t<\/div>\n\t\t\t\t<\/div>\n\t\t\t\t<div class=\"elementor-element elementor-element-787a0429 elementor-widget elementor-widget-image-gallery\" data-id=\"787a0429\" data-element_type=\"widget\" data-widget_type=\"image-gallery.default\">\n\t\t\t\t<div class=\"elementor-widget-container\">\n\t\t\t\t\t\t\t<div class=\"elementor-image-gallery\">\n\t\t\t<div id='gallery-1' class='gallery galleryid-4245 gallery-columns-3 gallery-size-ostende-thumb-med'><figure class='gallery-item'>\n\t\t\t<div class='gallery-icon landscape'>\n\t\t\t\t<a data-elementor-open-lightbox=\"no\" href='https:\/\/faemclm.es\/feriaxxvii\/wp-content\/uploads\/2023\/03\/ambulantes-01.jpg'><img decoding=\"async\" width=\"406\" height=\"228\" src=\"https:\/\/faemclm.es\/feriaxxvii\/wp-content\/uploads\/2023\/03\/ambulantes-01-406x228.jpg\" class=\"attachment-ostende-thumb-med size-ostende-thumb-med\" alt=\"\" srcset=\"https:\/\/faemclm.es\/feriaxxvii\/wp-content\/uploads\/2023\/03\/ambulantes-01-406x228.jpg 406w, https:\/\/faemclm.es\/feriaxxvii\/wp-content\/uploads\/2023\/03\/ambulantes-01-842x474.jpg 842w, https:\/\/faemclm.es\/feriaxxvii\/wp-content\/uploads\/2023\/03\/ambulantes-01-270x152.jpg 270w\" sizes=\"(max-width: 406px) 100vw, 406px\" \/><\/a>\n\t\t\t<\/div><\/figure><figure class='gallery-item'>\n\t\t\t<div class='gallery-icon portrait'>\n\t\t\t\t<a data-elementor-open-lightbox=\"no\" href='https:\/\/faemclm.es\/feriaxxvii\/wp-content\/uploads\/2023\/03\/ambulantes-02.jpg'><img decoding=\"async\" width=\"406\" height=\"228\" src=\"https:\/\/faemclm.es\/feriaxxvii\/wp-content\/uploads\/2023\/03\/ambulantes-02-406x228.jpg\" class=\"attachment-ostende-thumb-med size-ostende-thumb-med\" alt=\"\" srcset=\"https:\/\/faemclm.es\/feriaxxvii\/wp-content\/uploads\/2023\/03\/ambulantes-02-406x228.jpg 406w, https:\/\/faemclm.es\/feriaxxvii\/wp-content\/uploads\/2023\/03\/ambulantes-02-842x474.jpg 842w, https:\/\/faemclm.es\/feriaxxvii\/wp-content\/uploads\/2023\/03\/ambulantes-02-270x152.jpg 270w\" sizes=\"(max-width: 406px) 100vw, 406px\" \/><\/a>\n\t\t\t<\/div><\/figure><figure class='gallery-item'>\n\t\t\t<div class='gallery-icon portrait'>\n\t\t\t\t<a data-elementor-open-lightbox=\"no\" href='https:\/\/faemclm.es\/feriaxxvii\/wp-content\/uploads\/2023\/03\/ambulantes-03.jpg'><img loading=\"lazy\" decoding=\"async\" width=\"406\" height=\"228\" src=\"https:\/\/faemclm.es\/feriaxxvii\/wp-content\/uploads\/2023\/03\/ambulantes-03-406x228.jpg\" class=\"attachment-ostende-thumb-med size-ostende-thumb-med\" alt=\"\" srcset=\"https:\/\/faemclm.es\/feriaxxvii\/wp-content\/uploads\/2023\/03\/ambulantes-03-406x228.jpg 406w, https:\/\/faemclm.es\/feriaxxvii\/wp-content\/uploads\/2023\/03\/ambulantes-03-842x474.jpg 842w, https:\/\/faemclm.es\/feriaxxvii\/wp-content\/uploads\/2023\/03\/ambulantes-03-270x152.jpg 270w\" sizes=\"(max-width: 406px) 100vw, 406px\" \/><\/a>\n\t\t\t<\/div><\/figure>\n\t\t<\/div>\n\t\t<\/div>\n\t\t\t\t\t\t<\/div>\n\t\t\t\t<\/div>\n\t\t\t\t<div class=\"elementor-element elementor-element-5daabf3f elementor-widget elementor-widget-heading\" data-id=\"5daabf3f\" data-element_type=\"widget\" data-widget_type=\"heading.default\">\n\t\t\t\t<div class=\"elementor-widget-container\">\n\t\t\t\t\t<h4 class=\"elementor-heading-title elementor-size-default\">Fotograf\u00edas en la FAEMCLM 2023<\/h4>\t\t\t\t<\/div>\n\t\t\t\t<\/div>\n\t\t\t\t<div class=\"elementor-element elementor-element-fc00858 elementor-widget elementor-widget-image-gallery\" data-id=\"fc00858\" data-element_type=\"widget\" data-widget_type=\"image-gallery.default\">\n\t\t\t\t<div class=\"elementor-widget-container\">\n\t\t\t\t\t\t\t<div class=\"elementor-image-gallery\">\n\t\t\t<div id='gallery-2' class='gallery galleryid-4245 gallery-columns-3 gallery-size-ostende-thumb-med'><figure class='gallery-item'>\n\t\t\t<div class='gallery-icon landscape'>\n\t\t\t\t<a data-elementor-open-lightbox=\"no\" href='https:\/\/faemclm.es\/feriaxxvii\/wp-content\/uploads\/2023\/04\/12042023-Ambulantes-FAEM-02.jpg'><img loading=\"lazy\" decoding=\"async\" width=\"406\" height=\"228\" src=\"https:\/\/faemclm.es\/feriaxxvii\/wp-content\/uploads\/2023\/04\/12042023-Ambulantes-FAEM-02-406x228.jpg\" class=\"attachment-ostende-thumb-med size-ostende-thumb-med\" alt=\"\" srcset=\"https:\/\/faemclm.es\/feriaxxvii\/wp-content\/uploads\/2023\/04\/12042023-Ambulantes-FAEM-02-406x228.jpg 406w, https:\/\/faemclm.es\/feriaxxvii\/wp-content\/uploads\/2023\/04\/12042023-Ambulantes-FAEM-02-842x474.jpg 842w, https:\/\/faemclm.es\/feriaxxvii\/wp-content\/uploads\/2023\/04\/12042023-Ambulantes-FAEM-02-270x152.jpg 270w\" sizes=\"(max-width: 406px) 100vw, 406px\" \/><\/a>\n\t\t\t<\/div><\/figure><figure class='gallery-item'>\n\t\t\t<div class='gallery-icon portrait'>\n\t\t\t\t<a data-elementor-open-lightbox=\"no\" href='https:\/\/faemclm.es\/feriaxxvii\/wp-content\/uploads\/2023\/04\/12042023-Ambulantes-FAEM-03.jpg'><img loading=\"lazy\" decoding=\"async\" width=\"406\" height=\"228\" src=\"https:\/\/faemclm.es\/feriaxxvii\/wp-content\/uploads\/2023\/04\/12042023-Ambulantes-FAEM-03-406x228.jpg\" class=\"attachment-ostende-thumb-med size-ostende-thumb-med\" alt=\"\" srcset=\"https:\/\/faemclm.es\/feriaxxvii\/wp-content\/uploads\/2023\/04\/12042023-Ambulantes-FAEM-03-406x228.jpg 406w, https:\/\/faemclm.es\/feriaxxvii\/wp-content\/uploads\/2023\/04\/12042023-Ambulantes-FAEM-03-842x474.jpg 842w, https:\/\/faemclm.es\/feriaxxvii\/wp-content\/uploads\/2023\/04\/12042023-Ambulantes-FAEM-03-270x152.jpg 270w\" sizes=\"(max-width: 406px) 100vw, 406px\" \/><\/a>\n\t\t\t<\/div><\/figure><figure class='gallery-item'>\n\t\t\t<div class='gallery-icon portrait'>\n\t\t\t\t<a data-elementor-open-lightbox=\"no\" href='https:\/\/faemclm.es\/feriaxxvii\/wp-content\/uploads\/2023\/04\/12042023-Ambulantes-FAEM-04.jpg'><img loading=\"lazy\" decoding=\"async\" width=\"406\" height=\"228\" src=\"https:\/\/faemclm.es\/feriaxxvii\/wp-content\/uploads\/2023\/04\/12042023-Ambulantes-FAEM-04-406x228.jpg\" class=\"attachment-ostende-thumb-med size-ostende-thumb-med\" alt=\"\" srcset=\"https:\/\/faemclm.es\/feriaxxvii\/wp-content\/uploads\/2023\/04\/12042023-Ambulantes-FAEM-04-406x228.jpg 406w, https:\/\/faemclm.es\/feriaxxvii\/wp-content\/uploads\/2023\/04\/12042023-Ambulantes-FAEM-04-842x474.jpg 842w, https:\/\/faemclm.es\/feriaxxvii\/wp-content\/uploads\/2023\/04\/12042023-Ambulantes-FAEM-04-270x152.jpg 270w\" sizes=\"(max-width: 406px) 100vw, 406px\" \/><\/a>\n\t\t\t<\/div><\/figure>\n\t\t<\/div>\n\t\t<\/div>\n\t\t\t\t\t\t<\/div>\n\t\t\t\t<\/div>\n\t\t\t\t\t<\/div>\n\t\t<\/div>\n\t\t\t\t<div class=\"elementor-column elementor-col-33 elementor-top-column elementor-element elementor-element-2925701f sc_layouts_column_icons_position_left\" data-id=\"2925701f\" data-element_type=\"column\" data-settings=\"{&quot;background_background&quot;:&quot;classic&quot;}\">\n\t\t\t<div class=\"elementor-widget-wrap elementor-element-populated\">\n\t\t\t\t\t\t<div class=\"elementor-element elementor-element-f9afde5 elementor-widget elementor-widget-heading\" data-id=\"f9afde5\" data-element_type=\"widget\" data-widget_type=\"heading.default\">\n\t\t\t\t<div class=\"elementor-widget-container\">\n\t\t\t\t\t<h4 class=\"elementor-heading-title elementor-size-default\">Galer\u00eda<\/h4>\t\t\t\t<\/div>\n\t\t\t\t<\/div>\n\t\t\t\t\t<\/div>\n\t\t<\/div>\n\t\t\t\t\t<\/div>\n\t\t<\/section>\n\t\t\t\t<\/div>\n\t\t","protected":false},"excerpt":{"rendered":"<p>Equipo T\u00e9cnico y Art\u00edstico Produci\u00f3n:\u00a0Z teatro y La Escalera de TijeraVestuario:\u00a0Eloisa SerranoFotograf\u00eda:\u00a0Rocio GallardoVideo:\u00a0Ra\u00fal CalleDise\u00f1o Gr\u00e1fico:\u00a0Isaac Guti\u00e9rrezAtrezo y maquinaria:\u00a0Z teatro y La Escalera de Tijera Para todos los p\u00fablicos | 60 minutos | Calle ancha Sinopsis&hellip;<\/p>\n","protected":false},"author":1,"featured_media":4246,"comment_status":"closed","ping_status":"closed","template":"","meta":{"_tribe_events_status":"","_tribe_events_status_reason":"","footnotes":""},"tags":[],"tribe_events_cat":[51],"class_list":["post-4245","tribe_events","type-tribe_events","status-publish","has-post-thumbnail","hentry","tribe_events_cat-circo","cat_circo"],"_links":{"self":[{"href":"https:\/\/faemclm.es\/feriaxxvii\/wp-json\/wp\/v2\/tribe_events\/4245","targetHints":{"allow":["GET"]}}],"collection":[{"href":"https:\/\/faemclm.es\/feriaxxvii\/wp-json\/wp\/v2\/tribe_events"}],"about":[{"href":"https:\/\/faemclm.es\/feriaxxvii\/wp-json\/wp\/v2\/types\/tribe_events"}],"author":[{"embeddable":true,"href":"https:\/\/faemclm.es\/feriaxxvii\/wp-json\/wp\/v2\/users\/1"}],"replies":[{"embeddable":true,"href":"https:\/\/faemclm.es\/feriaxxvii\/wp-json\/wp\/v2\/comments?post=4245"}],"version-history":[{"count":0,"href":"https:\/\/faemclm.es\/feriaxxvii\/wp-json\/wp\/v2\/tribe_events\/4245\/revisions"}],"wp:featuredmedia":[{"embeddable":true,"href":"https:\/\/faemclm.es\/feriaxxvii\/wp-json\/wp\/v2\/media\/4246"}],"wp:attachment":[{"href":"https:\/\/faemclm.es\/feriaxxvii\/wp-json\/wp\/v2\/media?parent=4245"}],"wp:term":[{"taxonomy":"post_tag","embeddable":true,"href":"https:\/\/faemclm.es\/feriaxxvii\/wp-json\/wp\/v2\/tags?post=4245"},{"taxonomy":"tribe_events_cat","embeddable":true,"href":"https:\/\/faemclm.es\/feriaxxvii\/wp-json\/wp\/v2\/tribe_events_cat?post=4245"}],"curies":[{"name":"wp","href":"https:\/\/api.w.org\/{rel}","templated":true}]}}