{"id":4255,"date":"2023-03-01T09:31:38","date_gmt":"2023-03-01T08:31:38","guid":{"rendered":"https:\/\/faemclm.es\/?post_type=tribe_events&#038;p=4255"},"modified":"2023-04-12T18:06:37","modified_gmt":"2023-04-12T16:06:37","slug":"oliva","status":"publish","type":"tribe_events","link":"https:\/\/faemclm.es\/feriaxxvii\/espectaculo\/oliva\/","title":{"rendered":"Oliva"},"content":{"rendered":"\t\t<div data-elementor-type=\"wp-post\" data-elementor-id=\"4255\" class=\"elementor elementor-4255\">\n\t\t\t\t<br \/>\n<b>Warning<\/b>:  Undefined array key \"options\" in <b>\/srv\/vhost\/faemclm.es\/home\/html\/feriaxxvii\/wp-content\/plugins\/trx_addons\/components\/api\/elementor\/elementor.php<\/b> on line <b>1042<\/b><br \/>\n\t\t<section class=\"elementor-section elementor-top-section elementor-element elementor-element-2d917d0b elementor-section-full_width elementor-section-height-default elementor-section-height-default\" data-id=\"2d917d0b\" data-element_type=\"section\" data-settings=\"{&quot;background_background&quot;:&quot;classic&quot;}\">\n\t\t\t\t\t\t<div class=\"elementor-container elementor-column-gap-no\">\n\t\t\t\t\t<div class=\"elementor-column elementor-col-33 elementor-top-column elementor-element elementor-element-55d2e92 sc_layouts_column_icons_position_left\" data-id=\"55d2e92\" data-element_type=\"column\">\n\t\t\t<div class=\"elementor-widget-wrap elementor-element-populated\">\n\t\t\t\t\t\t<div class=\"elementor-element elementor-element-463dc911 elementor-widget elementor-widget-image\" data-id=\"463dc911\" data-element_type=\"widget\" data-widget_type=\"image.default\">\n\t\t\t\t<div class=\"elementor-widget-container\">\n\t\t\t\t\t\t\t\t\t\t\t\t\t\t\t<img fetchpriority=\"high\" decoding=\"async\" width=\"1240\" height=\"1755\" src=\"https:\/\/faemclm.es\/feriaxxvii\/wp-content\/uploads\/2023\/03\/Cartel-Oliva.jpg\" class=\"attachment-full size-full wp-image-4256\" alt=\"\" srcset=\"https:\/\/faemclm.es\/feriaxxvii\/wp-content\/uploads\/2023\/03\/Cartel-Oliva.jpg 1240w, https:\/\/faemclm.es\/feriaxxvii\/wp-content\/uploads\/2023\/03\/Cartel-Oliva-212x300.jpg 212w, https:\/\/faemclm.es\/feriaxxvii\/wp-content\/uploads\/2023\/03\/Cartel-Oliva-724x1024.jpg 724w, https:\/\/faemclm.es\/feriaxxvii\/wp-content\/uploads\/2023\/03\/Cartel-Oliva-768x1087.jpg 768w, https:\/\/faemclm.es\/feriaxxvii\/wp-content\/uploads\/2023\/03\/Cartel-Oliva-1085x1536.jpg 1085w, https:\/\/faemclm.es\/feriaxxvii\/wp-content\/uploads\/2023\/03\/Cartel-Oliva-370x524.jpg 370w, https:\/\/faemclm.es\/feriaxxvii\/wp-content\/uploads\/2023\/03\/Cartel-Oliva-812x1149.jpg 812w, https:\/\/faemclm.es\/feriaxxvii\/wp-content\/uploads\/2023\/03\/Cartel-Oliva-406x575.jpg 406w\" sizes=\"(max-width: 1240px) 100vw, 1240px\" \/>\t\t\t\t\t\t\t\t\t\t\t\t\t\t\t<\/div>\n\t\t\t\t<\/div>\n\t\t\t\t\t<\/div>\n\t\t<\/div>\n\t\t\t\t<div class=\"elementor-column elementor-col-33 elementor-top-column elementor-element elementor-element-22c51675 sc_layouts_column_icons_position_left\" data-id=\"22c51675\" data-element_type=\"column\" data-settings=\"{&quot;background_background&quot;:&quot;classic&quot;}\">\n\t\t\t<div class=\"elementor-widget-wrap elementor-element-populated\">\n\t\t\t\t\t\t<div class=\"elementor-element elementor-element-2481e623 elementor-widget elementor-widget-heading\" data-id=\"2481e623\" data-element_type=\"widget\" data-widget_type=\"heading.default\">\n\t\t\t\t<div class=\"elementor-widget-container\">\n\t\t\t\t\t<h4 class=\"elementor-heading-title elementor-size-default\">Equipo T\u00e9cnico y Art\u00edstico<\/h4>\t\t\t\t<\/div>\n\t\t\t\t<\/div>\n\t\t\t\t<div class=\"elementor-element elementor-element-53fb9cea elementor-widget elementor-widget-text-editor\" data-id=\"53fb9cea\" data-element_type=\"widget\" data-widget_type=\"text-editor.default\">\n\t\t\t\t<div class=\"elementor-widget-container\">\n\t\t\t\t\t\t\t\t\t<p><strong style=\"box-sizing: inherit; color: #606c76; font-family: 'Helvetica Neue', Helvetica, Arial, sans-serif; font-size: 16px; font-style: normal; letter-spacing: 0.16px;\">Direcci\u00f3n:<\/strong><span style=\"color: #606c76; font-family: 'Helvetica Neue', Helvetica, Arial, sans-serif; font-size: 16px; font-style: normal; font-weight: 400; letter-spacing: 0.16px;\"> Pepa Pedroche<\/span><br style=\"box-sizing: inherit; color: #606c76; font-family: 'Helvetica Neue', Helvetica, Arial, sans-serif; font-size: 16px; letter-spacing: 0.16px;\" \/><strong style=\"box-sizing: inherit; color: #606c76; font-family: 'Helvetica Neue', Helvetica, Arial, sans-serif; font-size: 16px; font-style: normal; letter-spacing: 0.16px;\">Autor\u00eda:<\/strong><span style=\"color: #606c76; font-family: 'Helvetica Neue', Helvetica, Arial, sans-serif; font-size: 16px; font-style: normal; font-weight: 400; letter-spacing: 0.16px;\"> Teresa Valeriano<\/span><br style=\"box-sizing: inherit; color: #606c76; font-family: 'Helvetica Neue', Helvetica, Arial, sans-serif; font-size: 16px; letter-spacing: 0.16px;\" \/><strong style=\"box-sizing: inherit; color: #606c76; font-family: 'Helvetica Neue', Helvetica, Arial, sans-serif; font-size: 16px; font-style: normal; letter-spacing: 0.16px;\">Dise\u00f1o de iluminaci\u00f3n:<\/strong><span style=\"color: #606c76; font-family: 'Helvetica Neue', Helvetica, Arial, sans-serif; font-size: 16px; font-style: normal; font-weight: 400; letter-spacing: 0.16px;\">\u00a0Jes\u00fas Garc\u00eda Pecharrom\u00e1n<\/span><br style=\"box-sizing: inherit; color: #606c76; font-family: 'Helvetica Neue', Helvetica, Arial, sans-serif; font-size: 16px; letter-spacing: 0.16px;\" \/><strong style=\"box-sizing: inherit; color: #606c76; font-family: 'Helvetica Neue', Helvetica, Arial, sans-serif; font-size: 16px; font-style: normal; letter-spacing: 0.16px;\">Dise\u00f1o de vestuario:<\/strong><span style=\"color: #606c76; font-family: 'Helvetica Neue', Helvetica, Arial, sans-serif; font-size: 16px; font-style: normal; font-weight: 400; letter-spacing: 0.16px;\">\u00a0Ana Fern\u00e1ndez<\/span><br style=\"box-sizing: inherit; color: #606c76; font-family: 'Helvetica Neue', Helvetica, Arial, sans-serif; font-size: 16px; letter-spacing: 0.16px;\" \/><strong style=\"box-sizing: inherit; color: #606c76; font-family: 'Helvetica Neue', Helvetica, Arial, sans-serif; font-size: 16px; font-style: normal; letter-spacing: 0.16px;\">M\u00fasica original:<\/strong><span style=\"color: #606c76; font-family: 'Helvetica Neue', Helvetica, Arial, sans-serif; font-size: 16px; font-style: normal; font-weight: 400; letter-spacing: 0.16px;\">\u00a0Miguel \u00c1ngel Simarro<\/span><br style=\"box-sizing: inherit; color: #606c76; font-family: 'Helvetica Neue', Helvetica, Arial, sans-serif; font-size: 16px; letter-spacing: 0.16px;\" \/><strong style=\"box-sizing: inherit; color: #606c76; font-family: 'Helvetica Neue', Helvetica, Arial, sans-serif; font-size: 16px; font-style: normal; letter-spacing: 0.16px;\">Asesor\u00eda de verso:<\/strong><span style=\"color: #606c76; font-family: 'Helvetica Neue', Helvetica, Arial, sans-serif; font-size: 16px; font-style: normal; font-weight: 400; letter-spacing: 0.16px;\">\u00a0Pepa Pedroche<\/span><br style=\"box-sizing: inherit; color: #606c76; font-family: 'Helvetica Neue', Helvetica, Arial, sans-serif; font-size: 16px; letter-spacing: 0.16px;\" \/><strong style=\"box-sizing: inherit; color: #606c76; font-family: 'Helvetica Neue', Helvetica, Arial, sans-serif; font-size: 16px; font-style: normal; letter-spacing: 0.16px;\">Dise\u00f1o de escenograf\u00eda:<\/strong><span style=\"color: #606c76; font-family: 'Helvetica Neue', Helvetica, Arial, sans-serif; font-size: 16px; font-style: normal; font-weight: 400; letter-spacing: 0.16px;\">\u00a0Al amor de la lumbre<\/span><br style=\"box-sizing: inherit; color: #606c76; font-family: 'Helvetica Neue', Helvetica, Arial, sans-serif; font-size: 16px; letter-spacing: 0.16px;\" \/><strong style=\"box-sizing: inherit; color: #606c76; font-family: 'Helvetica Neue', Helvetica, Arial, sans-serif; font-size: 16px; font-style: normal; letter-spacing: 0.16px;\">Coreograf\u00eda:<\/strong><span style=\"color: #606c76; font-family: 'Helvetica Neue', Helvetica, Arial, sans-serif; font-size: 16px; font-style: normal; font-weight: 400; letter-spacing: 0.16px;\">\u00a0Elena Conde<\/span><br style=\"box-sizing: inherit; color: #606c76; font-family: 'Helvetica Neue', Helvetica, Arial, sans-serif; font-size: 16px; letter-spacing: 0.16px;\" \/><strong style=\"box-sizing: inherit; color: #606c76; font-family: 'Helvetica Neue', Helvetica, Arial, sans-serif; font-size: 16px; font-style: normal; letter-spacing: 0.16px;\">Confecci\u00f3n de vestuario:<\/strong><span style=\"color: #606c76; font-family: 'Helvetica Neue', Helvetica, Arial, sans-serif; font-size: 16px; font-style: normal; font-weight: 400; letter-spacing: 0.16px;\">\u00a0D. F\u00e9lix-Sastres<\/span><br style=\"box-sizing: inherit; color: #606c76; font-family: 'Helvetica Neue', Helvetica, Arial, sans-serif; font-size: 16px; letter-spacing: 0.16px;\" \/><strong style=\"box-sizing: inherit; color: #606c76; font-family: 'Helvetica Neue', Helvetica, Arial, sans-serif; font-size: 16px; font-style: normal; letter-spacing: 0.16px;\">Ayudante de direcci\u00f3n:<\/strong><span style=\"color: #606c76; font-family: 'Helvetica Neue', Helvetica, Arial, sans-serif; font-size: 16px; font-style: normal; font-weight: 400; letter-spacing: 0.16px;\">\u00a0Alejandro Paz<\/span><br style=\"box-sizing: inherit; color: #606c76; font-family: 'Helvetica Neue', Helvetica, Arial, sans-serif; font-size: 16px; letter-spacing: 0.16px;\" \/><strong style=\"box-sizing: inherit; color: #606c76; font-family: 'Helvetica Neue', Helvetica, Arial, sans-serif; font-size: 16px; font-style: normal; letter-spacing: 0.16px;\">Dise\u00f1o gr\u00e1fico:<\/strong><span style=\"color: #606c76; font-family: 'Helvetica Neue', Helvetica, Arial, sans-serif; font-size: 16px; font-style: normal; font-weight: 400; letter-spacing: 0.16px;\">\u00a0Teresa Zamorano Granados<\/span><br style=\"box-sizing: inherit; color: #606c76; font-family: 'Helvetica Neue', Helvetica, Arial, sans-serif; font-size: 16px; letter-spacing: 0.16px;\" \/><strong style=\"box-sizing: inherit; color: #606c76; font-family: 'Helvetica Neue', Helvetica, Arial, sans-serif; font-size: 16px; font-style: normal; letter-spacing: 0.16px;\">V\u00eddeo y proyecciones:<\/strong><span style=\"color: #606c76; font-family: 'Helvetica Neue', Helvetica, Arial, sans-serif; font-size: 16px; font-style: normal; font-weight: 400; letter-spacing: 0.16px;\">\u00a0Alvar Vielsa<\/span><br style=\"box-sizing: inherit; color: #606c76; font-family: 'Helvetica Neue', Helvetica, Arial, sans-serif; font-size: 16px; letter-spacing: 0.16px;\" \/><strong style=\"box-sizing: inherit; color: #606c76; font-family: 'Helvetica Neue', Helvetica, Arial, sans-serif; font-size: 16px; font-style: normal; letter-spacing: 0.16px;\">Construcci\u00f3n de decorados:<\/strong><span style=\"color: #606c76; font-family: 'Helvetica Neue', Helvetica, Arial, sans-serif; font-size: 16px; font-style: normal; font-weight: 400; letter-spacing: 0.16px;\">\u00a0Carp\u00edsima Decoraci\u00f3n<\/span><br style=\"box-sizing: inherit; color: #606c76; font-family: 'Helvetica Neue', Helvetica, Arial, sans-serif; font-size: 16px; letter-spacing: 0.16px;\" \/><strong style=\"box-sizing: inherit; color: #606c76; font-family: 'Helvetica Neue', Helvetica, Arial, sans-serif; font-size: 16px; font-style: normal; letter-spacing: 0.16px;\">Producci\u00f3n:<\/strong><span style=\"color: #606c76; font-family: 'Helvetica Neue', Helvetica, Arial, sans-serif; font-size: 16px; font-style: normal; font-weight: 400; letter-spacing: 0.16px;\">\u00a0Al amor de la lumbre producciones<\/span><br style=\"box-sizing: inherit; color: #606c76; font-family: 'Helvetica Neue', Helvetica, Arial, sans-serif; font-size: 16px; letter-spacing: 0.16px;\" \/><strong style=\"box-sizing: inherit; color: #606c76; font-family: 'Helvetica Neue', Helvetica, Arial, sans-serif; font-size: 16px; font-style: normal; letter-spacing: 0.16px;\">Producci\u00f3n ejecutiva:<\/strong><span style=\"color: #606c76; font-family: 'Helvetica Neue', Helvetica, Arial, sans-serif; font-size: 16px; font-style: normal; font-weight: 400; letter-spacing: 0.16px;\">\u00a0Teresa Valeriano<\/span><\/p>\t\t\t\t\t\t\t\t<\/div>\n\t\t\t\t<\/div>\n\t\t\t\t\t<\/div>\n\t\t<\/div>\n\t\t\t\t<div class=\"elementor-column elementor-col-33 elementor-top-column elementor-element elementor-element-242af4e8 sc_layouts_column_icons_position_left\" data-id=\"242af4e8\" data-element_type=\"column\" data-settings=\"{&quot;background_background&quot;:&quot;classic&quot;}\">\n\t\t\t<div class=\"elementor-widget-wrap elementor-element-populated\">\n\t\t\t\t\t<div class=\"elementor-background-overlay\"><\/div>\n\t\t\t\t\t\t<div class=\"elementor-element elementor-element-1fbb3e41 elementor-widget elementor-widget-spacer\" data-id=\"1fbb3e41\" data-element_type=\"widget\" data-widget_type=\"spacer.default\">\n\t\t\t\t<div class=\"elementor-widget-container\">\n\t\t\t\t\t\t\t<div class=\"elementor-spacer\">\n\t\t\t<div class=\"elementor-spacer-inner\"><\/div>\n\t\t<\/div>\n\t\t\t\t\t\t<\/div>\n\t\t\t\t<\/div>\n\t\t\t\t\t<\/div>\n\t\t<\/div>\n\t\t\t\t\t<\/div>\n\t\t<\/section>\n\t\t\t\t<section class=\"elementor-section elementor-top-section elementor-element elementor-element-13551c84 elementor-section-full_width elementor-section-height-default elementor-section-height-default\" data-id=\"13551c84\" data-element_type=\"section\" data-settings=\"{&quot;background_background&quot;:&quot;classic&quot;}\">\n\t\t\t\t\t\t\t<div class=\"elementor-background-overlay\"><\/div>\n\t\t\t\t\t\t\t<div class=\"elementor-container elementor-column-gap-no\">\n\t\t\t\t\t<div class=\"elementor-column elementor-col-100 elementor-top-column elementor-element elementor-element-1f1563d9 sc_layouts_column_icons_position_left\" data-id=\"1f1563d9\" data-element_type=\"column\">\n\t\t\t<div class=\"elementor-widget-wrap elementor-element-populated\">\n\t\t\t\t\t\t<div class=\"elementor-element elementor-element-12c29083 elementor-widget elementor-widget-spacer\" data-id=\"12c29083\" data-element_type=\"widget\" data-widget_type=\"spacer.default\">\n\t\t\t\t<div class=\"elementor-widget-container\">\n\t\t\t\t\t\t\t<div class=\"elementor-spacer\">\n\t\t\t<div class=\"elementor-spacer-inner\"><\/div>\n\t\t<\/div>\n\t\t\t\t\t\t<\/div>\n\t\t\t\t<\/div>\n\t\t\t\t<div class=\"elementor-element elementor-element-1e89dd8d elementor-widget elementor-widget-heading\" data-id=\"1e89dd8d\" data-element_type=\"widget\" data-widget_type=\"heading.default\">\n\t\t\t\t<div class=\"elementor-widget-container\">\n\t\t\t\t\t<div class=\"elementor-heading-title elementor-size-large\">Para todos los p\u00fablicos | 80 minutos | Teatro Circo<\/div>\t\t\t\t<\/div>\n\t\t\t\t<\/div>\n\t\t\t\t<div class=\"elementor-element elementor-element-36c10708 elementor-widget elementor-widget-spacer\" data-id=\"36c10708\" data-element_type=\"widget\" data-widget_type=\"spacer.default\">\n\t\t\t\t<div class=\"elementor-widget-container\">\n\t\t\t\t\t\t\t<div class=\"elementor-spacer\">\n\t\t\t<div class=\"elementor-spacer-inner\"><\/div>\n\t\t<\/div>\n\t\t\t\t\t\t<\/div>\n\t\t\t\t<\/div>\n\t\t\t\t\t<\/div>\n\t\t<\/div>\n\t\t\t\t\t<\/div>\n\t\t<\/section>\n\t\t\t\t<section class=\"elementor-section elementor-top-section elementor-element elementor-element-6e37e5de elementor-section-full_width elementor-section-height-default elementor-section-height-default\" data-id=\"6e37e5de\" data-element_type=\"section\">\n\t\t\t\t\t\t<div class=\"elementor-container elementor-column-gap-extended\">\n\t\t\t\t\t<div class=\"elementor-column elementor-col-33 elementor-top-column elementor-element elementor-element-39ec5df6 sc_layouts_column_icons_position_left\" data-id=\"39ec5df6\" data-element_type=\"column\" data-settings=\"{&quot;background_background&quot;:&quot;classic&quot;}\">\n\t\t\t<div class=\"elementor-widget-wrap\">\n\t\t\t\t\t\t\t<\/div>\n\t\t<\/div>\n\t\t\t\t<div class=\"elementor-column elementor-col-33 elementor-top-column elementor-element elementor-element-5d0cbe5a sc_layouts_column_icons_position_left\" data-id=\"5d0cbe5a\" data-element_type=\"column\">\n\t\t\t<div class=\"elementor-widget-wrap elementor-element-populated\">\n\t\t\t\t\t\t<div class=\"elementor-element elementor-element-13bdcf97 elementor-widget elementor-widget-heading\" data-id=\"13bdcf97\" data-element_type=\"widget\" data-widget_type=\"heading.default\">\n\t\t\t\t<div class=\"elementor-widget-container\">\n\t\t\t\t\t<h4 class=\"elementor-heading-title elementor-size-default\">Sinopsis<\/h4>\t\t\t\t<\/div>\n\t\t\t\t<\/div>\n\t\t\t\t<div class=\"elementor-element elementor-element-7d3c9cda elementor-widget elementor-widget-text-editor\" data-id=\"7d3c9cda\" data-element_type=\"widget\" data-widget_type=\"text-editor.default\">\n\t\t\t\t<div class=\"elementor-widget-container\">\n\t\t\t\t\t\t\t\t\t<p><em>Oliva<\/em>\u00a0trata de imaginar lo que pudo haber sido la vida de Oliva Sabuco, fil\u00f3sofa manchega del Siglo de Oro, de gran calado en su \u00e9poca e injustamente olvidada por la Historia, como tantas mujeres. Oliva escribi\u00f3 un tratado, casi una enciclopedia, sobre filosof\u00eda, medicina y salud contradiciendo a los grandes fil\u00f3sofos antiguos y revolucionario por lo novedoso de sus teor\u00edas. Una humanista reconocida por sus contempor\u00e1neos, a la que Lope de Vega llam\u00f3 \u201cMusa D\u00e9cima\u201d. Muchos hombres despu\u00e9s se apropiaron sus postulados. Recordarla y rescatar la parte m\u00e1s vigente de su obra es un alegato a la libertad creadora de la mujer y un acto de justicia hist\u00f3rica.<\/p>\t\t\t\t\t\t\t\t<\/div>\n\t\t\t\t<\/div>\n\t\t\t\t<div class=\"elementor-element elementor-element-492c71f1 elementor-widget elementor-widget-spacer\" data-id=\"492c71f1\" data-element_type=\"widget\" data-widget_type=\"spacer.default\">\n\t\t\t\t<div class=\"elementor-widget-container\">\n\t\t\t\t\t\t\t<div class=\"elementor-spacer\">\n\t\t\t<div class=\"elementor-spacer-inner\"><\/div>\n\t\t<\/div>\n\t\t\t\t\t\t<\/div>\n\t\t\t\t<\/div>\n\t\t\t\t<section class=\"elementor-section elementor-inner-section elementor-element elementor-element-5c697c4 elementor-section-full_width elementor-section-height-default elementor-section-height-default\" data-id=\"5c697c4\" data-element_type=\"section\">\n\t\t\t\t\t\t<div class=\"elementor-container elementor-column-gap-no\">\n\t\t\t\t\t<div class=\"elementor-column elementor-col-50 elementor-inner-column elementor-element elementor-element-77778446 sc_layouts_column_icons_position_left\" data-id=\"77778446\" data-element_type=\"column\">\n\t\t\t<div class=\"elementor-widget-wrap elementor-element-populated\">\n\t\t\t\t\t\t<div class=\"elementor-element elementor-element-3cf6de0b elementor-widget elementor-widget-heading\" data-id=\"3cf6de0b\" data-element_type=\"widget\" data-widget_type=\"heading.default\">\n\t\t\t\t<div class=\"elementor-widget-container\">\n\t\t\t\t\t<h4 class=\"elementor-heading-title elementor-size-default\">Reparto<\/h4>\t\t\t\t<\/div>\n\t\t\t\t<\/div>\n\t\t\t\t<div class=\"elementor-element elementor-element-7d5a43ca elementor-widget elementor-widget-text-editor\" data-id=\"7d5a43ca\" data-element_type=\"widget\" data-widget_type=\"text-editor.default\">\n\t\t\t\t<div class=\"elementor-widget-container\">\n\t\t\t\t\t\t\t\t\t<p>Luc\u00eda Esteso &#8211; Casta<br \/>Juan Meseguer &#8211; Miguel Sabuco<br \/>Silvana Navas &#8211; Oliva\u00a0<\/p>\t\t\t\t\t\t\t\t<\/div>\n\t\t\t\t<\/div>\n\t\t\t\t\t<\/div>\n\t\t<\/div>\n\t\t\t\t<div class=\"elementor-column elementor-col-50 elementor-inner-column elementor-element elementor-element-ad5ebba sc_layouts_column_icons_position_left\" data-id=\"ad5ebba\" data-element_type=\"column\">\n\t\t\t<div class=\"elementor-widget-wrap elementor-element-populated\">\n\t\t\t\t\t\t<div class=\"elementor-element elementor-element-dc829bf elementor-widget elementor-widget-heading\" data-id=\"dc829bf\" data-element_type=\"widget\" data-widget_type=\"heading.default\">\n\t\t\t\t<div class=\"elementor-widget-container\">\n\t\t\t\t\t<h4 class=\"elementor-heading-title elementor-size-default\">Datos de distribuci\u00f3n<\/h4>\t\t\t\t<\/div>\n\t\t\t\t<\/div>\n\t\t\t\t<div class=\"elementor-element elementor-element-e670a12 elementor-widget elementor-widget-text-editor\" data-id=\"e670a12\" data-element_type=\"widget\" data-widget_type=\"text-editor.default\">\n\t\t\t\t<div class=\"elementor-widget-container\">\n\t\t\t\t\t\t\t\t\t<p><strong>Distribuidor:<\/strong> Teresa Valeriano<br \/><strong>Email:\u00a0<\/strong>alamordelalumbreteatro@gmail.com<br \/><strong>Tel\u00e9fono:<\/strong> 654 868 348<\/p>\t\t\t\t\t\t\t\t<\/div>\n\t\t\t\t<\/div>\n\t\t\t\t\t<\/div>\n\t\t<\/div>\n\t\t\t\t\t<\/div>\n\t\t<\/section>\n\t\t\t\t<div class=\"elementor-element elementor-element-2069ca91 elementor-widget elementor-widget-spacer\" data-id=\"2069ca91\" data-element_type=\"widget\" data-widget_type=\"spacer.default\">\n\t\t\t\t<div class=\"elementor-widget-container\">\n\t\t\t\t\t\t\t<div class=\"elementor-spacer\">\n\t\t\t<div class=\"elementor-spacer-inner\"><\/div>\n\t\t<\/div>\n\t\t\t\t\t\t<\/div>\n\t\t\t\t<\/div>\n\t\t\t\t<div class=\"elementor-element elementor-element-2759aa79 elementor-widget elementor-widget-heading\" data-id=\"2759aa79\" data-element_type=\"widget\" data-widget_type=\"heading.default\">\n\t\t\t\t<div class=\"elementor-widget-container\">\n\t\t\t\t\t<h4 class=\"elementor-heading-title elementor-size-default\">Galer\u00eda<\/h4>\t\t\t\t<\/div>\n\t\t\t\t<\/div>\n\t\t\t\t<div class=\"elementor-element elementor-element-8b0a9d0 elementor-widget elementor-widget-image-gallery\" data-id=\"8b0a9d0\" data-element_type=\"widget\" data-widget_type=\"image-gallery.default\">\n\t\t\t\t<div class=\"elementor-widget-container\">\n\t\t\t\t\t\t\t<div class=\"elementor-image-gallery\">\n\t\t\t<div id='gallery-1' class='gallery galleryid-4255 gallery-columns-3 gallery-size-ostende-thumb-med'><figure class='gallery-item'>\n\t\t\t<div class='gallery-icon landscape'>\n\t\t\t\t<a data-elementor-open-lightbox=\"no\" href='https:\/\/faemclm.es\/feriaxxvii\/wp-content\/uploads\/2023\/03\/oliva-01.jpg'><img decoding=\"async\" width=\"406\" height=\"228\" src=\"https:\/\/faemclm.es\/feriaxxvii\/wp-content\/uploads\/2023\/03\/oliva-01-406x228.jpg\" class=\"attachment-ostende-thumb-med size-ostende-thumb-med\" alt=\"\" srcset=\"https:\/\/faemclm.es\/feriaxxvii\/wp-content\/uploads\/2023\/03\/oliva-01-406x228.jpg 406w, https:\/\/faemclm.es\/feriaxxvii\/wp-content\/uploads\/2023\/03\/oliva-01-842x474.jpg 842w, https:\/\/faemclm.es\/feriaxxvii\/wp-content\/uploads\/2023\/03\/oliva-01-270x152.jpg 270w\" sizes=\"(max-width: 406px) 100vw, 406px\" \/><\/a>\n\t\t\t<\/div><\/figure><figure class='gallery-item'>\n\t\t\t<div class='gallery-icon landscape'>\n\t\t\t\t<a data-elementor-open-lightbox=\"no\" href='https:\/\/faemclm.es\/feriaxxvii\/wp-content\/uploads\/2023\/03\/oliva-02.jpg'><img decoding=\"async\" width=\"406\" height=\"228\" src=\"https:\/\/faemclm.es\/feriaxxvii\/wp-content\/uploads\/2023\/03\/oliva-02-406x228.jpg\" class=\"attachment-ostende-thumb-med size-ostende-thumb-med\" alt=\"\" srcset=\"https:\/\/faemclm.es\/feriaxxvii\/wp-content\/uploads\/2023\/03\/oliva-02-406x228.jpg 406w, https:\/\/faemclm.es\/feriaxxvii\/wp-content\/uploads\/2023\/03\/oliva-02-842x474.jpg 842w, https:\/\/faemclm.es\/feriaxxvii\/wp-content\/uploads\/2023\/03\/oliva-02-270x152.jpg 270w\" sizes=\"(max-width: 406px) 100vw, 406px\" \/><\/a>\n\t\t\t<\/div><\/figure><figure class='gallery-item'>\n\t\t\t<div class='gallery-icon landscape'>\n\t\t\t\t<a data-elementor-open-lightbox=\"no\" href='https:\/\/faemclm.es\/feriaxxvii\/wp-content\/uploads\/2023\/03\/oliva-03.jpg'><img loading=\"lazy\" decoding=\"async\" width=\"406\" height=\"228\" src=\"https:\/\/faemclm.es\/feriaxxvii\/wp-content\/uploads\/2023\/03\/oliva-03-406x228.jpg\" class=\"attachment-ostende-thumb-med size-ostende-thumb-med\" alt=\"\" srcset=\"https:\/\/faemclm.es\/feriaxxvii\/wp-content\/uploads\/2023\/03\/oliva-03-406x228.jpg 406w, https:\/\/faemclm.es\/feriaxxvii\/wp-content\/uploads\/2023\/03\/oliva-03-842x474.jpg 842w, https:\/\/faemclm.es\/feriaxxvii\/wp-content\/uploads\/2023\/03\/oliva-03-270x152.jpg 270w\" sizes=\"(max-width: 406px) 100vw, 406px\" \/><\/a>\n\t\t\t<\/div><\/figure>\n\t\t<\/div>\n\t\t<\/div>\n\t\t\t\t\t\t<\/div>\n\t\t\t\t<\/div>\n\t\t\t\t<div class=\"elementor-element elementor-element-85a911d elementor-widget elementor-widget-heading\" data-id=\"85a911d\" data-element_type=\"widget\" data-widget_type=\"heading.default\">\n\t\t\t\t<div class=\"elementor-widget-container\">\n\t\t\t\t\t<h4 class=\"elementor-heading-title elementor-size-default\">Fotograf\u00edas en la FAEMCLM 2023<\/h4>\t\t\t\t<\/div>\n\t\t\t\t<\/div>\n\t\t\t\t<div class=\"elementor-element elementor-element-1681842 elementor-widget elementor-widget-image-gallery\" data-id=\"1681842\" data-element_type=\"widget\" data-widget_type=\"image-gallery.default\">\n\t\t\t\t<div class=\"elementor-widget-container\">\n\t\t\t\t\t\t\t<div class=\"elementor-image-gallery\">\n\t\t\t<div id='gallery-2' class='gallery galleryid-4255 gallery-columns-3 gallery-size-ostende-thumb-med'><figure class='gallery-item'>\n\t\t\t<div class='gallery-icon landscape'>\n\t\t\t\t<a data-elementor-open-lightbox=\"no\" href='https:\/\/faemclm.es\/feriaxxvii\/wp-content\/uploads\/2023\/04\/12042023-Oliva-FAEM-02.jpg'><img loading=\"lazy\" decoding=\"async\" width=\"406\" height=\"228\" src=\"https:\/\/faemclm.es\/feriaxxvii\/wp-content\/uploads\/2023\/04\/12042023-Oliva-FAEM-02-406x228.jpg\" class=\"attachment-ostende-thumb-med size-ostende-thumb-med\" alt=\"\" srcset=\"https:\/\/faemclm.es\/feriaxxvii\/wp-content\/uploads\/2023\/04\/12042023-Oliva-FAEM-02-406x228.jpg 406w, https:\/\/faemclm.es\/feriaxxvii\/wp-content\/uploads\/2023\/04\/12042023-Oliva-FAEM-02-842x474.jpg 842w, https:\/\/faemclm.es\/feriaxxvii\/wp-content\/uploads\/2023\/04\/12042023-Oliva-FAEM-02-270x152.jpg 270w\" sizes=\"(max-width: 406px) 100vw, 406px\" \/><\/a>\n\t\t\t<\/div><\/figure><figure class='gallery-item'>\n\t\t\t<div class='gallery-icon landscape'>\n\t\t\t\t<a data-elementor-open-lightbox=\"no\" href='https:\/\/faemclm.es\/feriaxxvii\/wp-content\/uploads\/2023\/04\/12042023-Oliva-FAEM-03.jpg'><img loading=\"lazy\" decoding=\"async\" width=\"406\" height=\"228\" src=\"https:\/\/faemclm.es\/feriaxxvii\/wp-content\/uploads\/2023\/04\/12042023-Oliva-FAEM-03-406x228.jpg\" class=\"attachment-ostende-thumb-med size-ostende-thumb-med\" alt=\"\" srcset=\"https:\/\/faemclm.es\/feriaxxvii\/wp-content\/uploads\/2023\/04\/12042023-Oliva-FAEM-03-406x228.jpg 406w, https:\/\/faemclm.es\/feriaxxvii\/wp-content\/uploads\/2023\/04\/12042023-Oliva-FAEM-03-842x474.jpg 842w, https:\/\/faemclm.es\/feriaxxvii\/wp-content\/uploads\/2023\/04\/12042023-Oliva-FAEM-03-270x152.jpg 270w\" sizes=\"(max-width: 406px) 100vw, 406px\" \/><\/a>\n\t\t\t<\/div><\/figure><figure class='gallery-item'>\n\t\t\t<div class='gallery-icon landscape'>\n\t\t\t\t<a data-elementor-open-lightbox=\"no\" href='https:\/\/faemclm.es\/feriaxxvii\/wp-content\/uploads\/2023\/04\/12042023-Oliva-FAEM-04.jpg'><img loading=\"lazy\" decoding=\"async\" width=\"406\" height=\"228\" src=\"https:\/\/faemclm.es\/feriaxxvii\/wp-content\/uploads\/2023\/04\/12042023-Oliva-FAEM-04-406x228.jpg\" class=\"attachment-ostende-thumb-med size-ostende-thumb-med\" alt=\"\" srcset=\"https:\/\/faemclm.es\/feriaxxvii\/wp-content\/uploads\/2023\/04\/12042023-Oliva-FAEM-04-406x228.jpg 406w, https:\/\/faemclm.es\/feriaxxvii\/wp-content\/uploads\/2023\/04\/12042023-Oliva-FAEM-04-842x474.jpg 842w, https:\/\/faemclm.es\/feriaxxvii\/wp-content\/uploads\/2023\/04\/12042023-Oliva-FAEM-04-270x152.jpg 270w\" sizes=\"(max-width: 406px) 100vw, 406px\" \/><\/a>\n\t\t\t<\/div><\/figure>\n\t\t<\/div>\n\t\t<\/div>\n\t\t\t\t\t\t<\/div>\n\t\t\t\t<\/div>\n\t\t\t\t\t<\/div>\n\t\t<\/div>\n\t\t\t\t<div class=\"elementor-column elementor-col-33 elementor-top-column elementor-element elementor-element-39a4a7dd sc_layouts_column_icons_position_left\" data-id=\"39a4a7dd\" data-element_type=\"column\" data-settings=\"{&quot;background_background&quot;:&quot;classic&quot;}\">\n\t\t\t<div class=\"elementor-widget-wrap\">\n\t\t\t\t\t\t\t<\/div>\n\t\t<\/div>\n\t\t\t\t\t<\/div>\n\t\t<\/section>\n\t\t\t\t<\/div>\n\t\t","protected":false},"excerpt":{"rendered":"<p>Equipo T\u00e9cnico y Art\u00edstico Direcci\u00f3n: Pepa PedrocheAutor\u00eda: Teresa ValerianoDise\u00f1o de iluminaci\u00f3n:\u00a0Jes\u00fas Garc\u00eda Pecharrom\u00e1nDise\u00f1o de vestuario:\u00a0Ana Fern\u00e1ndezM\u00fasica original:\u00a0Miguel \u00c1ngel SimarroAsesor\u00eda de verso:\u00a0Pepa PedrocheDise\u00f1o de escenograf\u00eda:\u00a0Al amor de la lumbreCoreograf\u00eda:\u00a0Elena CondeConfecci\u00f3n de vestuario:\u00a0D. F\u00e9lix-SastresAyudante de direcci\u00f3n:\u00a0Alejandro PazDise\u00f1o&hellip;<\/p>\n","protected":false},"author":1,"featured_media":4256,"comment_status":"closed","ping_status":"closed","template":"","meta":{"_tribe_events_status":"","_tribe_events_status_reason":"","footnotes":""},"tags":[],"tribe_events_cat":[49],"class_list":["post-4255","tribe_events","type-tribe_events","status-publish","has-post-thumbnail","hentry","tribe_events_cat-teatro","cat_teatro"],"_links":{"self":[{"href":"https:\/\/faemclm.es\/feriaxxvii\/wp-json\/wp\/v2\/tribe_events\/4255","targetHints":{"allow":["GET"]}}],"collection":[{"href":"https:\/\/faemclm.es\/feriaxxvii\/wp-json\/wp\/v2\/tribe_events"}],"about":[{"href":"https:\/\/faemclm.es\/feriaxxvii\/wp-json\/wp\/v2\/types\/tribe_events"}],"author":[{"embeddable":true,"href":"https:\/\/faemclm.es\/feriaxxvii\/wp-json\/wp\/v2\/users\/1"}],"replies":[{"embeddable":true,"href":"https:\/\/faemclm.es\/feriaxxvii\/wp-json\/wp\/v2\/comments?post=4255"}],"version-history":[{"count":0,"href":"https:\/\/faemclm.es\/feriaxxvii\/wp-json\/wp\/v2\/tribe_events\/4255\/revisions"}],"wp:featuredmedia":[{"embeddable":true,"href":"https:\/\/faemclm.es\/feriaxxvii\/wp-json\/wp\/v2\/media\/4256"}],"wp:attachment":[{"href":"https:\/\/faemclm.es\/feriaxxvii\/wp-json\/wp\/v2\/media?parent=4255"}],"wp:term":[{"taxonomy":"post_tag","embeddable":true,"href":"https:\/\/faemclm.es\/feriaxxvii\/wp-json\/wp\/v2\/tags?post=4255"},{"taxonomy":"tribe_events_cat","embeddable":true,"href":"https:\/\/faemclm.es\/feriaxxvii\/wp-json\/wp\/v2\/tribe_events_cat?post=4255"}],"curies":[{"name":"wp","href":"https:\/\/api.w.org\/{rel}","templated":true}]}}