{"id":4265,"date":"2023-03-01T09:40:46","date_gmt":"2023-03-01T08:40:46","guid":{"rendered":"https:\/\/faemclm.es\/?post_type=tribe_events&#038;p=4265"},"modified":"2023-04-12T18:07:37","modified_gmt":"2023-04-12T16:07:37","slug":"campo-cerrado","status":"publish","type":"tribe_events","link":"https:\/\/faemclm.es\/feriaxxvii\/espectaculo\/campo-cerrado\/","title":{"rendered":"Campo Cerrado"},"content":{"rendered":"\t\t<div data-elementor-type=\"wp-post\" data-elementor-id=\"4265\" class=\"elementor elementor-4265\">\n\t\t\t\t<br \/>\n<b>Warning<\/b>:  Undefined array key \"options\" in <b>\/srv\/vhost\/faemclm.es\/home\/html\/feriaxxvii\/wp-content\/plugins\/trx_addons\/components\/api\/elementor\/elementor.php<\/b> on line <b>1042<\/b><br \/>\n\t\t<section class=\"elementor-section elementor-top-section elementor-element elementor-element-8b08f09 elementor-section-full_width elementor-section-height-default elementor-section-height-default\" data-id=\"8b08f09\" data-element_type=\"section\" data-settings=\"{&quot;background_background&quot;:&quot;classic&quot;}\">\n\t\t\t\t\t\t<div class=\"elementor-container elementor-column-gap-no\">\n\t\t\t\t\t<div class=\"elementor-column elementor-col-33 elementor-top-column elementor-element elementor-element-4152e0e9 sc_layouts_column_icons_position_left\" data-id=\"4152e0e9\" data-element_type=\"column\">\n\t\t\t<div class=\"elementor-widget-wrap elementor-element-populated\">\n\t\t\t\t\t\t<div class=\"elementor-element elementor-element-60105236 elementor-widget elementor-widget-image\" data-id=\"60105236\" data-element_type=\"widget\" data-widget_type=\"image.default\">\n\t\t\t\t<div class=\"elementor-widget-container\">\n\t\t\t\t\t\t\t\t\t\t\t\t\t\t\t<img fetchpriority=\"high\" decoding=\"async\" width=\"1240\" height=\"1755\" src=\"https:\/\/faemclm.es\/feriaxxvii\/wp-content\/uploads\/2023\/03\/Cartel-Campo-Cerrado.jpg\" class=\"attachment-full size-full wp-image-4266\" alt=\"\" srcset=\"https:\/\/faemclm.es\/feriaxxvii\/wp-content\/uploads\/2023\/03\/Cartel-Campo-Cerrado.jpg 1240w, https:\/\/faemclm.es\/feriaxxvii\/wp-content\/uploads\/2023\/03\/Cartel-Campo-Cerrado-212x300.jpg 212w, https:\/\/faemclm.es\/feriaxxvii\/wp-content\/uploads\/2023\/03\/Cartel-Campo-Cerrado-724x1024.jpg 724w, https:\/\/faemclm.es\/feriaxxvii\/wp-content\/uploads\/2023\/03\/Cartel-Campo-Cerrado-768x1087.jpg 768w, https:\/\/faemclm.es\/feriaxxvii\/wp-content\/uploads\/2023\/03\/Cartel-Campo-Cerrado-1085x1536.jpg 1085w, https:\/\/faemclm.es\/feriaxxvii\/wp-content\/uploads\/2023\/03\/Cartel-Campo-Cerrado-370x524.jpg 370w, https:\/\/faemclm.es\/feriaxxvii\/wp-content\/uploads\/2023\/03\/Cartel-Campo-Cerrado-812x1149.jpg 812w, https:\/\/faemclm.es\/feriaxxvii\/wp-content\/uploads\/2023\/03\/Cartel-Campo-Cerrado-406x575.jpg 406w\" sizes=\"(max-width: 1240px) 100vw, 1240px\" \/>\t\t\t\t\t\t\t\t\t\t\t\t\t\t\t<\/div>\n\t\t\t\t<\/div>\n\t\t\t\t\t<\/div>\n\t\t<\/div>\n\t\t\t\t<div class=\"elementor-column elementor-col-33 elementor-top-column elementor-element elementor-element-140218d0 sc_layouts_column_icons_position_left\" data-id=\"140218d0\" data-element_type=\"column\" data-settings=\"{&quot;background_background&quot;:&quot;classic&quot;}\">\n\t\t\t<div class=\"elementor-widget-wrap elementor-element-populated\">\n\t\t\t\t\t\t<div class=\"elementor-element elementor-element-3d11beed elementor-widget elementor-widget-heading\" data-id=\"3d11beed\" data-element_type=\"widget\" data-widget_type=\"heading.default\">\n\t\t\t\t<div class=\"elementor-widget-container\">\n\t\t\t\t\t<h4 class=\"elementor-heading-title elementor-size-default\">Equipo T\u00e9cnico y Art\u00edstico<\/h4>\t\t\t\t<\/div>\n\t\t\t\t<\/div>\n\t\t\t\t<div class=\"elementor-element elementor-element-1b27a65c elementor-widget elementor-widget-text-editor\" data-id=\"1b27a65c\" data-element_type=\"widget\" data-widget_type=\"text-editor.default\">\n\t\t\t\t<div class=\"elementor-widget-container\">\n\t\t\t\t\t\t\t\t\t<p><strong>Idea original y direcci\u00f3n art\u00edstica:<\/strong>\u00a0Daniel Do\u00f1a<br \/><strong>Direcci\u00f3n esc\u00e9nica:<\/strong>\u00a0Jordi Vilaseca<br \/><strong>Coreograf\u00eda:<\/strong>\u00a0Jordi Vilaseca \u00b7 Miranda Alfonso \u00b7 Cristian Mart\u00edn \u00b7 Daniel Do\u00f1a<br \/><strong>Dise\u00f1o de sombreros:<\/strong>\u00a0Sombrerer\u00eda Medrano<br \/><strong>Fotograf\u00eda:<\/strong>\u00a0Beatrix Molnar<br \/><strong>Gerencia y producci\u00f3n ejecutiva:<\/strong>\u00a0Eva Marcelo<br \/><strong>Producci\u00f3n:<\/strong>\u00a0Daniel Do\u00f1a<\/p>\t\t\t\t\t\t\t\t<\/div>\n\t\t\t\t<\/div>\n\t\t\t\t\t<\/div>\n\t\t<\/div>\n\t\t\t\t<div class=\"elementor-column elementor-col-33 elementor-top-column elementor-element elementor-element-40063cfa sc_layouts_column_icons_position_left\" data-id=\"40063cfa\" data-element_type=\"column\" data-settings=\"{&quot;background_background&quot;:&quot;classic&quot;}\">\n\t\t\t<div class=\"elementor-widget-wrap elementor-element-populated\">\n\t\t\t\t\t<div class=\"elementor-background-overlay\"><\/div>\n\t\t\t\t\t\t<div class=\"elementor-element elementor-element-59de27fb elementor-widget elementor-widget-spacer\" data-id=\"59de27fb\" data-element_type=\"widget\" data-widget_type=\"spacer.default\">\n\t\t\t\t<div class=\"elementor-widget-container\">\n\t\t\t\t\t\t\t<div class=\"elementor-spacer\">\n\t\t\t<div class=\"elementor-spacer-inner\"><\/div>\n\t\t<\/div>\n\t\t\t\t\t\t<\/div>\n\t\t\t\t<\/div>\n\t\t\t\t\t<\/div>\n\t\t<\/div>\n\t\t\t\t\t<\/div>\n\t\t<\/section>\n\t\t\t\t<section class=\"elementor-section elementor-top-section elementor-element elementor-element-3a642869 elementor-section-full_width elementor-section-height-default elementor-section-height-default\" data-id=\"3a642869\" data-element_type=\"section\" data-settings=\"{&quot;background_background&quot;:&quot;classic&quot;}\">\n\t\t\t\t\t\t\t<div class=\"elementor-background-overlay\"><\/div>\n\t\t\t\t\t\t\t<div class=\"elementor-container elementor-column-gap-no\">\n\t\t\t\t\t<div class=\"elementor-column elementor-col-100 elementor-top-column elementor-element elementor-element-fc2dfd2 sc_layouts_column_icons_position_left\" data-id=\"fc2dfd2\" data-element_type=\"column\">\n\t\t\t<div class=\"elementor-widget-wrap elementor-element-populated\">\n\t\t\t\t\t\t<div class=\"elementor-element elementor-element-4dcd9cb3 elementor-widget elementor-widget-spacer\" data-id=\"4dcd9cb3\" data-element_type=\"widget\" data-widget_type=\"spacer.default\">\n\t\t\t\t<div class=\"elementor-widget-container\">\n\t\t\t\t\t\t\t<div class=\"elementor-spacer\">\n\t\t\t<div class=\"elementor-spacer-inner\"><\/div>\n\t\t<\/div>\n\t\t\t\t\t\t<\/div>\n\t\t\t\t<\/div>\n\t\t\t\t<div class=\"elementor-element elementor-element-2ddc7883 elementor-widget elementor-widget-heading\" data-id=\"2ddc7883\" data-element_type=\"widget\" data-widget_type=\"heading.default\">\n\t\t\t\t<div class=\"elementor-widget-container\">\n\t\t\t\t\t<div class=\"elementor-heading-title elementor-size-large\">Para todos los p\u00fablicos | 20 minutos | Plaza Altozano<\/div>\t\t\t\t<\/div>\n\t\t\t\t<\/div>\n\t\t\t\t<div class=\"elementor-element elementor-element-c750790 elementor-widget elementor-widget-spacer\" data-id=\"c750790\" data-element_type=\"widget\" data-widget_type=\"spacer.default\">\n\t\t\t\t<div class=\"elementor-widget-container\">\n\t\t\t\t\t\t\t<div class=\"elementor-spacer\">\n\t\t\t<div class=\"elementor-spacer-inner\"><\/div>\n\t\t<\/div>\n\t\t\t\t\t\t<\/div>\n\t\t\t\t<\/div>\n\t\t\t\t\t<\/div>\n\t\t<\/div>\n\t\t\t\t\t<\/div>\n\t\t<\/section>\n\t\t\t\t<section class=\"elementor-section elementor-top-section elementor-element elementor-element-5bb7694b elementor-section-full_width elementor-section-height-default elementor-section-height-default\" data-id=\"5bb7694b\" data-element_type=\"section\">\n\t\t\t\t\t\t<div class=\"elementor-container elementor-column-gap-extended\">\n\t\t\t\t\t<div class=\"elementor-column elementor-col-33 elementor-top-column elementor-element elementor-element-f267979 sc_layouts_column_icons_position_left\" data-id=\"f267979\" data-element_type=\"column\" data-settings=\"{&quot;background_background&quot;:&quot;classic&quot;}\">\n\t\t\t<div class=\"elementor-widget-wrap\">\n\t\t\t\t\t\t\t<\/div>\n\t\t<\/div>\n\t\t\t\t<div class=\"elementor-column elementor-col-33 elementor-top-column elementor-element elementor-element-22cd965c sc_layouts_column_icons_position_left\" data-id=\"22cd965c\" data-element_type=\"column\">\n\t\t\t<div class=\"elementor-widget-wrap elementor-element-populated\">\n\t\t\t\t\t\t<div class=\"elementor-element elementor-element-16cc6417 elementor-widget elementor-widget-heading\" data-id=\"16cc6417\" data-element_type=\"widget\" data-widget_type=\"heading.default\">\n\t\t\t\t<div class=\"elementor-widget-container\">\n\t\t\t\t\t<h4 class=\"elementor-heading-title elementor-size-default\">Sinopsis<\/h4>\t\t\t\t<\/div>\n\t\t\t\t<\/div>\n\t\t\t\t<div class=\"elementor-element elementor-element-394948e3 elementor-widget elementor-widget-text-editor\" data-id=\"394948e3\" data-element_type=\"widget\" data-widget_type=\"text-editor.default\">\n\t\t\t\t<div class=\"elementor-widget-container\">\n\t\t\t\t\t\t\t\t\t<p>CAMPO CERRADO es una cartograf\u00eda dise\u00f1ada en torno a los conceptos de \u201cIdentidad y diversidad\u201d y que dramat\u00fargicamente aborda cuestiones que caracterizan la vida cultural de una \u00e9poca compleja, \u201cLa posguerra Espa\u00f1ola\u201d. Una suerte de trenzado que nos activa todas las huellas culturales y art\u00edsticas de los a\u00f1os 40 y 50, \u00e9poca en la que cobran especial relevancia las alianzas y enfrentamientos entre arte y poder, y pleno significado conceptos como resiliencia, resistencia, represi\u00f3n, reinvenci\u00f3n y tambi\u00e9n exilio.<\/p><p>Un trabajo coreogr\u00e1fico que se presenta como una manera alternativa de leer la historia investigando, c\u00f3mo en ella se desarrollaron las diferentes vanguardias de posguerra, probablemente a golpe de genialidad y talento por parte de una generaci\u00f3n de creadoras y creadores con diversos discursos art\u00edsticos que supieron consolidar y trascender en un periodo tradicionalmente considerado como p\u00e1ramo.<\/p>\t\t\t\t\t\t\t\t<\/div>\n\t\t\t\t<\/div>\n\t\t\t\t<div class=\"elementor-element elementor-element-4da21c95 elementor-widget elementor-widget-spacer\" data-id=\"4da21c95\" data-element_type=\"widget\" data-widget_type=\"spacer.default\">\n\t\t\t\t<div class=\"elementor-widget-container\">\n\t\t\t\t\t\t\t<div class=\"elementor-spacer\">\n\t\t\t<div class=\"elementor-spacer-inner\"><\/div>\n\t\t<\/div>\n\t\t\t\t\t\t<\/div>\n\t\t\t\t<\/div>\n\t\t\t\t<section class=\"elementor-section elementor-inner-section elementor-element elementor-element-fe92a1f elementor-section-full_width elementor-section-height-default elementor-section-height-default\" data-id=\"fe92a1f\" data-element_type=\"section\">\n\t\t\t\t\t\t<div class=\"elementor-container elementor-column-gap-no\">\n\t\t\t\t\t<div class=\"elementor-column elementor-col-50 elementor-inner-column elementor-element elementor-element-7baf8471 sc_layouts_column_icons_position_left\" data-id=\"7baf8471\" data-element_type=\"column\">\n\t\t\t<div class=\"elementor-widget-wrap elementor-element-populated\">\n\t\t\t\t\t\t<div class=\"elementor-element elementor-element-5021ca11 elementor-widget elementor-widget-heading\" data-id=\"5021ca11\" data-element_type=\"widget\" data-widget_type=\"heading.default\">\n\t\t\t\t<div class=\"elementor-widget-container\">\n\t\t\t\t\t<h4 class=\"elementor-heading-title elementor-size-default\">Reparto<\/h4>\t\t\t\t<\/div>\n\t\t\t\t<\/div>\n\t\t\t\t<div class=\"elementor-element elementor-element-5ee8d2bb elementor-widget elementor-widget-text-editor\" data-id=\"5ee8d2bb\" data-element_type=\"widget\" data-widget_type=\"text-editor.default\">\n\t\t\t\t<div class=\"elementor-widget-container\">\n\t\t\t\t\t\t\t\t\t<p style=\"box-sizing: inherit; margin-bottom: 0px; margin-top: 0px; color: #606c76; font-family: 'Helvetica Neue', Helvetica, Arial, sans-serif; font-size: 16px; letter-spacing: 0.16px; text-align: start;\">Miranda Alfonso<\/p><p style=\"box-sizing: inherit; margin-bottom: 0px; margin-top: 0px; color: #606c76; font-family: 'Helvetica Neue', Helvetica, Arial, sans-serif; font-size: 16px; letter-spacing: 0.16px; text-align: start;\">Cristian Marti\u0301n<\/p><p style=\"box-sizing: inherit; margin-top: 0px; color: #606c76; font-family: 'Helvetica Neue', Helvetica, Arial, sans-serif; font-size: 16px; letter-spacing: 0.16px; text-align: start;\">Daniel Don\u0303a<\/p>\t\t\t\t\t\t\t\t<\/div>\n\t\t\t\t<\/div>\n\t\t\t\t\t<\/div>\n\t\t<\/div>\n\t\t\t\t<div class=\"elementor-column elementor-col-50 elementor-inner-column elementor-element elementor-element-13ef93a0 sc_layouts_column_icons_position_left\" data-id=\"13ef93a0\" data-element_type=\"column\">\n\t\t\t<div class=\"elementor-widget-wrap elementor-element-populated\">\n\t\t\t\t\t\t<div class=\"elementor-element elementor-element-3a5c3e60 elementor-widget elementor-widget-heading\" data-id=\"3a5c3e60\" data-element_type=\"widget\" data-widget_type=\"heading.default\">\n\t\t\t\t<div class=\"elementor-widget-container\">\n\t\t\t\t\t<h4 class=\"elementor-heading-title elementor-size-default\">Datos de distribuci\u00f3n<\/h4>\t\t\t\t<\/div>\n\t\t\t\t<\/div>\n\t\t\t\t<div class=\"elementor-element elementor-element-50ee65f1 elementor-widget elementor-widget-text-editor\" data-id=\"50ee65f1\" data-element_type=\"widget\" data-widget_type=\"text-editor.default\">\n\t\t\t\t<div class=\"elementor-widget-container\">\n\t\t\t\t\t\t\t\t\t<p style=\"box-sizing: inherit; margin-bottom: 0px; margin-top: 0px; color: #606c76; font-family: 'Helvetica Neue', Helvetica, Arial, sans-serif; font-size: 16px; letter-spacing: 0.16px; text-align: start;\"><strong style=\"box-sizing: inherit;\">Contacto:<\/strong>\u00a0M. \u00c1ngeles Marchirant<br style=\"box-sizing: inherit;\" \/><strong style=\"box-sizing: inherit;\">Email:\u00a0<\/strong>ma.marchirant@a-mas.net<\/p><p style=\"box-sizing: inherit; margin-bottom: 0px; margin-top: 0px; color: #606c76; font-family: 'Helvetica Neue', Helvetica, Arial, sans-serif; font-size: 16px; letter-spacing: 0.16px; text-align: start;\"><strong style=\"box-sizing: inherit;\">Tel\u00e9fono:<\/strong>\u00a0+34 616 533 805<br style=\"box-sizing: inherit;\" \/><strong style=\"box-sizing: inherit;\">Contacto:<\/strong>\u00a0Laura Mar\u00edn<br style=\"box-sizing: inherit;\" \/><strong style=\"box-sizing: inherit;\">Email:<\/strong>\u00a0laura.marin@a-mas.net<\/p><p style=\"box-sizing: inherit; margin-top: 0px; color: #606c76; font-family: 'Helvetica Neue', Helvetica, Arial, sans-serif; font-size: 16px; letter-spacing: 0.16px; text-align: start;\"><strong style=\"box-sizing: inherit;\">Tel\u00e9fono:\u00a0<\/strong>+34 616 273 496<\/p>\t\t\t\t\t\t\t\t<\/div>\n\t\t\t\t<\/div>\n\t\t\t\t\t<\/div>\n\t\t<\/div>\n\t\t\t\t\t<\/div>\n\t\t<\/section>\n\t\t\t\t<div class=\"elementor-element elementor-element-73945516 elementor-widget elementor-widget-spacer\" data-id=\"73945516\" data-element_type=\"widget\" data-widget_type=\"spacer.default\">\n\t\t\t\t<div class=\"elementor-widget-container\">\n\t\t\t\t\t\t\t<div class=\"elementor-spacer\">\n\t\t\t<div class=\"elementor-spacer-inner\"><\/div>\n\t\t<\/div>\n\t\t\t\t\t\t<\/div>\n\t\t\t\t<\/div>\n\t\t\t\t<div class=\"elementor-element elementor-element-5768789d elementor-widget elementor-widget-heading\" data-id=\"5768789d\" data-element_type=\"widget\" data-widget_type=\"heading.default\">\n\t\t\t\t<div class=\"elementor-widget-container\">\n\t\t\t\t\t<h4 class=\"elementor-heading-title elementor-size-default\">Galer\u00eda<\/h4>\t\t\t\t<\/div>\n\t\t\t\t<\/div>\n\t\t\t\t<div class=\"elementor-element elementor-element-31085c35 elementor-widget elementor-widget-image-gallery\" data-id=\"31085c35\" data-element_type=\"widget\" data-widget_type=\"image-gallery.default\">\n\t\t\t\t<div class=\"elementor-widget-container\">\n\t\t\t\t\t\t\t<div class=\"elementor-image-gallery\">\n\t\t\t<div id='gallery-1' class='gallery galleryid-4265 gallery-columns-3 gallery-size-ostende-thumb-med'><figure class='gallery-item'>\n\t\t\t<div class='gallery-icon landscape'>\n\t\t\t\t<a data-elementor-open-lightbox=\"no\" href='https:\/\/faemclm.es\/feriaxxvii\/wp-content\/uploads\/2023\/03\/campo-cerrado-01.jpg'><img decoding=\"async\" width=\"406\" height=\"228\" src=\"https:\/\/faemclm.es\/feriaxxvii\/wp-content\/uploads\/2023\/03\/campo-cerrado-01-406x228.jpg\" class=\"attachment-ostende-thumb-med size-ostende-thumb-med\" alt=\"\" srcset=\"https:\/\/faemclm.es\/feriaxxvii\/wp-content\/uploads\/2023\/03\/campo-cerrado-01-406x228.jpg 406w, https:\/\/faemclm.es\/feriaxxvii\/wp-content\/uploads\/2023\/03\/campo-cerrado-01-842x474.jpg 842w, https:\/\/faemclm.es\/feriaxxvii\/wp-content\/uploads\/2023\/03\/campo-cerrado-01-270x152.jpg 270w\" sizes=\"(max-width: 406px) 100vw, 406px\" \/><\/a>\n\t\t\t<\/div><\/figure><figure class='gallery-item'>\n\t\t\t<div class='gallery-icon landscape'>\n\t\t\t\t<a data-elementor-open-lightbox=\"no\" href='https:\/\/faemclm.es\/feriaxxvii\/wp-content\/uploads\/2023\/03\/campo-cerrado-02.jpg'><img decoding=\"async\" width=\"406\" height=\"228\" src=\"https:\/\/faemclm.es\/feriaxxvii\/wp-content\/uploads\/2023\/03\/campo-cerrado-02-406x228.jpg\" class=\"attachment-ostende-thumb-med size-ostende-thumb-med\" alt=\"\" srcset=\"https:\/\/faemclm.es\/feriaxxvii\/wp-content\/uploads\/2023\/03\/campo-cerrado-02-406x228.jpg 406w, https:\/\/faemclm.es\/feriaxxvii\/wp-content\/uploads\/2023\/03\/campo-cerrado-02-842x474.jpg 842w, https:\/\/faemclm.es\/feriaxxvii\/wp-content\/uploads\/2023\/03\/campo-cerrado-02-270x152.jpg 270w\" sizes=\"(max-width: 406px) 100vw, 406px\" \/><\/a>\n\t\t\t<\/div><\/figure><figure class='gallery-item'>\n\t\t\t<div class='gallery-icon landscape'>\n\t\t\t\t<a data-elementor-open-lightbox=\"no\" href='https:\/\/faemclm.es\/feriaxxvii\/wp-content\/uploads\/2023\/03\/campo-cerrado-03.jpg'><img loading=\"lazy\" decoding=\"async\" width=\"406\" height=\"228\" src=\"https:\/\/faemclm.es\/feriaxxvii\/wp-content\/uploads\/2023\/03\/campo-cerrado-03-406x228.jpg\" class=\"attachment-ostende-thumb-med size-ostende-thumb-med\" alt=\"\" srcset=\"https:\/\/faemclm.es\/feriaxxvii\/wp-content\/uploads\/2023\/03\/campo-cerrado-03-406x228.jpg 406w, https:\/\/faemclm.es\/feriaxxvii\/wp-content\/uploads\/2023\/03\/campo-cerrado-03-842x474.jpg 842w, https:\/\/faemclm.es\/feriaxxvii\/wp-content\/uploads\/2023\/03\/campo-cerrado-03-270x152.jpg 270w\" sizes=\"(max-width: 406px) 100vw, 406px\" \/><\/a>\n\t\t\t<\/div><\/figure>\n\t\t<\/div>\n\t\t<\/div>\n\t\t\t\t\t\t<\/div>\n\t\t\t\t<\/div>\n\t\t\t\t<div class=\"elementor-element elementor-element-bac69aa elementor-widget elementor-widget-heading\" data-id=\"bac69aa\" data-element_type=\"widget\" data-widget_type=\"heading.default\">\n\t\t\t\t<div class=\"elementor-widget-container\">\n\t\t\t\t\t<h4 class=\"elementor-heading-title elementor-size-default\">Fotograf\u00edas en la FAEMCLM 2023<\/h4>\t\t\t\t<\/div>\n\t\t\t\t<\/div>\n\t\t\t\t<div class=\"elementor-element elementor-element-d3ff8cd elementor-widget elementor-widget-image-gallery\" data-id=\"d3ff8cd\" data-element_type=\"widget\" data-widget_type=\"image-gallery.default\">\n\t\t\t\t<div class=\"elementor-widget-container\">\n\t\t\t\t\t\t\t<div class=\"elementor-image-gallery\">\n\t\t\t<div id='gallery-2' class='gallery galleryid-4265 gallery-columns-3 gallery-size-ostende-thumb-med'><figure class='gallery-item'>\n\t\t\t<div class='gallery-icon landscape'>\n\t\t\t\t<a data-elementor-open-lightbox=\"no\" href='https:\/\/faemclm.es\/feriaxxvii\/wp-content\/uploads\/2023\/04\/12042023-Campo-Cerrado-FAEM-01.jpg'><img loading=\"lazy\" decoding=\"async\" width=\"406\" height=\"228\" src=\"https:\/\/faemclm.es\/feriaxxvii\/wp-content\/uploads\/2023\/04\/12042023-Campo-Cerrado-FAEM-01-406x228.jpg\" class=\"attachment-ostende-thumb-med size-ostende-thumb-med\" alt=\"\" srcset=\"https:\/\/faemclm.es\/feriaxxvii\/wp-content\/uploads\/2023\/04\/12042023-Campo-Cerrado-FAEM-01-406x228.jpg 406w, https:\/\/faemclm.es\/feriaxxvii\/wp-content\/uploads\/2023\/04\/12042023-Campo-Cerrado-FAEM-01-842x474.jpg 842w, https:\/\/faemclm.es\/feriaxxvii\/wp-content\/uploads\/2023\/04\/12042023-Campo-Cerrado-FAEM-01-270x152.jpg 270w\" sizes=\"(max-width: 406px) 100vw, 406px\" \/><\/a>\n\t\t\t<\/div><\/figure><figure class='gallery-item'>\n\t\t\t<div class='gallery-icon landscape'>\n\t\t\t\t<a data-elementor-open-lightbox=\"no\" href='https:\/\/faemclm.es\/feriaxxvii\/wp-content\/uploads\/2023\/04\/12042023-Campo-Cerrado-FAEM-02.jpg'><img loading=\"lazy\" decoding=\"async\" width=\"406\" height=\"228\" src=\"https:\/\/faemclm.es\/feriaxxvii\/wp-content\/uploads\/2023\/04\/12042023-Campo-Cerrado-FAEM-02-406x228.jpg\" class=\"attachment-ostende-thumb-med size-ostende-thumb-med\" alt=\"\" srcset=\"https:\/\/faemclm.es\/feriaxxvii\/wp-content\/uploads\/2023\/04\/12042023-Campo-Cerrado-FAEM-02-406x228.jpg 406w, https:\/\/faemclm.es\/feriaxxvii\/wp-content\/uploads\/2023\/04\/12042023-Campo-Cerrado-FAEM-02-842x474.jpg 842w, https:\/\/faemclm.es\/feriaxxvii\/wp-content\/uploads\/2023\/04\/12042023-Campo-Cerrado-FAEM-02-270x152.jpg 270w\" sizes=\"(max-width: 406px) 100vw, 406px\" \/><\/a>\n\t\t\t<\/div><\/figure><figure class='gallery-item'>\n\t\t\t<div class='gallery-icon landscape'>\n\t\t\t\t<a data-elementor-open-lightbox=\"no\" href='https:\/\/faemclm.es\/feriaxxvii\/wp-content\/uploads\/2023\/04\/12042023-Campo-Cerrado-FAEM-03.jpg'><img loading=\"lazy\" decoding=\"async\" width=\"406\" height=\"228\" src=\"https:\/\/faemclm.es\/feriaxxvii\/wp-content\/uploads\/2023\/04\/12042023-Campo-Cerrado-FAEM-03-406x228.jpg\" class=\"attachment-ostende-thumb-med size-ostende-thumb-med\" alt=\"\" srcset=\"https:\/\/faemclm.es\/feriaxxvii\/wp-content\/uploads\/2023\/04\/12042023-Campo-Cerrado-FAEM-03-406x228.jpg 406w, https:\/\/faemclm.es\/feriaxxvii\/wp-content\/uploads\/2023\/04\/12042023-Campo-Cerrado-FAEM-03-842x474.jpg 842w, https:\/\/faemclm.es\/feriaxxvii\/wp-content\/uploads\/2023\/04\/12042023-Campo-Cerrado-FAEM-03-270x152.jpg 270w\" sizes=\"(max-width: 406px) 100vw, 406px\" \/><\/a>\n\t\t\t<\/div><\/figure>\n\t\t<\/div>\n\t\t<\/div>\n\t\t\t\t\t\t<\/div>\n\t\t\t\t<\/div>\n\t\t\t\t\t<\/div>\n\t\t<\/div>\n\t\t\t\t<div class=\"elementor-column elementor-col-33 elementor-top-column elementor-element elementor-element-7d4292 sc_layouts_column_icons_position_left\" data-id=\"7d4292\" data-element_type=\"column\" data-settings=\"{&quot;background_background&quot;:&quot;classic&quot;}\">\n\t\t\t<div class=\"elementor-widget-wrap\">\n\t\t\t\t\t\t\t<\/div>\n\t\t<\/div>\n\t\t\t\t\t<\/div>\n\t\t<\/section>\n\t\t\t\t<\/div>\n\t\t","protected":false},"excerpt":{"rendered":"<p>Equipo T\u00e9cnico y Art\u00edstico Idea original y direcci\u00f3n art\u00edstica:\u00a0Daniel Do\u00f1aDirecci\u00f3n esc\u00e9nica:\u00a0Jordi VilasecaCoreograf\u00eda:\u00a0Jordi Vilaseca \u00b7 Miranda Alfonso \u00b7 Cristian Mart\u00edn \u00b7 Daniel Do\u00f1aDise\u00f1o de sombreros:\u00a0Sombrerer\u00eda MedranoFotograf\u00eda:\u00a0Beatrix MolnarGerencia y producci\u00f3n ejecutiva:\u00a0Eva MarceloProducci\u00f3n:\u00a0Daniel Do\u00f1a Para todos los p\u00fablicos&hellip;<\/p>\n","protected":false},"author":1,"featured_media":4266,"comment_status":"closed","ping_status":"closed","template":"","meta":{"_tribe_events_status":"","_tribe_events_status_reason":"","footnotes":""},"tags":[],"tribe_events_cat":[52],"class_list":["post-4265","tribe_events","type-tribe_events","status-publish","has-post-thumbnail","hentry","tribe_events_cat-danza","cat_danza"],"_links":{"self":[{"href":"https:\/\/faemclm.es\/feriaxxvii\/wp-json\/wp\/v2\/tribe_events\/4265","targetHints":{"allow":["GET"]}}],"collection":[{"href":"https:\/\/faemclm.es\/feriaxxvii\/wp-json\/wp\/v2\/tribe_events"}],"about":[{"href":"https:\/\/faemclm.es\/feriaxxvii\/wp-json\/wp\/v2\/types\/tribe_events"}],"author":[{"embeddable":true,"href":"https:\/\/faemclm.es\/feriaxxvii\/wp-json\/wp\/v2\/users\/1"}],"replies":[{"embeddable":true,"href":"https:\/\/faemclm.es\/feriaxxvii\/wp-json\/wp\/v2\/comments?post=4265"}],"version-history":[{"count":0,"href":"https:\/\/faemclm.es\/feriaxxvii\/wp-json\/wp\/v2\/tribe_events\/4265\/revisions"}],"wp:featuredmedia":[{"embeddable":true,"href":"https:\/\/faemclm.es\/feriaxxvii\/wp-json\/wp\/v2\/media\/4266"}],"wp:attachment":[{"href":"https:\/\/faemclm.es\/feriaxxvii\/wp-json\/wp\/v2\/media?parent=4265"}],"wp:term":[{"taxonomy":"post_tag","embeddable":true,"href":"https:\/\/faemclm.es\/feriaxxvii\/wp-json\/wp\/v2\/tags?post=4265"},{"taxonomy":"tribe_events_cat","embeddable":true,"href":"https:\/\/faemclm.es\/feriaxxvii\/wp-json\/wp\/v2\/tribe_events_cat?post=4265"}],"curies":[{"name":"wp","href":"https:\/\/api.w.org\/{rel}","templated":true}]}}