{"id":4275,"date":"2023-03-01T09:45:47","date_gmt":"2023-03-01T08:45:47","guid":{"rendered":"https:\/\/faemclm.es\/?post_type=tribe_events&#038;p=4275"},"modified":"2023-04-13T09:14:54","modified_gmt":"2023-04-13T07:14:54","slug":"you-say-tomato","status":"publish","type":"tribe_events","link":"https:\/\/faemclm.es\/feriaxxvii\/espectaculo\/you-say-tomato\/","title":{"rendered":"You Say Tomato"},"content":{"rendered":"\t\t<div data-elementor-type=\"wp-post\" data-elementor-id=\"4275\" class=\"elementor elementor-4275\">\n\t\t\t\t<br \/>\n<b>Warning<\/b>:  Undefined array key \"options\" in <b>\/srv\/vhost\/faemclm.es\/home\/html\/feriaxxvii\/wp-content\/plugins\/trx_addons\/components\/api\/elementor\/elementor.php<\/b> on line <b>1042<\/b><br \/>\n\t\t<section class=\"elementor-section elementor-top-section elementor-element elementor-element-58e91636 elementor-section-full_width elementor-section-height-default elementor-section-height-default\" data-id=\"58e91636\" data-element_type=\"section\" data-settings=\"{&quot;background_background&quot;:&quot;classic&quot;}\">\n\t\t\t\t\t\t<div class=\"elementor-container elementor-column-gap-no\">\n\t\t\t\t\t<div class=\"elementor-column elementor-col-33 elementor-top-column elementor-element elementor-element-7ec13a6c sc_layouts_column_icons_position_left\" data-id=\"7ec13a6c\" data-element_type=\"column\">\n\t\t\t<div class=\"elementor-widget-wrap elementor-element-populated\">\n\t\t\t\t\t\t<div class=\"elementor-element elementor-element-3b91e4b5 elementor-widget elementor-widget-image\" data-id=\"3b91e4b5\" data-element_type=\"widget\" data-widget_type=\"image.default\">\n\t\t\t\t<div class=\"elementor-widget-container\">\n\t\t\t\t\t\t\t\t\t\t\t\t\t\t\t<img fetchpriority=\"high\" decoding=\"async\" width=\"1240\" height=\"1755\" src=\"https:\/\/faemclm.es\/feriaxxvii\/wp-content\/uploads\/2023\/03\/Cartel-You-say-tomato.jpg\" class=\"attachment-full size-full wp-image-4276\" alt=\"\" srcset=\"https:\/\/faemclm.es\/feriaxxvii\/wp-content\/uploads\/2023\/03\/Cartel-You-say-tomato.jpg 1240w, https:\/\/faemclm.es\/feriaxxvii\/wp-content\/uploads\/2023\/03\/Cartel-You-say-tomato-212x300.jpg 212w, https:\/\/faemclm.es\/feriaxxvii\/wp-content\/uploads\/2023\/03\/Cartel-You-say-tomato-724x1024.jpg 724w, https:\/\/faemclm.es\/feriaxxvii\/wp-content\/uploads\/2023\/03\/Cartel-You-say-tomato-768x1087.jpg 768w, https:\/\/faemclm.es\/feriaxxvii\/wp-content\/uploads\/2023\/03\/Cartel-You-say-tomato-1085x1536.jpg 1085w, https:\/\/faemclm.es\/feriaxxvii\/wp-content\/uploads\/2023\/03\/Cartel-You-say-tomato-370x524.jpg 370w, https:\/\/faemclm.es\/feriaxxvii\/wp-content\/uploads\/2023\/03\/Cartel-You-say-tomato-812x1149.jpg 812w, https:\/\/faemclm.es\/feriaxxvii\/wp-content\/uploads\/2023\/03\/Cartel-You-say-tomato-406x575.jpg 406w\" sizes=\"(max-width: 1240px) 100vw, 1240px\" \/>\t\t\t\t\t\t\t\t\t\t\t\t\t\t\t<\/div>\n\t\t\t\t<\/div>\n\t\t\t\t\t<\/div>\n\t\t<\/div>\n\t\t\t\t<div class=\"elementor-column elementor-col-33 elementor-top-column elementor-element elementor-element-4d9b43dd sc_layouts_column_icons_position_left\" data-id=\"4d9b43dd\" data-element_type=\"column\" data-settings=\"{&quot;background_background&quot;:&quot;classic&quot;}\">\n\t\t\t<div class=\"elementor-widget-wrap elementor-element-populated\">\n\t\t\t\t\t\t<div class=\"elementor-element elementor-element-78d479fa elementor-widget elementor-widget-heading\" data-id=\"78d479fa\" data-element_type=\"widget\" data-widget_type=\"heading.default\">\n\t\t\t\t<div class=\"elementor-widget-container\">\n\t\t\t\t\t<h4 class=\"elementor-heading-title elementor-size-default\">Equipo T\u00e9cnico y Art\u00edstico<\/h4>\t\t\t\t<\/div>\n\t\t\t\t<\/div>\n\t\t\t\t<div class=\"elementor-element elementor-element-e6af394 elementor-widget elementor-widget-text-editor\" data-id=\"e6af394\" data-element_type=\"widget\" data-widget_type=\"text-editor.default\">\n\t\t\t\t<div class=\"elementor-widget-container\">\n\t\t\t\t\t\t\t\t\t<p><strong>Direcci\u00f3n:\u00a0<\/strong>Joan Maria Segura Bernardas<br \/><strong>Iluminaci\u00f3n:<\/strong>\u00a0Marc Salicr\u00fa<br \/><strong>Escenograf\u00eda y Vestuario:<\/strong>\u00a0Albert Pascual<br \/><strong>Ayudante Vestuario:<\/strong>\u00a0Paloma Arza<br \/><strong>Producci\u00f3n Ejecutiva:\u00a0<\/strong>Joan Negri\u00e9<br \/><strong>Producci\u00f3n:<\/strong>\u00a0Eloi Isern<br \/><strong>Compa\u00f1\u00eda:<\/strong>\u00a0Sala Trono<\/p>\t\t\t\t\t\t\t\t<\/div>\n\t\t\t\t<\/div>\n\t\t\t\t\t<\/div>\n\t\t<\/div>\n\t\t\t\t<div class=\"elementor-column elementor-col-33 elementor-top-column elementor-element elementor-element-7e7e93a0 sc_layouts_column_icons_position_left\" data-id=\"7e7e93a0\" data-element_type=\"column\" data-settings=\"{&quot;background_background&quot;:&quot;classic&quot;}\">\n\t\t\t<div class=\"elementor-widget-wrap elementor-element-populated\">\n\t\t\t\t\t<div class=\"elementor-background-overlay\"><\/div>\n\t\t\t\t\t\t<div class=\"elementor-element elementor-element-94146d4 elementor-widget elementor-widget-spacer\" data-id=\"94146d4\" data-element_type=\"widget\" data-widget_type=\"spacer.default\">\n\t\t\t\t<div class=\"elementor-widget-container\">\n\t\t\t\t\t\t\t<div class=\"elementor-spacer\">\n\t\t\t<div class=\"elementor-spacer-inner\"><\/div>\n\t\t<\/div>\n\t\t\t\t\t\t<\/div>\n\t\t\t\t<\/div>\n\t\t\t\t\t<\/div>\n\t\t<\/div>\n\t\t\t\t\t<\/div>\n\t\t<\/section>\n\t\t\t\t<section class=\"elementor-section elementor-top-section elementor-element elementor-element-7731cb0a elementor-section-full_width elementor-section-height-default elementor-section-height-default\" data-id=\"7731cb0a\" data-element_type=\"section\" data-settings=\"{&quot;background_background&quot;:&quot;classic&quot;}\">\n\t\t\t\t\t\t\t<div class=\"elementor-background-overlay\"><\/div>\n\t\t\t\t\t\t\t<div class=\"elementor-container elementor-column-gap-no\">\n\t\t\t\t\t<div class=\"elementor-column elementor-col-100 elementor-top-column elementor-element elementor-element-3276f834 sc_layouts_column_icons_position_left\" data-id=\"3276f834\" data-element_type=\"column\">\n\t\t\t<div class=\"elementor-widget-wrap elementor-element-populated\">\n\t\t\t\t\t\t<div class=\"elementor-element elementor-element-46041611 elementor-widget elementor-widget-spacer\" data-id=\"46041611\" data-element_type=\"widget\" data-widget_type=\"spacer.default\">\n\t\t\t\t<div class=\"elementor-widget-container\">\n\t\t\t\t\t\t\t<div class=\"elementor-spacer\">\n\t\t\t<div class=\"elementor-spacer-inner\"><\/div>\n\t\t<\/div>\n\t\t\t\t\t\t<\/div>\n\t\t\t\t<\/div>\n\t\t\t\t<div class=\"elementor-element elementor-element-67681d49 elementor-widget elementor-widget-heading\" data-id=\"67681d49\" data-element_type=\"widget\" data-widget_type=\"heading.default\">\n\t\t\t\t<div class=\"elementor-widget-container\">\n\t\t\t\t\t<div class=\"elementor-heading-title elementor-size-large\">P\u00fablico joven | 70 minutos | Teatro de la Paz<\/div>\t\t\t\t<\/div>\n\t\t\t\t<\/div>\n\t\t\t\t<div class=\"elementor-element elementor-element-58df4086 elementor-widget elementor-widget-spacer\" data-id=\"58df4086\" data-element_type=\"widget\" data-widget_type=\"spacer.default\">\n\t\t\t\t<div class=\"elementor-widget-container\">\n\t\t\t\t\t\t\t<div class=\"elementor-spacer\">\n\t\t\t<div class=\"elementor-spacer-inner\"><\/div>\n\t\t<\/div>\n\t\t\t\t\t\t<\/div>\n\t\t\t\t<\/div>\n\t\t\t\t\t<\/div>\n\t\t<\/div>\n\t\t\t\t\t<\/div>\n\t\t<\/section>\n\t\t\t\t<section class=\"elementor-section elementor-top-section elementor-element elementor-element-35090c0c elementor-section-full_width elementor-section-height-default elementor-section-height-default\" data-id=\"35090c0c\" data-element_type=\"section\">\n\t\t\t\t\t\t<div class=\"elementor-container elementor-column-gap-extended\">\n\t\t\t\t\t<div class=\"elementor-column elementor-col-33 elementor-top-column elementor-element elementor-element-4aeec394 sc_layouts_column_icons_position_left\" data-id=\"4aeec394\" data-element_type=\"column\" data-settings=\"{&quot;background_background&quot;:&quot;classic&quot;}\">\n\t\t\t<div class=\"elementor-widget-wrap\">\n\t\t\t\t\t\t\t<\/div>\n\t\t<\/div>\n\t\t\t\t<div class=\"elementor-column elementor-col-33 elementor-top-column elementor-element elementor-element-6cba910c sc_layouts_column_icons_position_left\" data-id=\"6cba910c\" data-element_type=\"column\">\n\t\t\t<div class=\"elementor-widget-wrap elementor-element-populated\">\n\t\t\t\t\t\t<div class=\"elementor-element elementor-element-769a8b18 elementor-widget elementor-widget-heading\" data-id=\"769a8b18\" data-element_type=\"widget\" data-widget_type=\"heading.default\">\n\t\t\t\t<div class=\"elementor-widget-container\">\n\t\t\t\t\t<h4 class=\"elementor-heading-title elementor-size-default\">Sinopsis<\/h4>\t\t\t\t<\/div>\n\t\t\t\t<\/div>\n\t\t\t\t<div class=\"elementor-element elementor-element-4eade35f elementor-widget elementor-widget-text-editor\" data-id=\"4eade35f\" data-element_type=\"widget\" data-widget_type=\"text-editor.default\">\n\t\t\t\t<div class=\"elementor-widget-container\">\n\t\t\t\t\t\t\t\t\t<p>\u00bfY si ahora, simplemente, lo dej\u00e1ramos estar? Hemos atravesado el pa\u00eds en coche innumerables veces, hemos actuado en locales ruinosos, hemos mantenido largas y pesadas conversaciones con empresarios indeseables y nos hemos dejado la piel en cada concierto; hemos renunciado a amigos, a aficiones y a ratos de ocio, hemos regalado nuestras vacaciones, nuestras horas de sue\u00f1o, hemos dejado de viajar; lo hemos dado literalmente todo para conseguir nuestro sue\u00f1o. Pero hoy tenemos 40 a\u00f1os y poco a poco empezamos a darnos cuenta de que la vida que hab\u00edamos so\u00f1ado no tiene nada que ver con \u00e9sta. \u00bfEntonces por qu\u00e9 no lo dejamos aqu\u00ed<\/p><p>Simplemente. \u00bfPor qu\u00e9 no nos despedimos con un \u00faltimo gran concierto y lo dejamos aqu\u00ed? Noelia y Santi llevan 15 a\u00f1os viviendo juntos.<\/p><p>Su historia de amor comenz\u00f3 junto con un trepidante proyecto musical que les hab\u00eda de llevar, un d\u00eda u otro, a lo m\u00e1s alto. Los a\u00f1os han pasado y ese d\u00eda no ha llegado. Hoy, mientras esperan que las puertas se abran y el local se llene de gente para recuperar parte del dinero que han perdido en su \u00faltima gira, no tendr\u00e1n m\u00e1s remedio que preguntarse hacia d\u00f3nde va su proyecto musical, hacia d\u00f3nde su historia de amor y cu\u00e1l de las dos cosas est\u00e1 destruyendo a la otra.<\/p><p>Con referentes en la cabeza como Ay! Carmela de Jos\u00e9 Sanch\u00eds Sinisterra, El viaje a ninguna parte de Fernando Fern\u00e1n G\u00f3mez o Minetti de Thomas Bernhard, queremos que You Say Tomato sea una comedia intensa y profundamente humana donde el di\u00e1logo y la m\u00fasica construyan una reflexi\u00f3n desacomplejada sobre el sentido y el valor real del arte en el mundo y en la \u00e9poca en que vivimos, sobre la supervivencia de los artistas, la satisfacci\u00f3n y la felicidad en las relaciones de pareja y, en general, sobre todo aquello que nos encontramos el d\u00eda que dejamos de ser j\u00f3venes, dejamos de tener toda la vida por delante y nos damos cuenta de que, si no hacemos algo para evitarlo, nuestra vida ser\u00e1 as\u00ed hasta los \u00faltimos d\u00edas.<\/p><p>\u00bfEsto es lo que realmente quer\u00edamos?<\/p>\t\t\t\t\t\t\t\t<\/div>\n\t\t\t\t<\/div>\n\t\t\t\t<div class=\"elementor-element elementor-element-48d44c12 elementor-widget elementor-widget-spacer\" data-id=\"48d44c12\" data-element_type=\"widget\" data-widget_type=\"spacer.default\">\n\t\t\t\t<div class=\"elementor-widget-container\">\n\t\t\t\t\t\t\t<div class=\"elementor-spacer\">\n\t\t\t<div class=\"elementor-spacer-inner\"><\/div>\n\t\t<\/div>\n\t\t\t\t\t\t<\/div>\n\t\t\t\t<\/div>\n\t\t\t\t<section class=\"elementor-section elementor-inner-section elementor-element elementor-element-6928273b elementor-section-full_width elementor-section-height-default elementor-section-height-default\" data-id=\"6928273b\" data-element_type=\"section\">\n\t\t\t\t\t\t<div class=\"elementor-container elementor-column-gap-no\">\n\t\t\t\t\t<div class=\"elementor-column elementor-col-50 elementor-inner-column elementor-element elementor-element-5e072e6f sc_layouts_column_icons_position_left\" data-id=\"5e072e6f\" data-element_type=\"column\">\n\t\t\t<div class=\"elementor-widget-wrap elementor-element-populated\">\n\t\t\t\t\t\t<div class=\"elementor-element elementor-element-1a8f0b19 elementor-widget elementor-widget-heading\" data-id=\"1a8f0b19\" data-element_type=\"widget\" data-widget_type=\"heading.default\">\n\t\t\t\t<div class=\"elementor-widget-container\">\n\t\t\t\t\t<h4 class=\"elementor-heading-title elementor-size-default\">Reparto<\/h4>\t\t\t\t<\/div>\n\t\t\t\t<\/div>\n\t\t\t\t<div class=\"elementor-element elementor-element-53e59bd2 elementor-widget elementor-widget-text-editor\" data-id=\"53e59bd2\" data-element_type=\"widget\" data-widget_type=\"text-editor.default\">\n\t\t\t\t<div class=\"elementor-widget-container\">\n\t\t\t\t\t\t\t\t\t<p>Anna Moliner<br \/>Joan Negri\u00e9<\/p>\t\t\t\t\t\t\t\t<\/div>\n\t\t\t\t<\/div>\n\t\t\t\t\t<\/div>\n\t\t<\/div>\n\t\t\t\t<div class=\"elementor-column elementor-col-50 elementor-inner-column elementor-element elementor-element-4282012e sc_layouts_column_icons_position_left\" data-id=\"4282012e\" data-element_type=\"column\">\n\t\t\t<div class=\"elementor-widget-wrap elementor-element-populated\">\n\t\t\t\t\t\t<div class=\"elementor-element elementor-element-6aafd71 elementor-widget elementor-widget-heading\" data-id=\"6aafd71\" data-element_type=\"widget\" data-widget_type=\"heading.default\">\n\t\t\t\t<div class=\"elementor-widget-container\">\n\t\t\t\t\t<h4 class=\"elementor-heading-title elementor-size-default\">Datos de distribuci\u00f3n<\/h4>\t\t\t\t<\/div>\n\t\t\t\t<\/div>\n\t\t\t\t<div class=\"elementor-element elementor-element-6bd5c85d elementor-widget elementor-widget-text-editor\" data-id=\"6bd5c85d\" data-element_type=\"widget\" data-widget_type=\"text-editor.default\">\n\t\t\t\t<div class=\"elementor-widget-container\">\n\t\t\t\t\t\t\t\t\t<p><strong>Contacto:<\/strong> I\u00f1aki D\u00edez<br \/><strong>Email:<\/strong> inakidiezdistribucion@gmail.com<br \/><strong>Tel\u00e9fono:<\/strong>\u00a0+34 627 268 319<br \/><strong>Contacto:<\/strong> Raquel Jim\u00e9nez<br \/><strong>Email:<\/strong> id2distribucion@gmail.com<br \/><strong>Tel\u00e9fono:<\/strong>\u00a0+34 690 159 692<\/p>\t\t\t\t\t\t\t\t<\/div>\n\t\t\t\t<\/div>\n\t\t\t\t\t<\/div>\n\t\t<\/div>\n\t\t\t\t\t<\/div>\n\t\t<\/section>\n\t\t\t\t<div class=\"elementor-element elementor-element-2c4ffb14 elementor-widget elementor-widget-spacer\" data-id=\"2c4ffb14\" data-element_type=\"widget\" data-widget_type=\"spacer.default\">\n\t\t\t\t<div class=\"elementor-widget-container\">\n\t\t\t\t\t\t\t<div class=\"elementor-spacer\">\n\t\t\t<div class=\"elementor-spacer-inner\"><\/div>\n\t\t<\/div>\n\t\t\t\t\t\t<\/div>\n\t\t\t\t<\/div>\n\t\t\t\t<div class=\"elementor-element elementor-element-167e7807 elementor-widget elementor-widget-heading\" data-id=\"167e7807\" data-element_type=\"widget\" data-widget_type=\"heading.default\">\n\t\t\t\t<div class=\"elementor-widget-container\">\n\t\t\t\t\t<h4 class=\"elementor-heading-title elementor-size-default\">Galer\u00eda<\/h4>\t\t\t\t<\/div>\n\t\t\t\t<\/div>\n\t\t\t\t<div class=\"elementor-element elementor-element-2f32c48c elementor-widget elementor-widget-image-gallery\" data-id=\"2f32c48c\" data-element_type=\"widget\" data-widget_type=\"image-gallery.default\">\n\t\t\t\t<div class=\"elementor-widget-container\">\n\t\t\t\t\t\t\t<div class=\"elementor-image-gallery\">\n\t\t\t<div id='gallery-1' class='gallery galleryid-4275 gallery-columns-3 gallery-size-medium'><figure class='gallery-item'>\n\t\t\t<div class='gallery-icon landscape'>\n\t\t\t\t<a data-elementor-open-lightbox=\"no\" href='https:\/\/faemclm.es\/feriaxxvii\/wp-content\/uploads\/2023\/03\/you-say-tomato-01.jpg'><img decoding=\"async\" width=\"300\" height=\"200\" src=\"https:\/\/faemclm.es\/feriaxxvii\/wp-content\/uploads\/2023\/03\/you-say-tomato-01-300x200.jpg\" class=\"attachment-medium size-medium\" alt=\"\" srcset=\"https:\/\/faemclm.es\/feriaxxvii\/wp-content\/uploads\/2023\/03\/you-say-tomato-01-300x200.jpg 300w, https:\/\/faemclm.es\/feriaxxvii\/wp-content\/uploads\/2023\/03\/you-say-tomato-01-1024x683.jpg 1024w, https:\/\/faemclm.es\/feriaxxvii\/wp-content\/uploads\/2023\/03\/you-say-tomato-01-768x512.jpg 768w, https:\/\/faemclm.es\/feriaxxvii\/wp-content\/uploads\/2023\/03\/you-say-tomato-01-1536x1024.jpg 1536w, https:\/\/faemclm.es\/feriaxxvii\/wp-content\/uploads\/2023\/03\/you-say-tomato-01-370x247.jpg 370w, https:\/\/faemclm.es\/feriaxxvii\/wp-content\/uploads\/2023\/03\/you-say-tomato-01-812x541.jpg 812w, https:\/\/faemclm.es\/feriaxxvii\/wp-content\/uploads\/2023\/03\/you-say-tomato-01-406x271.jpg 406w, https:\/\/faemclm.es\/feriaxxvii\/wp-content\/uploads\/2023\/03\/you-say-tomato-01.jpg 1920w\" sizes=\"(max-width: 300px) 100vw, 300px\" \/><\/a>\n\t\t\t<\/div><\/figure><figure class='gallery-item'>\n\t\t\t<div class='gallery-icon landscape'>\n\t\t\t\t<a data-elementor-open-lightbox=\"no\" href='https:\/\/faemclm.es\/feriaxxvii\/wp-content\/uploads\/2023\/03\/you-say-tomato-02.jpg'><img decoding=\"async\" width=\"300\" height=\"200\" src=\"https:\/\/faemclm.es\/feriaxxvii\/wp-content\/uploads\/2023\/03\/you-say-tomato-02-300x200.jpg\" class=\"attachment-medium size-medium\" alt=\"\" srcset=\"https:\/\/faemclm.es\/feriaxxvii\/wp-content\/uploads\/2023\/03\/you-say-tomato-02-300x200.jpg 300w, https:\/\/faemclm.es\/feriaxxvii\/wp-content\/uploads\/2023\/03\/you-say-tomato-02-1024x683.jpg 1024w, https:\/\/faemclm.es\/feriaxxvii\/wp-content\/uploads\/2023\/03\/you-say-tomato-02-768x512.jpg 768w, https:\/\/faemclm.es\/feriaxxvii\/wp-content\/uploads\/2023\/03\/you-say-tomato-02-1536x1024.jpg 1536w, https:\/\/faemclm.es\/feriaxxvii\/wp-content\/uploads\/2023\/03\/you-say-tomato-02-370x247.jpg 370w, https:\/\/faemclm.es\/feriaxxvii\/wp-content\/uploads\/2023\/03\/you-say-tomato-02-812x541.jpg 812w, https:\/\/faemclm.es\/feriaxxvii\/wp-content\/uploads\/2023\/03\/you-say-tomato-02-406x271.jpg 406w, https:\/\/faemclm.es\/feriaxxvii\/wp-content\/uploads\/2023\/03\/you-say-tomato-02.jpg 1920w\" sizes=\"(max-width: 300px) 100vw, 300px\" \/><\/a>\n\t\t\t<\/div><\/figure><figure class='gallery-item'>\n\t\t\t<div class='gallery-icon landscape'>\n\t\t\t\t<a data-elementor-open-lightbox=\"no\" href='https:\/\/faemclm.es\/feriaxxvii\/wp-content\/uploads\/2023\/03\/you-say-tomato-03.jpg'><img loading=\"lazy\" decoding=\"async\" width=\"300\" height=\"200\" src=\"https:\/\/faemclm.es\/feriaxxvii\/wp-content\/uploads\/2023\/03\/you-say-tomato-03-300x200.jpg\" class=\"attachment-medium size-medium\" alt=\"\" srcset=\"https:\/\/faemclm.es\/feriaxxvii\/wp-content\/uploads\/2023\/03\/you-say-tomato-03-300x200.jpg 300w, https:\/\/faemclm.es\/feriaxxvii\/wp-content\/uploads\/2023\/03\/you-say-tomato-03-1024x683.jpg 1024w, https:\/\/faemclm.es\/feriaxxvii\/wp-content\/uploads\/2023\/03\/you-say-tomato-03-768x512.jpg 768w, https:\/\/faemclm.es\/feriaxxvii\/wp-content\/uploads\/2023\/03\/you-say-tomato-03-1536x1024.jpg 1536w, https:\/\/faemclm.es\/feriaxxvii\/wp-content\/uploads\/2023\/03\/you-say-tomato-03-370x247.jpg 370w, https:\/\/faemclm.es\/feriaxxvii\/wp-content\/uploads\/2023\/03\/you-say-tomato-03-812x541.jpg 812w, https:\/\/faemclm.es\/feriaxxvii\/wp-content\/uploads\/2023\/03\/you-say-tomato-03-406x271.jpg 406w, https:\/\/faemclm.es\/feriaxxvii\/wp-content\/uploads\/2023\/03\/you-say-tomato-03.jpg 1920w\" sizes=\"(max-width: 300px) 100vw, 300px\" \/><\/a>\n\t\t\t<\/div><\/figure>\n\t\t<\/div>\n\t\t<\/div>\n\t\t\t\t\t\t<\/div>\n\t\t\t\t<\/div>\n\t\t\t\t<div class=\"elementor-element elementor-element-fbb9901 elementor-widget elementor-widget-heading\" data-id=\"fbb9901\" data-element_type=\"widget\" data-widget_type=\"heading.default\">\n\t\t\t\t<div class=\"elementor-widget-container\">\n\t\t\t\t\t<h4 class=\"elementor-heading-title elementor-size-default\">Fotograf\u00edas en la FAEMCLM 2023<\/h4>\t\t\t\t<\/div>\n\t\t\t\t<\/div>\n\t\t\t\t<div class=\"elementor-element elementor-element-4289d24 elementor-widget elementor-widget-image-gallery\" data-id=\"4289d24\" data-element_type=\"widget\" data-widget_type=\"image-gallery.default\">\n\t\t\t\t<div class=\"elementor-widget-container\">\n\t\t\t\t\t\t\t<div class=\"elementor-image-gallery\">\n\t\t\t<div id='gallery-2' class='gallery galleryid-4275 gallery-columns-3 gallery-size-medium'><figure class='gallery-item'>\n\t\t\t<div class='gallery-icon landscape'>\n\t\t\t\t<a data-elementor-open-lightbox=\"no\" href='https:\/\/faemclm.es\/feriaxxvii\/wp-content\/uploads\/2023\/04\/12042023-You-Say-Tomato-FAEM-02.jpg'><img loading=\"lazy\" decoding=\"async\" width=\"300\" height=\"200\" src=\"https:\/\/faemclm.es\/feriaxxvii\/wp-content\/uploads\/2023\/04\/12042023-You-Say-Tomato-FAEM-02-300x200.jpg\" class=\"attachment-medium size-medium\" alt=\"\" srcset=\"https:\/\/faemclm.es\/feriaxxvii\/wp-content\/uploads\/2023\/04\/12042023-You-Say-Tomato-FAEM-02-300x200.jpg 300w, https:\/\/faemclm.es\/feriaxxvii\/wp-content\/uploads\/2023\/04\/12042023-You-Say-Tomato-FAEM-02-1024x683.jpg 1024w, https:\/\/faemclm.es\/feriaxxvii\/wp-content\/uploads\/2023\/04\/12042023-You-Say-Tomato-FAEM-02-768x512.jpg 768w, https:\/\/faemclm.es\/feriaxxvii\/wp-content\/uploads\/2023\/04\/12042023-You-Say-Tomato-FAEM-02-1536x1024.jpg 1536w, https:\/\/faemclm.es\/feriaxxvii\/wp-content\/uploads\/2023\/04\/12042023-You-Say-Tomato-FAEM-02-370x247.jpg 370w, https:\/\/faemclm.es\/feriaxxvii\/wp-content\/uploads\/2023\/04\/12042023-You-Say-Tomato-FAEM-02-812x541.jpg 812w, https:\/\/faemclm.es\/feriaxxvii\/wp-content\/uploads\/2023\/04\/12042023-You-Say-Tomato-FAEM-02-406x271.jpg 406w, https:\/\/faemclm.es\/feriaxxvii\/wp-content\/uploads\/2023\/04\/12042023-You-Say-Tomato-FAEM-02.jpg 1687w\" sizes=\"(max-width: 300px) 100vw, 300px\" \/><\/a>\n\t\t\t<\/div><\/figure><figure class='gallery-item'>\n\t\t\t<div class='gallery-icon landscape'>\n\t\t\t\t<a data-elementor-open-lightbox=\"no\" href='https:\/\/faemclm.es\/feriaxxvii\/wp-content\/uploads\/2023\/04\/12042023-You-Say-Tomato-FAEM-03.jpg'><img loading=\"lazy\" decoding=\"async\" width=\"300\" height=\"200\" src=\"https:\/\/faemclm.es\/feriaxxvii\/wp-content\/uploads\/2023\/04\/12042023-You-Say-Tomato-FAEM-03-300x200.jpg\" class=\"attachment-medium size-medium\" alt=\"\" srcset=\"https:\/\/faemclm.es\/feriaxxvii\/wp-content\/uploads\/2023\/04\/12042023-You-Say-Tomato-FAEM-03-300x200.jpg 300w, https:\/\/faemclm.es\/feriaxxvii\/wp-content\/uploads\/2023\/04\/12042023-You-Say-Tomato-FAEM-03-1024x683.jpg 1024w, https:\/\/faemclm.es\/feriaxxvii\/wp-content\/uploads\/2023\/04\/12042023-You-Say-Tomato-FAEM-03-768x512.jpg 768w, https:\/\/faemclm.es\/feriaxxvii\/wp-content\/uploads\/2023\/04\/12042023-You-Say-Tomato-FAEM-03-1536x1024.jpg 1536w, https:\/\/faemclm.es\/feriaxxvii\/wp-content\/uploads\/2023\/04\/12042023-You-Say-Tomato-FAEM-03-370x247.jpg 370w, https:\/\/faemclm.es\/feriaxxvii\/wp-content\/uploads\/2023\/04\/12042023-You-Say-Tomato-FAEM-03-812x541.jpg 812w, https:\/\/faemclm.es\/feriaxxvii\/wp-content\/uploads\/2023\/04\/12042023-You-Say-Tomato-FAEM-03-406x271.jpg 406w, https:\/\/faemclm.es\/feriaxxvii\/wp-content\/uploads\/2023\/04\/12042023-You-Say-Tomato-FAEM-03.jpg 1687w\" sizes=\"(max-width: 300px) 100vw, 300px\" \/><\/a>\n\t\t\t<\/div><\/figure><figure class='gallery-item'>\n\t\t\t<div class='gallery-icon landscape'>\n\t\t\t\t<a data-elementor-open-lightbox=\"no\" href='https:\/\/faemclm.es\/feriaxxvii\/wp-content\/uploads\/2023\/04\/12042023-You-Say-Tomato-FAEM-04.jpg'><img loading=\"lazy\" decoding=\"async\" width=\"300\" height=\"200\" src=\"https:\/\/faemclm.es\/feriaxxvii\/wp-content\/uploads\/2023\/04\/12042023-You-Say-Tomato-FAEM-04-300x200.jpg\" class=\"attachment-medium size-medium\" alt=\"\" srcset=\"https:\/\/faemclm.es\/feriaxxvii\/wp-content\/uploads\/2023\/04\/12042023-You-Say-Tomato-FAEM-04-300x200.jpg 300w, https:\/\/faemclm.es\/feriaxxvii\/wp-content\/uploads\/2023\/04\/12042023-You-Say-Tomato-FAEM-04-1024x683.jpg 1024w, https:\/\/faemclm.es\/feriaxxvii\/wp-content\/uploads\/2023\/04\/12042023-You-Say-Tomato-FAEM-04-768x512.jpg 768w, https:\/\/faemclm.es\/feriaxxvii\/wp-content\/uploads\/2023\/04\/12042023-You-Say-Tomato-FAEM-04-1536x1024.jpg 1536w, https:\/\/faemclm.es\/feriaxxvii\/wp-content\/uploads\/2023\/04\/12042023-You-Say-Tomato-FAEM-04-370x247.jpg 370w, https:\/\/faemclm.es\/feriaxxvii\/wp-content\/uploads\/2023\/04\/12042023-You-Say-Tomato-FAEM-04-812x541.jpg 812w, https:\/\/faemclm.es\/feriaxxvii\/wp-content\/uploads\/2023\/04\/12042023-You-Say-Tomato-FAEM-04-406x271.jpg 406w, https:\/\/faemclm.es\/feriaxxvii\/wp-content\/uploads\/2023\/04\/12042023-You-Say-Tomato-FAEM-04.jpg 1687w\" sizes=\"(max-width: 300px) 100vw, 300px\" \/><\/a>\n\t\t\t<\/div><\/figure>\n\t\t<\/div>\n\t\t<\/div>\n\t\t\t\t\t\t<\/div>\n\t\t\t\t<\/div>\n\t\t\t\t\t<\/div>\n\t\t<\/div>\n\t\t\t\t<div class=\"elementor-column elementor-col-33 elementor-top-column elementor-element elementor-element-57dc7f9b sc_layouts_column_icons_position_left\" data-id=\"57dc7f9b\" data-element_type=\"column\" data-settings=\"{&quot;background_background&quot;:&quot;classic&quot;}\">\n\t\t\t<div class=\"elementor-widget-wrap\">\n\t\t\t\t\t\t\t<\/div>\n\t\t<\/div>\n\t\t\t\t\t<\/div>\n\t\t<\/section>\n\t\t\t\t<section class=\"elementor-section elementor-top-section elementor-element elementor-element-6a1b2540 elementor-section-boxed elementor-section-height-default elementor-section-height-default\" data-id=\"6a1b2540\" data-element_type=\"section\">\n\t\t\t\t\t\t<div class=\"elementor-container elementor-column-gap-extended\">\n\t\t\t\t\t<div class=\"elementor-column elementor-col-100 elementor-top-column elementor-element elementor-element-33d63ba1 sc_layouts_column_icons_position_left\" data-id=\"33d63ba1\" data-element_type=\"column\">\n\t\t\t<div class=\"elementor-widget-wrap elementor-element-populated\">\n\t\t\t\t\t\t<div class=\"elementor-element elementor-element-27478643 elementor-widget elementor-widget-spacer\" data-id=\"27478643\" data-element_type=\"widget\" data-widget_type=\"spacer.default\">\n\t\t\t\t<div class=\"elementor-widget-container\">\n\t\t\t\t\t\t\t<div class=\"elementor-spacer\">\n\t\t\t<div class=\"elementor-spacer-inner\"><\/div>\n\t\t<\/div>\n\t\t\t\t\t\t<\/div>\n\t\t\t\t<\/div>\n\t\t\t\t<div class=\"elementor-element elementor-element-446c50d7 elementor-widget-divider--view-line_icon sc_height_tiny elementor-view-default elementor-widget-divider--element-align-center elementor-widget elementor-widget-divider\" data-id=\"446c50d7\" data-element_type=\"widget\" data-widget_type=\"divider.default\">\n\t\t\t\t<div class=\"elementor-widget-container\">\n\t\t\t\t\t\t\t<div class=\"elementor-divider\">\n\t\t\t<span class=\"elementor-divider-separator\">\n\t\t\t\t\t\t\t<div class=\"elementor-icon elementor-divider__element\">\n\t\t\t\t\t<i aria-hidden=\"true\" class=\"fas fa-euro-sign\"><\/i><\/div>\n\t\t\t\t\t\t<\/span>\n\t\t<\/div>\n\t\t\t\t\t\t<\/div>\n\t\t\t\t<\/div>\n\t\t\t\t\t<\/div>\n\t\t<\/div>\n\t\t\t\t\t<\/div>\n\t\t<\/section>\n\t\t\t\t<section class=\"elementor-section elementor-top-section elementor-element elementor-element-c5b4436 elementor-section-full_width elementor-section-height-default elementor-section-height-default\" data-id=\"c5b4436\" data-element_type=\"section\">\n\t\t\t\t\t\t<div class=\"elementor-container elementor-column-gap-extended\">\n\t\t\t\t\t<div class=\"elementor-column elementor-col-50 elementor-top-column elementor-element elementor-element-76af705f sc_layouts_column sc_layouts_column_align_center sc_layouts_column_icons_position_left\" data-id=\"76af705f\" data-element_type=\"column\" data-settings=\"{&quot;background_background&quot;:&quot;classic&quot;}\">\n\t\t\t<div class=\"elementor-widget-wrap elementor-element-populated\">\n\t\t\t\t\t\t<div class=\"elementor-element elementor-element-705effda elementor-widget elementor-widget-heading\" data-id=\"705effda\" data-element_type=\"widget\" data-widget_type=\"heading.default\">\n\t\t\t\t<div class=\"elementor-widget-container\">\n\t\t\t\t\t<h4 class=\"elementor-heading-title elementor-size-default\">Compra tu entrada<\/h4>\t\t\t\t<\/div>\n\t\t\t\t<\/div>\n\t\t\t\t\t<\/div>\n\t\t<\/div>\n\t\t\t\t<div class=\"elementor-column elementor-col-50 elementor-top-column elementor-element elementor-element-16b979dc sc_layouts_column_icons_position_left\" data-id=\"16b979dc\" data-element_type=\"column\" data-settings=\"{&quot;background_background&quot;:&quot;classic&quot;}\">\n\t\t\t<div class=\"elementor-widget-wrap elementor-element-populated\">\n\t\t\t\t\t\t<div class=\"elementor-element elementor-element-665103bd elementor-button-danger elementor-align-center elementor-widget elementor-widget-button\" data-id=\"665103bd\" data-element_type=\"widget\" data-widget_type=\"button.default\">\n\t\t\t\t<div class=\"elementor-widget-container\">\n\t\t\t\t\t\t\t\t\t<div class=\"elementor-button-wrapper\">\n\t\t\t\t\t<a class=\"elementor-button elementor-button-link elementor-size-md\" href=\"https:\/\/globalentradas.com\/event\/detail\/you-say-tomato?location=teatro-la-paz-albacete&#038;ciudad=0&#038;lugar=0&#038;patrocinador=1015&#038;idEventDate=5694\" target=\"_blank\">\n\t\t\t\t\t\t<span class=\"elementor-button-content-wrapper\">\n\t\t\t\t\t\t\t\t\t<span class=\"elementor-button-text\">COMPRAR<\/span>\n\t\t\t\t\t<\/span>\n\t\t\t\t\t<\/a>\n\t\t\t\t<\/div>\n\t\t\t\t\t\t\t\t<\/div>\n\t\t\t\t<\/div>\n\t\t\t\t\t<\/div>\n\t\t<\/div>\n\t\t\t\t\t<\/div>\n\t\t<\/section>\n\t\t\t\t<\/div>\n\t\t","protected":false},"excerpt":{"rendered":"<p>Equipo T\u00e9cnico y Art\u00edstico Direcci\u00f3n:\u00a0Joan Maria Segura BernardasIluminaci\u00f3n:\u00a0Marc Salicr\u00faEscenograf\u00eda y Vestuario:\u00a0Albert PascualAyudante Vestuario:\u00a0Paloma ArzaProducci\u00f3n Ejecutiva:\u00a0Joan Negri\u00e9Producci\u00f3n:\u00a0Eloi IsernCompa\u00f1\u00eda:\u00a0Sala Trono P\u00fablico joven | 70 minutos | Teatro de la Paz Sinopsis \u00bfY si ahora, simplemente, lo dej\u00e1ramos&hellip;<\/p>\n","protected":false},"author":1,"featured_media":4276,"comment_status":"closed","ping_status":"closed","template":"","meta":{"_tribe_events_status":"","_tribe_events_status_reason":"","footnotes":""},"tags":[],"tribe_events_cat":[49],"class_list":["post-4275","tribe_events","type-tribe_events","status-publish","has-post-thumbnail","hentry","tribe_events_cat-teatro","cat_teatro"],"_links":{"self":[{"href":"https:\/\/faemclm.es\/feriaxxvii\/wp-json\/wp\/v2\/tribe_events\/4275","targetHints":{"allow":["GET"]}}],"collection":[{"href":"https:\/\/faemclm.es\/feriaxxvii\/wp-json\/wp\/v2\/tribe_events"}],"about":[{"href":"https:\/\/faemclm.es\/feriaxxvii\/wp-json\/wp\/v2\/types\/tribe_events"}],"author":[{"embeddable":true,"href":"https:\/\/faemclm.es\/feriaxxvii\/wp-json\/wp\/v2\/users\/1"}],"replies":[{"embeddable":true,"href":"https:\/\/faemclm.es\/feriaxxvii\/wp-json\/wp\/v2\/comments?post=4275"}],"version-history":[{"count":0,"href":"https:\/\/faemclm.es\/feriaxxvii\/wp-json\/wp\/v2\/tribe_events\/4275\/revisions"}],"wp:featuredmedia":[{"embeddable":true,"href":"https:\/\/faemclm.es\/feriaxxvii\/wp-json\/wp\/v2\/media\/4276"}],"wp:attachment":[{"href":"https:\/\/faemclm.es\/feriaxxvii\/wp-json\/wp\/v2\/media?parent=4275"}],"wp:term":[{"taxonomy":"post_tag","embeddable":true,"href":"https:\/\/faemclm.es\/feriaxxvii\/wp-json\/wp\/v2\/tags?post=4275"},{"taxonomy":"tribe_events_cat","embeddable":true,"href":"https:\/\/faemclm.es\/feriaxxvii\/wp-json\/wp\/v2\/tribe_events_cat?post=4275"}],"curies":[{"name":"wp","href":"https:\/\/api.w.org\/{rel}","templated":true}]}}