{"id":4310,"date":"2023-03-01T10:25:18","date_gmt":"2023-03-01T09:25:18","guid":{"rendered":"https:\/\/faemclm.es\/?post_type=tribe_events&#038;p=4310"},"modified":"2023-04-14T09:25:11","modified_gmt":"2023-04-14T07:25:11","slug":"gori-gori","status":"publish","type":"tribe_events","link":"https:\/\/faemclm.es\/feriaxxvii\/espectaculo\/gori-gori\/","title":{"rendered":"Gori Gori"},"content":{"rendered":"\t\t<div data-elementor-type=\"wp-post\" data-elementor-id=\"4310\" class=\"elementor elementor-4310\">\n\t\t\t\t<br \/>\n<b>Warning<\/b>:  Undefined array key \"options\" in <b>\/srv\/vhost\/faemclm.es\/home\/html\/feriaxxvii\/wp-content\/plugins\/trx_addons\/components\/api\/elementor\/elementor.php<\/b> on line <b>1042<\/b><br \/>\n\t\t<section class=\"elementor-section elementor-top-section elementor-element elementor-element-5040195d elementor-section-full_width elementor-section-height-default elementor-section-height-default\" data-id=\"5040195d\" data-element_type=\"section\" data-settings=\"{&quot;background_background&quot;:&quot;classic&quot;}\">\n\t\t\t\t\t\t<div class=\"elementor-container elementor-column-gap-no\">\n\t\t\t\t\t<div class=\"elementor-column elementor-col-33 elementor-top-column elementor-element elementor-element-423f21da sc_layouts_column_icons_position_left\" data-id=\"423f21da\" data-element_type=\"column\">\n\t\t\t<div class=\"elementor-widget-wrap elementor-element-populated\">\n\t\t\t\t\t\t<div class=\"elementor-element elementor-element-6710a6c2 elementor-widget elementor-widget-image\" data-id=\"6710a6c2\" data-element_type=\"widget\" data-widget_type=\"image.default\">\n\t\t\t\t<div class=\"elementor-widget-container\">\n\t\t\t\t\t\t\t\t\t\t\t\t\t\t\t<img fetchpriority=\"high\" decoding=\"async\" width=\"1240\" height=\"1755\" src=\"https:\/\/faemclm.es\/feriaxxvii\/wp-content\/uploads\/2023\/03\/Cartel-Gori-gori.jpg\" class=\"attachment-full size-full wp-image-4311\" alt=\"\" srcset=\"https:\/\/faemclm.es\/feriaxxvii\/wp-content\/uploads\/2023\/03\/Cartel-Gori-gori.jpg 1240w, https:\/\/faemclm.es\/feriaxxvii\/wp-content\/uploads\/2023\/03\/Cartel-Gori-gori-212x300.jpg 212w, https:\/\/faemclm.es\/feriaxxvii\/wp-content\/uploads\/2023\/03\/Cartel-Gori-gori-724x1024.jpg 724w, https:\/\/faemclm.es\/feriaxxvii\/wp-content\/uploads\/2023\/03\/Cartel-Gori-gori-768x1087.jpg 768w, https:\/\/faemclm.es\/feriaxxvii\/wp-content\/uploads\/2023\/03\/Cartel-Gori-gori-1085x1536.jpg 1085w, https:\/\/faemclm.es\/feriaxxvii\/wp-content\/uploads\/2023\/03\/Cartel-Gori-gori-370x524.jpg 370w, https:\/\/faemclm.es\/feriaxxvii\/wp-content\/uploads\/2023\/03\/Cartel-Gori-gori-812x1149.jpg 812w, https:\/\/faemclm.es\/feriaxxvii\/wp-content\/uploads\/2023\/03\/Cartel-Gori-gori-406x575.jpg 406w\" sizes=\"(max-width: 1240px) 100vw, 1240px\" \/>\t\t\t\t\t\t\t\t\t\t\t\t\t\t\t<\/div>\n\t\t\t\t<\/div>\n\t\t\t\t\t<\/div>\n\t\t<\/div>\n\t\t\t\t<div class=\"elementor-column elementor-col-33 elementor-top-column elementor-element elementor-element-6793263 sc_layouts_column_icons_position_left\" data-id=\"6793263\" data-element_type=\"column\" data-settings=\"{&quot;background_background&quot;:&quot;classic&quot;}\">\n\t\t\t<div class=\"elementor-widget-wrap elementor-element-populated\">\n\t\t\t\t\t\t<div class=\"elementor-element elementor-element-13a9954e elementor-widget elementor-widget-heading\" data-id=\"13a9954e\" data-element_type=\"widget\" data-widget_type=\"heading.default\">\n\t\t\t\t<div class=\"elementor-widget-container\">\n\t\t\t\t\t<h4 class=\"elementor-heading-title elementor-size-default\">Equipo T\u00e9cnico y Art\u00edstico<\/h4>\t\t\t\t<\/div>\n\t\t\t\t<\/div>\n\t\t\t\t<div class=\"elementor-element elementor-element-4557378d elementor-widget elementor-widget-text-editor\" data-id=\"4557378d\" data-element_type=\"widget\" data-widget_type=\"text-editor.default\">\n\t\t\t\t<div class=\"elementor-widget-container\">\n\t\t\t\t\t\t\t\t\t<p><strong>Direcci\u00f3n:<\/strong>\u00a0Irene Vecchia, Jesus Mu\u00f1oz, Xavier Learreta y Manel Mengual<br \/><strong>Idea original:<\/strong>\u00a0Manel Mengual<br \/><strong>Gui\u00f3n:<\/strong>\u00a0Xavier Learreta y Manuel Mengual<br \/><strong>Escenograf\u00eda:<\/strong>\u00a0Joan Alfred Mengual, Xavier Learreta y Manuel Mengual<br \/><strong>Ilustraci\u00f3n:<\/strong>\u00a0Joan Alfred Mengual<br \/><strong>Iluminaci\u00f3n y Sonido:<\/strong>\u00a0David Villase\u00f1or<br \/><strong>M\u00fasica:<\/strong>\u00a0Tradicional \/ Manel Mengual<br \/><b>Asesoramiento <\/b><span style=\"color: #1d1d1d;\"><b>Ling\u00fc\u00edstico<\/b><\/span><b>:<\/b>\u00a0Xavier Mata<br \/><strong>Luthier de Efectos Sonoros:<\/strong>\u00a0Mart\u00ed Guillem<br \/><strong>Audio y v\u00eddeo:<\/strong>\u00a0Estudis 14<br \/><strong>Producci\u00f3n:<\/strong>\u00a0El ball Sant Vito<\/p>\t\t\t\t\t\t\t\t<\/div>\n\t\t\t\t<\/div>\n\t\t\t\t\t<\/div>\n\t\t<\/div>\n\t\t\t\t<div class=\"elementor-column elementor-col-33 elementor-top-column elementor-element elementor-element-65333e8 sc_layouts_column_icons_position_left\" data-id=\"65333e8\" data-element_type=\"column\" data-settings=\"{&quot;background_background&quot;:&quot;classic&quot;}\">\n\t\t\t<div class=\"elementor-widget-wrap elementor-element-populated\">\n\t\t\t\t\t<div class=\"elementor-background-overlay\"><\/div>\n\t\t\t\t\t\t<div class=\"elementor-element elementor-element-c158229 elementor-widget elementor-widget-spacer\" data-id=\"c158229\" data-element_type=\"widget\" data-widget_type=\"spacer.default\">\n\t\t\t\t<div class=\"elementor-widget-container\">\n\t\t\t\t\t\t\t<div class=\"elementor-spacer\">\n\t\t\t<div class=\"elementor-spacer-inner\"><\/div>\n\t\t<\/div>\n\t\t\t\t\t\t<\/div>\n\t\t\t\t<\/div>\n\t\t\t\t\t<\/div>\n\t\t<\/div>\n\t\t\t\t\t<\/div>\n\t\t<\/section>\n\t\t\t\t<section class=\"elementor-section elementor-top-section elementor-element elementor-element-70ce75ad elementor-section-full_width elementor-section-height-default elementor-section-height-default\" data-id=\"70ce75ad\" data-element_type=\"section\" data-settings=\"{&quot;background_background&quot;:&quot;classic&quot;}\">\n\t\t\t\t\t\t\t<div class=\"elementor-background-overlay\"><\/div>\n\t\t\t\t\t\t\t<div class=\"elementor-container elementor-column-gap-no\">\n\t\t\t\t\t<div class=\"elementor-column elementor-col-100 elementor-top-column elementor-element elementor-element-3d8009d8 sc_layouts_column_icons_position_left\" data-id=\"3d8009d8\" data-element_type=\"column\">\n\t\t\t<div class=\"elementor-widget-wrap elementor-element-populated\">\n\t\t\t\t\t\t<div class=\"elementor-element elementor-element-a42f84b elementor-widget elementor-widget-spacer\" data-id=\"a42f84b\" data-element_type=\"widget\" data-widget_type=\"spacer.default\">\n\t\t\t\t<div class=\"elementor-widget-container\">\n\t\t\t\t\t\t\t<div class=\"elementor-spacer\">\n\t\t\t<div class=\"elementor-spacer-inner\"><\/div>\n\t\t<\/div>\n\t\t\t\t\t\t<\/div>\n\t\t\t\t<\/div>\n\t\t\t\t<div class=\"elementor-element elementor-element-3e6e9ecc elementor-widget elementor-widget-heading\" data-id=\"3e6e9ecc\" data-element_type=\"widget\" data-widget_type=\"heading.default\">\n\t\t\t\t<div class=\"elementor-widget-container\">\n\t\t\t\t\t<div class=\"elementor-heading-title elementor-size-large\">P\u00fablico infantil | 50 minutos | Casa de la Cultura Jose Saramago<\/div>\t\t\t\t<\/div>\n\t\t\t\t<\/div>\n\t\t\t\t<div class=\"elementor-element elementor-element-189bb781 elementor-widget elementor-widget-spacer\" data-id=\"189bb781\" data-element_type=\"widget\" data-widget_type=\"spacer.default\">\n\t\t\t\t<div class=\"elementor-widget-container\">\n\t\t\t\t\t\t\t<div class=\"elementor-spacer\">\n\t\t\t<div class=\"elementor-spacer-inner\"><\/div>\n\t\t<\/div>\n\t\t\t\t\t\t<\/div>\n\t\t\t\t<\/div>\n\t\t\t\t\t<\/div>\n\t\t<\/div>\n\t\t\t\t\t<\/div>\n\t\t<\/section>\n\t\t\t\t<section class=\"elementor-section elementor-top-section elementor-element elementor-element-3ea422b4 elementor-section-full_width elementor-section-height-default elementor-section-height-default\" data-id=\"3ea422b4\" data-element_type=\"section\">\n\t\t\t\t\t\t<div class=\"elementor-container elementor-column-gap-extended\">\n\t\t\t\t\t<div class=\"elementor-column elementor-col-33 elementor-top-column elementor-element elementor-element-6f24fd1a sc_layouts_column_icons_position_left\" data-id=\"6f24fd1a\" data-element_type=\"column\" data-settings=\"{&quot;background_background&quot;:&quot;classic&quot;}\">\n\t\t\t<div class=\"elementor-widget-wrap\">\n\t\t\t\t\t\t\t<\/div>\n\t\t<\/div>\n\t\t\t\t<div class=\"elementor-column elementor-col-33 elementor-top-column elementor-element elementor-element-424dd11d sc_layouts_column_icons_position_left\" data-id=\"424dd11d\" data-element_type=\"column\">\n\t\t\t<div class=\"elementor-widget-wrap elementor-element-populated\">\n\t\t\t\t\t\t<div class=\"elementor-element elementor-element-b4eacc elementor-widget elementor-widget-heading\" data-id=\"b4eacc\" data-element_type=\"widget\" data-widget_type=\"heading.default\">\n\t\t\t\t<div class=\"elementor-widget-container\">\n\t\t\t\t\t<h4 class=\"elementor-heading-title elementor-size-default\">Sinopsis<\/h4>\t\t\t\t<\/div>\n\t\t\t\t<\/div>\n\t\t\t\t<div class=\"elementor-element elementor-element-45ac2918 elementor-widget elementor-widget-text-editor\" data-id=\"45ac2918\" data-element_type=\"widget\" data-widget_type=\"text-editor.default\">\n\t\t\t\t<div class=\"elementor-widget-container\">\n\t\t\t\t\t\t\t\t\t<p>Mingo quiere mucho a su abuelo, le gusta ir a su casa y estar con \u00e9l. Pero un d\u00eda va a visitarlo y el abuelo ya no est\u00e1.<\/p><p>As\u00ed empieza un viaje fant\u00e1stico a trav\u00e9s de las emociones, donde Mingo volar\u00e1 por el cielo, escarbar\u00e1 en las profundidades de la tierra y se enfrentar\u00e1 a personajes terribles para comprender el sentido de la muerte\u2026 y el de la vida.<\/p>\t\t\t\t\t\t\t\t<\/div>\n\t\t\t\t<\/div>\n\t\t\t\t<div class=\"elementor-element elementor-element-4c8b3d4 elementor-widget elementor-widget-spacer\" data-id=\"4c8b3d4\" data-element_type=\"widget\" data-widget_type=\"spacer.default\">\n\t\t\t\t<div class=\"elementor-widget-container\">\n\t\t\t\t\t\t\t<div class=\"elementor-spacer\">\n\t\t\t<div class=\"elementor-spacer-inner\"><\/div>\n\t\t<\/div>\n\t\t\t\t\t\t<\/div>\n\t\t\t\t<\/div>\n\t\t\t\t<section class=\"elementor-section elementor-inner-section elementor-element elementor-element-1c827839 elementor-section-full_width elementor-section-height-default elementor-section-height-default\" data-id=\"1c827839\" data-element_type=\"section\">\n\t\t\t\t\t\t<div class=\"elementor-container elementor-column-gap-no\">\n\t\t\t\t\t<div class=\"elementor-column elementor-col-50 elementor-inner-column elementor-element elementor-element-31e42b40 sc_layouts_column_icons_position_left\" data-id=\"31e42b40\" data-element_type=\"column\">\n\t\t\t<div class=\"elementor-widget-wrap elementor-element-populated\">\n\t\t\t\t\t\t<div class=\"elementor-element elementor-element-525cb78a elementor-widget elementor-widget-heading\" data-id=\"525cb78a\" data-element_type=\"widget\" data-widget_type=\"heading.default\">\n\t\t\t\t<div class=\"elementor-widget-container\">\n\t\t\t\t\t<h4 class=\"elementor-heading-title elementor-size-default\">Reparto<\/h4>\t\t\t\t<\/div>\n\t\t\t\t<\/div>\n\t\t\t\t<div class=\"elementor-element elementor-element-3023ff13 elementor-widget elementor-widget-text-editor\" data-id=\"3023ff13\" data-element_type=\"widget\" data-widget_type=\"text-editor.default\">\n\t\t\t\t<div class=\"elementor-widget-container\">\n\t\t\t\t\t\t\t\t\t<p>Xavier Learreta<br \/>Manuel Mengual<\/p>\t\t\t\t\t\t\t\t<\/div>\n\t\t\t\t<\/div>\n\t\t\t\t\t<\/div>\n\t\t<\/div>\n\t\t\t\t<div class=\"elementor-column elementor-col-50 elementor-inner-column elementor-element elementor-element-2f3065c sc_layouts_column_icons_position_left\" data-id=\"2f3065c\" data-element_type=\"column\">\n\t\t\t<div class=\"elementor-widget-wrap elementor-element-populated\">\n\t\t\t\t\t\t<div class=\"elementor-element elementor-element-3cb3c958 elementor-widget elementor-widget-heading\" data-id=\"3cb3c958\" data-element_type=\"widget\" data-widget_type=\"heading.default\">\n\t\t\t\t<div class=\"elementor-widget-container\">\n\t\t\t\t\t<h4 class=\"elementor-heading-title elementor-size-default\">Datos de distribuci\u00f3n<\/h4>\t\t\t\t<\/div>\n\t\t\t\t<\/div>\n\t\t\t\t<div class=\"elementor-element elementor-element-2dd0444f elementor-widget elementor-widget-text-editor\" data-id=\"2dd0444f\" data-element_type=\"widget\" data-widget_type=\"text-editor.default\">\n\t\t\t\t<div class=\"elementor-widget-container\">\n\t\t\t\t\t\t\t\t\t<p><strong>Contacto:<\/strong>\u00a0Manel &#8211; 657308165<br \/><strong>Contacto:<\/strong>\u00a0Xavi &#8211; 636557896<br \/><strong>Email:<\/strong>\u00a0info@elballdesantvito.com<\/p>\t\t\t\t\t\t\t\t<\/div>\n\t\t\t\t<\/div>\n\t\t\t\t\t<\/div>\n\t\t<\/div>\n\t\t\t\t\t<\/div>\n\t\t<\/section>\n\t\t\t\t<div class=\"elementor-element elementor-element-2d128537 elementor-widget elementor-widget-spacer\" data-id=\"2d128537\" data-element_type=\"widget\" data-widget_type=\"spacer.default\">\n\t\t\t\t<div class=\"elementor-widget-container\">\n\t\t\t\t\t\t\t<div class=\"elementor-spacer\">\n\t\t\t<div class=\"elementor-spacer-inner\"><\/div>\n\t\t<\/div>\n\t\t\t\t\t\t<\/div>\n\t\t\t\t<\/div>\n\t\t\t\t<div class=\"elementor-element elementor-element-3e43d002 elementor-widget elementor-widget-image-gallery\" data-id=\"3e43d002\" data-element_type=\"widget\" data-widget_type=\"image-gallery.default\">\n\t\t\t\t<div class=\"elementor-widget-container\">\n\t\t\t\t\t\t\t<div class=\"elementor-image-gallery\">\n\t\t\t<div id='gallery-1' class='gallery galleryid-4310 gallery-columns-3 gallery-size-medium'><figure class='gallery-item'>\n\t\t\t<div class='gallery-icon landscape'>\n\t\t\t\t<a data-elementor-open-lightbox=\"no\" href='https:\/\/faemclm.es\/feriaxxvii\/wp-content\/uploads\/2023\/03\/gori-gori-01.jpg'><img decoding=\"async\" width=\"300\" height=\"200\" src=\"https:\/\/faemclm.es\/feriaxxvii\/wp-content\/uploads\/2023\/03\/gori-gori-01-300x200.jpg\" class=\"attachment-medium size-medium\" alt=\"\" srcset=\"https:\/\/faemclm.es\/feriaxxvii\/wp-content\/uploads\/2023\/03\/gori-gori-01-300x200.jpg 300w, https:\/\/faemclm.es\/feriaxxvii\/wp-content\/uploads\/2023\/03\/gori-gori-01-1024x683.jpg 1024w, https:\/\/faemclm.es\/feriaxxvii\/wp-content\/uploads\/2023\/03\/gori-gori-01-768x513.jpg 768w, https:\/\/faemclm.es\/feriaxxvii\/wp-content\/uploads\/2023\/03\/gori-gori-01-1536x1025.jpg 1536w, https:\/\/faemclm.es\/feriaxxvii\/wp-content\/uploads\/2023\/03\/gori-gori-01-370x247.jpg 370w, https:\/\/faemclm.es\/feriaxxvii\/wp-content\/uploads\/2023\/03\/gori-gori-01-812x542.jpg 812w, https:\/\/faemclm.es\/feriaxxvii\/wp-content\/uploads\/2023\/03\/gori-gori-01-406x271.jpg 406w, https:\/\/faemclm.es\/feriaxxvii\/wp-content\/uploads\/2023\/03\/gori-gori-01.jpg 1918w\" sizes=\"(max-width: 300px) 100vw, 300px\" \/><\/a>\n\t\t\t<\/div><\/figure><figure class='gallery-item'>\n\t\t\t<div class='gallery-icon landscape'>\n\t\t\t\t<a data-elementor-open-lightbox=\"no\" href='https:\/\/faemclm.es\/feriaxxvii\/wp-content\/uploads\/2023\/03\/gori-gori-02.jpg'><img decoding=\"async\" width=\"300\" height=\"200\" src=\"https:\/\/faemclm.es\/feriaxxvii\/wp-content\/uploads\/2023\/03\/gori-gori-02-300x200.jpg\" class=\"attachment-medium size-medium\" alt=\"\" srcset=\"https:\/\/faemclm.es\/feriaxxvii\/wp-content\/uploads\/2023\/03\/gori-gori-02-300x200.jpg 300w, https:\/\/faemclm.es\/feriaxxvii\/wp-content\/uploads\/2023\/03\/gori-gori-02-1024x683.jpg 1024w, https:\/\/faemclm.es\/feriaxxvii\/wp-content\/uploads\/2023\/03\/gori-gori-02-768x512.jpg 768w, https:\/\/faemclm.es\/feriaxxvii\/wp-content\/uploads\/2023\/03\/gori-gori-02-1536x1024.jpg 1536w, https:\/\/faemclm.es\/feriaxxvii\/wp-content\/uploads\/2023\/03\/gori-gori-02-370x247.jpg 370w, https:\/\/faemclm.es\/feriaxxvii\/wp-content\/uploads\/2023\/03\/gori-gori-02-812x541.jpg 812w, https:\/\/faemclm.es\/feriaxxvii\/wp-content\/uploads\/2023\/03\/gori-gori-02-406x271.jpg 406w, https:\/\/faemclm.es\/feriaxxvii\/wp-content\/uploads\/2023\/03\/gori-gori-02.jpg 1920w\" sizes=\"(max-width: 300px) 100vw, 300px\" \/><\/a>\n\t\t\t<\/div><\/figure><figure class='gallery-item'>\n\t\t\t<div class='gallery-icon landscape'>\n\t\t\t\t<a data-elementor-open-lightbox=\"no\" href='https:\/\/faemclm.es\/feriaxxvii\/wp-content\/uploads\/2023\/03\/gori-gori-03.jpg'><img loading=\"lazy\" decoding=\"async\" width=\"300\" height=\"200\" src=\"https:\/\/faemclm.es\/feriaxxvii\/wp-content\/uploads\/2023\/03\/gori-gori-03-300x200.jpg\" class=\"attachment-medium size-medium\" alt=\"\" srcset=\"https:\/\/faemclm.es\/feriaxxvii\/wp-content\/uploads\/2023\/03\/gori-gori-03-300x200.jpg 300w, https:\/\/faemclm.es\/feriaxxvii\/wp-content\/uploads\/2023\/03\/gori-gori-03-1024x683.jpg 1024w, https:\/\/faemclm.es\/feriaxxvii\/wp-content\/uploads\/2023\/03\/gori-gori-03-768x512.jpg 768w, https:\/\/faemclm.es\/feriaxxvii\/wp-content\/uploads\/2023\/03\/gori-gori-03-1536x1025.jpg 1536w, https:\/\/faemclm.es\/feriaxxvii\/wp-content\/uploads\/2023\/03\/gori-gori-03-370x247.jpg 370w, https:\/\/faemclm.es\/feriaxxvii\/wp-content\/uploads\/2023\/03\/gori-gori-03-812x542.jpg 812w, https:\/\/faemclm.es\/feriaxxvii\/wp-content\/uploads\/2023\/03\/gori-gori-03-406x271.jpg 406w, https:\/\/faemclm.es\/feriaxxvii\/wp-content\/uploads\/2023\/03\/gori-gori-03.jpg 1919w\" sizes=\"(max-width: 300px) 100vw, 300px\" \/><\/a>\n\t\t\t<\/div><\/figure>\n\t\t<\/div>\n\t\t<\/div>\n\t\t\t\t\t\t<\/div>\n\t\t\t\t<\/div>\n\t\t\t\t<div class=\"elementor-element elementor-element-6ab5d6d2 elementor-widget elementor-widget-heading\" data-id=\"6ab5d6d2\" data-element_type=\"widget\" data-widget_type=\"heading.default\">\n\t\t\t\t<div class=\"elementor-widget-container\">\n\t\t\t\t\t<h4 class=\"elementor-heading-title elementor-size-default\">Fotograf\u00edas en la FAEMCLM 2023<\/h4>\t\t\t\t<\/div>\n\t\t\t\t<\/div>\n\t\t\t\t<div class=\"elementor-element elementor-element-7a53065 elementor-widget elementor-widget-image-gallery\" data-id=\"7a53065\" data-element_type=\"widget\" data-widget_type=\"image-gallery.default\">\n\t\t\t\t<div class=\"elementor-widget-container\">\n\t\t\t\t\t\t\t<div class=\"elementor-image-gallery\">\n\t\t\t<div id='gallery-2' class='gallery galleryid-4310 gallery-columns-3 gallery-size-medium'><figure class='gallery-item'>\n\t\t\t<div class='gallery-icon landscape'>\n\t\t\t\t<a data-elementor-open-lightbox=\"no\" href='https:\/\/faemclm.es\/feriaxxvii\/wp-content\/uploads\/2023\/04\/13042023-GoriGori-FAEM-02.jpg'><img loading=\"lazy\" decoding=\"async\" width=\"300\" height=\"200\" src=\"https:\/\/faemclm.es\/feriaxxvii\/wp-content\/uploads\/2023\/04\/13042023-GoriGori-FAEM-02-300x200.jpg\" class=\"attachment-medium size-medium\" alt=\"\" srcset=\"https:\/\/faemclm.es\/feriaxxvii\/wp-content\/uploads\/2023\/04\/13042023-GoriGori-FAEM-02-300x200.jpg 300w, https:\/\/faemclm.es\/feriaxxvii\/wp-content\/uploads\/2023\/04\/13042023-GoriGori-FAEM-02-1024x683.jpg 1024w, https:\/\/faemclm.es\/feriaxxvii\/wp-content\/uploads\/2023\/04\/13042023-GoriGori-FAEM-02-768x512.jpg 768w, https:\/\/faemclm.es\/feriaxxvii\/wp-content\/uploads\/2023\/04\/13042023-GoriGori-FAEM-02-1536x1024.jpg 1536w, https:\/\/faemclm.es\/feriaxxvii\/wp-content\/uploads\/2023\/04\/13042023-GoriGori-FAEM-02-370x247.jpg 370w, https:\/\/faemclm.es\/feriaxxvii\/wp-content\/uploads\/2023\/04\/13042023-GoriGori-FAEM-02-812x541.jpg 812w, https:\/\/faemclm.es\/feriaxxvii\/wp-content\/uploads\/2023\/04\/13042023-GoriGori-FAEM-02-406x271.jpg 406w, https:\/\/faemclm.es\/feriaxxvii\/wp-content\/uploads\/2023\/04\/13042023-GoriGori-FAEM-02.jpg 1687w\" sizes=\"(max-width: 300px) 100vw, 300px\" \/><\/a>\n\t\t\t<\/div><\/figure><figure class='gallery-item'>\n\t\t\t<div class='gallery-icon landscape'>\n\t\t\t\t<a data-elementor-open-lightbox=\"no\" href='https:\/\/faemclm.es\/feriaxxvii\/wp-content\/uploads\/2023\/04\/13042023-GoriGori-FAEM-03.jpg'><img loading=\"lazy\" decoding=\"async\" width=\"300\" height=\"200\" src=\"https:\/\/faemclm.es\/feriaxxvii\/wp-content\/uploads\/2023\/04\/13042023-GoriGori-FAEM-03-300x200.jpg\" class=\"attachment-medium size-medium\" alt=\"\" srcset=\"https:\/\/faemclm.es\/feriaxxvii\/wp-content\/uploads\/2023\/04\/13042023-GoriGori-FAEM-03-300x200.jpg 300w, https:\/\/faemclm.es\/feriaxxvii\/wp-content\/uploads\/2023\/04\/13042023-GoriGori-FAEM-03-1024x683.jpg 1024w, https:\/\/faemclm.es\/feriaxxvii\/wp-content\/uploads\/2023\/04\/13042023-GoriGori-FAEM-03-768x512.jpg 768w, https:\/\/faemclm.es\/feriaxxvii\/wp-content\/uploads\/2023\/04\/13042023-GoriGori-FAEM-03-1536x1024.jpg 1536w, https:\/\/faemclm.es\/feriaxxvii\/wp-content\/uploads\/2023\/04\/13042023-GoriGori-FAEM-03-370x247.jpg 370w, https:\/\/faemclm.es\/feriaxxvii\/wp-content\/uploads\/2023\/04\/13042023-GoriGori-FAEM-03-812x541.jpg 812w, https:\/\/faemclm.es\/feriaxxvii\/wp-content\/uploads\/2023\/04\/13042023-GoriGori-FAEM-03-406x271.jpg 406w, https:\/\/faemclm.es\/feriaxxvii\/wp-content\/uploads\/2023\/04\/13042023-GoriGori-FAEM-03.jpg 1687w\" sizes=\"(max-width: 300px) 100vw, 300px\" \/><\/a>\n\t\t\t<\/div><\/figure><figure class='gallery-item'>\n\t\t\t<div class='gallery-icon landscape'>\n\t\t\t\t<a data-elementor-open-lightbox=\"no\" href='https:\/\/faemclm.es\/feriaxxvii\/wp-content\/uploads\/2023\/04\/13042023-GoriGori-FAEM-04.jpg'><img loading=\"lazy\" decoding=\"async\" width=\"300\" height=\"200\" src=\"https:\/\/faemclm.es\/feriaxxvii\/wp-content\/uploads\/2023\/04\/13042023-GoriGori-FAEM-04-300x200.jpg\" class=\"attachment-medium size-medium\" alt=\"\" srcset=\"https:\/\/faemclm.es\/feriaxxvii\/wp-content\/uploads\/2023\/04\/13042023-GoriGori-FAEM-04-300x200.jpg 300w, https:\/\/faemclm.es\/feriaxxvii\/wp-content\/uploads\/2023\/04\/13042023-GoriGori-FAEM-04-1024x683.jpg 1024w, https:\/\/faemclm.es\/feriaxxvii\/wp-content\/uploads\/2023\/04\/13042023-GoriGori-FAEM-04-768x512.jpg 768w, https:\/\/faemclm.es\/feriaxxvii\/wp-content\/uploads\/2023\/04\/13042023-GoriGori-FAEM-04-1536x1024.jpg 1536w, https:\/\/faemclm.es\/feriaxxvii\/wp-content\/uploads\/2023\/04\/13042023-GoriGori-FAEM-04-370x247.jpg 370w, https:\/\/faemclm.es\/feriaxxvii\/wp-content\/uploads\/2023\/04\/13042023-GoriGori-FAEM-04-812x541.jpg 812w, https:\/\/faemclm.es\/feriaxxvii\/wp-content\/uploads\/2023\/04\/13042023-GoriGori-FAEM-04-406x271.jpg 406w, https:\/\/faemclm.es\/feriaxxvii\/wp-content\/uploads\/2023\/04\/13042023-GoriGori-FAEM-04.jpg 1687w\" sizes=\"(max-width: 300px) 100vw, 300px\" \/><\/a>\n\t\t\t<\/div><\/figure>\n\t\t<\/div>\n\t\t<\/div>\n\t\t\t\t\t\t<\/div>\n\t\t\t\t<\/div>\n\t\t\t\t\t<\/div>\n\t\t<\/div>\n\t\t\t\t<div class=\"elementor-column elementor-col-33 elementor-top-column elementor-element elementor-element-2193d3ef sc_layouts_column_icons_position_left\" data-id=\"2193d3ef\" data-element_type=\"column\" data-settings=\"{&quot;background_background&quot;:&quot;classic&quot;}\">\n\t\t\t<div class=\"elementor-widget-wrap elementor-element-populated\">\n\t\t\t\t\t\t<div class=\"elementor-element elementor-element-07748d5 elementor-widget elementor-widget-heading\" data-id=\"07748d5\" data-element_type=\"widget\" data-widget_type=\"heading.default\">\n\t\t\t\t<div class=\"elementor-widget-container\">\n\t\t\t\t\t<h4 class=\"elementor-heading-title elementor-size-default\">Galer\u00eda<\/h4>\t\t\t\t<\/div>\n\t\t\t\t<\/div>\n\t\t\t\t\t<\/div>\n\t\t<\/div>\n\t\t\t\t\t<\/div>\n\t\t<\/section>\n\t\t\t\t<\/div>\n\t\t","protected":false},"excerpt":{"rendered":"<p>Equipo T\u00e9cnico y Art\u00edstico Direcci\u00f3n:\u00a0Irene Vecchia, Jesus Mu\u00f1oz, Xavier Learreta y Manel MengualIdea original:\u00a0Manel MengualGui\u00f3n:\u00a0Xavier Learreta y Manuel MengualEscenograf\u00eda:\u00a0Joan Alfred Mengual, Xavier Learreta y Manuel MengualIlustraci\u00f3n:\u00a0Joan Alfred MengualIluminaci\u00f3n y Sonido:\u00a0David Villase\u00f1orM\u00fasica:\u00a0Tradicional \/ Manel MengualAsesoramiento Ling\u00fc\u00edstico:\u00a0Xavier&hellip;<\/p>\n","protected":false},"author":1,"featured_media":4311,"comment_status":"closed","ping_status":"closed","template":"","meta":{"_tribe_events_status":"","_tribe_events_status_reason":"","footnotes":""},"tags":[],"tribe_events_cat":[49],"class_list":["post-4310","tribe_events","type-tribe_events","status-publish","has-post-thumbnail","hentry","tribe_events_cat-teatro","cat_teatro"],"_links":{"self":[{"href":"https:\/\/faemclm.es\/feriaxxvii\/wp-json\/wp\/v2\/tribe_events\/4310","targetHints":{"allow":["GET"]}}],"collection":[{"href":"https:\/\/faemclm.es\/feriaxxvii\/wp-json\/wp\/v2\/tribe_events"}],"about":[{"href":"https:\/\/faemclm.es\/feriaxxvii\/wp-json\/wp\/v2\/types\/tribe_events"}],"author":[{"embeddable":true,"href":"https:\/\/faemclm.es\/feriaxxvii\/wp-json\/wp\/v2\/users\/1"}],"replies":[{"embeddable":true,"href":"https:\/\/faemclm.es\/feriaxxvii\/wp-json\/wp\/v2\/comments?post=4310"}],"version-history":[{"count":0,"href":"https:\/\/faemclm.es\/feriaxxvii\/wp-json\/wp\/v2\/tribe_events\/4310\/revisions"}],"wp:featuredmedia":[{"embeddable":true,"href":"https:\/\/faemclm.es\/feriaxxvii\/wp-json\/wp\/v2\/media\/4311"}],"wp:attachment":[{"href":"https:\/\/faemclm.es\/feriaxxvii\/wp-json\/wp\/v2\/media?parent=4310"}],"wp:term":[{"taxonomy":"post_tag","embeddable":true,"href":"https:\/\/faemclm.es\/feriaxxvii\/wp-json\/wp\/v2\/tags?post=4310"},{"taxonomy":"tribe_events_cat","embeddable":true,"href":"https:\/\/faemclm.es\/feriaxxvii\/wp-json\/wp\/v2\/tribe_events_cat?post=4310"}],"curies":[{"name":"wp","href":"https:\/\/api.w.org\/{rel}","templated":true}]}}