{"id":4320,"date":"2023-03-01T10:35:30","date_gmt":"2023-03-01T09:35:30","guid":{"rendered":"https:\/\/faemclm.es\/?post_type=tribe_events&#038;p=4320"},"modified":"2023-04-14T09:44:06","modified_gmt":"2023-04-14T07:44:06","slug":"la-gran-fuga","status":"publish","type":"tribe_events","link":"https:\/\/faemclm.es\/feriaxxvii\/espectaculo\/la-gran-fuga\/","title":{"rendered":"La Gran Fuga"},"content":{"rendered":"\t\t<div data-elementor-type=\"wp-post\" data-elementor-id=\"4320\" class=\"elementor elementor-4320\">\n\t\t\t\t<br \/>\n<b>Warning<\/b>:  Undefined array key \"options\" in <b>\/srv\/vhost\/faemclm.es\/home\/html\/feriaxxvii\/wp-content\/plugins\/trx_addons\/components\/api\/elementor\/elementor.php<\/b> on line <b>1042<\/b><br \/>\n\t\t<section class=\"elementor-section elementor-top-section elementor-element elementor-element-2f86f9df elementor-section-full_width elementor-section-height-default elementor-section-height-default\" data-id=\"2f86f9df\" data-element_type=\"section\" data-settings=\"{&quot;background_background&quot;:&quot;classic&quot;}\">\n\t\t\t\t\t\t<div class=\"elementor-container elementor-column-gap-no\">\n\t\t\t\t\t<div class=\"elementor-column elementor-col-33 elementor-top-column elementor-element elementor-element-432e6bb6 sc_layouts_column_icons_position_left\" data-id=\"432e6bb6\" data-element_type=\"column\">\n\t\t\t<div class=\"elementor-widget-wrap elementor-element-populated\">\n\t\t\t\t\t\t<div class=\"elementor-element elementor-element-4d2324ee elementor-widget elementor-widget-image\" data-id=\"4d2324ee\" data-element_type=\"widget\" data-widget_type=\"image.default\">\n\t\t\t\t<div class=\"elementor-widget-container\">\n\t\t\t\t\t\t\t\t\t\t\t\t\t\t\t<img fetchpriority=\"high\" decoding=\"async\" width=\"1240\" height=\"1755\" src=\"https:\/\/faemclm.es\/feriaxxvii\/wp-content\/uploads\/2023\/03\/Cartel-La-gran-fuga.jpg\" class=\"attachment-full size-full wp-image-4321\" alt=\"\" srcset=\"https:\/\/faemclm.es\/feriaxxvii\/wp-content\/uploads\/2023\/03\/Cartel-La-gran-fuga.jpg 1240w, https:\/\/faemclm.es\/feriaxxvii\/wp-content\/uploads\/2023\/03\/Cartel-La-gran-fuga-212x300.jpg 212w, https:\/\/faemclm.es\/feriaxxvii\/wp-content\/uploads\/2023\/03\/Cartel-La-gran-fuga-724x1024.jpg 724w, https:\/\/faemclm.es\/feriaxxvii\/wp-content\/uploads\/2023\/03\/Cartel-La-gran-fuga-768x1087.jpg 768w, https:\/\/faemclm.es\/feriaxxvii\/wp-content\/uploads\/2023\/03\/Cartel-La-gran-fuga-1085x1536.jpg 1085w, https:\/\/faemclm.es\/feriaxxvii\/wp-content\/uploads\/2023\/03\/Cartel-La-gran-fuga-370x524.jpg 370w, https:\/\/faemclm.es\/feriaxxvii\/wp-content\/uploads\/2023\/03\/Cartel-La-gran-fuga-812x1149.jpg 812w, https:\/\/faemclm.es\/feriaxxvii\/wp-content\/uploads\/2023\/03\/Cartel-La-gran-fuga-406x575.jpg 406w\" sizes=\"(max-width: 1240px) 100vw, 1240px\" \/>\t\t\t\t\t\t\t\t\t\t\t\t\t\t\t<\/div>\n\t\t\t\t<\/div>\n\t\t\t\t\t<\/div>\n\t\t<\/div>\n\t\t\t\t<div class=\"elementor-column elementor-col-33 elementor-top-column elementor-element elementor-element-46b270e5 sc_layouts_column_icons_position_left\" data-id=\"46b270e5\" data-element_type=\"column\" data-settings=\"{&quot;background_background&quot;:&quot;classic&quot;}\">\n\t\t\t<div class=\"elementor-widget-wrap elementor-element-populated\">\n\t\t\t\t\t\t<div class=\"elementor-element elementor-element-614a6e05 elementor-widget elementor-widget-heading\" data-id=\"614a6e05\" data-element_type=\"widget\" data-widget_type=\"heading.default\">\n\t\t\t\t<div class=\"elementor-widget-container\">\n\t\t\t\t\t<h4 class=\"elementor-heading-title elementor-size-default\">Equipo T\u00e9cnico y Art\u00edstico<\/h4>\t\t\t\t<\/div>\n\t\t\t\t<\/div>\n\t\t\t\t<div class=\"elementor-element elementor-element-179bb84b elementor-widget elementor-widget-text-editor\" data-id=\"179bb84b\" data-element_type=\"widget\" data-widget_type=\"text-editor.default\">\n\t\t\t\t<div class=\"elementor-widget-container\">\n\t\t\t\t\t\t\t\t\t<p><strong>Direcci\u00f3n:<\/strong>\u00a0Toni Sans<br \/><strong>Iluminaci\u00f3n:<\/strong>\u00a0Albert Pastor<br \/><strong>Direcci\u00f3n Esc\u00e9nica: <\/strong>Toni Sans<br \/><strong>Escenograf\u00eda:<\/strong>\u00a0Woodbeats y Oriol Garriga<br \/><strong>Vestuario:<\/strong>\u00a0Toni Sans<br \/><strong>Director\/a de Producci\u00f3n:<\/strong>\u00a0Egos Produccions<br \/><strong>Producci\u00f3n:<\/strong>\u00a0Woodbeats<br \/><strong>Compa\u00f1\u00eda:<\/strong>\u00a0Woodbeats<\/p>\t\t\t\t\t\t\t\t<\/div>\n\t\t\t\t<\/div>\n\t\t\t\t\t<\/div>\n\t\t<\/div>\n\t\t\t\t<div class=\"elementor-column elementor-col-33 elementor-top-column elementor-element elementor-element-5c09de23 sc_layouts_column_icons_position_left\" data-id=\"5c09de23\" data-element_type=\"column\" data-settings=\"{&quot;background_background&quot;:&quot;classic&quot;}\">\n\t\t\t<div class=\"elementor-widget-wrap elementor-element-populated\">\n\t\t\t\t\t<div class=\"elementor-background-overlay\"><\/div>\n\t\t\t\t\t\t<div class=\"elementor-element elementor-element-66c233bd elementor-widget elementor-widget-spacer\" data-id=\"66c233bd\" data-element_type=\"widget\" data-widget_type=\"spacer.default\">\n\t\t\t\t<div class=\"elementor-widget-container\">\n\t\t\t\t\t\t\t<div class=\"elementor-spacer\">\n\t\t\t<div class=\"elementor-spacer-inner\"><\/div>\n\t\t<\/div>\n\t\t\t\t\t\t<\/div>\n\t\t\t\t<\/div>\n\t\t\t\t\t<\/div>\n\t\t<\/div>\n\t\t\t\t\t<\/div>\n\t\t<\/section>\n\t\t\t\t<section class=\"elementor-section elementor-top-section elementor-element elementor-element-148729a6 elementor-section-full_width elementor-section-height-default elementor-section-height-default\" data-id=\"148729a6\" data-element_type=\"section\" data-settings=\"{&quot;background_background&quot;:&quot;classic&quot;}\">\n\t\t\t\t\t\t\t<div class=\"elementor-background-overlay\"><\/div>\n\t\t\t\t\t\t\t<div class=\"elementor-container elementor-column-gap-no\">\n\t\t\t\t\t<div class=\"elementor-column elementor-col-100 elementor-top-column elementor-element elementor-element-54fbccc9 sc_layouts_column_icons_position_left\" data-id=\"54fbccc9\" data-element_type=\"column\">\n\t\t\t<div class=\"elementor-widget-wrap elementor-element-populated\">\n\t\t\t\t\t\t<div class=\"elementor-element elementor-element-7da26d97 elementor-widget elementor-widget-spacer\" data-id=\"7da26d97\" data-element_type=\"widget\" data-widget_type=\"spacer.default\">\n\t\t\t\t<div class=\"elementor-widget-container\">\n\t\t\t\t\t\t\t<div class=\"elementor-spacer\">\n\t\t\t<div class=\"elementor-spacer-inner\"><\/div>\n\t\t<\/div>\n\t\t\t\t\t\t<\/div>\n\t\t\t\t<\/div>\n\t\t\t\t<div class=\"elementor-element elementor-element-34211476 elementor-widget elementor-widget-heading\" data-id=\"34211476\" data-element_type=\"widget\" data-widget_type=\"heading.default\">\n\t\t\t\t<div class=\"elementor-widget-container\">\n\t\t\t\t\t<div class=\"elementor-heading-title elementor-size-large\">Para todos los p\u00fablicos - Familiar | 60 minutos | Auditorio Municipal<\/div>\t\t\t\t<\/div>\n\t\t\t\t<\/div>\n\t\t\t\t<div class=\"elementor-element elementor-element-586ff2d0 elementor-widget elementor-widget-spacer\" data-id=\"586ff2d0\" data-element_type=\"widget\" data-widget_type=\"spacer.default\">\n\t\t\t\t<div class=\"elementor-widget-container\">\n\t\t\t\t\t\t\t<div class=\"elementor-spacer\">\n\t\t\t<div class=\"elementor-spacer-inner\"><\/div>\n\t\t<\/div>\n\t\t\t\t\t\t<\/div>\n\t\t\t\t<\/div>\n\t\t\t\t\t<\/div>\n\t\t<\/div>\n\t\t\t\t\t<\/div>\n\t\t<\/section>\n\t\t\t\t<section class=\"elementor-section elementor-top-section elementor-element elementor-element-2698760c elementor-section-full_width elementor-section-height-default elementor-section-height-default\" data-id=\"2698760c\" data-element_type=\"section\">\n\t\t\t\t\t\t<div class=\"elementor-container elementor-column-gap-extended\">\n\t\t\t\t\t<div class=\"elementor-column elementor-col-33 elementor-top-column elementor-element elementor-element-469f25f8 sc_layouts_column_icons_position_left\" data-id=\"469f25f8\" data-element_type=\"column\" data-settings=\"{&quot;background_background&quot;:&quot;classic&quot;}\">\n\t\t\t<div class=\"elementor-widget-wrap\">\n\t\t\t\t\t\t\t<\/div>\n\t\t<\/div>\n\t\t\t\t<div class=\"elementor-column elementor-col-33 elementor-top-column elementor-element elementor-element-385bb576 sc_layouts_column_icons_position_left\" data-id=\"385bb576\" data-element_type=\"column\">\n\t\t\t<div class=\"elementor-widget-wrap elementor-element-populated\">\n\t\t\t\t\t\t<div class=\"elementor-element elementor-element-5bdb28ca elementor-widget elementor-widget-heading\" data-id=\"5bdb28ca\" data-element_type=\"widget\" data-widget_type=\"heading.default\">\n\t\t\t\t<div class=\"elementor-widget-container\">\n\t\t\t\t\t<h4 class=\"elementor-heading-title elementor-size-default\">Sinopsis<\/h4>\t\t\t\t<\/div>\n\t\t\t\t<\/div>\n\t\t\t\t<div class=\"elementor-element elementor-element-321e1f8c elementor-widget elementor-widget-text-editor\" data-id=\"321e1f8c\" data-element_type=\"widget\" data-widget_type=\"text-editor.default\">\n\t\t\t\t<div class=\"elementor-widget-container\">\n\t\t\t\t\t\t\t\t\t<p>LA GRAN FUGA es una revisi\u00f3n-homenaje de las m\u00edticas pel\u00edculas de evasiones de los a\u00f1os sesenta y setenta que nos explica, en clave de humor, la epopeya que viven cuatro abuelos octogenarios que, hartos de estar siempre reclu\u00eddos entre las cuatro paredes de la residencia, una noche deciden huir para ir al cine. Cruzar\u00e1n mar, tierra y aire para alcanzar su objectivo y por el camino nos demostrar\u00e1n que\u2026 \u00a1nunca es tarde para emprender la m\u00e1s grande de las aventuras! Una historia de superaci\u00f3n explicada a trav\u00e9s de la m\u00fasica, el claqu\u00e9 y la percusi\u00f3n corporal que nos recuerda que los l\u00edmites s\u00f3lo est\u00e1n dentro de nuestra mente.<\/p>\t\t\t\t\t\t\t\t<\/div>\n\t\t\t\t<\/div>\n\t\t\t\t<div class=\"elementor-element elementor-element-ac7fc4d elementor-widget elementor-widget-spacer\" data-id=\"ac7fc4d\" data-element_type=\"widget\" data-widget_type=\"spacer.default\">\n\t\t\t\t<div class=\"elementor-widget-container\">\n\t\t\t\t\t\t\t<div class=\"elementor-spacer\">\n\t\t\t<div class=\"elementor-spacer-inner\"><\/div>\n\t\t<\/div>\n\t\t\t\t\t\t<\/div>\n\t\t\t\t<\/div>\n\t\t\t\t<section class=\"elementor-section elementor-inner-section elementor-element elementor-element-4901cec7 elementor-section-full_width elementor-section-height-default elementor-section-height-default\" data-id=\"4901cec7\" data-element_type=\"section\">\n\t\t\t\t\t\t<div class=\"elementor-container elementor-column-gap-no\">\n\t\t\t\t\t<div class=\"elementor-column elementor-col-50 elementor-inner-column elementor-element elementor-element-47c62d4d sc_layouts_column_icons_position_left\" data-id=\"47c62d4d\" data-element_type=\"column\">\n\t\t\t<div class=\"elementor-widget-wrap elementor-element-populated\">\n\t\t\t\t\t\t<div class=\"elementor-element elementor-element-40adf871 elementor-widget elementor-widget-heading\" data-id=\"40adf871\" data-element_type=\"widget\" data-widget_type=\"heading.default\">\n\t\t\t\t<div class=\"elementor-widget-container\">\n\t\t\t\t\t<h4 class=\"elementor-heading-title elementor-size-default\">Reparto<\/h4>\t\t\t\t<\/div>\n\t\t\t\t<\/div>\n\t\t\t\t<div class=\"elementor-element elementor-element-161a456 elementor-widget elementor-widget-text-editor\" data-id=\"161a456\" data-element_type=\"widget\" data-widget_type=\"text-editor.default\">\n\t\t\t\t<div class=\"elementor-widget-container\">\n\t\t\t\t\t\t\t\t\t<p><strong>Bailarines:<\/strong><br \/>Anna Llombart<br \/>Patricia Villal\u00f3n<br \/>Matteo Nicolai<br \/>Jos\u00e9 Sala<br \/><strong>Int\u00e9rprete Musical:<\/strong><br \/>Iranzu Garc\u00eda<\/p>\t\t\t\t\t\t\t\t<\/div>\n\t\t\t\t<\/div>\n\t\t\t\t\t<\/div>\n\t\t<\/div>\n\t\t\t\t<div class=\"elementor-column elementor-col-50 elementor-inner-column elementor-element elementor-element-4ac599ef sc_layouts_column_icons_position_left\" data-id=\"4ac599ef\" data-element_type=\"column\">\n\t\t\t<div class=\"elementor-widget-wrap elementor-element-populated\">\n\t\t\t\t\t\t<div class=\"elementor-element elementor-element-134dd184 elementor-widget elementor-widget-heading\" data-id=\"134dd184\" data-element_type=\"widget\" data-widget_type=\"heading.default\">\n\t\t\t\t<div class=\"elementor-widget-container\">\n\t\t\t\t\t<h4 class=\"elementor-heading-title elementor-size-default\">Datos de distribuci\u00f3n<\/h4>\t\t\t\t<\/div>\n\t\t\t\t<\/div>\n\t\t\t\t<div class=\"elementor-element elementor-element-51a395c8 elementor-widget elementor-widget-text-editor\" data-id=\"51a395c8\" data-element_type=\"widget\" data-widget_type=\"text-editor.default\">\n\t\t\t\t<div class=\"elementor-widget-container\">\n\t\t\t\t\t\t\t\t\t<p><strong>Distribuidor\/a:<\/strong> Marta-Guzm\u00e1n-Management<br \/><strong>Contacto:<\/strong>\u00a0Marta Guzm\u00e1n<br \/><strong>Email:<\/strong>\u00a0martaguzmanmanagement@gmail.com<br \/><strong>Tel\u00e9fono:<\/strong>\u00a0+34 649 871 56<\/p>\t\t\t\t\t\t\t\t<\/div>\n\t\t\t\t<\/div>\n\t\t\t\t\t<\/div>\n\t\t<\/div>\n\t\t\t\t\t<\/div>\n\t\t<\/section>\n\t\t\t\t<div class=\"elementor-element elementor-element-517d3a7c elementor-widget elementor-widget-spacer\" data-id=\"517d3a7c\" data-element_type=\"widget\" data-widget_type=\"spacer.default\">\n\t\t\t\t<div class=\"elementor-widget-container\">\n\t\t\t\t\t\t\t<div class=\"elementor-spacer\">\n\t\t\t<div class=\"elementor-spacer-inner\"><\/div>\n\t\t<\/div>\n\t\t\t\t\t\t<\/div>\n\t\t\t\t<\/div>\n\t\t\t\t<div class=\"elementor-element elementor-element-6155dc51 elementor-widget elementor-widget-image-gallery\" data-id=\"6155dc51\" data-element_type=\"widget\" data-widget_type=\"image-gallery.default\">\n\t\t\t\t<div class=\"elementor-widget-container\">\n\t\t\t\t\t\t\t<div class=\"elementor-image-gallery\">\n\t\t\t<div id='gallery-1' class='gallery galleryid-4320 gallery-columns-3 gallery-size-medium'><figure class='gallery-item'>\n\t\t\t<div class='gallery-icon landscape'>\n\t\t\t\t<a data-elementor-open-lightbox=\"no\" href='https:\/\/faemclm.es\/feriaxxvii\/wp-content\/uploads\/2023\/03\/la-gran-fuga-01.jpg'><img decoding=\"async\" width=\"300\" height=\"200\" src=\"https:\/\/faemclm.es\/feriaxxvii\/wp-content\/uploads\/2023\/03\/la-gran-fuga-01-300x200.jpg\" class=\"attachment-medium size-medium\" alt=\"\" srcset=\"https:\/\/faemclm.es\/feriaxxvii\/wp-content\/uploads\/2023\/03\/la-gran-fuga-01-300x200.jpg 300w, https:\/\/faemclm.es\/feriaxxvii\/wp-content\/uploads\/2023\/03\/la-gran-fuga-01-1024x683.jpg 1024w, https:\/\/faemclm.es\/feriaxxvii\/wp-content\/uploads\/2023\/03\/la-gran-fuga-01-768x512.jpg 768w, https:\/\/faemclm.es\/feriaxxvii\/wp-content\/uploads\/2023\/03\/la-gran-fuga-01-1536x1024.jpg 1536w, https:\/\/faemclm.es\/feriaxxvii\/wp-content\/uploads\/2023\/03\/la-gran-fuga-01-370x247.jpg 370w, https:\/\/faemclm.es\/feriaxxvii\/wp-content\/uploads\/2023\/03\/la-gran-fuga-01-812x541.jpg 812w, https:\/\/faemclm.es\/feriaxxvii\/wp-content\/uploads\/2023\/03\/la-gran-fuga-01-406x271.jpg 406w, https:\/\/faemclm.es\/feriaxxvii\/wp-content\/uploads\/2023\/03\/la-gran-fuga-01.jpg 1920w\" sizes=\"(max-width: 300px) 100vw, 300px\" \/><\/a>\n\t\t\t<\/div><\/figure><figure class='gallery-item'>\n\t\t\t<div class='gallery-icon landscape'>\n\t\t\t\t<a data-elementor-open-lightbox=\"no\" href='https:\/\/faemclm.es\/feriaxxvii\/wp-content\/uploads\/2023\/03\/la-gran-fuga-02.jpg'><img decoding=\"async\" width=\"300\" height=\"200\" src=\"https:\/\/faemclm.es\/feriaxxvii\/wp-content\/uploads\/2023\/03\/la-gran-fuga-02-300x200.jpg\" class=\"attachment-medium size-medium\" alt=\"\" srcset=\"https:\/\/faemclm.es\/feriaxxvii\/wp-content\/uploads\/2023\/03\/la-gran-fuga-02-300x200.jpg 300w, https:\/\/faemclm.es\/feriaxxvii\/wp-content\/uploads\/2023\/03\/la-gran-fuga-02-1024x683.jpg 1024w, https:\/\/faemclm.es\/feriaxxvii\/wp-content\/uploads\/2023\/03\/la-gran-fuga-02-768x512.jpg 768w, https:\/\/faemclm.es\/feriaxxvii\/wp-content\/uploads\/2023\/03\/la-gran-fuga-02-1536x1024.jpg 1536w, https:\/\/faemclm.es\/feriaxxvii\/wp-content\/uploads\/2023\/03\/la-gran-fuga-02-370x247.jpg 370w, https:\/\/faemclm.es\/feriaxxvii\/wp-content\/uploads\/2023\/03\/la-gran-fuga-02-812x541.jpg 812w, https:\/\/faemclm.es\/feriaxxvii\/wp-content\/uploads\/2023\/03\/la-gran-fuga-02-406x271.jpg 406w, https:\/\/faemclm.es\/feriaxxvii\/wp-content\/uploads\/2023\/03\/la-gran-fuga-02.jpg 1920w\" sizes=\"(max-width: 300px) 100vw, 300px\" \/><\/a>\n\t\t\t<\/div><\/figure><figure class='gallery-item'>\n\t\t\t<div class='gallery-icon landscape'>\n\t\t\t\t<a data-elementor-open-lightbox=\"no\" href='https:\/\/faemclm.es\/feriaxxvii\/wp-content\/uploads\/2023\/03\/la-gran-fuga-03.jpg'><img loading=\"lazy\" decoding=\"async\" width=\"300\" height=\"200\" src=\"https:\/\/faemclm.es\/feriaxxvii\/wp-content\/uploads\/2023\/03\/la-gran-fuga-03-300x200.jpg\" class=\"attachment-medium size-medium\" alt=\"\" srcset=\"https:\/\/faemclm.es\/feriaxxvii\/wp-content\/uploads\/2023\/03\/la-gran-fuga-03-300x200.jpg 300w, https:\/\/faemclm.es\/feriaxxvii\/wp-content\/uploads\/2023\/03\/la-gran-fuga-03-1024x683.jpg 1024w, https:\/\/faemclm.es\/feriaxxvii\/wp-content\/uploads\/2023\/03\/la-gran-fuga-03-768x512.jpg 768w, https:\/\/faemclm.es\/feriaxxvii\/wp-content\/uploads\/2023\/03\/la-gran-fuga-03-1536x1024.jpg 1536w, https:\/\/faemclm.es\/feriaxxvii\/wp-content\/uploads\/2023\/03\/la-gran-fuga-03-370x247.jpg 370w, https:\/\/faemclm.es\/feriaxxvii\/wp-content\/uploads\/2023\/03\/la-gran-fuga-03-812x541.jpg 812w, https:\/\/faemclm.es\/feriaxxvii\/wp-content\/uploads\/2023\/03\/la-gran-fuga-03-406x271.jpg 406w, https:\/\/faemclm.es\/feriaxxvii\/wp-content\/uploads\/2023\/03\/la-gran-fuga-03.jpg 1920w\" sizes=\"(max-width: 300px) 100vw, 300px\" \/><\/a>\n\t\t\t<\/div><\/figure>\n\t\t<\/div>\n\t\t<\/div>\n\t\t\t\t\t\t<\/div>\n\t\t\t\t<\/div>\n\t\t\t\t<div class=\"elementor-element elementor-element-2d064682 elementor-widget elementor-widget-heading\" data-id=\"2d064682\" data-element_type=\"widget\" data-widget_type=\"heading.default\">\n\t\t\t\t<div class=\"elementor-widget-container\">\n\t\t\t\t\t<h4 class=\"elementor-heading-title elementor-size-default\">Fotograf\u00edas en la FAEMCLM 2023<\/h4>\t\t\t\t<\/div>\n\t\t\t\t<\/div>\n\t\t\t\t<div class=\"elementor-element elementor-element-1dad226 elementor-widget elementor-widget-image-gallery\" data-id=\"1dad226\" data-element_type=\"widget\" data-widget_type=\"image-gallery.default\">\n\t\t\t\t<div class=\"elementor-widget-container\">\n\t\t\t\t\t\t\t<div class=\"elementor-image-gallery\">\n\t\t\t<div id='gallery-2' class='gallery galleryid-4320 gallery-columns-3 gallery-size-medium'><figure class='gallery-item'>\n\t\t\t<div class='gallery-icon landscape'>\n\t\t\t\t<a data-elementor-open-lightbox=\"no\" href='https:\/\/faemclm.es\/feriaxxvii\/wp-content\/uploads\/2023\/04\/13042023-LaGranFuga-FAEM-01.jpg'><img loading=\"lazy\" decoding=\"async\" width=\"300\" height=\"200\" src=\"https:\/\/faemclm.es\/feriaxxvii\/wp-content\/uploads\/2023\/04\/13042023-LaGranFuga-FAEM-01-300x200.jpg\" class=\"attachment-medium size-medium\" alt=\"\" srcset=\"https:\/\/faemclm.es\/feriaxxvii\/wp-content\/uploads\/2023\/04\/13042023-LaGranFuga-FAEM-01-300x200.jpg 300w, https:\/\/faemclm.es\/feriaxxvii\/wp-content\/uploads\/2023\/04\/13042023-LaGranFuga-FAEM-01-1024x683.jpg 1024w, https:\/\/faemclm.es\/feriaxxvii\/wp-content\/uploads\/2023\/04\/13042023-LaGranFuga-FAEM-01-768x512.jpg 768w, https:\/\/faemclm.es\/feriaxxvii\/wp-content\/uploads\/2023\/04\/13042023-LaGranFuga-FAEM-01-1536x1024.jpg 1536w, https:\/\/faemclm.es\/feriaxxvii\/wp-content\/uploads\/2023\/04\/13042023-LaGranFuga-FAEM-01-370x247.jpg 370w, https:\/\/faemclm.es\/feriaxxvii\/wp-content\/uploads\/2023\/04\/13042023-LaGranFuga-FAEM-01-812x541.jpg 812w, https:\/\/faemclm.es\/feriaxxvii\/wp-content\/uploads\/2023\/04\/13042023-LaGranFuga-FAEM-01-406x271.jpg 406w, https:\/\/faemclm.es\/feriaxxvii\/wp-content\/uploads\/2023\/04\/13042023-LaGranFuga-FAEM-01.jpg 1687w\" sizes=\"(max-width: 300px) 100vw, 300px\" \/><\/a>\n\t\t\t<\/div><\/figure><figure class='gallery-item'>\n\t\t\t<div class='gallery-icon landscape'>\n\t\t\t\t<a data-elementor-open-lightbox=\"no\" href='https:\/\/faemclm.es\/feriaxxvii\/wp-content\/uploads\/2023\/04\/13042023-LaGranFuga-FAEM-03.jpg'><img loading=\"lazy\" decoding=\"async\" width=\"300\" height=\"200\" src=\"https:\/\/faemclm.es\/feriaxxvii\/wp-content\/uploads\/2023\/04\/13042023-LaGranFuga-FAEM-03-300x200.jpg\" class=\"attachment-medium size-medium\" alt=\"\" srcset=\"https:\/\/faemclm.es\/feriaxxvii\/wp-content\/uploads\/2023\/04\/13042023-LaGranFuga-FAEM-03-300x200.jpg 300w, https:\/\/faemclm.es\/feriaxxvii\/wp-content\/uploads\/2023\/04\/13042023-LaGranFuga-FAEM-03-1024x683.jpg 1024w, https:\/\/faemclm.es\/feriaxxvii\/wp-content\/uploads\/2023\/04\/13042023-LaGranFuga-FAEM-03-768x512.jpg 768w, https:\/\/faemclm.es\/feriaxxvii\/wp-content\/uploads\/2023\/04\/13042023-LaGranFuga-FAEM-03-1536x1024.jpg 1536w, https:\/\/faemclm.es\/feriaxxvii\/wp-content\/uploads\/2023\/04\/13042023-LaGranFuga-FAEM-03-370x247.jpg 370w, https:\/\/faemclm.es\/feriaxxvii\/wp-content\/uploads\/2023\/04\/13042023-LaGranFuga-FAEM-03-812x541.jpg 812w, https:\/\/faemclm.es\/feriaxxvii\/wp-content\/uploads\/2023\/04\/13042023-LaGranFuga-FAEM-03-406x271.jpg 406w, https:\/\/faemclm.es\/feriaxxvii\/wp-content\/uploads\/2023\/04\/13042023-LaGranFuga-FAEM-03.jpg 1687w\" sizes=\"(max-width: 300px) 100vw, 300px\" \/><\/a>\n\t\t\t<\/div><\/figure><figure class='gallery-item'>\n\t\t\t<div class='gallery-icon landscape'>\n\t\t\t\t<a data-elementor-open-lightbox=\"no\" href='https:\/\/faemclm.es\/feriaxxvii\/wp-content\/uploads\/2023\/04\/13042023-LaGranFuga-FAEM-04.jpg'><img loading=\"lazy\" decoding=\"async\" width=\"300\" height=\"200\" src=\"https:\/\/faemclm.es\/feriaxxvii\/wp-content\/uploads\/2023\/04\/13042023-LaGranFuga-FAEM-04-300x200.jpg\" class=\"attachment-medium size-medium\" alt=\"\" srcset=\"https:\/\/faemclm.es\/feriaxxvii\/wp-content\/uploads\/2023\/04\/13042023-LaGranFuga-FAEM-04-300x200.jpg 300w, https:\/\/faemclm.es\/feriaxxvii\/wp-content\/uploads\/2023\/04\/13042023-LaGranFuga-FAEM-04-1024x683.jpg 1024w, https:\/\/faemclm.es\/feriaxxvii\/wp-content\/uploads\/2023\/04\/13042023-LaGranFuga-FAEM-04-768x512.jpg 768w, https:\/\/faemclm.es\/feriaxxvii\/wp-content\/uploads\/2023\/04\/13042023-LaGranFuga-FAEM-04-1536x1024.jpg 1536w, https:\/\/faemclm.es\/feriaxxvii\/wp-content\/uploads\/2023\/04\/13042023-LaGranFuga-FAEM-04-370x247.jpg 370w, https:\/\/faemclm.es\/feriaxxvii\/wp-content\/uploads\/2023\/04\/13042023-LaGranFuga-FAEM-04-812x541.jpg 812w, https:\/\/faemclm.es\/feriaxxvii\/wp-content\/uploads\/2023\/04\/13042023-LaGranFuga-FAEM-04-406x271.jpg 406w, https:\/\/faemclm.es\/feriaxxvii\/wp-content\/uploads\/2023\/04\/13042023-LaGranFuga-FAEM-04.jpg 1687w\" sizes=\"(max-width: 300px) 100vw, 300px\" \/><\/a>\n\t\t\t<\/div><\/figure>\n\t\t<\/div>\n\t\t<\/div>\n\t\t\t\t\t\t<\/div>\n\t\t\t\t<\/div>\n\t\t\t\t\t<\/div>\n\t\t<\/div>\n\t\t\t\t<div class=\"elementor-column elementor-col-33 elementor-top-column elementor-element elementor-element-361ba5b6 sc_layouts_column_icons_position_left\" data-id=\"361ba5b6\" data-element_type=\"column\" data-settings=\"{&quot;background_background&quot;:&quot;classic&quot;}\">\n\t\t\t<div class=\"elementor-widget-wrap elementor-element-populated\">\n\t\t\t\t\t\t<div class=\"elementor-element elementor-element-b7a7f79 elementor-widget elementor-widget-heading\" data-id=\"b7a7f79\" data-element_type=\"widget\" data-widget_type=\"heading.default\">\n\t\t\t\t<div class=\"elementor-widget-container\">\n\t\t\t\t\t<h4 class=\"elementor-heading-title elementor-size-default\">Galer\u00eda<\/h4>\t\t\t\t<\/div>\n\t\t\t\t<\/div>\n\t\t\t\t\t<\/div>\n\t\t<\/div>\n\t\t\t\t\t<\/div>\n\t\t<\/section>\n\t\t\t\t<\/div>\n\t\t","protected":false},"excerpt":{"rendered":"<p>Equipo T\u00e9cnico y Art\u00edstico Direcci\u00f3n:\u00a0Toni SansIluminaci\u00f3n:\u00a0Albert PastorDirecci\u00f3n Esc\u00e9nica: Toni SansEscenograf\u00eda:\u00a0Woodbeats y Oriol GarrigaVestuario:\u00a0Toni SansDirector\/a de Producci\u00f3n:\u00a0Egos ProduccionsProducci\u00f3n:\u00a0WoodbeatsCompa\u00f1\u00eda:\u00a0Woodbeats Para todos los p\u00fablicos &#8211; Familiar | 60 minutos | Auditorio Municipal Sinopsis LA GRAN FUGA es una&hellip;<\/p>\n","protected":false},"author":1,"featured_media":4321,"comment_status":"closed","ping_status":"closed","template":"","meta":{"_tribe_events_status":"","_tribe_events_status_reason":"","footnotes":""},"tags":[],"tribe_events_cat":[52],"class_list":["post-4320","tribe_events","type-tribe_events","status-publish","has-post-thumbnail","hentry","tribe_events_cat-danza","cat_danza"],"_links":{"self":[{"href":"https:\/\/faemclm.es\/feriaxxvii\/wp-json\/wp\/v2\/tribe_events\/4320","targetHints":{"allow":["GET"]}}],"collection":[{"href":"https:\/\/faemclm.es\/feriaxxvii\/wp-json\/wp\/v2\/tribe_events"}],"about":[{"href":"https:\/\/faemclm.es\/feriaxxvii\/wp-json\/wp\/v2\/types\/tribe_events"}],"author":[{"embeddable":true,"href":"https:\/\/faemclm.es\/feriaxxvii\/wp-json\/wp\/v2\/users\/1"}],"replies":[{"embeddable":true,"href":"https:\/\/faemclm.es\/feriaxxvii\/wp-json\/wp\/v2\/comments?post=4320"}],"version-history":[{"count":0,"href":"https:\/\/faemclm.es\/feriaxxvii\/wp-json\/wp\/v2\/tribe_events\/4320\/revisions"}],"wp:featuredmedia":[{"embeddable":true,"href":"https:\/\/faemclm.es\/feriaxxvii\/wp-json\/wp\/v2\/media\/4321"}],"wp:attachment":[{"href":"https:\/\/faemclm.es\/feriaxxvii\/wp-json\/wp\/v2\/media?parent=4320"}],"wp:term":[{"taxonomy":"post_tag","embeddable":true,"href":"https:\/\/faemclm.es\/feriaxxvii\/wp-json\/wp\/v2\/tags?post=4320"},{"taxonomy":"tribe_events_cat","embeddable":true,"href":"https:\/\/faemclm.es\/feriaxxvii\/wp-json\/wp\/v2\/tribe_events_cat?post=4320"}],"curies":[{"name":"wp","href":"https:\/\/api.w.org\/{rel}","templated":true}]}}