{"id":4349,"date":"2023-03-01T11:17:58","date_gmt":"2023-03-01T10:17:58","guid":{"rendered":"https:\/\/faemclm.es\/?post_type=tribe_events&#038;p=4349"},"modified":"2023-04-14T09:46:59","modified_gmt":"2023-04-14T07:46:59","slug":"vertumno-siglo-de-risa-y-oro","status":"publish","type":"tribe_events","link":"https:\/\/faemclm.es\/feriaxxvii\/espectaculo\/vertumno-siglo-de-risa-y-oro\/","title":{"rendered":"Vertumno. Siglo de Risa y Oro"},"content":{"rendered":"\t\t<div data-elementor-type=\"wp-post\" data-elementor-id=\"4349\" class=\"elementor elementor-4349\">\n\t\t\t\t<br \/>\n<b>Warning<\/b>:  Undefined array key \"options\" in <b>\/srv\/vhost\/faemclm.es\/home\/html\/feriaxxvii\/wp-content\/plugins\/trx_addons\/components\/api\/elementor\/elementor.php<\/b> on line <b>1042<\/b><br \/>\n\t\t<section class=\"elementor-section elementor-top-section elementor-element elementor-element-76bfbe22 elementor-section-full_width elementor-section-height-default elementor-section-height-default\" data-id=\"76bfbe22\" data-element_type=\"section\" data-settings=\"{&quot;background_background&quot;:&quot;classic&quot;}\">\n\t\t\t\t\t\t<div class=\"elementor-container elementor-column-gap-no\">\n\t\t\t\t\t<div class=\"elementor-column elementor-col-33 elementor-top-column elementor-element elementor-element-450dabec sc_layouts_column_icons_position_left\" data-id=\"450dabec\" data-element_type=\"column\">\n\t\t\t<div class=\"elementor-widget-wrap elementor-element-populated\">\n\t\t\t\t\t\t<div class=\"elementor-element elementor-element-1ac82656 elementor-widget elementor-widget-image\" data-id=\"1ac82656\" data-element_type=\"widget\" data-widget_type=\"image.default\">\n\t\t\t\t<div class=\"elementor-widget-container\">\n\t\t\t\t\t\t\t\t\t\t\t\t\t\t\t<img fetchpriority=\"high\" decoding=\"async\" width=\"1240\" height=\"1755\" src=\"https:\/\/faemclm.es\/feriaxxvii\/wp-content\/uploads\/2023\/03\/Cartel-Vertumno.jpg\" class=\"attachment-full size-full wp-image-4350\" alt=\"\" srcset=\"https:\/\/faemclm.es\/feriaxxvii\/wp-content\/uploads\/2023\/03\/Cartel-Vertumno.jpg 1240w, https:\/\/faemclm.es\/feriaxxvii\/wp-content\/uploads\/2023\/03\/Cartel-Vertumno-212x300.jpg 212w, https:\/\/faemclm.es\/feriaxxvii\/wp-content\/uploads\/2023\/03\/Cartel-Vertumno-724x1024.jpg 724w, https:\/\/faemclm.es\/feriaxxvii\/wp-content\/uploads\/2023\/03\/Cartel-Vertumno-768x1087.jpg 768w, https:\/\/faemclm.es\/feriaxxvii\/wp-content\/uploads\/2023\/03\/Cartel-Vertumno-1085x1536.jpg 1085w, https:\/\/faemclm.es\/feriaxxvii\/wp-content\/uploads\/2023\/03\/Cartel-Vertumno-370x524.jpg 370w, https:\/\/faemclm.es\/feriaxxvii\/wp-content\/uploads\/2023\/03\/Cartel-Vertumno-812x1149.jpg 812w, https:\/\/faemclm.es\/feriaxxvii\/wp-content\/uploads\/2023\/03\/Cartel-Vertumno-406x575.jpg 406w\" sizes=\"(max-width: 1240px) 100vw, 1240px\" \/>\t\t\t\t\t\t\t\t\t\t\t\t\t\t\t<\/div>\n\t\t\t\t<\/div>\n\t\t\t\t\t<\/div>\n\t\t<\/div>\n\t\t\t\t<div class=\"elementor-column elementor-col-33 elementor-top-column elementor-element elementor-element-38c0e5b0 sc_layouts_column_icons_position_left\" data-id=\"38c0e5b0\" data-element_type=\"column\" data-settings=\"{&quot;background_background&quot;:&quot;classic&quot;}\">\n\t\t\t<div class=\"elementor-widget-wrap elementor-element-populated\">\n\t\t\t\t\t\t<div class=\"elementor-element elementor-element-5fd9ceec elementor-widget elementor-widget-heading\" data-id=\"5fd9ceec\" data-element_type=\"widget\" data-widget_type=\"heading.default\">\n\t\t\t\t<div class=\"elementor-widget-container\">\n\t\t\t\t\t<h4 class=\"elementor-heading-title elementor-size-default\">Equipo T\u00e9cnico y Art\u00edstico<\/h4>\t\t\t\t<\/div>\n\t\t\t\t<\/div>\n\t\t\t\t<div class=\"elementor-element elementor-element-74e0376d elementor-widget elementor-widget-text-editor\" data-id=\"74e0376d\" data-element_type=\"widget\" data-widget_type=\"text-editor.default\">\n\t\t\t\t<div class=\"elementor-widget-container\">\n\t\t\t\t\t\t\t\t\t<p><strong>Direcci\u00f3n:<\/strong>\u00a0Javier Herrera<br \/><strong>Direcci\u00f3n Esc\u00e9nica:\u00a0<\/strong>Miguel A. Latorre<br \/><strong>Escenograf\u00eda:\u00a0<\/strong>\u00a0Gustavo Brito<br \/><strong>Vestuario:<\/strong>\u00a0Javier Herrera<br \/><strong>Director\/a de Producci\u00f3n:<\/strong>\u00a0Francisco Palomino<br \/><strong>Producci\u00f3n:<\/strong>\u00a0Francisco Palomino<br \/><strong>Compa\u00f1\u00eda:<\/strong>\u00a0Coproducci\u00f3n De Atakama Creatividad Cultural, Atutiplan Y Viste Quien Te Viste<br \/><strong>Autor\/a:<\/strong>\u00a0Javier Herrera Y Miguel A. Latorre<\/p>\t\t\t\t\t\t\t\t<\/div>\n\t\t\t\t<\/div>\n\t\t\t\t\t<\/div>\n\t\t<\/div>\n\t\t\t\t<div class=\"elementor-column elementor-col-33 elementor-top-column elementor-element elementor-element-380d56 sc_layouts_column_icons_position_left\" data-id=\"380d56\" data-element_type=\"column\" data-settings=\"{&quot;background_background&quot;:&quot;classic&quot;}\">\n\t\t\t<div class=\"elementor-widget-wrap elementor-element-populated\">\n\t\t\t\t\t<div class=\"elementor-background-overlay\"><\/div>\n\t\t\t\t\t\t<div class=\"elementor-element elementor-element-6f4e56e3 elementor-widget elementor-widget-spacer\" data-id=\"6f4e56e3\" data-element_type=\"widget\" data-widget_type=\"spacer.default\">\n\t\t\t\t<div class=\"elementor-widget-container\">\n\t\t\t\t\t\t\t<div class=\"elementor-spacer\">\n\t\t\t<div class=\"elementor-spacer-inner\"><\/div>\n\t\t<\/div>\n\t\t\t\t\t\t<\/div>\n\t\t\t\t<\/div>\n\t\t\t\t\t<\/div>\n\t\t<\/div>\n\t\t\t\t\t<\/div>\n\t\t<\/section>\n\t\t\t\t<section class=\"elementor-section elementor-top-section elementor-element elementor-element-5563861c elementor-section-full_width elementor-section-height-default elementor-section-height-default\" data-id=\"5563861c\" data-element_type=\"section\" data-settings=\"{&quot;background_background&quot;:&quot;classic&quot;}\">\n\t\t\t\t\t\t\t<div class=\"elementor-background-overlay\"><\/div>\n\t\t\t\t\t\t\t<div class=\"elementor-container elementor-column-gap-no\">\n\t\t\t\t\t<div class=\"elementor-column elementor-col-100 elementor-top-column elementor-element elementor-element-48b6a88b sc_layouts_column_icons_position_left\" data-id=\"48b6a88b\" data-element_type=\"column\">\n\t\t\t<div class=\"elementor-widget-wrap elementor-element-populated\">\n\t\t\t\t\t\t<div class=\"elementor-element elementor-element-58ea8870 elementor-widget elementor-widget-spacer\" data-id=\"58ea8870\" data-element_type=\"widget\" data-widget_type=\"spacer.default\">\n\t\t\t\t<div class=\"elementor-widget-container\">\n\t\t\t\t\t\t\t<div class=\"elementor-spacer\">\n\t\t\t<div class=\"elementor-spacer-inner\"><\/div>\n\t\t<\/div>\n\t\t\t\t\t\t<\/div>\n\t\t\t\t<\/div>\n\t\t\t\t<div class=\"elementor-element elementor-element-48d7a8bd elementor-widget elementor-widget-heading\" data-id=\"48d7a8bd\" data-element_type=\"widget\" data-widget_type=\"heading.default\">\n\t\t\t\t<div class=\"elementor-widget-container\">\n\t\t\t\t\t<div class=\"elementor-heading-title elementor-size-large\">Para todos los p\u00fablicos | 90 minutos | Calle<\/div>\t\t\t\t<\/div>\n\t\t\t\t<\/div>\n\t\t\t\t<div class=\"elementor-element elementor-element-1beb72e7 elementor-widget elementor-widget-spacer\" data-id=\"1beb72e7\" data-element_type=\"widget\" data-widget_type=\"spacer.default\">\n\t\t\t\t<div class=\"elementor-widget-container\">\n\t\t\t\t\t\t\t<div class=\"elementor-spacer\">\n\t\t\t<div class=\"elementor-spacer-inner\"><\/div>\n\t\t<\/div>\n\t\t\t\t\t\t<\/div>\n\t\t\t\t<\/div>\n\t\t\t\t\t<\/div>\n\t\t<\/div>\n\t\t\t\t\t<\/div>\n\t\t<\/section>\n\t\t\t\t<section class=\"elementor-section elementor-top-section elementor-element elementor-element-32960642 elementor-section-full_width elementor-section-height-default elementor-section-height-default\" data-id=\"32960642\" data-element_type=\"section\">\n\t\t\t\t\t\t<div class=\"elementor-container elementor-column-gap-extended\">\n\t\t\t\t\t<div class=\"elementor-column elementor-col-33 elementor-top-column elementor-element elementor-element-56932120 sc_layouts_column_icons_position_left\" data-id=\"56932120\" data-element_type=\"column\" data-settings=\"{&quot;background_background&quot;:&quot;classic&quot;}\">\n\t\t\t<div class=\"elementor-widget-wrap\">\n\t\t\t\t\t\t\t<\/div>\n\t\t<\/div>\n\t\t\t\t<div class=\"elementor-column elementor-col-33 elementor-top-column elementor-element elementor-element-3738d845 sc_layouts_column_icons_position_left\" data-id=\"3738d845\" data-element_type=\"column\">\n\t\t\t<div class=\"elementor-widget-wrap elementor-element-populated\">\n\t\t\t\t\t\t<div class=\"elementor-element elementor-element-64c3c6c9 elementor-widget elementor-widget-heading\" data-id=\"64c3c6c9\" data-element_type=\"widget\" data-widget_type=\"heading.default\">\n\t\t\t\t<div class=\"elementor-widget-container\">\n\t\t\t\t\t<h4 class=\"elementor-heading-title elementor-size-default\">Sinopsis<\/h4>\t\t\t\t<\/div>\n\t\t\t\t<\/div>\n\t\t\t\t<div class=\"elementor-element elementor-element-22b574d elementor-widget elementor-widget-text-editor\" data-id=\"22b574d\" data-element_type=\"widget\" data-widget_type=\"text-editor.default\">\n\t\t\t\t<div class=\"elementor-widget-container\">\n\t\t\t\t\t\t\t\t\t<p>\u201cVertumno Siglos De Risa Y Oro\u201d Es Un Homenaje Itinerante A Los C\u00f3micos Del Siglo De Oro Y A Lo Que En La \u00c9poca Se Denomin\u00f3 \u201cFiesta Barroca\u201d, Donde Se Mezclaba, Danza, M\u00fasica Y Teatro.<\/p><p>Usando Esta Idea Como Hilo Conductor, Nuestro Espect\u00e1culo Se Sumerge En Los Ods Para Reivindicar La Protecci\u00f3n Del Medioambiente Y El Consumo Responsable.<br \/>Nos Servir\u00e1n De Guia De Este Viaje Los Antiguos Dioses Protectores De La Naturaleza, Con Vertumno A La Cabeza, Tal Y Como Lo Represent\u00f3 En El S. Xvi El Imaginativo Y Creativo Pintor Italiano Arcimboldo<\/p>\t\t\t\t\t\t\t\t<\/div>\n\t\t\t\t<\/div>\n\t\t\t\t<div class=\"elementor-element elementor-element-2fcd005e elementor-widget elementor-widget-spacer\" data-id=\"2fcd005e\" data-element_type=\"widget\" data-widget_type=\"spacer.default\">\n\t\t\t\t<div class=\"elementor-widget-container\">\n\t\t\t\t\t\t\t<div class=\"elementor-spacer\">\n\t\t\t<div class=\"elementor-spacer-inner\"><\/div>\n\t\t<\/div>\n\t\t\t\t\t\t<\/div>\n\t\t\t\t<\/div>\n\t\t\t\t<section class=\"elementor-section elementor-inner-section elementor-element elementor-element-408e97d9 elementor-section-full_width elementor-section-height-default elementor-section-height-default\" data-id=\"408e97d9\" data-element_type=\"section\">\n\t\t\t\t\t\t<div class=\"elementor-container elementor-column-gap-no\">\n\t\t\t\t\t<div class=\"elementor-column elementor-col-50 elementor-inner-column elementor-element elementor-element-63dfb451 sc_layouts_column_icons_position_left\" data-id=\"63dfb451\" data-element_type=\"column\">\n\t\t\t<div class=\"elementor-widget-wrap elementor-element-populated\">\n\t\t\t\t\t\t<div class=\"elementor-element elementor-element-74f5491 elementor-widget elementor-widget-heading\" data-id=\"74f5491\" data-element_type=\"widget\" data-widget_type=\"heading.default\">\n\t\t\t\t<div class=\"elementor-widget-container\">\n\t\t\t\t\t<h4 class=\"elementor-heading-title elementor-size-default\">Reparto<\/h4>\t\t\t\t<\/div>\n\t\t\t\t<\/div>\n\t\t\t\t<div class=\"elementor-element elementor-element-6fa6f1c4 elementor-widget elementor-widget-text-editor\" data-id=\"6fa6f1c4\" data-element_type=\"widget\" data-widget_type=\"text-editor.default\">\n\t\t\t\t<div class=\"elementor-widget-container\">\n\t\t\t\t\t\t\t\t\t<p>Tamara Carrasco<br \/>Raquel Bejarano<br \/>Dani Jaen<br \/>Chus Pablos<br \/>Jose Palacios<br \/>Laura Reyes<br \/>M\u00e1ximo Leal<\/p>\t\t\t\t\t\t\t\t<\/div>\n\t\t\t\t<\/div>\n\t\t\t\t\t<\/div>\n\t\t<\/div>\n\t\t\t\t<div class=\"elementor-column elementor-col-50 elementor-inner-column elementor-element elementor-element-6bc8a539 sc_layouts_column_icons_position_left\" data-id=\"6bc8a539\" data-element_type=\"column\">\n\t\t\t<div class=\"elementor-widget-wrap elementor-element-populated\">\n\t\t\t\t\t\t<div class=\"elementor-element elementor-element-c6b33d3 elementor-widget elementor-widget-heading\" data-id=\"c6b33d3\" data-element_type=\"widget\" data-widget_type=\"heading.default\">\n\t\t\t\t<div class=\"elementor-widget-container\">\n\t\t\t\t\t<h4 class=\"elementor-heading-title elementor-size-default\">Datos de distribuci\u00f3n<\/h4>\t\t\t\t<\/div>\n\t\t\t\t<\/div>\n\t\t\t\t<div class=\"elementor-element elementor-element-7e55ef81 elementor-widget elementor-widget-text-editor\" data-id=\"7e55ef81\" data-element_type=\"widget\" data-widget_type=\"text-editor.default\">\n\t\t\t\t<div class=\"elementor-widget-container\">\n\t\t\t\t\t\t\t\t\t<p><strong>Distribuidor\/a:<\/strong> Atakama Creatividad Cultural<br \/><strong>Contacto:<\/strong>\u00a0Francisco Palomino<br \/><strong>Email: <\/strong>gestion@atakamasl.com<br \/><strong>Tel\u00e9fono:<\/strong>\u00a0677 509 509<\/p>\t\t\t\t\t\t\t\t<\/div>\n\t\t\t\t<\/div>\n\t\t\t\t\t<\/div>\n\t\t<\/div>\n\t\t\t\t\t<\/div>\n\t\t<\/section>\n\t\t\t\t<div class=\"elementor-element elementor-element-65b498ac elementor-widget elementor-widget-spacer\" data-id=\"65b498ac\" data-element_type=\"widget\" data-widget_type=\"spacer.default\">\n\t\t\t\t<div class=\"elementor-widget-container\">\n\t\t\t\t\t\t\t<div class=\"elementor-spacer\">\n\t\t\t<div class=\"elementor-spacer-inner\"><\/div>\n\t\t<\/div>\n\t\t\t\t\t\t<\/div>\n\t\t\t\t<\/div>\n\t\t\t\t<div class=\"elementor-element elementor-element-273abf3a elementor-widget elementor-widget-heading\" data-id=\"273abf3a\" data-element_type=\"widget\" data-widget_type=\"heading.default\">\n\t\t\t\t<div class=\"elementor-widget-container\">\n\t\t\t\t\t<h4 class=\"elementor-heading-title elementor-size-default\">Galer\u00eda<\/h4>\t\t\t\t<\/div>\n\t\t\t\t<\/div>\n\t\t\t\t<div class=\"elementor-element elementor-element-4422a06 elementor-widget elementor-widget-image-gallery\" data-id=\"4422a06\" data-element_type=\"widget\" data-widget_type=\"image-gallery.default\">\n\t\t\t\t<div class=\"elementor-widget-container\">\n\t\t\t\t\t\t\t<div class=\"elementor-image-gallery\">\n\t\t\t<div id='gallery-1' class='gallery galleryid-4349 gallery-columns-3 gallery-size-medium'><figure class='gallery-item'>\n\t\t\t<div class='gallery-icon landscape'>\n\t\t\t\t<a data-elementor-open-lightbox=\"no\" href='https:\/\/faemclm.es\/feriaxxvii\/wp-content\/uploads\/2023\/03\/vertumno-01.jpg'><img decoding=\"async\" width=\"300\" height=\"200\" src=\"https:\/\/faemclm.es\/feriaxxvii\/wp-content\/uploads\/2023\/03\/vertumno-01-300x200.jpg\" class=\"attachment-medium size-medium\" alt=\"\" srcset=\"https:\/\/faemclm.es\/feriaxxvii\/wp-content\/uploads\/2023\/03\/vertumno-01-300x200.jpg 300w, https:\/\/faemclm.es\/feriaxxvii\/wp-content\/uploads\/2023\/03\/vertumno-01-1024x683.jpg 1024w, https:\/\/faemclm.es\/feriaxxvii\/wp-content\/uploads\/2023\/03\/vertumno-01-768x512.jpg 768w, https:\/\/faemclm.es\/feriaxxvii\/wp-content\/uploads\/2023\/03\/vertumno-01-1536x1024.jpg 1536w, https:\/\/faemclm.es\/feriaxxvii\/wp-content\/uploads\/2023\/03\/vertumno-01-370x247.jpg 370w, https:\/\/faemclm.es\/feriaxxvii\/wp-content\/uploads\/2023\/03\/vertumno-01-812x541.jpg 812w, https:\/\/faemclm.es\/feriaxxvii\/wp-content\/uploads\/2023\/03\/vertumno-01-406x271.jpg 406w, https:\/\/faemclm.es\/feriaxxvii\/wp-content\/uploads\/2023\/03\/vertumno-01.jpg 1920w\" sizes=\"(max-width: 300px) 100vw, 300px\" \/><\/a>\n\t\t\t<\/div><\/figure><figure class='gallery-item'>\n\t\t\t<div class='gallery-icon landscape'>\n\t\t\t\t<a data-elementor-open-lightbox=\"no\" href='https:\/\/faemclm.es\/feriaxxvii\/wp-content\/uploads\/2023\/03\/vertumno-02.jpg'><img decoding=\"async\" width=\"300\" height=\"200\" src=\"https:\/\/faemclm.es\/feriaxxvii\/wp-content\/uploads\/2023\/03\/vertumno-02-300x200.jpg\" class=\"attachment-medium size-medium\" alt=\"\" srcset=\"https:\/\/faemclm.es\/feriaxxvii\/wp-content\/uploads\/2023\/03\/vertumno-02-300x200.jpg 300w, https:\/\/faemclm.es\/feriaxxvii\/wp-content\/uploads\/2023\/03\/vertumno-02-1024x683.jpg 1024w, https:\/\/faemclm.es\/feriaxxvii\/wp-content\/uploads\/2023\/03\/vertumno-02-768x512.jpg 768w, https:\/\/faemclm.es\/feriaxxvii\/wp-content\/uploads\/2023\/03\/vertumno-02-1536x1024.jpg 1536w, https:\/\/faemclm.es\/feriaxxvii\/wp-content\/uploads\/2023\/03\/vertumno-02-370x247.jpg 370w, https:\/\/faemclm.es\/feriaxxvii\/wp-content\/uploads\/2023\/03\/vertumno-02-812x541.jpg 812w, https:\/\/faemclm.es\/feriaxxvii\/wp-content\/uploads\/2023\/03\/vertumno-02-406x271.jpg 406w, https:\/\/faemclm.es\/feriaxxvii\/wp-content\/uploads\/2023\/03\/vertumno-02.jpg 1920w\" sizes=\"(max-width: 300px) 100vw, 300px\" \/><\/a>\n\t\t\t<\/div><\/figure><figure class='gallery-item'>\n\t\t\t<div class='gallery-icon landscape'>\n\t\t\t\t<a data-elementor-open-lightbox=\"no\" href='https:\/\/faemclm.es\/feriaxxvii\/wp-content\/uploads\/2023\/03\/vertumno-03.jpg'><img loading=\"lazy\" decoding=\"async\" width=\"300\" height=\"200\" src=\"https:\/\/faemclm.es\/feriaxxvii\/wp-content\/uploads\/2023\/03\/vertumno-03-300x200.jpg\" class=\"attachment-medium size-medium\" alt=\"\" srcset=\"https:\/\/faemclm.es\/feriaxxvii\/wp-content\/uploads\/2023\/03\/vertumno-03-300x200.jpg 300w, https:\/\/faemclm.es\/feriaxxvii\/wp-content\/uploads\/2023\/03\/vertumno-03-1024x683.jpg 1024w, https:\/\/faemclm.es\/feriaxxvii\/wp-content\/uploads\/2023\/03\/vertumno-03-768x512.jpg 768w, https:\/\/faemclm.es\/feriaxxvii\/wp-content\/uploads\/2023\/03\/vertumno-03-1536x1024.jpg 1536w, https:\/\/faemclm.es\/feriaxxvii\/wp-content\/uploads\/2023\/03\/vertumno-03-370x247.jpg 370w, https:\/\/faemclm.es\/feriaxxvii\/wp-content\/uploads\/2023\/03\/vertumno-03-812x541.jpg 812w, https:\/\/faemclm.es\/feriaxxvii\/wp-content\/uploads\/2023\/03\/vertumno-03-406x271.jpg 406w, https:\/\/faemclm.es\/feriaxxvii\/wp-content\/uploads\/2023\/03\/vertumno-03.jpg 1920w\" sizes=\"(max-width: 300px) 100vw, 300px\" \/><\/a>\n\t\t\t<\/div><\/figure>\n\t\t<\/div>\n\t\t<\/div>\n\t\t\t\t\t\t<\/div>\n\t\t\t\t<\/div>\n\t\t\t\t<div class=\"elementor-element elementor-element-13df04a elementor-widget elementor-widget-heading\" data-id=\"13df04a\" data-element_type=\"widget\" data-widget_type=\"heading.default\">\n\t\t\t\t<div class=\"elementor-widget-container\">\n\t\t\t\t\t<h4 class=\"elementor-heading-title elementor-size-default\">Fotograf\u00edas en la FAEMCLM 2023<\/h4>\t\t\t\t<\/div>\n\t\t\t\t<\/div>\n\t\t\t\t<div class=\"elementor-element elementor-element-f632c5a elementor-widget elementor-widget-image-gallery\" data-id=\"f632c5a\" data-element_type=\"widget\" data-widget_type=\"image-gallery.default\">\n\t\t\t\t<div class=\"elementor-widget-container\">\n\t\t\t\t\t\t\t<div class=\"elementor-image-gallery\">\n\t\t\t<div id='gallery-2' class='gallery galleryid-4349 gallery-columns-3 gallery-size-medium'><figure class='gallery-item'>\n\t\t\t<div class='gallery-icon landscape'>\n\t\t\t\t<a data-elementor-open-lightbox=\"no\" href='https:\/\/faemclm.es\/feriaxxvii\/wp-content\/uploads\/2023\/04\/13042023-Vertumo-FAEM-01.jpg'><img loading=\"lazy\" decoding=\"async\" width=\"300\" height=\"200\" src=\"https:\/\/faemclm.es\/feriaxxvii\/wp-content\/uploads\/2023\/04\/13042023-Vertumo-FAEM-01-300x200.jpg\" class=\"attachment-medium size-medium\" alt=\"\" srcset=\"https:\/\/faemclm.es\/feriaxxvii\/wp-content\/uploads\/2023\/04\/13042023-Vertumo-FAEM-01-300x200.jpg 300w, https:\/\/faemclm.es\/feriaxxvii\/wp-content\/uploads\/2023\/04\/13042023-Vertumo-FAEM-01-1024x683.jpg 1024w, https:\/\/faemclm.es\/feriaxxvii\/wp-content\/uploads\/2023\/04\/13042023-Vertumo-FAEM-01-768x512.jpg 768w, https:\/\/faemclm.es\/feriaxxvii\/wp-content\/uploads\/2023\/04\/13042023-Vertumo-FAEM-01-1536x1024.jpg 1536w, https:\/\/faemclm.es\/feriaxxvii\/wp-content\/uploads\/2023\/04\/13042023-Vertumo-FAEM-01-370x247.jpg 370w, https:\/\/faemclm.es\/feriaxxvii\/wp-content\/uploads\/2023\/04\/13042023-Vertumo-FAEM-01-812x541.jpg 812w, https:\/\/faemclm.es\/feriaxxvii\/wp-content\/uploads\/2023\/04\/13042023-Vertumo-FAEM-01-406x271.jpg 406w, https:\/\/faemclm.es\/feriaxxvii\/wp-content\/uploads\/2023\/04\/13042023-Vertumo-FAEM-01.jpg 1687w\" sizes=\"(max-width: 300px) 100vw, 300px\" \/><\/a>\n\t\t\t<\/div><\/figure><figure class='gallery-item'>\n\t\t\t<div class='gallery-icon landscape'>\n\t\t\t\t<a data-elementor-open-lightbox=\"no\" href='https:\/\/faemclm.es\/feriaxxvii\/wp-content\/uploads\/2023\/04\/13042023-Vertumo-FAEM-03.jpg'><img loading=\"lazy\" decoding=\"async\" width=\"300\" height=\"200\" src=\"https:\/\/faemclm.es\/feriaxxvii\/wp-content\/uploads\/2023\/04\/13042023-Vertumo-FAEM-03-300x200.jpg\" class=\"attachment-medium size-medium\" alt=\"\" srcset=\"https:\/\/faemclm.es\/feriaxxvii\/wp-content\/uploads\/2023\/04\/13042023-Vertumo-FAEM-03-300x200.jpg 300w, https:\/\/faemclm.es\/feriaxxvii\/wp-content\/uploads\/2023\/04\/13042023-Vertumo-FAEM-03-1024x683.jpg 1024w, https:\/\/faemclm.es\/feriaxxvii\/wp-content\/uploads\/2023\/04\/13042023-Vertumo-FAEM-03-768x512.jpg 768w, https:\/\/faemclm.es\/feriaxxvii\/wp-content\/uploads\/2023\/04\/13042023-Vertumo-FAEM-03-1536x1024.jpg 1536w, https:\/\/faemclm.es\/feriaxxvii\/wp-content\/uploads\/2023\/04\/13042023-Vertumo-FAEM-03-370x247.jpg 370w, https:\/\/faemclm.es\/feriaxxvii\/wp-content\/uploads\/2023\/04\/13042023-Vertumo-FAEM-03-812x541.jpg 812w, https:\/\/faemclm.es\/feriaxxvii\/wp-content\/uploads\/2023\/04\/13042023-Vertumo-FAEM-03-406x271.jpg 406w, https:\/\/faemclm.es\/feriaxxvii\/wp-content\/uploads\/2023\/04\/13042023-Vertumo-FAEM-03.jpg 1687w\" sizes=\"(max-width: 300px) 100vw, 300px\" \/><\/a>\n\t\t\t<\/div><\/figure><figure class='gallery-item'>\n\t\t\t<div class='gallery-icon landscape'>\n\t\t\t\t<a data-elementor-open-lightbox=\"no\" href='https:\/\/faemclm.es\/feriaxxvii\/wp-content\/uploads\/2023\/04\/13042023-Vertumo-FAEM-04.jpg'><img loading=\"lazy\" decoding=\"async\" width=\"300\" height=\"200\" src=\"https:\/\/faemclm.es\/feriaxxvii\/wp-content\/uploads\/2023\/04\/13042023-Vertumo-FAEM-04-300x200.jpg\" class=\"attachment-medium size-medium\" alt=\"\" srcset=\"https:\/\/faemclm.es\/feriaxxvii\/wp-content\/uploads\/2023\/04\/13042023-Vertumo-FAEM-04-300x200.jpg 300w, https:\/\/faemclm.es\/feriaxxvii\/wp-content\/uploads\/2023\/04\/13042023-Vertumo-FAEM-04-1024x683.jpg 1024w, https:\/\/faemclm.es\/feriaxxvii\/wp-content\/uploads\/2023\/04\/13042023-Vertumo-FAEM-04-768x512.jpg 768w, https:\/\/faemclm.es\/feriaxxvii\/wp-content\/uploads\/2023\/04\/13042023-Vertumo-FAEM-04-1536x1024.jpg 1536w, https:\/\/faemclm.es\/feriaxxvii\/wp-content\/uploads\/2023\/04\/13042023-Vertumo-FAEM-04-370x247.jpg 370w, https:\/\/faemclm.es\/feriaxxvii\/wp-content\/uploads\/2023\/04\/13042023-Vertumo-FAEM-04-812x541.jpg 812w, https:\/\/faemclm.es\/feriaxxvii\/wp-content\/uploads\/2023\/04\/13042023-Vertumo-FAEM-04-406x271.jpg 406w, https:\/\/faemclm.es\/feriaxxvii\/wp-content\/uploads\/2023\/04\/13042023-Vertumo-FAEM-04.jpg 1687w\" sizes=\"(max-width: 300px) 100vw, 300px\" \/><\/a>\n\t\t\t<\/div><\/figure>\n\t\t<\/div>\n\t\t<\/div>\n\t\t\t\t\t\t<\/div>\n\t\t\t\t<\/div>\n\t\t\t\t\t<\/div>\n\t\t<\/div>\n\t\t\t\t<div class=\"elementor-column elementor-col-33 elementor-top-column elementor-element elementor-element-52696dd sc_layouts_column_icons_position_left\" data-id=\"52696dd\" data-element_type=\"column\" data-settings=\"{&quot;background_background&quot;:&quot;classic&quot;}\">\n\t\t\t<div class=\"elementor-widget-wrap\">\n\t\t\t\t\t\t\t<\/div>\n\t\t<\/div>\n\t\t\t\t\t<\/div>\n\t\t<\/section>\n\t\t\t\t<\/div>\n\t\t","protected":false},"excerpt":{"rendered":"<p>Equipo T\u00e9cnico y Art\u00edstico Direcci\u00f3n:\u00a0Javier HerreraDirecci\u00f3n Esc\u00e9nica:\u00a0Miguel A. LatorreEscenograf\u00eda:\u00a0\u00a0Gustavo BritoVestuario:\u00a0Javier HerreraDirector\/a de Producci\u00f3n:\u00a0Francisco PalominoProducci\u00f3n:\u00a0Francisco PalominoCompa\u00f1\u00eda:\u00a0Coproducci\u00f3n De Atakama Creatividad Cultural, Atutiplan Y Viste Quien Te VisteAutor\/a:\u00a0Javier Herrera Y Miguel A. Latorre Para todos los p\u00fablicos |&hellip;<\/p>\n","protected":false},"author":1,"featured_media":4350,"comment_status":"closed","ping_status":"closed","template":"","meta":{"_tribe_events_status":"","_tribe_events_status_reason":"","footnotes":""},"tags":[],"tribe_events_cat":[51],"class_list":["post-4349","tribe_events","type-tribe_events","status-publish","has-post-thumbnail","hentry","tribe_events_cat-circo","cat_circo"],"_links":{"self":[{"href":"https:\/\/faemclm.es\/feriaxxvii\/wp-json\/wp\/v2\/tribe_events\/4349","targetHints":{"allow":["GET"]}}],"collection":[{"href":"https:\/\/faemclm.es\/feriaxxvii\/wp-json\/wp\/v2\/tribe_events"}],"about":[{"href":"https:\/\/faemclm.es\/feriaxxvii\/wp-json\/wp\/v2\/types\/tribe_events"}],"author":[{"embeddable":true,"href":"https:\/\/faemclm.es\/feriaxxvii\/wp-json\/wp\/v2\/users\/1"}],"replies":[{"embeddable":true,"href":"https:\/\/faemclm.es\/feriaxxvii\/wp-json\/wp\/v2\/comments?post=4349"}],"version-history":[{"count":0,"href":"https:\/\/faemclm.es\/feriaxxvii\/wp-json\/wp\/v2\/tribe_events\/4349\/revisions"}],"wp:featuredmedia":[{"embeddable":true,"href":"https:\/\/faemclm.es\/feriaxxvii\/wp-json\/wp\/v2\/media\/4350"}],"wp:attachment":[{"href":"https:\/\/faemclm.es\/feriaxxvii\/wp-json\/wp\/v2\/media?parent=4349"}],"wp:term":[{"taxonomy":"post_tag","embeddable":true,"href":"https:\/\/faemclm.es\/feriaxxvii\/wp-json\/wp\/v2\/tags?post=4349"},{"taxonomy":"tribe_events_cat","embeddable":true,"href":"https:\/\/faemclm.es\/feriaxxvii\/wp-json\/wp\/v2\/tribe_events_cat?post=4349"}],"curies":[{"name":"wp","href":"https:\/\/api.w.org\/{rel}","templated":true}]}}