{"id":4386,"date":"2023-03-01T11:36:30","date_gmt":"2023-03-01T10:36:30","guid":{"rendered":"https:\/\/faemclm.es\/?post_type=tribe_events&#038;p=4386"},"modified":"2023-04-14T13:21:10","modified_gmt":"2023-04-14T11:21:10","slug":"no-me-nombres-tu-hija","status":"publish","type":"tribe_events","link":"https:\/\/faemclm.es\/feriaxxvii\/espectaculo\/no-me-nombres-tu-hija\/","title":{"rendered":"No me Nombres tu Hija"},"content":{"rendered":"\t\t<div data-elementor-type=\"wp-post\" data-elementor-id=\"4386\" class=\"elementor elementor-4386\">\n\t\t\t\t<br \/>\n<b>Warning<\/b>:  Undefined array key \"options\" in <b>\/srv\/vhost\/faemclm.es\/home\/html\/feriaxxvii\/wp-content\/plugins\/trx_addons\/components\/api\/elementor\/elementor.php<\/b> on line <b>1042<\/b><br \/>\n\t\t<section class=\"elementor-section elementor-top-section elementor-element elementor-element-49ac799a elementor-section-full_width elementor-section-height-default elementor-section-height-default\" data-id=\"49ac799a\" data-element_type=\"section\" data-settings=\"{&quot;background_background&quot;:&quot;classic&quot;}\">\n\t\t\t\t\t\t<div class=\"elementor-container elementor-column-gap-no\">\n\t\t\t\t\t<div class=\"elementor-column elementor-col-33 elementor-top-column elementor-element elementor-element-32827258 sc_layouts_column_icons_position_left\" data-id=\"32827258\" data-element_type=\"column\">\n\t\t\t<div class=\"elementor-widget-wrap elementor-element-populated\">\n\t\t\t\t\t\t<div class=\"elementor-element elementor-element-2e505704 elementor-widget elementor-widget-image\" data-id=\"2e505704\" data-element_type=\"widget\" data-widget_type=\"image.default\">\n\t\t\t\t<div class=\"elementor-widget-container\">\n\t\t\t\t\t\t\t\t\t\t\t\t\t\t\t<img fetchpriority=\"high\" decoding=\"async\" width=\"1240\" height=\"1755\" src=\"https:\/\/faemclm.es\/feriaxxvii\/wp-content\/uploads\/2023\/03\/Cartel-No-me-nombres-tu-hija.jpg\" class=\"attachment-full size-full wp-image-4387\" alt=\"\" srcset=\"https:\/\/faemclm.es\/feriaxxvii\/wp-content\/uploads\/2023\/03\/Cartel-No-me-nombres-tu-hija.jpg 1240w, https:\/\/faemclm.es\/feriaxxvii\/wp-content\/uploads\/2023\/03\/Cartel-No-me-nombres-tu-hija-212x300.jpg 212w, https:\/\/faemclm.es\/feriaxxvii\/wp-content\/uploads\/2023\/03\/Cartel-No-me-nombres-tu-hija-724x1024.jpg 724w, https:\/\/faemclm.es\/feriaxxvii\/wp-content\/uploads\/2023\/03\/Cartel-No-me-nombres-tu-hija-768x1087.jpg 768w, https:\/\/faemclm.es\/feriaxxvii\/wp-content\/uploads\/2023\/03\/Cartel-No-me-nombres-tu-hija-1085x1536.jpg 1085w, https:\/\/faemclm.es\/feriaxxvii\/wp-content\/uploads\/2023\/03\/Cartel-No-me-nombres-tu-hija-370x524.jpg 370w, https:\/\/faemclm.es\/feriaxxvii\/wp-content\/uploads\/2023\/03\/Cartel-No-me-nombres-tu-hija-812x1149.jpg 812w, https:\/\/faemclm.es\/feriaxxvii\/wp-content\/uploads\/2023\/03\/Cartel-No-me-nombres-tu-hija-406x575.jpg 406w\" sizes=\"(max-width: 1240px) 100vw, 1240px\" \/>\t\t\t\t\t\t\t\t\t\t\t\t\t\t\t<\/div>\n\t\t\t\t<\/div>\n\t\t\t\t\t<\/div>\n\t\t<\/div>\n\t\t\t\t<div class=\"elementor-column elementor-col-33 elementor-top-column elementor-element elementor-element-39bb5dc sc_layouts_column_icons_position_left\" data-id=\"39bb5dc\" data-element_type=\"column\" data-settings=\"{&quot;background_background&quot;:&quot;classic&quot;}\">\n\t\t\t<div class=\"elementor-widget-wrap elementor-element-populated\">\n\t\t\t\t\t\t<div class=\"elementor-element elementor-element-1ef7aa76 elementor-widget elementor-widget-heading\" data-id=\"1ef7aa76\" data-element_type=\"widget\" data-widget_type=\"heading.default\">\n\t\t\t\t<div class=\"elementor-widget-container\">\n\t\t\t\t\t<h4 class=\"elementor-heading-title elementor-size-default\">Equipo T\u00e9cnico y Art\u00edstico<\/h4>\t\t\t\t<\/div>\n\t\t\t\t<\/div>\n\t\t\t\t<div class=\"elementor-element elementor-element-147e516 elementor-widget elementor-widget-text-editor\" data-id=\"147e516\" data-element_type=\"widget\" data-widget_type=\"text-editor.default\">\n\t\t\t\t<div class=\"elementor-widget-container\">\n\t\t\t\t\t\t\t\t\t<p><strong>Direcci\u00f3n:<\/strong>\u00a0Teresa Ases<br \/><strong>Dramaturgia:\u00a0<\/strong>Miguel Valent\u00edn y Teresa Ases<br \/><strong>Ayudante de direcci\u00f3n:<\/strong>\u00a0Miguel Valent\u00edn<br \/><strong>Pl\u00e1stica Teatral:<\/strong>\u00a0Carlos I. Faura<br \/><strong>Vestuario:<\/strong>\u00a0Berta Grasset<br \/><strong>Videoescena:\u00a0<\/strong>Ismael Olivares<br \/><strong>Iluminaci\u00f3n:<\/strong>\u00a0Juanan Morales<br \/><strong>Movimiento y danza:<\/strong>\u00a0Noelia Venza<br \/><strong>Espacio sonoro y ficciones sonoras:<\/strong>\u00a0Kevin Dornan<br \/><strong>Voz cantada:<\/strong>\u00a0Julia Rubio<br \/><strong>Producci\u00f3n:<\/strong>\u00a0Caterina producciones<br \/><strong>Atrezzista:<\/strong>\u00a0Claudia Bernab\u00e9<br \/><strong>Fotograf\u00eda:<\/strong>\u00a0Luz Soria<br \/><strong>Productores:<\/strong>\u00a0Somos V\u00e9rtice<\/p>\t\t\t\t\t\t\t\t<\/div>\n\t\t\t\t<\/div>\n\t\t\t\t\t<\/div>\n\t\t<\/div>\n\t\t\t\t<div class=\"elementor-column elementor-col-33 elementor-top-column elementor-element elementor-element-47fe9416 sc_layouts_column_icons_position_left\" data-id=\"47fe9416\" data-element_type=\"column\" data-settings=\"{&quot;background_background&quot;:&quot;classic&quot;}\">\n\t\t\t<div class=\"elementor-widget-wrap elementor-element-populated\">\n\t\t\t\t\t<div class=\"elementor-background-overlay\"><\/div>\n\t\t\t\t\t\t<div class=\"elementor-element elementor-element-7189b25d elementor-widget elementor-widget-spacer\" data-id=\"7189b25d\" data-element_type=\"widget\" data-widget_type=\"spacer.default\">\n\t\t\t\t<div class=\"elementor-widget-container\">\n\t\t\t\t\t\t\t<div class=\"elementor-spacer\">\n\t\t\t<div class=\"elementor-spacer-inner\"><\/div>\n\t\t<\/div>\n\t\t\t\t\t\t<\/div>\n\t\t\t\t<\/div>\n\t\t\t\t\t<\/div>\n\t\t<\/div>\n\t\t\t\t\t<\/div>\n\t\t<\/section>\n\t\t\t\t<section class=\"elementor-section elementor-top-section elementor-element elementor-element-4a1e24bd elementor-section-full_width elementor-section-height-default elementor-section-height-default\" data-id=\"4a1e24bd\" data-element_type=\"section\" data-settings=\"{&quot;background_background&quot;:&quot;classic&quot;}\">\n\t\t\t\t\t\t\t<div class=\"elementor-background-overlay\"><\/div>\n\t\t\t\t\t\t\t<div class=\"elementor-container elementor-column-gap-no\">\n\t\t\t\t\t<div class=\"elementor-column elementor-col-100 elementor-top-column elementor-element elementor-element-7c616b8b sc_layouts_column_icons_position_left\" data-id=\"7c616b8b\" data-element_type=\"column\">\n\t\t\t<div class=\"elementor-widget-wrap elementor-element-populated\">\n\t\t\t\t\t\t<div class=\"elementor-element elementor-element-5e54bab elementor-widget elementor-widget-spacer\" data-id=\"5e54bab\" data-element_type=\"widget\" data-widget_type=\"spacer.default\">\n\t\t\t\t<div class=\"elementor-widget-container\">\n\t\t\t\t\t\t\t<div class=\"elementor-spacer\">\n\t\t\t<div class=\"elementor-spacer-inner\"><\/div>\n\t\t<\/div>\n\t\t\t\t\t\t<\/div>\n\t\t\t\t<\/div>\n\t\t\t\t<div class=\"elementor-element elementor-element-306cd1e4 elementor-widget elementor-widget-heading\" data-id=\"306cd1e4\" data-element_type=\"widget\" data-widget_type=\"heading.default\">\n\t\t\t\t<div class=\"elementor-widget-container\">\n\t\t\t\t\t<div class=\"elementor-heading-title elementor-size-large\">P\u00fablico adulto | 80 minutos | Auditorio Municipal<\/div>\t\t\t\t<\/div>\n\t\t\t\t<\/div>\n\t\t\t\t<div class=\"elementor-element elementor-element-6b697a3a elementor-widget elementor-widget-spacer\" data-id=\"6b697a3a\" data-element_type=\"widget\" data-widget_type=\"spacer.default\">\n\t\t\t\t<div class=\"elementor-widget-container\">\n\t\t\t\t\t\t\t<div class=\"elementor-spacer\">\n\t\t\t<div class=\"elementor-spacer-inner\"><\/div>\n\t\t<\/div>\n\t\t\t\t\t\t<\/div>\n\t\t\t\t<\/div>\n\t\t\t\t\t<\/div>\n\t\t<\/div>\n\t\t\t\t\t<\/div>\n\t\t<\/section>\n\t\t\t\t<section class=\"elementor-section elementor-top-section elementor-element elementor-element-274605c5 elementor-section-full_width elementor-section-height-default elementor-section-height-default\" data-id=\"274605c5\" data-element_type=\"section\">\n\t\t\t\t\t\t<div class=\"elementor-container elementor-column-gap-extended\">\n\t\t\t\t\t<div class=\"elementor-column elementor-col-33 elementor-top-column elementor-element elementor-element-513a44c0 sc_layouts_column_icons_position_left\" data-id=\"513a44c0\" data-element_type=\"column\" data-settings=\"{&quot;background_background&quot;:&quot;classic&quot;}\">\n\t\t\t<div class=\"elementor-widget-wrap\">\n\t\t\t\t\t\t\t<\/div>\n\t\t<\/div>\n\t\t\t\t<div class=\"elementor-column elementor-col-33 elementor-top-column elementor-element elementor-element-5b45e502 sc_layouts_column_icons_position_left\" data-id=\"5b45e502\" data-element_type=\"column\">\n\t\t\t<div class=\"elementor-widget-wrap elementor-element-populated\">\n\t\t\t\t\t\t<div class=\"elementor-element elementor-element-6b482df5 elementor-widget elementor-widget-heading\" data-id=\"6b482df5\" data-element_type=\"widget\" data-widget_type=\"heading.default\">\n\t\t\t\t<div class=\"elementor-widget-container\">\n\t\t\t\t\t<h4 class=\"elementor-heading-title elementor-size-default\">Sinopsis<\/h4>\t\t\t\t<\/div>\n\t\t\t\t<\/div>\n\t\t\t\t<div class=\"elementor-element elementor-element-46f52c73 elementor-widget elementor-widget-text-editor\" data-id=\"46f52c73\" data-element_type=\"widget\" data-widget_type=\"text-editor.default\">\n\t\t\t\t<div class=\"elementor-widget-container\">\n\t\t\t\t\t\t\t\t\t<p>En 2021, Teresa, una creadora y actriz de teatro, sufre una crisis durante una representaci\u00f3n de Fuenteovejuna, el cl\u00e1sico de Lope de Vega. En la obra de Lope, las mujeres inician una revuelta contra el tir\u00e1nico Comendador, que abusa de ellas sistem\u00e1ticamente. Laurencia prende la mecha con uno de los mon\u00f3logos m\u00e1s famosos de la historia del teatro.<\/p><p>Durante una actuaci\u00f3n en un pueblo de Castilla la Mancha, Teresa se queda en blanco. El vac\u00edo ocupa el escenario, y a partir de ese momento, empieza un viaje personal para encontrar, a trav\u00e9s de todo ese vac\u00edo que ocupa Espa\u00f1a, a las Laurencias que habitan nuestros pueblos abandonados y semi abandonados.<\/p><p>\u00bfEs posible la revoluci\u00f3n en un pueblo que est\u00e1 dejando de existir?<\/p>\t\t\t\t\t\t\t\t<\/div>\n\t\t\t\t<\/div>\n\t\t\t\t<div class=\"elementor-element elementor-element-63828c10 elementor-widget elementor-widget-spacer\" data-id=\"63828c10\" data-element_type=\"widget\" data-widget_type=\"spacer.default\">\n\t\t\t\t<div class=\"elementor-widget-container\">\n\t\t\t\t\t\t\t<div class=\"elementor-spacer\">\n\t\t\t<div class=\"elementor-spacer-inner\"><\/div>\n\t\t<\/div>\n\t\t\t\t\t\t<\/div>\n\t\t\t\t<\/div>\n\t\t\t\t<section class=\"elementor-section elementor-inner-section elementor-element elementor-element-1fd4e948 elementor-section-full_width elementor-section-height-default elementor-section-height-default\" data-id=\"1fd4e948\" data-element_type=\"section\">\n\t\t\t\t\t\t<div class=\"elementor-container elementor-column-gap-no\">\n\t\t\t\t\t<div class=\"elementor-column elementor-col-50 elementor-inner-column elementor-element elementor-element-43b57a05 sc_layouts_column_icons_position_left\" data-id=\"43b57a05\" data-element_type=\"column\">\n\t\t\t<div class=\"elementor-widget-wrap elementor-element-populated\">\n\t\t\t\t\t\t<div class=\"elementor-element elementor-element-5c476ca9 elementor-widget elementor-widget-heading\" data-id=\"5c476ca9\" data-element_type=\"widget\" data-widget_type=\"heading.default\">\n\t\t\t\t<div class=\"elementor-widget-container\">\n\t\t\t\t\t<h4 class=\"elementor-heading-title elementor-size-default\">Reparto<\/h4>\t\t\t\t<\/div>\n\t\t\t\t<\/div>\n\t\t\t\t<div class=\"elementor-element elementor-element-20ad3c90 elementor-widget elementor-widget-text-editor\" data-id=\"20ad3c90\" data-element_type=\"widget\" data-widget_type=\"text-editor.default\">\n\t\t\t\t<div class=\"elementor-widget-container\">\n\t\t\t\t\t\t\t\t\t<p>Sandra Canals<br \/>Esperanza Elipe<br \/>Caterina M. Luce\u00f1o<\/p>\t\t\t\t\t\t\t\t<\/div>\n\t\t\t\t<\/div>\n\t\t\t\t\t<\/div>\n\t\t<\/div>\n\t\t\t\t<div class=\"elementor-column elementor-col-50 elementor-inner-column elementor-element elementor-element-20664387 sc_layouts_column_icons_position_left\" data-id=\"20664387\" data-element_type=\"column\">\n\t\t\t<div class=\"elementor-widget-wrap elementor-element-populated\">\n\t\t\t\t\t\t<div class=\"elementor-element elementor-element-584ab38d elementor-widget elementor-widget-heading\" data-id=\"584ab38d\" data-element_type=\"widget\" data-widget_type=\"heading.default\">\n\t\t\t\t<div class=\"elementor-widget-container\">\n\t\t\t\t\t<h4 class=\"elementor-heading-title elementor-size-default\">Datos de distribuci\u00f3n<\/h4>\t\t\t\t<\/div>\n\t\t\t\t<\/div>\n\t\t\t\t<div class=\"elementor-element elementor-element-12154329 elementor-widget elementor-widget-text-editor\" data-id=\"12154329\" data-element_type=\"widget\" data-widget_type=\"text-editor.default\">\n\t\t\t\t<div class=\"elementor-widget-container\">\n\t\t\t\t\t\t\t\t\t<p><strong>Contacto:<\/strong>\u00a0Susana Rubio<br \/><strong>Email:<\/strong> susana@nuevosplanes.com<br \/><strong>Tel\u00e9fono:<\/strong>\u00a0630 31 99 94<\/p>\t\t\t\t\t\t\t\t<\/div>\n\t\t\t\t<\/div>\n\t\t\t\t\t<\/div>\n\t\t<\/div>\n\t\t\t\t\t<\/div>\n\t\t<\/section>\n\t\t\t\t<div class=\"elementor-element elementor-element-1eecb19b elementor-widget elementor-widget-spacer\" data-id=\"1eecb19b\" data-element_type=\"widget\" data-widget_type=\"spacer.default\">\n\t\t\t\t<div class=\"elementor-widget-container\">\n\t\t\t\t\t\t\t<div class=\"elementor-spacer\">\n\t\t\t<div class=\"elementor-spacer-inner\"><\/div>\n\t\t<\/div>\n\t\t\t\t\t\t<\/div>\n\t\t\t\t<\/div>\n\t\t\t\t<div class=\"elementor-element elementor-element-61e11da7 elementor-widget elementor-widget-heading\" data-id=\"61e11da7\" data-element_type=\"widget\" data-widget_type=\"heading.default\">\n\t\t\t\t<div class=\"elementor-widget-container\">\n\t\t\t\t\t<h4 class=\"elementor-heading-title elementor-size-default\">Galer\u00eda<\/h4>\t\t\t\t<\/div>\n\t\t\t\t<\/div>\n\t\t\t\t<div class=\"elementor-element elementor-element-738fd923 elementor-widget elementor-widget-image-gallery\" data-id=\"738fd923\" data-element_type=\"widget\" data-widget_type=\"image-gallery.default\">\n\t\t\t\t<div class=\"elementor-widget-container\">\n\t\t\t\t\t\t\t<div class=\"elementor-image-gallery\">\n\t\t\t<div id='gallery-1' class='gallery galleryid-4386 gallery-columns-3 gallery-size-medium'><figure class='gallery-item'>\n\t\t\t<div class='gallery-icon landscape'>\n\t\t\t\t<a data-elementor-open-lightbox=\"no\" href='https:\/\/faemclm.es\/feriaxxvii\/wp-content\/uploads\/2023\/03\/no-me-nombres-tu-hija-01.jpg'><img decoding=\"async\" width=\"300\" height=\"200\" src=\"https:\/\/faemclm.es\/feriaxxvii\/wp-content\/uploads\/2023\/03\/no-me-nombres-tu-hija-01-300x200.jpg\" class=\"attachment-medium size-medium\" alt=\"\" srcset=\"https:\/\/faemclm.es\/feriaxxvii\/wp-content\/uploads\/2023\/03\/no-me-nombres-tu-hija-01-300x200.jpg 300w, https:\/\/faemclm.es\/feriaxxvii\/wp-content\/uploads\/2023\/03\/no-me-nombres-tu-hija-01-1024x683.jpg 1024w, https:\/\/faemclm.es\/feriaxxvii\/wp-content\/uploads\/2023\/03\/no-me-nombres-tu-hija-01-768x512.jpg 768w, https:\/\/faemclm.es\/feriaxxvii\/wp-content\/uploads\/2023\/03\/no-me-nombres-tu-hija-01-1536x1024.jpg 1536w, https:\/\/faemclm.es\/feriaxxvii\/wp-content\/uploads\/2023\/03\/no-me-nombres-tu-hija-01-370x247.jpg 370w, https:\/\/faemclm.es\/feriaxxvii\/wp-content\/uploads\/2023\/03\/no-me-nombres-tu-hija-01-812x541.jpg 812w, https:\/\/faemclm.es\/feriaxxvii\/wp-content\/uploads\/2023\/03\/no-me-nombres-tu-hija-01-406x271.jpg 406w, https:\/\/faemclm.es\/feriaxxvii\/wp-content\/uploads\/2023\/03\/no-me-nombres-tu-hija-01.jpg 1920w\" sizes=\"(max-width: 300px) 100vw, 300px\" \/><\/a>\n\t\t\t<\/div><\/figure><figure class='gallery-item'>\n\t\t\t<div class='gallery-icon landscape'>\n\t\t\t\t<a data-elementor-open-lightbox=\"no\" href='https:\/\/faemclm.es\/feriaxxvii\/wp-content\/uploads\/2023\/03\/no-me-nombres-tu-hija-02.jpg'><img decoding=\"async\" width=\"300\" height=\"200\" src=\"https:\/\/faemclm.es\/feriaxxvii\/wp-content\/uploads\/2023\/03\/no-me-nombres-tu-hija-02-300x200.jpg\" class=\"attachment-medium size-medium\" alt=\"\" srcset=\"https:\/\/faemclm.es\/feriaxxvii\/wp-content\/uploads\/2023\/03\/no-me-nombres-tu-hija-02-300x200.jpg 300w, https:\/\/faemclm.es\/feriaxxvii\/wp-content\/uploads\/2023\/03\/no-me-nombres-tu-hija-02-1024x683.jpg 1024w, https:\/\/faemclm.es\/feriaxxvii\/wp-content\/uploads\/2023\/03\/no-me-nombres-tu-hija-02-768x512.jpg 768w, https:\/\/faemclm.es\/feriaxxvii\/wp-content\/uploads\/2023\/03\/no-me-nombres-tu-hija-02-1536x1024.jpg 1536w, https:\/\/faemclm.es\/feriaxxvii\/wp-content\/uploads\/2023\/03\/no-me-nombres-tu-hija-02-370x247.jpg 370w, https:\/\/faemclm.es\/feriaxxvii\/wp-content\/uploads\/2023\/03\/no-me-nombres-tu-hija-02-812x541.jpg 812w, https:\/\/faemclm.es\/feriaxxvii\/wp-content\/uploads\/2023\/03\/no-me-nombres-tu-hija-02-406x271.jpg 406w, https:\/\/faemclm.es\/feriaxxvii\/wp-content\/uploads\/2023\/03\/no-me-nombres-tu-hija-02.jpg 1920w\" sizes=\"(max-width: 300px) 100vw, 300px\" \/><\/a>\n\t\t\t<\/div><\/figure><figure class='gallery-item'>\n\t\t\t<div class='gallery-icon landscape'>\n\t\t\t\t<a data-elementor-open-lightbox=\"no\" href='https:\/\/faemclm.es\/feriaxxvii\/wp-content\/uploads\/2023\/03\/no-me-nombres-tu-hija-03.jpg'><img loading=\"lazy\" decoding=\"async\" width=\"300\" height=\"200\" src=\"https:\/\/faemclm.es\/feriaxxvii\/wp-content\/uploads\/2023\/03\/no-me-nombres-tu-hija-03-300x200.jpg\" class=\"attachment-medium size-medium\" alt=\"\" srcset=\"https:\/\/faemclm.es\/feriaxxvii\/wp-content\/uploads\/2023\/03\/no-me-nombres-tu-hija-03-300x200.jpg 300w, https:\/\/faemclm.es\/feriaxxvii\/wp-content\/uploads\/2023\/03\/no-me-nombres-tu-hija-03-1024x683.jpg 1024w, https:\/\/faemclm.es\/feriaxxvii\/wp-content\/uploads\/2023\/03\/no-me-nombres-tu-hija-03-768x512.jpg 768w, https:\/\/faemclm.es\/feriaxxvii\/wp-content\/uploads\/2023\/03\/no-me-nombres-tu-hija-03-1536x1024.jpg 1536w, https:\/\/faemclm.es\/feriaxxvii\/wp-content\/uploads\/2023\/03\/no-me-nombres-tu-hija-03-370x247.jpg 370w, https:\/\/faemclm.es\/feriaxxvii\/wp-content\/uploads\/2023\/03\/no-me-nombres-tu-hija-03-812x541.jpg 812w, https:\/\/faemclm.es\/feriaxxvii\/wp-content\/uploads\/2023\/03\/no-me-nombres-tu-hija-03-406x271.jpg 406w, https:\/\/faemclm.es\/feriaxxvii\/wp-content\/uploads\/2023\/03\/no-me-nombres-tu-hija-03.jpg 1920w\" sizes=\"(max-width: 300px) 100vw, 300px\" \/><\/a>\n\t\t\t<\/div><\/figure>\n\t\t<\/div>\n\t\t<\/div>\n\t\t\t\t\t\t<\/div>\n\t\t\t\t<\/div>\n\t\t\t\t<div class=\"elementor-element elementor-element-0be315c elementor-widget elementor-widget-heading\" data-id=\"0be315c\" data-element_type=\"widget\" data-widget_type=\"heading.default\">\n\t\t\t\t<div class=\"elementor-widget-container\">\n\t\t\t\t\t<h4 class=\"elementor-heading-title elementor-size-default\">Fotograf\u00edas en la FAEMCLM 2023<\/h4>\t\t\t\t<\/div>\n\t\t\t\t<\/div>\n\t\t\t\t<div class=\"elementor-element elementor-element-8cd667f elementor-widget elementor-widget-image-gallery\" data-id=\"8cd667f\" data-element_type=\"widget\" data-widget_type=\"image-gallery.default\">\n\t\t\t\t<div class=\"elementor-widget-container\">\n\t\t\t\t\t\t\t<div class=\"elementor-image-gallery\">\n\t\t\t<div id='gallery-2' class='gallery galleryid-4386 gallery-columns-3 gallery-size-medium'><figure class='gallery-item'>\n\t\t\t<div class='gallery-icon landscape'>\n\t\t\t\t<a data-elementor-open-lightbox=\"no\" href='https:\/\/faemclm.es\/feriaxxvii\/wp-content\/uploads\/2023\/04\/14042023-Nomenombresatuhija-02.jpg'><img loading=\"lazy\" decoding=\"async\" width=\"300\" height=\"200\" src=\"https:\/\/faemclm.es\/feriaxxvii\/wp-content\/uploads\/2023\/04\/14042023-Nomenombresatuhija-02-300x200.jpg\" class=\"attachment-medium size-medium\" alt=\"\" srcset=\"https:\/\/faemclm.es\/feriaxxvii\/wp-content\/uploads\/2023\/04\/14042023-Nomenombresatuhija-02-300x200.jpg 300w, https:\/\/faemclm.es\/feriaxxvii\/wp-content\/uploads\/2023\/04\/14042023-Nomenombresatuhija-02-1024x683.jpg 1024w, https:\/\/faemclm.es\/feriaxxvii\/wp-content\/uploads\/2023\/04\/14042023-Nomenombresatuhija-02-768x512.jpg 768w, https:\/\/faemclm.es\/feriaxxvii\/wp-content\/uploads\/2023\/04\/14042023-Nomenombresatuhija-02-1536x1024.jpg 1536w, https:\/\/faemclm.es\/feriaxxvii\/wp-content\/uploads\/2023\/04\/14042023-Nomenombresatuhija-02-370x247.jpg 370w, https:\/\/faemclm.es\/feriaxxvii\/wp-content\/uploads\/2023\/04\/14042023-Nomenombresatuhija-02-812x541.jpg 812w, https:\/\/faemclm.es\/feriaxxvii\/wp-content\/uploads\/2023\/04\/14042023-Nomenombresatuhija-02-406x271.jpg 406w, https:\/\/faemclm.es\/feriaxxvii\/wp-content\/uploads\/2023\/04\/14042023-Nomenombresatuhija-02.jpg 1687w\" sizes=\"(max-width: 300px) 100vw, 300px\" \/><\/a>\n\t\t\t<\/div><\/figure><figure class='gallery-item'>\n\t\t\t<div class='gallery-icon landscape'>\n\t\t\t\t<a data-elementor-open-lightbox=\"no\" href='https:\/\/faemclm.es\/feriaxxvii\/wp-content\/uploads\/2023\/04\/14042023-Nomenombresatuhija-03.jpg'><img loading=\"lazy\" decoding=\"async\" width=\"300\" height=\"200\" src=\"https:\/\/faemclm.es\/feriaxxvii\/wp-content\/uploads\/2023\/04\/14042023-Nomenombresatuhija-03-300x200.jpg\" class=\"attachment-medium size-medium\" alt=\"\" srcset=\"https:\/\/faemclm.es\/feriaxxvii\/wp-content\/uploads\/2023\/04\/14042023-Nomenombresatuhija-03-300x200.jpg 300w, https:\/\/faemclm.es\/feriaxxvii\/wp-content\/uploads\/2023\/04\/14042023-Nomenombresatuhija-03-1024x683.jpg 1024w, https:\/\/faemclm.es\/feriaxxvii\/wp-content\/uploads\/2023\/04\/14042023-Nomenombresatuhija-03-768x512.jpg 768w, https:\/\/faemclm.es\/feriaxxvii\/wp-content\/uploads\/2023\/04\/14042023-Nomenombresatuhija-03-1536x1024.jpg 1536w, https:\/\/faemclm.es\/feriaxxvii\/wp-content\/uploads\/2023\/04\/14042023-Nomenombresatuhija-03-370x247.jpg 370w, https:\/\/faemclm.es\/feriaxxvii\/wp-content\/uploads\/2023\/04\/14042023-Nomenombresatuhija-03-812x541.jpg 812w, https:\/\/faemclm.es\/feriaxxvii\/wp-content\/uploads\/2023\/04\/14042023-Nomenombresatuhija-03-406x271.jpg 406w, https:\/\/faemclm.es\/feriaxxvii\/wp-content\/uploads\/2023\/04\/14042023-Nomenombresatuhija-03.jpg 1687w\" sizes=\"(max-width: 300px) 100vw, 300px\" \/><\/a>\n\t\t\t<\/div><\/figure><figure class='gallery-item'>\n\t\t\t<div class='gallery-icon landscape'>\n\t\t\t\t<a data-elementor-open-lightbox=\"no\" href='https:\/\/faemclm.es\/feriaxxvii\/wp-content\/uploads\/2023\/04\/14042023-Nomenombresatuhija-04.jpg'><img loading=\"lazy\" decoding=\"async\" width=\"300\" height=\"200\" src=\"https:\/\/faemclm.es\/feriaxxvii\/wp-content\/uploads\/2023\/04\/14042023-Nomenombresatuhija-04-300x200.jpg\" class=\"attachment-medium size-medium\" alt=\"\" srcset=\"https:\/\/faemclm.es\/feriaxxvii\/wp-content\/uploads\/2023\/04\/14042023-Nomenombresatuhija-04-300x200.jpg 300w, https:\/\/faemclm.es\/feriaxxvii\/wp-content\/uploads\/2023\/04\/14042023-Nomenombresatuhija-04-1024x683.jpg 1024w, https:\/\/faemclm.es\/feriaxxvii\/wp-content\/uploads\/2023\/04\/14042023-Nomenombresatuhija-04-768x512.jpg 768w, https:\/\/faemclm.es\/feriaxxvii\/wp-content\/uploads\/2023\/04\/14042023-Nomenombresatuhija-04-1536x1024.jpg 1536w, https:\/\/faemclm.es\/feriaxxvii\/wp-content\/uploads\/2023\/04\/14042023-Nomenombresatuhija-04-370x247.jpg 370w, https:\/\/faemclm.es\/feriaxxvii\/wp-content\/uploads\/2023\/04\/14042023-Nomenombresatuhija-04-812x541.jpg 812w, https:\/\/faemclm.es\/feriaxxvii\/wp-content\/uploads\/2023\/04\/14042023-Nomenombresatuhija-04-406x271.jpg 406w, https:\/\/faemclm.es\/feriaxxvii\/wp-content\/uploads\/2023\/04\/14042023-Nomenombresatuhija-04.jpg 1687w\" sizes=\"(max-width: 300px) 100vw, 300px\" \/><\/a>\n\t\t\t<\/div><\/figure>\n\t\t<\/div>\n\t\t<\/div>\n\t\t\t\t\t\t<\/div>\n\t\t\t\t<\/div>\n\t\t\t\t\t<\/div>\n\t\t<\/div>\n\t\t\t\t<div class=\"elementor-column elementor-col-33 elementor-top-column elementor-element elementor-element-6c6ffad2 sc_layouts_column_icons_position_left\" data-id=\"6c6ffad2\" data-element_type=\"column\" data-settings=\"{&quot;background_background&quot;:&quot;classic&quot;}\">\n\t\t\t<div class=\"elementor-widget-wrap\">\n\t\t\t\t\t\t\t<\/div>\n\t\t<\/div>\n\t\t\t\t\t<\/div>\n\t\t<\/section>\n\t\t\t\t<\/div>\n\t\t","protected":false},"excerpt":{"rendered":"<p>Equipo T\u00e9cnico y Art\u00edstico Direcci\u00f3n:\u00a0Teresa AsesDramaturgia:\u00a0Miguel Valent\u00edn y Teresa AsesAyudante de direcci\u00f3n:\u00a0Miguel Valent\u00ednPl\u00e1stica Teatral:\u00a0Carlos I. FauraVestuario:\u00a0Berta GrassetVideoescena:\u00a0Ismael OlivaresIluminaci\u00f3n:\u00a0Juanan MoralesMovimiento y danza:\u00a0Noelia VenzaEspacio sonoro y ficciones sonoras:\u00a0Kevin DornanVoz cantada:\u00a0Julia RubioProducci\u00f3n:\u00a0Caterina produccionesAtrezzista:\u00a0Claudia Bernab\u00e9Fotograf\u00eda:\u00a0Luz SoriaProductores:\u00a0Somos V\u00e9rtice P\u00fablico adulto&hellip;<\/p>\n","protected":false},"author":1,"featured_media":4387,"comment_status":"closed","ping_status":"closed","template":"","meta":{"_tribe_events_status":"","_tribe_events_status_reason":"","footnotes":""},"tags":[],"tribe_events_cat":[49],"class_list":["post-4386","tribe_events","type-tribe_events","status-publish","has-post-thumbnail","hentry","tribe_events_cat-teatro","cat_teatro"],"_links":{"self":[{"href":"https:\/\/faemclm.es\/feriaxxvii\/wp-json\/wp\/v2\/tribe_events\/4386","targetHints":{"allow":["GET"]}}],"collection":[{"href":"https:\/\/faemclm.es\/feriaxxvii\/wp-json\/wp\/v2\/tribe_events"}],"about":[{"href":"https:\/\/faemclm.es\/feriaxxvii\/wp-json\/wp\/v2\/types\/tribe_events"}],"author":[{"embeddable":true,"href":"https:\/\/faemclm.es\/feriaxxvii\/wp-json\/wp\/v2\/users\/1"}],"replies":[{"embeddable":true,"href":"https:\/\/faemclm.es\/feriaxxvii\/wp-json\/wp\/v2\/comments?post=4386"}],"version-history":[{"count":0,"href":"https:\/\/faemclm.es\/feriaxxvii\/wp-json\/wp\/v2\/tribe_events\/4386\/revisions"}],"wp:featuredmedia":[{"embeddable":true,"href":"https:\/\/faemclm.es\/feriaxxvii\/wp-json\/wp\/v2\/media\/4387"}],"wp:attachment":[{"href":"https:\/\/faemclm.es\/feriaxxvii\/wp-json\/wp\/v2\/media?parent=4386"}],"wp:term":[{"taxonomy":"post_tag","embeddable":true,"href":"https:\/\/faemclm.es\/feriaxxvii\/wp-json\/wp\/v2\/tags?post=4386"},{"taxonomy":"tribe_events_cat","embeddable":true,"href":"https:\/\/faemclm.es\/feriaxxvii\/wp-json\/wp\/v2\/tribe_events_cat?post=4386"}],"curies":[{"name":"wp","href":"https:\/\/api.w.org\/{rel}","templated":true}]}}